{"id":7139,"date":"2021-06-17T12:19:35","date_gmt":"2021-06-17T10:19:35","guid":{"rendered":"https:\/\/w3.cmh.ens.fr\/?page_id=7139"},"modified":"2021-07-01T16:17:25","modified_gmt":"2021-07-01T14:17:25","slug":"revues-de-presse-2017","status":"publish","type":"page","link":"https:\/\/cmh.ens.fr\/en\/diffusions-anterieures\/revues-de-presse-anterieures\/revues-de-presse-2017\/","title":{"rendered":"Revues de presse 2017"},"content":{"rendered":"<hr class=\"wp-block-separator\"\/>\n\n\n\n<p><a href=\"https:\/\/humanite.fr\/serge-paugam-le-regard-des-riches-sur-les-pauvres-signale-un-danger-pour-nos-societes-647953\">L\u2019Humanit\u00e9 Dimanche<\/a>, 21 d\u00e9cembre 2017 &#8211;&nbsp;<strong>Serge Paugam<\/strong>&nbsp;&#8211; Le regard des riches sur les pauvres signale un danger pour nos soci\u00e9t\u00e9s<\/p>\n\n\n\n<p>L\u2019Humanit\u00e9 Dimanche<\/p>\n\n\n\n<div class=\"wp-block-file\"><a href=\"https:\/\/www.cmh.ens.fr\/wp-content\/uploads\/LHumanite-Dimanche-SP.pdf\">LHumanite-Dimanche-SP<\/a><a href=\"https:\/\/www.cmh.ens.fr\/wp-content\/uploads\/LHumanite-Dimanche-SP.pdf\" class=\"wp-block-file__button\" download>Download<\/a><\/div>\n\n\n\n<hr class=\"wp-block-separator\"\/>\n\n\n\n<p><a href=\"http:\/\/www.lemonde.fr\/idees\/article\/2017\/12\/19\/salaire-minimun-la-feinte-surprise-du-gouvernement_5231782_3232.html\">Le Monde<\/a>, 19 d\u00e9cembre 2017 &#8211;&nbsp;<strong>Philippe Askenazy<\/strong>&nbsp;&#8211; Salaire minimun&nbsp;: la fausse surprise du gouvernement<\/p>\n\n\n\n<hr class=\"wp-block-separator\"\/>\n\n\n\n<p><a href=\"http:\/\/www.alterechos.be\/nous-vivons-dans-des-societes-tellement-inegalitaires-que-les-differences-entre-les-riches-et-les-pauvres-vont-de-soi\/\">Alter Echos<\/a>, 13 d\u00e9cembre 2017 &#8211;&nbsp;<strong>Serge Paugam<\/strong>&nbsp;&#8211; Nous vivons dans des soci\u00e9t\u00e9s tellement in\u00e9galitaires que les diff\u00e9rences entre les riches et les pauvres vont de soi<\/p>\n\n\n\n<hr class=\"wp-block-separator\"\/>\n\n\n\n<p><a href=\"http:\/\/www.lemonde.fr\/o21\/article\/2017\/11\/23\/cecile-van-de-velde-les-jeunes-portent-aujourd-hui-a-l-extreme-la-revendication-d-etre-acteurs-de-leur-vie_5219171_5014018.html?xtmc=ehess&amp;xtcr=2\">Le Monde<\/a>, 23 novembre 2017 &#8211;&nbsp;<strong>C\u00e9cile Van de Velde<\/strong>&nbsp;&#8211;\u00a0\u00ab&nbsp;C\u2019est la jeune g\u00e9n\u00e9ration qui d\u00e9tient aujourd\u2019hui les cl\u00e9s de sortie de crise&nbsp;\u00bb<\/p>\n\n\n\n<hr class=\"wp-block-separator\"\/>\n\n\n\n<p><a href=\"http:\/\/www.lemonde.fr\/economie\/article\/2017\/11\/21\/au-royaume-uni-le-national-living-wage-un-salaire-minimum-cense-permettre-de-vivre-sans-etre-assiste_5218154_3234.html\">Le Monde<\/a>&nbsp;, 21 novembre 2017 &#8211;&nbsp;<strong>Philippe Askenazy<\/strong>&nbsp;&#8211; Au Royaume-Uni,\u00a0\u00ab&nbsp;le National Living Wage, un salaire minimum cens\u00e9 permettre de vivre sans \u00eatre assist\u00e9&nbsp;\u00bb<\/p>\n\n\n\n<hr class=\"wp-block-separator\"\/>\n\n\n\n<p><a href=\"http:\/\/theconversation.com\/enquete-chez-les-agents-immobiliers-ces-precaires-en-col-blanc-87639\">The Conversation<\/a>, 20 novembre 2017 &#8211;&nbsp;<strong>Lise Bernard<\/strong>&nbsp;-Enqu\u00eate chez les agents immobiliers, ces pr\u00e9caires en col blanc<\/p>\n\n\n\n<hr class=\"wp-block-separator\"\/>\n\n\n\n<p><a href=\"https:\/\/www.secours-catholique.org\/prejuges-sur-les-pauvres\">Secours-Catholique<\/a>, rapport 2017 &#8211;&nbsp;<strong>Serge Paugam<\/strong>&nbsp;&#8211; Pauvret\u00e9&nbsp;: les pr\u00e9jug\u00e9s face \u00e0 la r\u00e9alit\u00e9<\/p>\n\n\n\n<hr class=\"wp-block-separator\"\/>\n\n\n\n<p><a href=\"https:\/\/www.ouest-france.fr\/economie\/social\/secours-catholique\/video-pauvrete-trois-prejuges-demontes-par-le-secours-catholique-5367276?utm_source=filinfo-free&amp;utm_medium=fluxrss&amp;utm_campaign=banquedecontenu\">Ouest-France<\/a>, 9 novembre 2017 &#8211;&nbsp;<strong>Serge Paugam<\/strong>&nbsp;&#8211; Pauvret\u00e9&nbsp;: trois pr\u00e9jug\u00e9s d\u00e9mont\u00e9s par le Secours catholique<\/p>\n\n\n\n<hr class=\"wp-block-separator\"\/>\n\n\n\n<p><a href=\"http:\/\/www.lyonne.fr\/avallon\/politique\/2017\/11\/02\/dix-huit-etudiants-et-chercheurs-en-sociologie-et-anthropologie-menent-une-enquete-de-terrain_12613481.html\">L\u2019Yonne R\u00e9publicaine<\/a>, 2 novembre 2017 &#8211;&nbsp;<strong>Florence Weber<\/strong>&nbsp;&#8211; Avallonais&nbsp;: des chercheurs en sociologie et anthropologie m\u00e8nent une enqu\u00eate de terrain<\/p>\n\n\n\n<hr class=\"wp-block-separator\"\/>\n\n\n\n<p><a href=\"http:\/\/immobilier.lefigaro.fr\/article\/la-precarite-insoupconnee-des-agents-immobiliers_32d35f7a-bafe-11e7-9ef0-d3e21654415a\/\">Le Figaro<\/a>, 2 novembre 2017 &#8211;&nbsp;<strong>Lise Bernard<\/strong>&nbsp;&#8211; La pr\u00e9carit\u00e9 insoup\u00e7onn\u00e9e des agents immobiliers<\/p>\n\n\n\n<hr class=\"wp-block-separator\"\/>\n\n\n\n<p><a href=\"https:\/\/www.monde-diplomatique.fr\/2017\/11\/BALDASSARRA\/58099\">Le Monde Diplomatique<\/a>, novembre 2017 &#8211;&nbsp;<strong>Quentin Ravelli<\/strong>&nbsp;&#8211; Les briques rouges. Logement, dettes et luttes sociales en Espagne<\/p>\n\n\n\n<hr class=\"wp-block-separator\"\/>\n\n\n\n<p><a href=\"http:\/\/www.latribune.fr\/opinions\/tribunes\/bataille-d-azincourt-et-mode-des-startups-histoires-comparees-de-passions-francaises-755701.html\">La Tribune<\/a>, 26 octobre 2017 &#8211;&nbsp;<strong>Michel Villette<\/strong>&nbsp;&#8211; Cr\u00e9er une startup en France,\u00a0\u00ab&nbsp;pour la patrie, les sciences et la gloire&nbsp;\u00bb&nbsp;?<\/p>\n\n\n\n<hr class=\"wp-block-separator\"\/>\n\n\n\n<p><a href=\"http:\/\/www.lemonde.fr\/economie\/article\/2017\/10\/24\/l-economie-science-naturellement-virile_5205321_3234.html\">Le Monde<\/a>, 24 octobre 2017 &#8211;&nbsp;<strong>Philippe Askenazy<\/strong>&nbsp;&#8211; L\u2019\u00e9conomie, science\u00a0\u00ab&nbsp;naturellement&nbsp;\u00bb virile&nbsp;?<\/p>\n\n\n\n<hr class=\"wp-block-separator\"\/>\n\n\n\n<p><a href=\"https:\/\/theconversation.com\/la-bataille-dazincourt-1415-la-mode-des-start-up-1998-2017-et-lhistoire-des-passions-francaises-85491\">The Conversation<\/a>, 23 octobre 2017 &#8211;&nbsp;<strong>Michel Villette<\/strong>&nbsp;&#8211; La bataille d\u2019Azincourt (1415), la mode des start\u2011up (1998\u20112017)\u2026 et l\u2019histoire des passions fran\u00e7aises<\/p>\n\n\n\n<hr class=\"wp-block-separator\"\/>\n\n\n\n<p><a href=\"http:\/\/www.lemonde.fr\/cinema\/article\/2017\/10\/18\/bricks-jeu-de-deconstruction_5202416_3476.html\">Le Monde<\/a>, 18 octobre 2017,&nbsp;<strong>Quentin Ravelli&nbsp;<\/strong>&#8211;\u00a0\u00ab&nbsp;Bricks&nbsp;\u00bb&nbsp;: jeu de d\u00e9construction<\/p>\n\n\n\n<hr class=\"wp-block-separator\"\/>\n\n\n\n<p><a href=\"http:\/\/www.telerama.fr\/cinema\/films\/bricks,n5225170.php\">T\u00e9l\u00e9rama<\/a>, 17 octobre 2017,&nbsp;<strong>Quentin Ravelli&nbsp;<\/strong>&#8211; Bricks<\/p>\n\n\n\n<hr class=\"wp-block-separator\"\/>\n\n\n\n<p><a href=\"http:\/\/next.liberation.fr\/cinema\/2017\/10\/17\/face-a-la-crise-espagnole-deux-bricks-dans-la-mare_1603829\">Lib\u00e9ration<\/a>, 17 octobre 2017,&nbsp;<strong>Quentin Ravelli&nbsp;<\/strong>&#8211; Face \u00e0 la crise espagnole, deux\u00a0\u00ab&nbsp;Bricks&nbsp;\u00bb dans la mare<\/p>\n\n\n\n<hr class=\"wp-block-separator\"\/>\n\n\n\n<p><a href=\"http:\/\/www.sudouest.fr\/2017\/10\/15\/et-si-google-etait-un-service-public-3866304-10275.php\">Sud Ouest<\/a>, 17 octobre 2017 &#8211;&nbsp;<strong>Michel Villette<\/strong>&nbsp;&#8211; Et si Google \u00e9tait un service public\u202f&nbsp;?<\/p>\n\n\n\n<hr class=\"wp-block-separator\"\/>\n\n\n\n<p>T\u00e9l\u00e9rama, 12 octobre 2017 &#8211;&nbsp;<strong>Serge Paugam<\/strong>&nbsp;&#8211; Comment les riches voient-ils les pauvres&nbsp;?<\/p>\n\n\n\n<p>T\u00e9l\u00e9rama 12\/10\/17<\/p>\n\n\n\n<div class=\"wp-block-file\"><a href=\"https:\/\/www.cmh.ens.fr\/wp-content\/uploads\/TELERAMA-10-17.pdf\">TELERAMA-10-17<\/a><a href=\"https:\/\/www.cmh.ens.fr\/wp-content\/uploads\/TELERAMA-10-17.pdf\" class=\"wp-block-file__button\" download>Download<\/a><\/div>\n\n\n\n<hr class=\"wp-block-separator\"\/>\n\n\n\n<p><a href=\"http:\/\/www.fakirpresse.info\/que-les-labos-ne-soient-plus-hors-de-controle-entretien-avec-quentin-ravelli\">Fakir Presse<\/a>, 11 octobre 2017 &#8211;\u00a0\u00ab&nbsp;Que les labos ne soient plus hors de contr\u00f4le&nbsp;\u00bb &#8211; Entretien avec&nbsp;<strong>Quentin Ravelli<\/strong><\/p>\n\n\n\n<hr class=\"wp-block-separator\"\/>\n\n\n\n<p><a href=\"https:\/\/lejournal.cnrs.fr\/articles\/plongee-dans-la-crise-de-la-brique-espagnole\">Le Journal du CNRS<\/a>, 10 octobre 2017 &#8211;&nbsp;<strong>Quentin Ravelli<\/strong>&nbsp;&#8211; Plong\u00e9e dans la crise de la brique espagnole<\/p>\n\n\n\n<hr class=\"wp-block-separator\"\/>\n\n\n\n<p><a href=\"http:\/\/www.ladepeche.fr\/article\/2017\/09\/30\/2656112-de-bricks-et-de-broc.html\">La Depeche.fr<\/a>, 30 septembre 2017 &#8211;&nbsp;<strong>Quentin Ravelli&nbsp;<\/strong>&#8211; De\u00ab&nbsp;Bricks&nbsp;\u00bb et de broc<\/p>\n\n\n\n<hr class=\"wp-block-separator\"\/>\n\n\n\n<p>Actualit\u00e9s Sociales Hebdomadaires, 29 septembre 2017 &#8211;&nbsp;<strong>Serge Paugam<\/strong>&nbsp;&#8211; Les pauvres sont jug\u00e9s victimes d\u2019injustice sociale ou bien paresseux<\/p>\n\n\n\n<p>ASH<\/p>\n\n\n\n<div class=\"wp-block-file\"><a href=\"https:\/\/www.cmh.ens.fr\/wp-content\/uploads\/ASH_2.pdf\">ASH_2<\/a><a href=\"https:\/\/www.cmh.ens.fr\/wp-content\/uploads\/ASH_2.pdf\" class=\"wp-block-file__button\" download>Download<\/a><\/div>\n\n\n\n<hr class=\"wp-block-separator\"\/>\n\n\n\n<p>L\u2019Obs, 28 septembre 2017 &#8211;&nbsp;<strong>Serge Paugam<\/strong>&nbsp;&#8211; La caricature du pauvre en assist\u00e9 perp\u00e9tuel justifie l\u2019ordre \u00e9tabli<\/p>\n\n\n\n<p>L\u2019Obs<\/p>\n\n\n\n<div class=\"wp-block-file\"><a href=\"https:\/\/www.cmh.ens.fr\/wp-content\/uploads\/obs_9.pdf\">obs_9<\/a><a href=\"https:\/\/www.cmh.ens.fr\/wp-content\/uploads\/obs_9.pdf\" class=\"wp-block-file__button\" download>Download<\/a><\/div>\n\n\n\n<hr class=\"wp-block-separator\"\/>\n\n\n\n<p><a href=\"http:\/\/www.lemonde.fr\/economie\/article\/2017\/09\/28\/loi-travail-beaucoup-de-points-ne-correspondent-pas-a-ce-qui-etait-annonce_5192793_3234.html\">Le Monde<\/a>, 28 septembre 2017 &#8211;&nbsp;<strong>Philippe Askenazy<\/strong>&nbsp;&#8211; Dans la loi travail,\u00a0\u00ab&nbsp;beaucoup de points ne correspondent pas \u00e0 ce qui \u00e9tait annonc\u00e9&nbsp;\u00bb<\/p>\n\n\n\n<hr class=\"wp-block-separator\"\/>\n\n\n\n<p><a href=\"http:\/\/www.lemonde.fr\/idees\/article\/2017\/09\/26\/les-jo-de-londres-ont-seulement-montre-que-le-royaume-etait-creatif-et-accueillant-pour-y-vivre-et-y-faire-du-business_5191748_3232.html\">Le Monde<\/a>, 26 septembre 2017 &#8211;&nbsp;<strong>Philippe Askenazy<\/strong>&nbsp;&#8211;\u00a0\u00ab&nbsp;Les JO de Londres ont seulement montr\u00e9 que le Royaume \u00e9tait cr\u00e9atif et accueillant pour y vivre et y faire du business&nbsp;\u00bb<\/p>\n\n\n\n<hr class=\"wp-block-separator\"\/>\n\n\n\n<p><a href=\"http:\/\/www.elle.fr\/Societe\/Le-travail\/Faire-bouger-les-choses\/Loi-travail-quel-impact-pour-les-femmes-3544652\">Elle<\/a>, 25 septembre 2017 &#8211;&nbsp;<strong>Sophie Pochic<\/strong>&nbsp;&#8211; Loi travail&nbsp;: quel impact pour les femmes&nbsp;?<\/p>\n\n\n\n<hr class=\"wp-block-separator\"\/>\n\n\n\n<p><a href=\"https:\/\/www.humanite.fr\/essai-le-sale-regard-des-riches-sur-les-pauvres-642211\">L\u2019Humanit\u00e9<\/a>, 19 septembre 2017 &#8211;&nbsp;<strong>Serge Paugam<\/strong>&nbsp;&#8211; Le sale regard des riches sur les pauvres<\/p>\n\n\n\n<hr class=\"wp-block-separator\"\/>\n\n\n\n<p><a href=\"http:\/\/www.liberation.fr\/debats\/2017\/09\/10\/methode-globale-ou-syllabique-de-quoi-parle-t-on_1595372\">Lib\u00e9ration<\/a>, 10 septembre 2017 &#8211;&nbsp;<strong>J\u00e9r\u00f4me Deauvieau<\/strong>&nbsp;&#8211; M\u00e9thode globale ou syllabique&nbsp;: de quoi parle-t-on&nbsp;?<\/p>\n\n\n\n<hr class=\"wp-block-separator\"\/>\n\n\n\n<p><a href=\"https:\/\/www.politis.fr\/articles\/2017\/09\/faciliter-les-licenciements-nest-pas-compatible-avec-linnovation-37495\/\">Politis<\/a>, 2 septembre 2017 &#8211;&nbsp;<strong>Claude Didry<\/strong>&nbsp;&#8211;\u00a0\u00ab&nbsp;Faciliter les licenciements n\u2019est pas compatible avec l\u2019innovation&nbsp;\u00bb<\/p>\n\n\n\n<hr class=\"wp-block-separator\"\/>\n\n\n\n<p><a href=\"http:\/\/www.lemonde.fr\/idees\/article\/2017\/08\/29\/la-demonstration-de-l-effet-pervers-des-apl-n-est-pas-aussi-tranchee-que-certains-le-pretendent_5177787_3232.html\">Le Monde<\/a>, 29 ao\u00fbt 2017,&nbsp;<strong>Philippe Askenazy<\/strong>&nbsp;&#8211;\u00a0\u00ab&nbsp;La d\u00e9monstration de l\u2019effet pervers des APL n\u2019est pas aussi tranch\u00e9e que certains le pr\u00e9tendent&nbsp;\u00bb<\/p>\n\n\n\n<hr class=\"wp-block-separator\"\/>\n\n\n\n<p><a href=\"http:\/\/www.puissance2d.fr\/Sociologie-de-l-alimentation\">Puissance 2D<\/a>, 28 ao\u00fbt 2017 &#8211;&nbsp;<strong>S\u00e9verine Gojard et Marie Plessz&nbsp;<\/strong>&#8211; Alimentation&nbsp;: trois sociologues de l\u2019INRA d\u00e9cryptent nos habitudes<\/p>\n\n\n\n<hr class=\"wp-block-separator\"\/>\n\n\n\n<p><a href=\"http:\/\/presse.inra.fr\/Communiques-de-presse\/sociologie-alimentation\">INRA, conf\u00e9rence de presse<\/a>, 7 juillet 2017 &#8211;&nbsp;<strong>S\u00e9verine Gojard et Marie Plessz<\/strong>&nbsp;&#8211; Id\u00e9al du corps f\u00e9minin, rythmes alimentaires, recommandations nutritionnelles\u2026&nbsp;: quand l\u2019Inra d\u00e9crypte la soci\u00e9t\u00e9 \u00e0 travers l\u2019alimentation<\/p>\n\n\n\n<hr class=\"wp-block-separator\"\/>\n\n\n\n<p><a href=\"http:\/\/www.atterres.org\/sites\/default\/files\/ObsAskenazy.pdf\">L\u2019Obs,<\/a>&nbsp;6 juillet 2017 &#8211;&nbsp;<strong>Philippe Askenazy<\/strong>&nbsp;&#8211; Faut-il vraiment r\u00e9former le Code du Travail&nbsp;?<\/p>\n\n\n\n<hr class=\"wp-block-separator\"\/>\n\n\n\n<p><a href=\"http:\/\/www.humanite.fr\/un-debat-qui-sappuie-sur-de-nombreuses-etudes-femmes-sans-enfant-un-choix-personnel-ou-un-choix\">L\u2019Humanit\u00e9<\/a>,14 juin 2017 &#8211;&nbsp;<strong>Clotilde Lemarchant<\/strong>&nbsp;&#8211; Femmes sans enfant&nbsp;: un choix personnel ou un choix professionnel&nbsp;?<\/p>\n\n\n\n<hr class=\"wp-block-separator\"\/>\n\n\n\n<p><a href=\"http:\/\/www.lemonde.fr\/idees\/article\/2017\/06\/13\/ou-trouver-des-enseignants-pour-la-prochaine-rentree-et-plus-encore-pour-les-suivantes_5143614_3232.html\">Le Monde<\/a>, 13 juin 2017 &#8211;&nbsp;<strong>Philippe Askenazy<\/strong>&nbsp;&#8211; O\u00f9\u00a0\u00ab&nbsp;trouver des enseignants pour la prochaine rentr\u00e9e et plus encore pour les suivantes&nbsp;\u00bb&nbsp;?<\/p>\n\n\n\n<hr class=\"wp-block-separator\"\/>\n\n\n\n<p>Le Monde, 31 mai 2017 &#8211;&nbsp;<strong>Michel Offerl\u00e9<\/strong>&nbsp;&#8211; Les partis meurent longtemps<\/p>\n\n\n\n<p>Le Monde<\/p>\n\n\n\n<div class=\"wp-block-file\"><a href=\"https:\/\/www.cmh.ens.fr\/wp-content\/uploads\/Le-Monde-Mai-2017.pdf\">Le-Monde-Mai-2017<\/a><a href=\"https:\/\/www.cmh.ens.fr\/wp-content\/uploads\/Le-Monde-Mai-2017.pdf\" class=\"wp-block-file__button\" download>Download<\/a><\/div>\n\n\n\n<hr class=\"wp-block-separator\"\/>\n\n\n\n<p>Lib\u00e9ration, 24 mai 2017 &#8211;&nbsp;<strong>Michel Offerl\u00e9<\/strong>&nbsp;&#8211; Le gouvernement Philippe ou l\u2019esp\u00e9ranto de l\u2019entreprise<\/p>\n\n\n\n<p>Lib\u00e9ration<\/p>\n\n\n\n<div class=\"wp-block-file\"><a href=\"https:\/\/www.cmh.ens.fr\/wp-content\/uploads\/LIBERATION-2017-05-24.pdf\">LIBERATION-2017-05-24<\/a><a href=\"https:\/\/www.cmh.ens.fr\/wp-content\/uploads\/LIBERATION-2017-05-24.pdf\" class=\"wp-block-file__button\" download>Download<\/a><\/div>\n\n\n\n<hr class=\"wp-block-separator\"\/>\n\n\n\n<p><a href=\"http:\/\/sms.hypotheses.org\/9699\">Mondes Sociaux<\/a>, 1er juin 2017 &#8211;&nbsp;<strong>Claude Didry<\/strong>&nbsp;&#8211; Travail&nbsp;: les enjeux d\u2019une\u00a0\u00ab&nbsp;conversion&nbsp;\u00bb de la soci\u00e9t\u00e9 fran\u00e7aise<\/p>\n\n\n\n<hr class=\"wp-block-separator\"\/>\n\n\n\n<p><a href=\"http:\/\/www.lemonde.fr\/idees\/article\/2017\/05\/17\/vu-de-bruxelles-le-deficit-francais-est-a-geometrie-variable_5128979_3232.html\">Le Monde<\/a>, 17 mai 2017 &#8211;&nbsp;<strong>Philippe Askenazy<\/strong>&nbsp;&#8211; Vu de Bruxelles, le d\u00e9ficit fran\u00e7ais est \u00e0 g\u00e9om\u00e9trie variable<\/p>\n\n\n\n<hr class=\"wp-block-separator\"\/>\n\n\n\n<p><a href=\"http:\/\/www.lemonde.fr\/idees\/article\/2017\/04\/18\/macron-contre-la-rente-fonciere-pas-si-sur_5113010_3232.html\">Le Monde<\/a>, 18 avril 2017 &#8211;&nbsp;<strong>Philippe Askenazy<\/strong>&nbsp;&#8211; Macron contre la rente fonci\u00e8re&nbsp;? Pas si s\u00fbr\u2026<\/p>\n\n\n\n<hr class=\"wp-block-separator\"\/>\n\n\n\n<p><a href=\"http:\/\/www.revue-projet.com\/articles\/2017-mars_paugam-des-citoyens-inegalement-lies-les-uns-aux-autres\/\">Revue Projet<\/a>, 18 avril 2017 &#8211;&nbsp;<strong>Serge Paugam<\/strong>&nbsp;&#8211; Des citoyens in\u00e9galement li\u00e9s les uns aux autres<\/p>\n\n\n\n<hr class=\"wp-block-separator\"\/>\n\n\n\n<p><a href=\"http:\/\/www.media-paris-saclay.fr\/les-travailleurs-de-linnovation-par-pierre-boisard-claude-didry-er-dima-younes\/\">Paris-Saclay Le M\u00e9dia<\/a>, 24 mars 2017 &#8211;&nbsp;<strong>Claude Didry<\/strong>&nbsp;&#8211; Les travailleurs de l\u2019innovation, par Pierre Boisard, Claude Didry et Dima Youn\u00e8s<\/p>\n\n\n\n<hr class=\"wp-block-separator\"\/>\n\n\n\n<p><a href=\"http:\/\/www.lemonde.fr\/idees\/article\/2017\/03\/21\/academie-des-sciences-morales-et-politiques-il-faut-elire-une-femme-non-liee-au-patronat_5098286_3232.html\">Le Monde<\/a>, 21 mars 2017 &#8211;&nbsp;<strong>Philippe Askenazy<\/strong>&nbsp;&#8211; Acad\u00e9mie des sciences morales et politiques&nbsp;: il faut \u00e9lire\u00a0\u00ab&nbsp;une femme non li\u00e9e au patronat&nbsp;\u00bb<\/p>\n\n\n\n<hr class=\"wp-block-separator\"\/>\n\n\n\n<p><a href=\"https:\/\/www.marianne.net\/debattons\/entretiens\/declasses-un-jour-declasses-toujours\">Marianne<\/a>, 11 mars 2017 &#8211;&nbsp;<strong>Florence Weber<\/strong>&nbsp;&#8211; D\u00e9class\u00e9s un jour, d\u00e9class\u00e9s toujours&nbsp;?<\/p>\n\n\n\n<hr class=\"wp-block-separator\"\/>\n\n\n\n<p><a href=\"https:\/\/www.mediapart.fr\/journal\/france\/070317\/l-affaire-theo-violente-la-conscience-de-tous-ceux-qui-s-identifient-lui\">M\u00e9diapart<\/a>, 10 mars 2017 &#8211;&nbsp;<strong>Marwan Mohammed<\/strong>&nbsp;&#8211; L\u2019affaire Th\u00e9o a violent\u00e9 la conscience de tous ceux qui s\u2019identifient \u00e0 lui<\/p>\n\n\n\n<hr class=\"wp-block-separator\"\/>\n\n\n\n<p><a href=\"http:\/\/www.lenouveleconomiste.fr\/librairie\/repenser-le-modele-social-8-nouvelles-questions-deconomie-34095\/\">Le Nouvel Economiste<\/a>, 3 mars 2017 &#8211;&nbsp;<strong>Philippe Askenazy<\/strong>&nbsp;&#8211; Repenser le mod\u00e8le social&nbsp;: 8 nouvelles questions d\u2019\u00e9conomie<\/p>\n\n\n\n<hr class=\"wp-block-separator\"\/>\n\n\n\n<p><a href=\"http:\/\/www.oranais.com\/actualites\/topalov-a-oran-laid-et-bete-de-nanterre-a-tlelat.htm\">Journal de l\u2019Oranais<\/a>, 20 f\u00e9vrier 2017 &#8211;&nbsp;<strong>Topalov<\/strong>&nbsp;\u00e0 Oran&nbsp;: \u201d Laid et b\u00eate de Nanterre \u00e0 Tlelat\u201d<\/p>\n\n\n\n<hr class=\"wp-block-separator\"\/>\n\n\n\n<p><a href=\"http:\/\/www.la-croix.com\/Economie\/Economie-et-entreprises\/La-France-a-longtemps-ete-un-pays-de-petits-entrepreneurs-2017-02-20-1200826091\">La Croix<\/a>, 20 f\u00e9vrier 2017 &#8211;&nbsp;<strong>Claude Didry<\/strong>&nbsp;&#8211; La France a longtemps \u00e9t\u00e9 un pays de petits entrepreneurs<\/p>\n\n\n\n<hr class=\"wp-block-separator\"\/>\n\n\n\n<p><a href=\"http:\/\/www.liberation.fr\/debats\/2017\/02\/09\/de-la-baronne-de-mackau-a-penelope-fillon_1547438\">Lib\u00e9ration<\/a>, 9 f\u00e9vrier 2017 &#8211;&nbsp;<strong>Michel Offerl\u00e9<\/strong>&nbsp;&#8211; De la baronne de Mackau \u00e0 P\u00e9n\u00e9lope Fillon<\/p>\n\n\n\n<hr class=\"wp-block-separator\"\/>\n\n\n\n<p><a href=\"http:\/\/www.lesechos.fr\/journal20170214\/lec1_idees_et_debats\/0211795669270-anatomie-du-lien-social-2064706.php\">Les Echos<\/a>, 14 f\u00e9vrier 2017 &#8211;&nbsp;<strong>Serge Paugam<\/strong>&nbsp;&#8211; Anatomie du lien social<\/p>\n\n\n\n<hr class=\"wp-block-separator\"\/>\n\n\n\n<p><a href=\"http:\/\/www.liberation.fr\/france\/2017\/02\/01\/meurtre-d-un-jeune-a-paris-un-statut-social-lie-au-jugement-de-la-rue_1545686\">Liberation<\/a>, 1er f\u00e9vrier 2017 &#8211;&nbsp;<strong>Marwan Mohammed<\/strong>&nbsp;&#8211; Meurtre d\u2019un jeune \u00e0 Paris&nbsp;:\u00a0\u00ab&nbsp;Un statut social li\u00e9 au jugement de la rue&nbsp;\u00bb<\/p>\n\n\n\n<hr class=\"wp-block-separator\"\/>\n\n\n\n<p><a href=\"http:\/\/www.revue-projet.com\/articles\/2017-02_philippe-askenazy_distribuer-equitablement-les-revenus-primaires\/\">Revue Projet<\/a>, 30 janvier 2017 &#8211;&nbsp;<strong>Philippe Askenazy<\/strong>&nbsp;&#8211; Distribuer \u00e9quitablement les revenus primaires<\/p>\n\n\n\n<hr class=\"wp-block-separator\"\/>\n\n\n\n<p><a href=\"http:\/\/www.hebdo.ch\/hebdo\/cadrages\/detail\/mariage-le-nouvel-%C3%A2ge-dor\">L\u2019Hebdo<\/a>, 19 janvier 2017 &#8211;&nbsp;<strong>Florence Maillochon<\/strong>&nbsp;&#8211; Mariage, le nouvel \u00e2ge d\u2019or<\/p>\n\n\n\n<hr class=\"wp-block-separator\"\/>\n\n\n\n<p><a href=\"http:\/\/www.ladepeche.fr\/article\/2017\/01\/14\/2496543-le-revenu-universel-est-il-une-bonne-idee.html\">La D\u00e9p\u00eache<\/a>, 14 janvier 2017 &#8211;&nbsp;<strong>Philippe Askenazy<\/strong>&nbsp;&#8211; Le revenu universel est-il une bonne id\u00e9e&nbsp;?<\/p>\n\n\n\n<hr class=\"wp-block-separator\"\/>\n\n\n\n<p><a href=\"http:\/\/www.lemonde.fr\/idees\/article\/2017\/01\/12\/renover-la-gauche-il-faut-revaloriser-les-salaires-des-professions-non-qualifiees_5061778_3232.html\">Le Monde Id\u00e9es<\/a>, 12 janvier 2017 &#8211;&nbsp;<strong>Philippe Askenazy<\/strong>&nbsp;&#8211; Il faut revaloriser les salaires des professions \u201cnon qualifi\u00e9es\u201d<\/p>","protected":false},"excerpt":{"rendered":"<p>L\u2019Humanit\u00e9 Dimanche, 21 d\u00e9cembre 2017 &#8211;&nbsp;Serge Paugam&nbsp;&#8211; Le regard des riches sur les pauvres signale un danger pour nos soci\u00e9t\u00e9s L\u2019Humanit\u00e9 Dimanche Le Monde, 19 d\u00e9cembre 2017 &#8211;&nbsp;Philippe Askenazy&nbsp;&#8211; Salaire minimun&nbsp;: la fausse surprise du gouvernement Alter Echos, 13 d\u00e9cembre 2017 &#8211;&nbsp;Serge Paugam&nbsp;&#8211; Nous vivons dans des soci\u00e9t\u00e9s tellement in\u00e9galitaires que les diff\u00e9rences entre les [&hellip;]<\/p>\n","protected":false},"author":94,"featured_media":0,"parent":7566,"menu_order":0,"comment_status":"closed","ping_status":"closed","template":"","meta":{"_acf_changed":false,"footnotes":""},"class_list":["post-7139","page","type-page","status-publish","hentry"],"acf":[],"yoast_head":"<!-- This site is optimized with the Yoast SEO plugin v25.6 - https:\/\/yoast.com\/wordpress\/plugins\/seo\/ -->\n<title>CMH<\/title>\n<meta name=\"robots\" content=\"index, follow, max-snippet:-1, max-image-preview:large, max-video-preview:-1\" \/>\n<link rel=\"canonical\" href=\"https:\/\/cmh.ens.fr\/en\/diffusions-anterieures\/revues-de-presse-anterieures\/revues-de-presse-2017\/\" class=\"yoast-seo-meta-tag\" \/>\n<meta property=\"og:locale\" content=\"en_US\" class=\"yoast-seo-meta-tag\" \/>\n<meta property=\"og:type\" content=\"article\" class=\"yoast-seo-meta-tag\" \/>\n<meta property=\"og:title\" content=\"Revues de presse 2017 - CMH\" class=\"yoast-seo-meta-tag\" \/>\n<meta property=\"og:description\" content=\"L\u2019Humanit\u00e9 Dimanche, 21 d\u00e9cembre 2017 &#8211;&nbsp;Serge Paugam&nbsp;&#8211; Le regard des riches sur les pauvres signale un danger pour nos soci\u00e9t\u00e9s L\u2019Humanit\u00e9 Dimanche Le Monde, 19 d\u00e9cembre 2017 &#8211;&nbsp;Philippe Askenazy&nbsp;&#8211; Salaire minimun&nbsp;: la fausse surprise du gouvernement Alter Echos, 13 d\u00e9cembre 2017 &#8211;&nbsp;Serge Paugam&nbsp;&#8211; Nous vivons dans des soci\u00e9t\u00e9s tellement in\u00e9galitaires que les diff\u00e9rences entre les [&hellip;]\" class=\"yoast-seo-meta-tag\" \/>\n<meta property=\"og:url\" content=\"https:\/\/cmh.ens.fr\/en\/diffusions-anterieures\/revues-de-presse-anterieures\/revues-de-presse-2017\/\" class=\"yoast-seo-meta-tag\" \/>\n<meta property=\"og:site_name\" content=\"CMH\" class=\"yoast-seo-meta-tag\" \/>\n<meta property=\"article:modified_time\" content=\"2021-07-01T14:17:25+00:00\" class=\"yoast-seo-meta-tag\" \/>\n<meta name=\"twitter:card\" content=\"summary_large_image\" class=\"yoast-seo-meta-tag\" \/>\n<meta name=\"twitter:label1\" content=\"Est. reading time\" class=\"yoast-seo-meta-tag\" \/>\n\t<meta name=\"twitter:data1\" content=\"5 minutes\" class=\"yoast-seo-meta-tag\" \/>\n<script type=\"application\/ld+json\" class=\"yoast-schema-graph\">{\"@context\":\"https:\/\/schema.org\",\"@graph\":[{\"@type\":\"WebPage\",\"@id\":\"https:\/\/cmh.ens.fr\/en\/diffusions-anterieures\/revues-de-presse-anterieures\/revues-de-presse-2017\/\",\"url\":\"https:\/\/cmh.ens.fr\/en\/diffusions-anterieures\/revues-de-presse-anterieures\/revues-de-presse-2017\/\",\"name\":\"Revues de presse 2017 - CMH\",\"isPartOf\":{\"@id\":\"https:\/\/cmh.ens.fr\/en\/#website\"},\"datePublished\":\"2021-06-17T10:19:35+00:00\",\"dateModified\":\"2021-07-01T14:17:25+00:00\",\"breadcrumb\":{\"@id\":\"https:\/\/cmh.ens.fr\/en\/diffusions-anterieures\/revues-de-presse-anterieures\/revues-de-presse-2017\/#breadcrumb\"},\"inLanguage\":\"en-US\",\"potentialAction\":[{\"@type\":\"ReadAction\",\"target\":[\"https:\/\/cmh.ens.fr\/en\/diffusions-anterieures\/revues-de-presse-anterieures\/revues-de-presse-2017\/\"]}]},{\"@type\":\"BreadcrumbList\",\"@id\":\"https:\/\/cmh.ens.fr\/en\/diffusions-anterieures\/revues-de-presse-anterieures\/revues-de-presse-2017\/#breadcrumb\",\"itemListElement\":[{\"@type\":\"ListItem\",\"position\":1,\"name\":\"Accueil\",\"item\":\"https:\/\/cmh.ens.fr\/\"},{\"@type\":\"ListItem\",\"position\":2,\"name\":\"Diffusions ant\u00e9rieures\",\"item\":\"https:\/\/cmh.ens.fr\/diffusions-anterieures\/\"},{\"@type\":\"ListItem\",\"position\":3,\"name\":\"Revues de presse ant\u00e9rieures\",\"item\":\"https:\/\/cmh.ens.fr\/en\/diffusions-anterieures\/revues-de-presse-anterieures\/\"},{\"@type\":\"ListItem\",\"position\":4,\"name\":\"Revues de presse 2017\"}]},{\"@type\":\"WebSite\",\"@id\":\"https:\/\/cmh.ens.fr\/en\/#website\",\"url\":\"https:\/\/cmh.ens.fr\/en\/\",\"name\":\"CMH\",\"description\":\"Centre Maurice Halbwachs\",\"publisher\":{\"@id\":\"https:\/\/cmh.ens.fr\/en\/#organization\"},\"potentialAction\":[{\"@type\":\"SearchAction\",\"target\":{\"@type\":\"EntryPoint\",\"urlTemplate\":\"https:\/\/cmh.ens.fr\/en\/?s={search_term_string}\"},\"query-input\":{\"@type\":\"PropertyValueSpecification\",\"valueRequired\":true,\"valueName\":\"search_term_string\"}}],\"inLanguage\":\"en-US\"},{\"@type\":\"Organization\",\"@id\":\"https:\/\/cmh.ens.fr\/en\/#organization\",\"name\":\"Centre Maurice Halbwachs\",\"url\":\"https:\/\/cmh.ens.fr\/en\/\",\"logo\":{\"@type\":\"ImageObject\",\"inLanguage\":\"en-US\",\"@id\":\"https:\/\/cmh.ens.fr\/en\/#\/schema\/logo\/image\/\",\"url\":\"https:\/\/www.cmh.ens.fr\/wp-content\/uploads\/siteon0.jpg\",\"contentUrl\":\"https:\/\/www.cmh.ens.fr\/wp-content\/uploads\/siteon0.jpg\",\"width\":86,\"height\":53,\"caption\":\"Centre Maurice Halbwachs\"},\"image\":{\"@id\":\"https:\/\/cmh.ens.fr\/en\/#\/schema\/logo\/image\/\"}}]}<\/script>\n<!-- \/ Yoast SEO plugin. -->","yoast_head_json":{"title":"CMH","robots":{"index":"index","follow":"follow","max-snippet":"max-snippet:-1","max-image-preview":"max-image-preview:large","max-video-preview":"max-video-preview:-1"},"canonical":"https:\/\/cmh.ens.fr\/en\/diffusions-anterieures\/revues-de-presse-anterieures\/revues-de-presse-2017\/","og_locale":"en_US","og_type":"article","og_title":"Revues de presse 2017 - CMH","og_description":"L\u2019Humanit\u00e9 Dimanche, 21 d\u00e9cembre 2017 &#8211;&nbsp;Serge Paugam&nbsp;&#8211; Le regard des riches sur les pauvres signale un danger pour nos soci\u00e9t\u00e9s L\u2019Humanit\u00e9 Dimanche Le Monde, 19 d\u00e9cembre 2017 &#8211;&nbsp;Philippe Askenazy&nbsp;&#8211; Salaire minimun&nbsp;: la fausse surprise du gouvernement Alter Echos, 13 d\u00e9cembre 2017 &#8211;&nbsp;Serge Paugam&nbsp;&#8211; Nous vivons dans des soci\u00e9t\u00e9s tellement in\u00e9galitaires que les diff\u00e9rences entre les [&hellip;]","og_url":"https:\/\/cmh.ens.fr\/en\/diffusions-anterieures\/revues-de-presse-anterieures\/revues-de-presse-2017\/","og_site_name":"CMH","article_modified_time":"2021-07-01T14:17:25+00:00","twitter_card":"summary_large_image","twitter_misc":{"Est. reading time":"5 minutes"},"schema":{"@context":"https:\/\/schema.org","@graph":[{"@type":"WebPage","@id":"https:\/\/cmh.ens.fr\/en\/diffusions-anterieures\/revues-de-presse-anterieures\/revues-de-presse-2017\/","url":"https:\/\/cmh.ens.fr\/en\/diffusions-anterieures\/revues-de-presse-anterieures\/revues-de-presse-2017\/","name":"Revues de presse 2017 - CMH","isPartOf":{"@id":"https:\/\/cmh.ens.fr\/en\/#website"},"datePublished":"2021-06-17T10:19:35+00:00","dateModified":"2021-07-01T14:17:25+00:00","breadcrumb":{"@id":"https:\/\/cmh.ens.fr\/en\/diffusions-anterieures\/revues-de-presse-anterieures\/revues-de-presse-2017\/#breadcrumb"},"inLanguage":"en-US","potentialAction":[{"@type":"ReadAction","target":["https:\/\/cmh.ens.fr\/en\/diffusions-anterieures\/revues-de-presse-anterieures\/revues-de-presse-2017\/"]}]},{"@type":"BreadcrumbList","@id":"https:\/\/cmh.ens.fr\/en\/diffusions-anterieures\/revues-de-presse-anterieures\/revues-de-presse-2017\/#breadcrumb","itemListElement":[{"@type":"ListItem","position":1,"name":"Accueil","item":"https:\/\/cmh.ens.fr\/"},{"@type":"ListItem","position":2,"name":"Diffusions ant\u00e9rieures","item":"https:\/\/cmh.ens.fr\/diffusions-anterieures\/"},{"@type":"ListItem","position":3,"name":"Revues de presse ant\u00e9rieures","item":"https:\/\/cmh.ens.fr\/en\/diffusions-anterieures\/revues-de-presse-anterieures\/"},{"@type":"ListItem","position":4,"name":"Revues de presse 2017"}]},{"@type":"WebSite","@id":"https:\/\/cmh.ens.fr\/en\/#website","url":"https:\/\/cmh.ens.fr\/en\/","name":"CMH","description":"Centre Maurice Halbwachs","publisher":{"@id":"https:\/\/cmh.ens.fr\/en\/#organization"},"potentialAction":[{"@type":"SearchAction","target":{"@type":"EntryPoint","urlTemplate":"https:\/\/cmh.ens.fr\/en\/?s={search_term_string}"},"query-input":{"@type":"PropertyValueSpecification","valueRequired":true,"valueName":"search_term_string"}}],"inLanguage":"en-US"},{"@type":"Organization","@id":"https:\/\/cmh.ens.fr\/en\/#organization","name":"Centre Maurice Halbwachs","url":"https:\/\/cmh.ens.fr\/en\/","logo":{"@type":"ImageObject","inLanguage":"en-US","@id":"https:\/\/cmh.ens.fr\/en\/#\/schema\/logo\/image\/","url":"https:\/\/www.cmh.ens.fr\/wp-content\/uploads\/siteon0.jpg","contentUrl":"https:\/\/www.cmh.ens.fr\/wp-content\/uploads\/siteon0.jpg","width":86,"height":53,"caption":"Centre Maurice Halbwachs"},"image":{"@id":"https:\/\/cmh.ens.fr\/en\/#\/schema\/logo\/image\/"}}]}},"_links":{"self":[{"href":"https:\/\/cmh.ens.fr\/en\/wp-json\/wp\/v2\/pages\/7139"}],"collection":[{"href":"https:\/\/cmh.ens.fr\/en\/wp-json\/wp\/v2\/pages"}],"about":[{"href":"https:\/\/cmh.ens.fr\/en\/wp-json\/wp\/v2\/types\/page"}],"author":[{"embeddable":true,"href":"https:\/\/cmh.ens.fr\/en\/wp-json\/wp\/v2\/users\/94"}],"replies":[{"embeddable":true,"href":"https:\/\/cmh.ens.fr\/en\/wp-json\/wp\/v2\/comments?post=7139"}],"version-history":[{"count":1,"href":"https:\/\/cmh.ens.fr\/en\/wp-json\/wp\/v2\/pages\/7139\/revisions"}],"predecessor-version":[{"id":7146,"href":"https:\/\/cmh.ens.fr\/en\/wp-json\/wp\/v2\/pages\/7139\/revisions\/7146"}],"up":[{"embeddable":true,"href":"https:\/\/cmh.ens.fr\/en\/wp-json\/wp\/v2\/pages\/7566"}],"wp:attachment":[{"href":"https:\/\/cmh.ens.fr\/en\/wp-json\/wp\/v2\/media?parent=7139"}],"curies":[{"name":"wp","href":"https:\/\/api.w.org\/{rel}","templated":true}]}}