{"id":7133,"date":"2021-06-17T12:13:35","date_gmt":"2021-06-17T10:13:35","guid":{"rendered":"https:\/\/w3.cmh.ens.fr\/?page_id=7133"},"modified":"2021-07-01T16:17:30","modified_gmt":"2021-07-01T14:17:30","slug":"revues-de-presse-2018","status":"publish","type":"page","link":"https:\/\/cmh.ens.fr\/en\/diffusions-anterieures\/revues-de-presse-anterieures\/revues-de-presse-2018\/","title":{"rendered":"Revues de presse 2018"},"content":{"rendered":"<hr class=\"wp-block-separator\"\/>\n\n\n\n<p><a href=\"http:\/\/www.snesup.fr\/sites\/default\/files\/fichier\/vrs415_bd-hiver-2018.pdf\">La Vie de la Recherche Scientifique<\/a>, n\u00b0&nbsp;415, Hiver 2018, p. 21-24 &#8211;&nbsp;<strong>Sophie Pochic<\/strong>&nbsp;&#8211; Course \u00e0 l\u2019excellence et in\u00e9galit\u00e9s sexu\u00e9es dans les organisations acad\u00e9miques<\/p>\n\n\n\n<hr class=\"wp-block-separator\"\/>\n\n\n\n<p><a href=\"https:\/\/www.latribune.fr\/opinions\/tribunes\/carlos-ghosn-le-manager-qui-se-voulait-faire-aussi-gros-que-les-grands-capitalistes-798894.html?_scpsug=crawled,54325,fr_b135d7a25b668a1814f2598a8e8bee328b74150db5063c5cd162773ba1217790#_scpsug=crawled,54325,fr_b135d7a25b668a1814f2598a8e8bee328b74150db5063c5cd162773ba1217790\">La Tribune<\/a>, 28 novembre 2018 &#8211;&nbsp;<strong>Michel Villette<\/strong>&nbsp;&#8211; Carlos Ghosn, le manager qui se voulait faire aussi gros que les grands capitalistes<\/p>\n\n\n\n<hr class=\"wp-block-separator\"\/>\n\n\n\n<p><a href=\"https:\/\/derstandard.at\/2000090361441\/Historiker-Desserts-hatten-etwas-Frivoles\">Der Standard<\/a>, 3 novembre 2018 &#8211;&nbsp;<strong>Martin Bruegel<\/strong>&nbsp;&#8211; Historiker&nbsp;: \u00ab\u00a0Desserts hatten etwas Frivoles\u00a0\u00bb<\/p>\n\n\n\n<hr class=\"wp-block-separator\"\/>\n\n\n\n<p><a href=\"https:\/\/www.lemonde.fr\/police-justice\/article\/2018\/10\/25\/affrontements-entre-bandes-la-dynamique-collective-ecrase-les-consciences-individuelles_5374396_1653578.html\">Le Monde.fr<\/a>, 25 octobre 2018 &#8211;&nbsp;<strong>Marwan Mohammed<\/strong>&nbsp;&#8211; Affrontements entre bandes&nbsp;:\u00a0\u00ab&nbsp;La dynamique collective \u00e9crase les consciences individuelles&nbsp;\u00bb<\/p>\n\n\n\n<hr class=\"wp-block-separator\"\/>\n\n\n\n<p><a href=\"https:\/\/www.lemonde.fr\/economie\/article\/2018\/10\/18\/nouvelle-caledonie-des-chiffres-nickel_5371045_3234.html\">Le Monde.fr<\/a>, 18 octobre 2018 &#8211;&nbsp;<strong>Philippe Askenazy<\/strong>&nbsp;&#8211; Nouvelle-Cal\u00e9donie&nbsp;: des chiffres nickel&nbsp;?<\/p>\n\n\n\n<hr class=\"wp-block-separator\"\/>\n\n\n\n<p><a href=\"https:\/\/lemuslimpost.com\/communautarisme-enquete-sociologique-deconstruit-prejuges.html\">Le Muslim Post,<\/a>&nbsp;12 octobre 2018 &#8211;&nbsp;<strong>Marwan Mohammed<\/strong>&nbsp;&#8211;\u00a0\u00ab&nbsp;Communautarisme&nbsp;?&nbsp;\u00bb Une enqu\u00eate sociologique d\u00e9construit les pr\u00e9jug\u00e9s<\/p>\n\n\n\n<hr class=\"wp-block-separator\"\/>\n\n\n\n<p><a href=\"https:\/\/bibliobs.nouvelobs.com\/idees\/20180927.OBS3027\/du-riche-ou-du-musulman-qui-est-le-plus-communautariste.html?xtor=RSS-17\">Le Nouvel Obs<\/a>, 9 octobre 2018 &#8211;&nbsp;<strong>Marwan Mohammed<\/strong>&nbsp;&#8211; Du riche ou du musulman, qui est le plus communautariste&nbsp;?<\/p>\n\n\n\n<hr class=\"wp-block-separator\"\/>\n\n\n\n<p><a href=\"https:\/\/www.lemonde.fr\/idees\/article\/2018\/09\/20\/seuils-sociaux-les-cocasseries-de-la-loi-pacte_5357728_3232.html\">Le Monde.fr<\/a>, 20 septembre 2018 &#8211;&nbsp;<strong>Philippe Askenazy<\/strong>&nbsp;&#8211; Seuils sociaux&nbsp;: Les\u00a0\u00ab&nbsp;cocasseries&nbsp;\u00bb de la loi Pacte<\/p>\n\n\n\n<hr class=\"wp-block-separator\"\/>\n\n\n\n<p><a href=\"http:\/\/www.laviedesidees.fr\/La-police-et-les-indesirables.html\">La Vie des id\u00e9es<\/a>, 14 septembre 2018 &#8211;&nbsp;<strong>Magda Boutros<\/strong>&nbsp;&#8211; La police et les ind\u00e9sirables<\/p>\n\n\n\n<hr class=\"wp-block-separator\"\/>\n\n\n\n<p><a href=\"http:\/\/sante-secu-social.npa2009.org\/Le-Monde-fr-Serge-Paugam-L-intensite-de-la-polemique-sur-les-mauvais-pauvres\">Le Monde.fr<\/a>, 13 septembre 2018 &#8211;&nbsp;<strong>Serge Paugam<\/strong>&nbsp;&#8211; L\u2019intensit\u00e9 de la pol\u00e9mique sur les \u201cmauvais pauvres\u201d varie selon les \u00e9poques<\/p>\n\n\n\n<hr class=\"wp-block-separator\"\/>\n\n\n\n<p><a href=\"http:\/\/www.liberation.fr\/debats\/2018\/09\/11\/booba-contre-kaaris-le-dephasage-des-institutions-face-au-monde-du-rap_1678003\">Lib\u00e9ration<\/a>, 11 septembre 2018 &#8211;&nbsp;<strong>Louis Jesu&nbsp;<\/strong>&#8211; Booba contre Kaaris, le d\u00e9phasage des institutions face au monde du rap<\/p>\n\n\n\n<hr class=\"wp-block-separator\"\/>\n\n\n\n<p><a href=\"https:\/\/www.ladepeche.fr\/article\/2018\/09\/05\/2862747-six-enfants-sur-dix-naissent-hors-mariage-en-france.html\">La D\u00e9p\u00eache<\/a>, 5 septembre 2018 &#8211;&nbsp;<strong>Florence Maillochon<\/strong>&nbsp;&#8211; Six enfants sur dix naissent hors mariage en France<\/p>\n\n\n\n<hr class=\"wp-block-separator\"\/>\n\n\n\n<p><a href=\"https:\/\/bibliobs.nouvelobs.com\/idees\/20180706.OBS9303\/le-feminisme-en-entreprise-une-arme-qui-favorise-l-indifference-des-privilegiees.html\">BibliObs<\/a>, 13 juillet 2018 &#8211;&nbsp;<strong>Sophie Pochic<\/strong>&nbsp;&#8211; Le f\u00e9minisme en entreprise&nbsp;? Une arme qui favorise \u00ab\u00a0l\u2019indiff\u00e9rence des privil\u00e9gi\u00e9es\u00a0\u00bb<\/p>\n\n\n\n<hr class=\"wp-block-separator\"\/>\n\n\n\n<p><a href=\"https:\/\/www.lemonde.fr\/idees\/article\/2018\/07\/12\/il-est-a-craindre-qu-il-faille-en-france-a-l-instar-des-britanniques-s-habituer-a-un-regime-de-greves-perlees_5330422_3232.html\">Le Monde<\/a>, 12 juillet 2018 &#8211;&nbsp;<strong>Philippe Askenazy<\/strong>&nbsp;&#8211; Il est \u00e0 craindre qu\u2019il faille, en France, \u00e0 l\u2019instar des Britanniques, s\u2019habituer \u00e0 un r\u00e9gime de gr\u00e8ves perl\u00e9es<\/p>\n\n\n\n<hr class=\"wp-block-separator\"\/>\n\n\n\n<p>Direction de la recherche, des \u00e9tudes, de l\u2019\u00e9valuation et des statistiques (<a href=\"http:\/\/drees.solidarites-sante.gouv.fr\/etudes-et-statistiques\/publications\/les-dossiers-de-la-drees\/article\/le-quotidien-des-familles-apres-une-separation-etat-de-la-recherche\">Drees<\/a>, France), 5 juin 2018 &#8211;&nbsp;<strong>Anne Unterreiner<\/strong>&nbsp;&#8211; Le quotidien des familles apr\u00e8s une s\u00e9paration &#8211; \u00c9tat de la recherche internationale sur l\u2019organisation de la vie des familles de couples s\u00e9par\u00e9s<\/p>\n\n\n\n<hr class=\"wp-block-separator\"\/>\n\n\n\n<p><a href=\"https:\/\/www.lemonde.fr\/idees\/article\/2018\/06\/14\/rupture-a-l-italienne_5314773_3232.html\">Le Monde<\/a>, 14 juin 2018 &#8211;&nbsp;<strong>Philippe Askenazy<\/strong>&nbsp;&#8211; Rupture \u00e0 l\u2019italienne<\/p>\n\n\n\n<hr class=\"wp-block-separator\"\/>\n\n\n\n<p><a href=\"http:\/\/cheekmagazine.fr\/societe\/mariage-feministe\/\">Cheekmagazine.fr<\/a>, 18 mai 2018 &#8211;&nbsp;<strong>Florence Maillochon<\/strong>&nbsp;&#8211; Un mariage h\u00e9t\u00e9ro f\u00e9ministe&nbsp;? C\u2019est possible<\/p>\n\n\n\n<hr class=\"wp-block-separator\"\/>\n\n\n\n<p><a href=\"http:\/\/www.lemonde.fr\/idees\/article\/2018\/05\/17\/la-strategie-de-la-cfdt-en-question_5300516_3232.html\">Le Monde<\/a>, 17 mai 2018 &#8211;&nbsp;<strong>Philipe Askenazy<\/strong>&nbsp;&#8211;\u00a0\u00ab&nbsp;La strat\u00e9gie de la CFDT&nbsp;\u00bb en question<\/p>\n\n\n\n<hr class=\"wp-block-separator\"\/>\n\n\n\n<p><a href=\"http:\/\/www.laviedesidees.fr\/Precaires-en-cravate.html\">La Vie des Id\u00e9es<\/a>, 16 mai 2018 &#8211;&nbsp;<strong>Lise Bernard<\/strong>&nbsp;&#8211; Pr\u00e9caires en cravate<\/p>\n\n\n\n<hr class=\"wp-block-separator\"\/>\n\n\n\n<p>Liaisons sociales magazine n\u00b0186 &#8211;&nbsp;<strong>Lise Bernard<\/strong>&nbsp;&#8211; La pr\u00e9carit\u00e9 en col blanc. Une enqu\u00eate sur les agents immobiliers<\/p>\n\n\n\n<p>Liaisons sociales magazine<\/p>\n\n\n\n<div class=\"wp-block-file\"><a href=\"https:\/\/www.cmh.ens.fr\/wp-content\/uploads\/Liaisons-sociales-Magazine.pdf\">Liaisons-sociales-Magazine<\/a><a href=\"https:\/\/www.cmh.ens.fr\/wp-content\/uploads\/Liaisons-sociales-Magazine.pdf\" class=\"wp-block-file__button\" download>Download<\/a><\/div>\n\n\n\n<hr class=\"wp-block-separator\"\/>\n\n\n\n<p><a href=\"http:\/\/www.sciencespo.fr\/actualites\/actualit%C3%A9s\/ce-que-les-riches-pensent-des-pauvres\/3592\"><em>Cogito<\/em><\/a>, la lettre de la recherche \u00e0 Sciences Po, 2 mai 2018 &#8211;&nbsp;<strong>Serge Paugam<\/strong>&nbsp;&#8211; Ce que les riches pensent des pauvres<\/p>\n\n\n\n<hr class=\"wp-block-separator\"\/>\n\n\n\n<p><a href=\"http:\/\/www.lemonde.fr\/idees\/article\/2018\/04\/19\/les-plates-formes-numeriques-qui-offrent-des-conseils-juridiques-pourraient-etre-les-grandes-gagnantes-de-la-reforme-de-la-justice_5287705_3232.html\">Le Monde<\/a>, 19 avril 2018 &#8211;&nbsp;<strong>Philippe Askenazy<\/strong>&nbsp;&#8211; Les plates-formes num\u00e9riques, qui offrent des conseils juridiques, pourraient \u00eatre les grandes gagnantes de la r\u00e9forme de la justice<\/p>\n\n\n\n<hr class=\"wp-block-separator\"\/>\n\n\n\n<p><a href=\"https:\/\/www.alternatives-economiques.fr\/precarite-col-blanc-une-enquete-agents-immobiliers\/00083507\">Alternatives Economiques<\/a>, mars 2018 &#8211;&nbsp;<strong>Lise Bernard<\/strong>&nbsp;&#8211; La pr\u00e9carit\u00e9 en col blanc. Une enqu\u00eate sur les agents immobiliers<\/p>\n\n\n\n<hr class=\"wp-block-separator\"\/>\n\n\n\n<p><a href=\"https:\/\/www.humanite.fr\/le-travail-est-il-toujours-alienation-652517\">L\u2019Humanit\u00e9<\/a>, 23 mars 2018,&nbsp;<strong>Claude Didry<\/strong>&nbsp;&#8211; Le travail est-il toujours ali\u00e9nation&nbsp;?<\/p>\n\n\n\n<hr class=\"wp-block-separator\"\/>\n\n\n\n<p><a href=\"http:\/\/www.economiematin.fr\/news-euphemisation-sexisme-societe-administration-etat-fonction-publique-exemplaire\">Economie Matin<\/a>, 4 mars 2018 &#8211;&nbsp;<strong>Catherine Marry, Laure Bereni, Alban Jacquemart, Sophie Pochic et Anne Revillard&nbsp;<\/strong>&#8211;\u00a0\u00ab&nbsp;Y\u2019a pas de quoi monter sur ses grands chevaux&nbsp;\u00bb&nbsp;: l\u2019euph\u00e9misation du sexisme<\/p>\n\n\n\n<hr class=\"wp-block-separator\"\/>\n\n\n\n<p><a href=\"https:\/\/www.dissentmagazine.org\/article\/emmanuel-macron-contradictions-neoliberalism\">Dissent Magazine<\/a>, hiver 2018 &#8211;&nbsp;<strong>Philippe Askenazy<\/strong>&nbsp;&#8211; Les contradictions du macronisme<\/p>\n\n\n\n<hr class=\"wp-block-separator\"\/>\n\n\n\n<p><a href=\"http:\/\/www.lemonde.fr\/idees\/article\/2018\/02\/27\/chomage-et-mystere-de-la-statistique_5263202_3232.html\">Le Monde<\/a>, 27 f\u00e9vrier 2018 &#8211;<strong>&nbsp;Philippe Askenazy<\/strong>&nbsp;&#8211; Ch\u00f4mage et myst\u00e8re de la statistique<\/p>\n\n\n\n<hr class=\"wp-block-separator\"\/>\n\n\n\n<p>Les Echos, 7 f\u00e9vrier 2018 &#8211;&nbsp;<strong>Lise Bernard<\/strong>&nbsp;&#8211; La pr\u00e9carit\u00e9 en col blanc. Une enqu\u00eate sur les agents immobiliers<\/p>\n\n\n\n<p>Les Echos<\/p>\n\n\n\n<div class=\"wp-block-file\"><a href=\"https:\/\/www.cmh.ens.fr\/wp-content\/uploads\/Les-echos-Le-livre-du-jour-La-pre\u0301carite\u0301-en-col-blanc-7-fev-2018.pdf\">Les-echos-Le-livre-du-jour-La-pre\u0301carite\u0301-en-col-blanc-7-fev-2018<\/a><a href=\"https:\/\/www.cmh.ens.fr\/wp-content\/uploads\/Les-echos-Le-livre-du-jour-La-pre\u0301carite\u0301-en-col-blanc-7-fev-2018.pdf\" class=\"wp-block-file__button\" download>Download<\/a><\/div>\n\n\n\n<hr class=\"wp-block-separator\"\/>\n\n\n\n<p><a href=\"http:\/\/www.lemonde.fr\/idees\/article\/2018\/01\/30\/les-fake-news-sont-d-abord-un-marche_5249201_3232.html\">Le Monde<\/a>, 30 janvier 2018 &#8211;&nbsp;<strong>Philippe Askenazy<\/strong>&nbsp;&#8211; Les\u00a0\u00ab&nbsp;fake news&nbsp;\u00bb sont d\u2019abord\u00a0\u00ab&nbsp;un march\u00e9&nbsp;\u00bb<\/p>\n\n\n\n<hr class=\"wp-block-separator\"\/>\n\n\n\n<p><a href=\"http:\/\/www.asso-malades-thyroide.fr\/wordpress\/index.php\/2018\/01\/29\/les-dessous-de-lindustrie-pharmaceutique\/\">Le Monde diplomatique<\/a>, 29 janvier 2018 &#8211;&nbsp;<strong>Quentin Ravelli<\/strong>&nbsp;&#8211; Les dessous de l\u2019industrie pharmaceutique<\/p>\n\n\n\n<hr class=\"wp-block-separator\"\/>\n\n\n\n<p><a href=\"https:\/\/www.ladepeche.fr\/article\/2018\/01\/12\/2719845-l-institution-du-travail-passee-au-crible.html\">La D\u00e9p\u00eache<\/a>, 12 janvier 2018 &#8211;&nbsp;<strong>Claude Didry<\/strong>&nbsp;&#8211; L\u2019Institution du travail pass\u00e9e au crible<\/p>","protected":false},"excerpt":{"rendered":"<p>La Vie de la Recherche Scientifique, n\u00b0&nbsp;415, Hiver 2018, p. 21-24 &#8211;&nbsp;Sophie Pochic&nbsp;&#8211; Course \u00e0 l\u2019excellence et in\u00e9galit\u00e9s sexu\u00e9es dans les organisations acad\u00e9miques La Tribune, 28 novembre 2018 &#8211;&nbsp;Michel Villette&nbsp;&#8211; Carlos Ghosn, le manager qui se voulait faire aussi gros que les grands capitalistes Der Standard, 3 novembre 2018 &#8211;&nbsp;Martin Bruegel&nbsp;&#8211; Historiker&nbsp;: \u00ab\u00a0Desserts hatten etwas [&hellip;]<\/p>\n","protected":false},"author":94,"featured_media":0,"parent":7566,"menu_order":0,"comment_status":"closed","ping_status":"closed","template":"","meta":{"_acf_changed":false,"footnotes":""},"class_list":["post-7133","page","type-page","status-publish","hentry"],"acf":[],"yoast_head":"<!-- This site is optimized with the Yoast SEO plugin v25.6 - https:\/\/yoast.com\/wordpress\/plugins\/seo\/ -->\n<title>CMH<\/title>\n<meta name=\"robots\" content=\"index, follow, max-snippet:-1, max-image-preview:large, max-video-preview:-1\" \/>\n<link rel=\"canonical\" href=\"https:\/\/cmh.ens.fr\/en\/diffusions-anterieures\/revues-de-presse-anterieures\/revues-de-presse-2018\/\" class=\"yoast-seo-meta-tag\" \/>\n<meta property=\"og:locale\" content=\"en_US\" class=\"yoast-seo-meta-tag\" \/>\n<meta property=\"og:type\" content=\"article\" class=\"yoast-seo-meta-tag\" \/>\n<meta property=\"og:title\" content=\"Revues de presse 2018 - CMH\" class=\"yoast-seo-meta-tag\" \/>\n<meta property=\"og:description\" content=\"La Vie de la Recherche Scientifique, n\u00b0&nbsp;415, Hiver 2018, p. 21-24 &#8211;&nbsp;Sophie Pochic&nbsp;&#8211; Course \u00e0 l\u2019excellence et in\u00e9galit\u00e9s sexu\u00e9es dans les organisations acad\u00e9miques La Tribune, 28 novembre 2018 &#8211;&nbsp;Michel Villette&nbsp;&#8211; Carlos Ghosn, le manager qui se voulait faire aussi gros que les grands capitalistes Der Standard, 3 novembre 2018 &#8211;&nbsp;Martin Bruegel&nbsp;&#8211; Historiker&nbsp;: \u00ab\u00a0Desserts hatten etwas [&hellip;]\" class=\"yoast-seo-meta-tag\" \/>\n<meta property=\"og:url\" content=\"https:\/\/cmh.ens.fr\/en\/diffusions-anterieures\/revues-de-presse-anterieures\/revues-de-presse-2018\/\" class=\"yoast-seo-meta-tag\" \/>\n<meta property=\"og:site_name\" content=\"CMH\" class=\"yoast-seo-meta-tag\" \/>\n<meta property=\"article:modified_time\" content=\"2021-07-01T14:17:30+00:00\" class=\"yoast-seo-meta-tag\" \/>\n<meta name=\"twitter:card\" content=\"summary_large_image\" class=\"yoast-seo-meta-tag\" \/>\n<meta name=\"twitter:label1\" content=\"Est. reading time\" class=\"yoast-seo-meta-tag\" \/>\n\t<meta name=\"twitter:data1\" content=\"3 minutes\" class=\"yoast-seo-meta-tag\" \/>\n<script type=\"application\/ld+json\" class=\"yoast-schema-graph\">{\"@context\":\"https:\/\/schema.org\",\"@graph\":[{\"@type\":\"WebPage\",\"@id\":\"https:\/\/cmh.ens.fr\/en\/diffusions-anterieures\/revues-de-presse-anterieures\/revues-de-presse-2018\/\",\"url\":\"https:\/\/cmh.ens.fr\/en\/diffusions-anterieures\/revues-de-presse-anterieures\/revues-de-presse-2018\/\",\"name\":\"Revues de presse 2018 - CMH\",\"isPartOf\":{\"@id\":\"https:\/\/cmh.ens.fr\/en\/#website\"},\"datePublished\":\"2021-06-17T10:13:35+00:00\",\"dateModified\":\"2021-07-01T14:17:30+00:00\",\"breadcrumb\":{\"@id\":\"https:\/\/cmh.ens.fr\/en\/diffusions-anterieures\/revues-de-presse-anterieures\/revues-de-presse-2018\/#breadcrumb\"},\"inLanguage\":\"en-US\",\"potentialAction\":[{\"@type\":\"ReadAction\",\"target\":[\"https:\/\/cmh.ens.fr\/en\/diffusions-anterieures\/revues-de-presse-anterieures\/revues-de-presse-2018\/\"]}]},{\"@type\":\"BreadcrumbList\",\"@id\":\"https:\/\/cmh.ens.fr\/en\/diffusions-anterieures\/revues-de-presse-anterieures\/revues-de-presse-2018\/#breadcrumb\",\"itemListElement\":[{\"@type\":\"ListItem\",\"position\":1,\"name\":\"Accueil\",\"item\":\"https:\/\/cmh.ens.fr\/\"},{\"@type\":\"ListItem\",\"position\":2,\"name\":\"Diffusions ant\u00e9rieures\",\"item\":\"https:\/\/cmh.ens.fr\/diffusions-anterieures\/\"},{\"@type\":\"ListItem\",\"position\":3,\"name\":\"Revues de presse ant\u00e9rieures\",\"item\":\"https:\/\/cmh.ens.fr\/en\/diffusions-anterieures\/revues-de-presse-anterieures\/\"},{\"@type\":\"ListItem\",\"position\":4,\"name\":\"Revues de presse 2018\"}]},{\"@type\":\"WebSite\",\"@id\":\"https:\/\/cmh.ens.fr\/en\/#website\",\"url\":\"https:\/\/cmh.ens.fr\/en\/\",\"name\":\"CMH\",\"description\":\"Centre Maurice Halbwachs\",\"publisher\":{\"@id\":\"https:\/\/cmh.ens.fr\/en\/#organization\"},\"potentialAction\":[{\"@type\":\"SearchAction\",\"target\":{\"@type\":\"EntryPoint\",\"urlTemplate\":\"https:\/\/cmh.ens.fr\/en\/?s={search_term_string}\"},\"query-input\":{\"@type\":\"PropertyValueSpecification\",\"valueRequired\":true,\"valueName\":\"search_term_string\"}}],\"inLanguage\":\"en-US\"},{\"@type\":\"Organization\",\"@id\":\"https:\/\/cmh.ens.fr\/en\/#organization\",\"name\":\"Centre Maurice Halbwachs\",\"url\":\"https:\/\/cmh.ens.fr\/en\/\",\"logo\":{\"@type\":\"ImageObject\",\"inLanguage\":\"en-US\",\"@id\":\"https:\/\/cmh.ens.fr\/en\/#\/schema\/logo\/image\/\",\"url\":\"https:\/\/www.cmh.ens.fr\/wp-content\/uploads\/siteon0.jpg\",\"contentUrl\":\"https:\/\/www.cmh.ens.fr\/wp-content\/uploads\/siteon0.jpg\",\"width\":86,\"height\":53,\"caption\":\"Centre Maurice Halbwachs\"},\"image\":{\"@id\":\"https:\/\/cmh.ens.fr\/en\/#\/schema\/logo\/image\/\"}}]}<\/script>\n<!-- \/ Yoast SEO plugin. -->","yoast_head_json":{"title":"CMH","robots":{"index":"index","follow":"follow","max-snippet":"max-snippet:-1","max-image-preview":"max-image-preview:large","max-video-preview":"max-video-preview:-1"},"canonical":"https:\/\/cmh.ens.fr\/en\/diffusions-anterieures\/revues-de-presse-anterieures\/revues-de-presse-2018\/","og_locale":"en_US","og_type":"article","og_title":"Revues de presse 2018 - CMH","og_description":"La Vie de la Recherche Scientifique, n\u00b0&nbsp;415, Hiver 2018, p. 21-24 &#8211;&nbsp;Sophie Pochic&nbsp;&#8211; Course \u00e0 l\u2019excellence et in\u00e9galit\u00e9s sexu\u00e9es dans les organisations acad\u00e9miques La Tribune, 28 novembre 2018 &#8211;&nbsp;Michel Villette&nbsp;&#8211; Carlos Ghosn, le manager qui se voulait faire aussi gros que les grands capitalistes Der Standard, 3 novembre 2018 &#8211;&nbsp;Martin Bruegel&nbsp;&#8211; Historiker&nbsp;: \u00ab\u00a0Desserts hatten etwas [&hellip;]","og_url":"https:\/\/cmh.ens.fr\/en\/diffusions-anterieures\/revues-de-presse-anterieures\/revues-de-presse-2018\/","og_site_name":"CMH","article_modified_time":"2021-07-01T14:17:30+00:00","twitter_card":"summary_large_image","twitter_misc":{"Est. reading time":"3 minutes"},"schema":{"@context":"https:\/\/schema.org","@graph":[{"@type":"WebPage","@id":"https:\/\/cmh.ens.fr\/en\/diffusions-anterieures\/revues-de-presse-anterieures\/revues-de-presse-2018\/","url":"https:\/\/cmh.ens.fr\/en\/diffusions-anterieures\/revues-de-presse-anterieures\/revues-de-presse-2018\/","name":"Revues de presse 2018 - CMH","isPartOf":{"@id":"https:\/\/cmh.ens.fr\/en\/#website"},"datePublished":"2021-06-17T10:13:35+00:00","dateModified":"2021-07-01T14:17:30+00:00","breadcrumb":{"@id":"https:\/\/cmh.ens.fr\/en\/diffusions-anterieures\/revues-de-presse-anterieures\/revues-de-presse-2018\/#breadcrumb"},"inLanguage":"en-US","potentialAction":[{"@type":"ReadAction","target":["https:\/\/cmh.ens.fr\/en\/diffusions-anterieures\/revues-de-presse-anterieures\/revues-de-presse-2018\/"]}]},{"@type":"BreadcrumbList","@id":"https:\/\/cmh.ens.fr\/en\/diffusions-anterieures\/revues-de-presse-anterieures\/revues-de-presse-2018\/#breadcrumb","itemListElement":[{"@type":"ListItem","position":1,"name":"Accueil","item":"https:\/\/cmh.ens.fr\/"},{"@type":"ListItem","position":2,"name":"Diffusions ant\u00e9rieures","item":"https:\/\/cmh.ens.fr\/diffusions-anterieures\/"},{"@type":"ListItem","position":3,"name":"Revues de presse ant\u00e9rieures","item":"https:\/\/cmh.ens.fr\/en\/diffusions-anterieures\/revues-de-presse-anterieures\/"},{"@type":"ListItem","position":4,"name":"Revues de presse 2018"}]},{"@type":"WebSite","@id":"https:\/\/cmh.ens.fr\/en\/#website","url":"https:\/\/cmh.ens.fr\/en\/","name":"CMH","description":"Centre Maurice Halbwachs","publisher":{"@id":"https:\/\/cmh.ens.fr\/en\/#organization"},"potentialAction":[{"@type":"SearchAction","target":{"@type":"EntryPoint","urlTemplate":"https:\/\/cmh.ens.fr\/en\/?s={search_term_string}"},"query-input":{"@type":"PropertyValueSpecification","valueRequired":true,"valueName":"search_term_string"}}],"inLanguage":"en-US"},{"@type":"Organization","@id":"https:\/\/cmh.ens.fr\/en\/#organization","name":"Centre Maurice Halbwachs","url":"https:\/\/cmh.ens.fr\/en\/","logo":{"@type":"ImageObject","inLanguage":"en-US","@id":"https:\/\/cmh.ens.fr\/en\/#\/schema\/logo\/image\/","url":"https:\/\/www.cmh.ens.fr\/wp-content\/uploads\/siteon0.jpg","contentUrl":"https:\/\/www.cmh.ens.fr\/wp-content\/uploads\/siteon0.jpg","width":86,"height":53,"caption":"Centre Maurice Halbwachs"},"image":{"@id":"https:\/\/cmh.ens.fr\/en\/#\/schema\/logo\/image\/"}}]}},"_links":{"self":[{"href":"https:\/\/cmh.ens.fr\/en\/wp-json\/wp\/v2\/pages\/7133"}],"collection":[{"href":"https:\/\/cmh.ens.fr\/en\/wp-json\/wp\/v2\/pages"}],"about":[{"href":"https:\/\/cmh.ens.fr\/en\/wp-json\/wp\/v2\/types\/page"}],"author":[{"embeddable":true,"href":"https:\/\/cmh.ens.fr\/en\/wp-json\/wp\/v2\/users\/94"}],"replies":[{"embeddable":true,"href":"https:\/\/cmh.ens.fr\/en\/wp-json\/wp\/v2\/comments?post=7133"}],"version-history":[{"count":1,"href":"https:\/\/cmh.ens.fr\/en\/wp-json\/wp\/v2\/pages\/7133\/revisions"}],"predecessor-version":[{"id":7136,"href":"https:\/\/cmh.ens.fr\/en\/wp-json\/wp\/v2\/pages\/7133\/revisions\/7136"}],"up":[{"embeddable":true,"href":"https:\/\/cmh.ens.fr\/en\/wp-json\/wp\/v2\/pages\/7566"}],"wp:attachment":[{"href":"https:\/\/cmh.ens.fr\/en\/wp-json\/wp\/v2\/media?parent=7133"}],"curies":[{"name":"wp","href":"https:\/\/api.w.org\/{rel}","templated":true}]}}