{"id":7131,"date":"2021-06-17T12:11:35","date_gmt":"2021-06-17T10:11:35","guid":{"rendered":"https:\/\/w3.cmh.ens.fr\/?page_id=7131"},"modified":"2021-07-01T16:15:45","modified_gmt":"2021-07-01T14:15:45","slug":"radio-tv-internet-2018","status":"publish","type":"page","link":"https:\/\/cmh.ens.fr\/en\/diffusions-anterieures\/radio-tv-internet-anterieures\/radio-tv-internet-2018\/","title":{"rendered":"Radio &#8211; TV &#8211; Internet 2018"},"content":{"rendered":"<hr class=\"wp-block-separator\"\/>\n\n\n\n<p><a href=\"http:\/\/theconversation.com\/start-up-nation-a-symptom-but-of-what-108007\">The Conversation<\/a>, 9 d\u00e9cembre 2018 &#8211;&nbsp;<strong>Michel Villette<\/strong>&nbsp;&#8211; \u2018Start-up nation\u2019&nbsp;: a symptom, but of what&nbsp;?<\/p>\n\n\n\n<hr class=\"wp-block-separator\"\/>\n\n\n\n<p><a href=\"https:\/\/cursus.edu\/formations\/42319\/pourrait-on-eliminer-la-pauvrete\">Universit\u00e9 Rennes 2<\/a>, 28 novembre 2018 &#8211;&nbsp;<strong>Serge Paugam<\/strong>&nbsp;&#8211; Pourrait-on \u00e9liminer la pauvret\u00e9&nbsp;?<\/p>\n\n\n\n<hr class=\"wp-block-separator\"\/>\n\n\n\n<p><a href=\"https:\/\/unicef.hosting.augure.com\/Augure_UNICEF\/r\/ContenuEnLigne\/Download?id=E7BE74A6-8EEC-4859-8F34-F69461C0681A&amp;filename=UNICEF%20France%20Consultation%20nationale%202018%20Rapport%20complet.pdf\">Unicef<\/a>, novembre 2018 &#8211;&nbsp;<strong>Serge Paugam<\/strong>&nbsp;&#8211; Quel genre de vie&nbsp;? Filles et gar\u00e7ons&nbsp;: in\u00e9galit\u00e9s, harc\u00e8lements, relations<\/p>\n\n\n\n<hr class=\"wp-block-separator\"\/>\n\n\n\n<p><a href=\"https:\/\/www.francetvinfo.fr\/societe\/droits-des-femmes\/inegalite-des-sexes-a-l-adolescence-65-des-filles-considerent-qu-elles-ont-moins-de-droits-que-les-garcons_3024525.html\">France Info<\/a>, 8 novembre 2018 &#8211;&nbsp;<strong>Serge Paugam<\/strong>&nbsp;&#8211; In\u00e9galit\u00e9 des sexes&nbsp;: \u00e0 l\u2019adolescence, 65% des filles consid\u00e8rent \u00ab\u00a0qu\u2019elles ont moins de droits que les gar\u00e7ons\u00a0\u00bb<\/p>\n\n\n\n<hr class=\"wp-block-separator\"\/>\n\n\n\n<p><a href=\"https:\/\/www.bondyblog.fr\/reportages\/au-pouvoir\/marwan-mohammed-le-concept-de-communautarisme-nie-aux-minorites-toute-possibilite-de-saffirmer-et-dagir-dans-lespace-public\/\">Bondy Blog<\/a>, 31 octobre 2018 &#8211;&nbsp;<strong>Marwan Mohammed<\/strong>&nbsp;&#8211; Le concept de communautarisme nie aux minorit\u00e9s la possibilit\u00e9 de s\u2019affirmer et d\u2019agir dans l\u2019espace public<\/p>\n\n\n\n<hr class=\"wp-block-separator\"\/>\n\n\n\n<p><a href=\"https:\/\/laviedesidees.fr\/Un-economiste-tire-la-sonnette-d-alarme.html\">La Vie des id\u00e9es,<\/a>&nbsp;29 octobre 2018 &#8211;&nbsp;<strong>Christian Baudelot&nbsp;<\/strong>&#8211; Un \u00e9conomiste tire la sonnette d\u2019alarme<\/p>\n\n\n\n<hr class=\"wp-block-separator\"\/>\n\n\n\n<p><a href=\"https:\/\/theconversation.com\/la-start-up-nation-un-symptome-mais-de-quoi-105599\">The Conversation<\/a>, 26 octobre 2018 &#8211;&nbsp;<strong>Michel Villette<\/strong>&nbsp;&#8211; La\u00a0\u00ab&nbsp;start-up nation&nbsp;\u00bb&nbsp;: un sympt\u00f4me, mais de quoi&nbsp;?<\/p>\n\n\n\n<hr class=\"wp-block-separator\"\/>\n\n\n\n<p><a href=\"http:\/\/cfmradio.fr\/podcast\/religion-et-politique\/\">Cfm Radio<\/a>, 16 octobre 2018 &#8211;&nbsp;<strong>Patrick Michel<\/strong>&nbsp;&#8211; Religion et Politique<\/p>\n\n\n\n<hr class=\"wp-block-separator\"\/>\n\n\n\n<p><a href=\"http:\/\/www.meltingbook.com\/marwan-mohammed-le-mot-communautarisme-sert-a-stigmatiser\/\">Melting Book<\/a>, 16 octobre 2018 &#8211;&nbsp;<strong>Marwan Mohammed<\/strong>&nbsp;&#8211; Le mot \u2018communautarisme\u2019 sert \u00e0 stigmatiser<\/p>\n\n\n\n<hr class=\"wp-block-separator\"\/>\n\n\n\n<p><a href=\"http:\/\/iqna.ir\/fr\/news\/3467552\/-communautarisme-une-enqu%C3%AAte-sociologique-d%C3%A9construit-les-pr%C3%A9jug%C3%A9s\">Iqna<\/a>, 13 octobre 2018 &#8211;&nbsp;<strong>Marwan Mohammed<\/strong>&nbsp;&#8211;\u00a0\u00ab&nbsp;Communautarisme&nbsp;?&nbsp;\u00bb Une enqu\u00eate sociologique d\u00e9construit les pr\u00e9jug\u00e9s<\/p>\n\n\n\n<hr class=\"wp-block-separator\"\/>\n\n\n\n<p><a href=\"https:\/\/www.franceculture.fr\/emissions\/la-fabrique-de-lhistoire\/une-histoire-des-catastrophes-culturelles-44-rio-souvenirs-du-musee-national\">France Culture<\/a>, 4 octobre 2018 &#8211;&nbsp;<strong>Beno\u00eet de l\u2019Estoile<\/strong>&nbsp;&#8211; Une histoire des catastrophes culturelles (4\/4), Rio, souvenirs du Mus\u00e9e National<\/p>\n\n\n\n<hr class=\"wp-block-separator\"\/>\n\n\n\n<p><a href=\"https:\/\/www.yabiladi.com\/articles\/details\/69521\/emission-speciale-communautarisme-france-realite.html\">Yabiladi.com<\/a>, 3 octobre 2018 &#8211;&nbsp;<strong>Marwan Mohammed<\/strong>&nbsp;&#8211; Le communautarisme en France, r\u00e9alit\u00e9 ou \u00e9pouvantail&nbsp;?<\/p>\n\n\n\n<hr class=\"wp-block-separator\"\/>\n\n\n\n<p><a href=\"https:\/\/www.youtube.com\/watch?v=yvxFcbZhx_k\">M\u00e9diapart<\/a>, 30 septembre 2018 &#8211;&nbsp;<strong>Lise Bernard<\/strong>&nbsp;&#8211; Sous le costume, tous pr\u00e9caires&nbsp;?<\/p>\n\n\n\n<hr class=\"wp-block-separator\"\/>\n\n\n\n<p><a href=\"https:\/\/www.franceculture.fr\/emissions\/lsd-la-serie-documentaire\/etre-pauvre-44-vivre-a-lecart-des-pauvres\">France Culture<\/a>, 20 septembre-2018 &#8211;&nbsp;<strong>Serge Paugam<\/strong>&nbsp;&#8211; Vivre \u00e0 l\u2019\u00e9cart des pauvres<\/p>\n\n\n\n<hr class=\"wp-block-separator\"\/>\n\n\n\n<p><a href=\"http:\/\/www.rfi.fr\/emission\/20180917-quel-accueil-scientifiques-forces-exil\">Rfi,<\/a>&nbsp;17 septembre 2018 &#8211;&nbsp;<strong>Liora Isra\u00ebl<\/strong>&nbsp;&#8211; Quel accueil pour les scientifiques forc\u00e9s \u00e0 l\u2019exil&nbsp;?<\/p>\n\n\n\n<hr class=\"wp-block-separator\"\/>\n\n\n\n<p><a href=\"https:\/\/www.franceculture.fr\/emissions\/le-journal-des-idees\/le-journal-des-idees-du-lundi-17-septembre-2018\/penser-les-inegalites\">France Culture<\/a>, 17 septembre 2018 &#8211;&nbsp;<strong>Serge Paugam<\/strong>&nbsp;&#8211; Penser les in\u00e9galit\u00e9s<\/p>\n\n\n\n<hr class=\"wp-block-separator\"\/>\n\n\n\n<p><a href=\"https:\/\/www.franceculture.fr\/emissions\/lsd-la-serie-documentaire\/etre-pauvre-14-pauvrete-comment-sortir-de-la-honte\">France Culture<\/a>, 17 septembre 2018 &#8211;&nbsp;<strong>Serge Paugam<\/strong>&nbsp;&#8211; Pauvret\u00e9&nbsp;: comment sortir de la honte&nbsp;?<\/p>\n\n\n\n<hr class=\"wp-block-separator\"\/>\n\n\n\n<p><a href=\"http:\/\/www.europe1.fr\/emissions\/on-fait-le-tour-de-la-question-avec-wendy-bouchard\/le-tour-de-la-question-avec-wendy-bouchard-aujourdhui-le-plan-pauvrete-et-la-malforestation-3755471\">Europe 1<\/a>, 14 septembre 2018 &#8211;&nbsp;<strong>Serge Paugam<\/strong>&nbsp;&#8211; Le plan pauvret\u00e9<\/p>\n\n\n\n<hr class=\"wp-block-separator\"\/>\n\n\n\n<p><a href=\"https:\/\/www.publicsenat.fr\/emission\/on-va-plus-loin\/plan-pauvrete-l-heure-du-tournant-social-du-gouvernement-132635\">Public S\u00e9nat<\/a>, 13 septembre 2018 &#8211;&nbsp;<strong>Serge Paugam<\/strong>&nbsp;&#8211; Plan pauvret\u00e9&nbsp;: l\u2019heure du tournant social du gouvernement&nbsp;?<\/p>\n\n\n\n<hr class=\"wp-block-separator\"\/>\n\n\n\n<p><a href=\"https:\/\/www.nova.fr\/podcast\/linvitee-de-8h15\/penser-que-la-punition-est-la-solution-cest-un-probleme\">Radio Nova<\/a>, 20 juillet 2018 &#8211;&nbsp;<strong>Corentin Durand<\/strong>&nbsp;&#8211; Penser que la punition est la solution, c\u2019est un probl\u00e8me<\/p>\n\n\n\n<hr class=\"wp-block-separator\"\/>\n\n\n\n<p><a href=\"https:\/\/medium.com\/delightblog\/le-streaming-musical-et-la-diversit%C3%A9-498559dcdd81\">Medium.com<\/a>, 12 juillet 2018 &#8211;&nbsp;<strong>Samuel Coavoux&nbsp;<\/strong>&#8211; Le streaming musical et la diversit\u00e9<\/p>\n\n\n\n<hr class=\"wp-block-separator\"\/>\n\n\n\n<p><a href=\"https:\/\/www.franceinter.fr\/emissions\/une-bonne-tasse-d-ete\/une-bonne-tasse-d-ete-24-juillet-2018\">France Inter<\/a>, 24 juillet 2018 &#8211;&nbsp;<strong>Florence Maillochon<\/strong>&nbsp;&#8211; Vive la mari\u00e9e&nbsp;: comment r\u00e9ussir son grand jour&nbsp;?<\/p>\n\n\n\n<hr class=\"wp-block-separator\"\/>\n\n\n\n<p><a href=\"https:\/\/www.bbc.com\/afrique\/media-44652337\">BBC News<\/a>, 29 juin 2018 &#8211;&nbsp;<strong>Johanna Sim\u00e9ant Germanos<\/strong>&nbsp;&#8211; La crise migratoire<\/p>\n\n\n\n<hr class=\"wp-block-separator\"\/>\n\n\n\n<p><a href=\"http:\/\/pages.rts.ch\/la-1ere\/programmes\/vacarme\/9635207-vacarme-du-24-06-2018.html\">Les \u00e9chos de vacarme<\/a>, 24 juin 2018 &#8211;&nbsp;<strong>Serge Paugam&nbsp;<\/strong>&#8211; Suisse&nbsp;: le paradis des riches<\/p>\n\n\n\n<hr class=\"wp-block-separator\"\/>\n\n\n\n<p><a href=\"https:\/\/www.bfmtv.com\/societe\/les-enterrements-de-vie-de-celibataire-ne-sont-plus-une-mode-ils-sont-entres-dans-les-moeurs-1475668.html\">BFMTV<\/a>, 22 juin 2018 &#8211;&nbsp;<strong>Florence Maillochon&nbsp;<\/strong>&#8211; Les enterrements de vie de c\u00e9libataire ne sont plus une mode, \u00ab\u00a0ils sont entr\u00e9s dans les m\u0153urs\u00a0\u00bb<\/p>\n\n\n\n<hr class=\"wp-block-separator\"\/>\n\n\n\n<p><a href=\"https:\/\/www.franceinter.fr\/emissions\/grand-bien-vous-fasse\/grand-bien-vous-fasse-22-juin-2018\">France Inter<\/a>, 22 juin 2018 &#8211;&nbsp;<strong>Florence Maillochon&nbsp;<\/strong>&#8211; La f\u00eate de mariage<\/p>\n\n\n\n<hr class=\"wp-block-separator\"\/>\n\n\n\n<p><a href=\"https:\/\/www.franceculture.fr\/emissions\/entendez-vous-leco\/entendez-vous-leco-du-jeudi-21-juin-2018\">France Culture<\/a>, \u00e9mission \u00ab\u00a0Entendez-vous l\u2019\u00e9co&nbsp;?\u00a0\u00bb, 21 juin 2018 &#8211;&nbsp;<strong>Corentin Durand<\/strong>&nbsp;&#8211; Les fonctions de l\u2019enfermement<\/p>\n\n\n\n<hr class=\"wp-block-separator\"\/>\n\n\n\n<p><a href=\"http:\/\/www.loldf.org\/spip.php?article630\">Radio FPP<\/a>, Les Oreilles Loin du Front, 20 juin 2018 &#8211;&nbsp;<strong>Sophie Pochic<\/strong>&nbsp;&#8211; Je travaille donc je suis. Perspectives f\u00e9ministes<\/p>\n\n\n\n<hr class=\"wp-block-separator\"\/>\n\n\n\n<p><a href=\"https:\/\/www.huffingtonpost.fr\/2018\/06\/07\/pendant-leur-tournee-beyonce-et-jay-z-devoile-avoir-renouvele-leurs-voeux-de-mariage_a_23452984\/?utm_hp_ref=fr-homepage\">Huffingtonpost.fr<\/a>, 7 juin 2018 &#8211;&nbsp;<strong>Florence Maillochon<\/strong>&nbsp;&#8211; Quels sont les diff\u00e9rents rituels permettant de renouveler son amour dans un couple&nbsp;?<\/p>\n\n\n\n<hr class=\"wp-block-separator\"\/>\n\n\n\n<p><a href=\"https:\/\/www.efsyn.gr\/arthro\/o-neofileleytherismos-epitithetai-stin-ergasiaki-allileggyi\">Efsyn.gr<\/a>, 25 mai 2018 &#8211;&nbsp;<strong>Serge Paugam&nbsp;<\/strong>&#8211; Le n\u00e9o-lib\u00e9ralisme attaque la solidarit\u00e9 ouvri\u00e8re<\/p>\n\n\n\n<hr class=\"wp-block-separator\"\/>\n\n\n\n<p><a href=\"http:\/\/bxl.indymedia.org\/spip.php?article19187&amp;lang=fr\">Indymedia<\/a>, 21 mai 2018 &#8211; Islamophobie&nbsp;: Comment les \u00e9lites fran\u00e7aises fabriquent le\u00a0\u00ab&nbsp;probl\u00e8me musulman&nbsp;\u00bb Questions \u00e0&nbsp;<strong>Marwan Mohammed<\/strong><\/p>\n\n\n\n<hr class=\"wp-block-separator\"\/>\n\n\n\n<p><a href=\"http:\/\/www.metiseurope.eu\/travailler-avec-les-appartements-des-autres-les-agents-immobiliers_fr_70_art_30702.html\">Metis<\/a>, 21 mai 2018 &#8211;&nbsp;<strong>Lise Bernard<\/strong>&nbsp;&#8211; La Pr\u00e9carit\u00e9 en col blanc &#8211; Une enqu\u00eate sur les agents immobiliers<\/p>\n\n\n\n<hr class=\"wp-block-separator\"\/>\n\n\n\n<p><a href=\"https:\/\/radionotredame.net\/player\/161079\/\">Radio Notre-Dame<\/a>, 15 mai 2018 &#8211;&nbsp;<strong>Florence Maillochon<\/strong>&nbsp;&#8211; En qu\u00eate de sens.\u00a0\u00ab&nbsp;Comment expliquer la baisse du nombre de mariages en France&nbsp;?&nbsp;\u00bb<\/p>\n\n\n\n<hr class=\"wp-block-separator\"\/>\n\n\n\n<p><a href=\"http:\/\/pages.rts.ch\/la-1ere\/programmes\/on-en-parle\/14-05-2018\">Radio T\u00e9l\u00e9vision Suisse<\/a>, La Premi\u00e8re, On en Parle de\u2026 14 mai 2018 &#8211;&nbsp;<strong>Florence Maillochon<\/strong>&nbsp;&#8211; Les enterrements de vie de jeune fille et de gar\u00e7on<\/p>\n\n\n\n<hr class=\"wp-block-separator\"\/>\n\n\n\n<p><a href=\"http:\/\/www.europe1.fr\/emissions\/mediapolis\/mediapolis-12052018-3650042\">Europe 1, Mediapolis<\/a>, 12 mai 2018 &#8211;&nbsp;<strong>Philippe Askenazy<\/strong>&nbsp;&#8211;<\/p>\n\n\n\n<hr class=\"wp-block-separator\"\/>\n\n\n\n<p><a href=\"http:\/\/www2.agroparistech.fr\/podcast\/travail-territoires-de-conflits-conflits-de-territoires-Regard-historique.html?fbclid=IwAR3iJplSTXAtE-1bTy9vgTH9UiJYkzyC5QD_R3wN49RcObgB1IND8OA5h7I\">AgroParisTech<\/a>, 7 mai 2018 &#8211;&nbsp;<strong>Claude Didry<\/strong>&nbsp;&#8211; Travail&nbsp;: territoires du conflit, conflits de territoires, un regard historique (s\u00e9minaire\u00a0\u00ab&nbsp;Conflits &amp; Territoires&nbsp;\u00bb du 27 mars 2018)<\/p>\n\n\n\n<hr class=\"wp-block-separator\"\/>\n\n\n\n<p><a href=\"http:\/\/www.laviedesidees.fr\/Femmes-fonctionnaires.html\">La Vie des id\u00e9es<\/a>, 3 mai 2018 &#8211; Catherine Marry, Laure Bereni, Alban Jacquemart, Sophie Pochic, Anne Revillard &#8211; Femmes fonctionnaires<\/p>\n\n\n\n<hr class=\"wp-block-separator\"\/>\n\n\n\n<p><a href=\"http:\/\/www.laviedesidees.fr\/Le-B-A-BA-de-la-lecture.html?utm_source=dlvr.it&amp;utm_medium=facebook\">La Vie des id\u00e9es<\/a>, 10 avril 2018 &#8211;&nbsp;<strong>J\u00e9r\u00f4me Deauvieau<\/strong>&nbsp;&#8211; Le B-A-BA de la lecture<\/p>\n\n\n\n<hr class=\"wp-block-separator\"\/>\n\n\n\n<p><a href=\"http:\/\/www.europe1.fr\/emissions\/bonjour-la-france\/bonjour-la-france-invitee-marlene-schiappa-100418-3622973\">Europe 1<\/a>, Bonjour La France, 10 avril 2018 &#8211;&nbsp;<strong>Anne Lhuissier<\/strong>&nbsp;&#8211; Pour \u00e9viter le gaspillage, le doggy bag made in usa, peut-il s\u2019imposer dans nos restaurants&nbsp;?<\/p>\n\n\n\n<hr class=\"wp-block-separator\"\/>\n\n\n\n<p><a href=\"http:\/\/www.europe1.fr\/emissions\/bonjour-la-france\/bonjour-la-france-invite-jean-christophe-rufin-090418-3621881\">Europe 1<\/a>, Bonjour La France, 9 avril 2018 &#8211;&nbsp;<strong>Florence Maillochon<\/strong>&nbsp;&#8211; Un mariage heureux est-il forc\u00e9ment un mariage co\u00fbteux&nbsp;?<\/p>\n\n\n\n<hr class=\"wp-block-separator\"\/>\n\n\n\n<p><a href=\"http:\/\/www.xerfi-precepta-strategiques-tv.com\/emission\/Philippe-Askenazy-Non-le-numerique-n-implique-pas-la-fin-du-salariat_3745760.html\">Xerfi Canal<\/a>, 29 mars 2018 &#8211;&nbsp;<strong>Philippe Askenazy<\/strong>&nbsp;&#8211; Non, le num\u00e9rique n\u2019implique pas la fin du salariat<\/p>\n\n\n\n<hr class=\"wp-block-separator\"\/>\n\n\n\n<p><a href=\"http:\/\/www.atlantico.fr\/decryptage\/ere-noces-graal-sens-donnons-au-mariage-grands-parents-florence-maillochon-pacs-3348009.html\">Atlantico<\/a>, 29 mars 2018 &#8211;&nbsp;<strong>Florence Maillochon&nbsp;<\/strong>&#8211; L\u2019\u00e8re des noces de graal&nbsp;: pourquoi le sens que nous donnons au mariage n\u2019a plus grand chose \u00e0 voir avec celui qu\u2019y voyaient nos grands-parents<\/p>\n\n\n\n<hr class=\"wp-block-separator\"\/>\n\n\n\n<p><a href=\"https:\/\/quartierslibres.wordpress.com\/2018\/02\/06\/emission-radio-quartiers-libres-avec-marwan-mohammed-criminalite-et-quartiers\/\">Emission radio Quartiers Libres<\/a>, 6 f\u00e9vrier 2018 &#8211;&nbsp;<strong>Marwan Mohammed<\/strong>&nbsp;&#8211; Criminalit\u00e9 et Quartiers<\/p>\n\n\n\n<hr class=\"wp-block-separator\"\/>\n\n\n\n<p><a href=\"https:\/\/www.franceculture.fr\/conferences\/agroparistech\/risques-et-entreprises\">France Culture<\/a>, 6 f\u00e9vrier 2018 &#8211;&nbsp;<strong>Michel Villette<\/strong>&nbsp;&#8211; Faut-il prendre des risques pour r\u00e9ussir dans les affaires&nbsp;?<\/p>\n\n\n\n<hr class=\"wp-block-separator\"\/>\n\n\n\n<p><a href=\"http:\/\/www.slate.fr\/story\/157150\/consommation-affaire-nutella-gate-condescendance-mepris-menages-modestes\">Slate.fr<\/a>, 2 f\u00e9vrier 2018 &#8211;&nbsp;<strong>Marie Plessz<\/strong>&nbsp;&#8211; Le plus consternant dans le NutellaGate, ce ne sont pas les bousculades mais les commentaires m\u00e9prisants<\/p>\n\n\n\n<hr class=\"wp-block-separator\"\/>\n\n\n\n<p><a href=\"https:\/\/tepsis.io\/bricks-histoires-dune-espagne-en-crise-par-quentin-ravelli\/\">Tepsis<\/a>, 23 janvier 2018 &#8211;&nbsp;<strong>Quentin Ravelli<\/strong>&nbsp;&#8211;\u00a0\u00ab&nbsp;Bricks. Histoires d\u2019une Espagne en crise&nbsp;\u00bb<\/p>\n\n\n\n<hr class=\"wp-block-separator\"\/>\n\n\n\n<p><a href=\"https:\/\/www.acteurspublics.com\/2018\/01\/19\/le-plafond-de-verre-et-l-etat-la-construction-des-inegalites-de-genre-dans-la-fonction-publique\">Acteurs Publics<\/a>, 19 janvier 2018 &#8211; Le plafond de verre et l\u2019\u00c9tat, la construction des in\u00e9galit\u00e9s de genre dans la fonction publique<\/p>\n\n\n\n<hr class=\"wp-block-separator\"\/>\n\n\n\n<p><a href=\"https:\/\/www.franceculture.fr\/emissions\/hashtag\/pariteautravail-un-levier-vers-plus-degalite-professionnelle\">France Culture<\/a>, 19 janvier 2018 &#8211;&nbsp;<strong>Sophie Pochic<\/strong>&nbsp;&#8211; \u00ab\u00a0L\u2019\u00e9galit\u00e9 professionnelle devient le souci des plus riches\u00a0\u00bb<\/p>\n\n\n\n<hr class=\"wp-block-separator\"\/>\n\n\n\n<p><a href=\"http:\/\/mx.ivoox.com\/es\/18-janvier-2018-qu-entend-t-on-par-reussir-un-audios-mp3_rf_23220480_1.html\">En Qu\u00eate de Sens \u2013 Radio Notre Dame<\/a>, 18 janvier 2018 &#8211;&nbsp;<strong>Florence Maillochon<\/strong>&nbsp;&#8211; Qu\u2019entend-t-on par r\u00e9ussir un beau mariage&nbsp;?<\/p>\n\n\n\n<hr class=\"wp-block-separator\"\/>\n\n\n\n<p><a href=\"https:\/\/www.vice.com\/fr\/article\/gyw8eb\/et-si-on-travaillait-28-heures-par-semaine\">Vice.com<\/a>, 11 janvier 2018 &#8211;&nbsp;<strong>Philippe Askenazy<\/strong>&nbsp;&#8211; Et si on travaillait 28 heures par semaine&nbsp;?<\/p>\n\n\n\n<hr class=\"wp-block-separator\"\/>\n\n\n\n<p><a href=\"http:\/\/www.loldf.org\/archives\/18.01.10.plafond.de.verre.etat.mp3\">Les oreilles loin du front<\/a>, 10 janvier 2018 &#8211;&nbsp;<strong>Alban Jacquemart et Sophie Pochic<\/strong>&nbsp;&#8211; Le plafond de verre et l\u2019\u00c9tat. La construction des in\u00e9galit\u00e9s de genre dans la fonction publique<\/p>\n\n\n\n<hr class=\"wp-block-separator\"\/>\n\n\n\n<p><a href=\"https:\/\/www.nonfiction.fr\/article-9194-entretien-avec-les-auteurs-de-ce-que-les-riches-pensent-des-pauvres.htm\">Nonfiction.fr<\/a>, 15 janvier 2018,&nbsp;<strong>Serge Paugam<\/strong>&nbsp;&#8211; Entretien avec les auteurs de \u00ab\u00a0Ce que les riches pensent des pauvres\u00a0\u00bb<\/p>\n\n\n\n<hr class=\"wp-block-separator\"\/>\n\n\n\n<p><a href=\"https:\/\/www.vice.com\/fr\/article\/gyw8eb\/et-si-on-travaillait-28-heures-par-semaine\">Vice.com<\/a>, 11 janvier 2018 &#8211;&nbsp;<strong>Philippe Askenazy<\/strong>&nbsp;&#8211; Et si on travaillait 28 heures par semaine&nbsp;?<\/p>\n\n\n\n<hr class=\"wp-block-separator\"\/>\n\n\n\n<p><a href=\"https:\/\/www.alternantesfm.net\/magazine-redaction\/rien-a-voir-bricks\/\">Radio AlterNantes FM<\/a>, 9 janvier 2018 &#8211;&nbsp;<strong>Quentin Ravelli&nbsp;<\/strong>&#8211; Rien \u00e0 Voir&nbsp;: Bricks<\/p>\n\n\n\n<hr class=\"wp-block-separator\"\/>\n\n\n\n<p><a href=\"https:\/\/www.atd-quartmonde.fr\/serge-paugam-denoncer-les-prejuges-sur-les-pauvres\/\">Atd-Quartmonde<\/a>, 3 janvier 2018 &#8211;&nbsp;<strong>Serge Paugam&nbsp;<\/strong>&#8211;\u00a0\u00ab&nbsp;D\u00e9noncer les pr\u00e9jug\u00e9s sur les pauvres&nbsp;\u00bb<\/p>","protected":false},"excerpt":{"rendered":"<p>The Conversation, 9 d\u00e9cembre 2018 &#8211;&nbsp;Michel Villette&nbsp;&#8211; \u2018Start-up nation\u2019&nbsp;: a symptom, but of what&nbsp;? Universit\u00e9 Rennes 2, 28 novembre 2018 &#8211;&nbsp;Serge Paugam&nbsp;&#8211; Pourrait-on \u00e9liminer la pauvret\u00e9&nbsp;? Unicef, novembre 2018 &#8211;&nbsp;Serge Paugam&nbsp;&#8211; Quel genre de vie&nbsp;? Filles et gar\u00e7ons&nbsp;: in\u00e9galit\u00e9s, harc\u00e8lements, relations France Info, 8 novembre 2018 &#8211;&nbsp;Serge Paugam&nbsp;&#8211; In\u00e9galit\u00e9 des sexes&nbsp;: \u00e0 l\u2019adolescence, 65% des [&hellip;]<\/p>\n","protected":false},"author":94,"featured_media":0,"parent":7568,"menu_order":0,"comment_status":"closed","ping_status":"closed","template":"","meta":{"_acf_changed":false,"footnotes":""},"class_list":["post-7131","page","type-page","status-publish","hentry"],"acf":[],"yoast_head":"<!-- This site is optimized with the Yoast SEO plugin v25.6 - https:\/\/yoast.com\/wordpress\/plugins\/seo\/ -->\n<title>CMH<\/title>\n<meta name=\"robots\" content=\"index, follow, max-snippet:-1, max-image-preview:large, max-video-preview:-1\" \/>\n<link rel=\"canonical\" href=\"https:\/\/cmh.ens.fr\/en\/diffusions-anterieures\/radio-tv-internet-anterieures\/radio-tv-internet-2018\/\" class=\"yoast-seo-meta-tag\" \/>\n<meta property=\"og:locale\" content=\"en_US\" class=\"yoast-seo-meta-tag\" \/>\n<meta property=\"og:type\" content=\"article\" class=\"yoast-seo-meta-tag\" \/>\n<meta property=\"og:title\" content=\"Radio - TV - Internet 2018 - CMH\" class=\"yoast-seo-meta-tag\" \/>\n<meta property=\"og:description\" content=\"The Conversation, 9 d\u00e9cembre 2018 &#8211;&nbsp;Michel Villette&nbsp;&#8211; \u2018Start-up nation\u2019&nbsp;: a symptom, but of what&nbsp;? Universit\u00e9 Rennes 2, 28 novembre 2018 &#8211;&nbsp;Serge Paugam&nbsp;&#8211; Pourrait-on \u00e9liminer la pauvret\u00e9&nbsp;? Unicef, novembre 2018 &#8211;&nbsp;Serge Paugam&nbsp;&#8211; Quel genre de vie&nbsp;? Filles et gar\u00e7ons&nbsp;: in\u00e9galit\u00e9s, harc\u00e8lements, relations France Info, 8 novembre 2018 &#8211;&nbsp;Serge Paugam&nbsp;&#8211; In\u00e9galit\u00e9 des sexes&nbsp;: \u00e0 l\u2019adolescence, 65% des [&hellip;]\" class=\"yoast-seo-meta-tag\" \/>\n<meta property=\"og:url\" content=\"https:\/\/cmh.ens.fr\/en\/diffusions-anterieures\/radio-tv-internet-anterieures\/radio-tv-internet-2018\/\" class=\"yoast-seo-meta-tag\" \/>\n<meta property=\"og:site_name\" content=\"CMH\" class=\"yoast-seo-meta-tag\" \/>\n<meta property=\"article:modified_time\" content=\"2021-07-01T14:15:45+00:00\" class=\"yoast-seo-meta-tag\" \/>\n<meta name=\"twitter:card\" content=\"summary_large_image\" class=\"yoast-seo-meta-tag\" \/>\n<meta name=\"twitter:label1\" content=\"Est. reading time\" class=\"yoast-seo-meta-tag\" \/>\n\t<meta name=\"twitter:data1\" content=\"5 minutes\" class=\"yoast-seo-meta-tag\" \/>\n<script type=\"application\/ld+json\" class=\"yoast-schema-graph\">{\"@context\":\"https:\/\/schema.org\",\"@graph\":[{\"@type\":\"WebPage\",\"@id\":\"https:\/\/cmh.ens.fr\/en\/diffusions-anterieures\/radio-tv-internet-anterieures\/radio-tv-internet-2018\/\",\"url\":\"https:\/\/cmh.ens.fr\/en\/diffusions-anterieures\/radio-tv-internet-anterieures\/radio-tv-internet-2018\/\",\"name\":\"Radio - TV - Internet 2018 - CMH\",\"isPartOf\":{\"@id\":\"https:\/\/cmh.ens.fr\/en\/#website\"},\"datePublished\":\"2021-06-17T10:11:35+00:00\",\"dateModified\":\"2021-07-01T14:15:45+00:00\",\"breadcrumb\":{\"@id\":\"https:\/\/cmh.ens.fr\/en\/diffusions-anterieures\/radio-tv-internet-anterieures\/radio-tv-internet-2018\/#breadcrumb\"},\"inLanguage\":\"en-US\",\"potentialAction\":[{\"@type\":\"ReadAction\",\"target\":[\"https:\/\/cmh.ens.fr\/en\/diffusions-anterieures\/radio-tv-internet-anterieures\/radio-tv-internet-2018\/\"]}]},{\"@type\":\"BreadcrumbList\",\"@id\":\"https:\/\/cmh.ens.fr\/en\/diffusions-anterieures\/radio-tv-internet-anterieures\/radio-tv-internet-2018\/#breadcrumb\",\"itemListElement\":[{\"@type\":\"ListItem\",\"position\":1,\"name\":\"Accueil\",\"item\":\"https:\/\/cmh.ens.fr\/\"},{\"@type\":\"ListItem\",\"position\":2,\"name\":\"Diffusions ant\u00e9rieures\",\"item\":\"https:\/\/cmh.ens.fr\/diffusions-anterieures\/\"},{\"@type\":\"ListItem\",\"position\":3,\"name\":\"Radio &#8211; TV &#8211; Internet ant\u00e9rieures\",\"item\":\"https:\/\/cmh.ens.fr\/en\/diffusions-anterieures\/radio-tv-internet-anterieures\/\"},{\"@type\":\"ListItem\",\"position\":4,\"name\":\"Radio &#8211; TV &#8211; Internet 2018\"}]},{\"@type\":\"WebSite\",\"@id\":\"https:\/\/cmh.ens.fr\/en\/#website\",\"url\":\"https:\/\/cmh.ens.fr\/en\/\",\"name\":\"CMH\",\"description\":\"Centre Maurice Halbwachs\",\"publisher\":{\"@id\":\"https:\/\/cmh.ens.fr\/en\/#organization\"},\"potentialAction\":[{\"@type\":\"SearchAction\",\"target\":{\"@type\":\"EntryPoint\",\"urlTemplate\":\"https:\/\/cmh.ens.fr\/en\/?s={search_term_string}\"},\"query-input\":{\"@type\":\"PropertyValueSpecification\",\"valueRequired\":true,\"valueName\":\"search_term_string\"}}],\"inLanguage\":\"en-US\"},{\"@type\":\"Organization\",\"@id\":\"https:\/\/cmh.ens.fr\/en\/#organization\",\"name\":\"Centre Maurice Halbwachs\",\"url\":\"https:\/\/cmh.ens.fr\/en\/\",\"logo\":{\"@type\":\"ImageObject\",\"inLanguage\":\"en-US\",\"@id\":\"https:\/\/cmh.ens.fr\/en\/#\/schema\/logo\/image\/\",\"url\":\"https:\/\/www.cmh.ens.fr\/wp-content\/uploads\/siteon0.jpg\",\"contentUrl\":\"https:\/\/www.cmh.ens.fr\/wp-content\/uploads\/siteon0.jpg\",\"width\":86,\"height\":53,\"caption\":\"Centre Maurice Halbwachs\"},\"image\":{\"@id\":\"https:\/\/cmh.ens.fr\/en\/#\/schema\/logo\/image\/\"}}]}<\/script>\n<!-- \/ Yoast SEO plugin. -->","yoast_head_json":{"title":"CMH","robots":{"index":"index","follow":"follow","max-snippet":"max-snippet:-1","max-image-preview":"max-image-preview:large","max-video-preview":"max-video-preview:-1"},"canonical":"https:\/\/cmh.ens.fr\/en\/diffusions-anterieures\/radio-tv-internet-anterieures\/radio-tv-internet-2018\/","og_locale":"en_US","og_type":"article","og_title":"Radio - TV - Internet 2018 - CMH","og_description":"The Conversation, 9 d\u00e9cembre 2018 &#8211;&nbsp;Michel Villette&nbsp;&#8211; \u2018Start-up nation\u2019&nbsp;: a symptom, but of what&nbsp;? Universit\u00e9 Rennes 2, 28 novembre 2018 &#8211;&nbsp;Serge Paugam&nbsp;&#8211; Pourrait-on \u00e9liminer la pauvret\u00e9&nbsp;? Unicef, novembre 2018 &#8211;&nbsp;Serge Paugam&nbsp;&#8211; Quel genre de vie&nbsp;? Filles et gar\u00e7ons&nbsp;: in\u00e9galit\u00e9s, harc\u00e8lements, relations France Info, 8 novembre 2018 &#8211;&nbsp;Serge Paugam&nbsp;&#8211; In\u00e9galit\u00e9 des sexes&nbsp;: \u00e0 l\u2019adolescence, 65% des [&hellip;]","og_url":"https:\/\/cmh.ens.fr\/en\/diffusions-anterieures\/radio-tv-internet-anterieures\/radio-tv-internet-2018\/","og_site_name":"CMH","article_modified_time":"2021-07-01T14:15:45+00:00","twitter_card":"summary_large_image","twitter_misc":{"Est. reading time":"5 minutes"},"schema":{"@context":"https:\/\/schema.org","@graph":[{"@type":"WebPage","@id":"https:\/\/cmh.ens.fr\/en\/diffusions-anterieures\/radio-tv-internet-anterieures\/radio-tv-internet-2018\/","url":"https:\/\/cmh.ens.fr\/en\/diffusions-anterieures\/radio-tv-internet-anterieures\/radio-tv-internet-2018\/","name":"Radio - TV - Internet 2018 - CMH","isPartOf":{"@id":"https:\/\/cmh.ens.fr\/en\/#website"},"datePublished":"2021-06-17T10:11:35+00:00","dateModified":"2021-07-01T14:15:45+00:00","breadcrumb":{"@id":"https:\/\/cmh.ens.fr\/en\/diffusions-anterieures\/radio-tv-internet-anterieures\/radio-tv-internet-2018\/#breadcrumb"},"inLanguage":"en-US","potentialAction":[{"@type":"ReadAction","target":["https:\/\/cmh.ens.fr\/en\/diffusions-anterieures\/radio-tv-internet-anterieures\/radio-tv-internet-2018\/"]}]},{"@type":"BreadcrumbList","@id":"https:\/\/cmh.ens.fr\/en\/diffusions-anterieures\/radio-tv-internet-anterieures\/radio-tv-internet-2018\/#breadcrumb","itemListElement":[{"@type":"ListItem","position":1,"name":"Accueil","item":"https:\/\/cmh.ens.fr\/"},{"@type":"ListItem","position":2,"name":"Diffusions ant\u00e9rieures","item":"https:\/\/cmh.ens.fr\/diffusions-anterieures\/"},{"@type":"ListItem","position":3,"name":"Radio &#8211; TV &#8211; Internet ant\u00e9rieures","item":"https:\/\/cmh.ens.fr\/en\/diffusions-anterieures\/radio-tv-internet-anterieures\/"},{"@type":"ListItem","position":4,"name":"Radio &#8211; TV &#8211; Internet 2018"}]},{"@type":"WebSite","@id":"https:\/\/cmh.ens.fr\/en\/#website","url":"https:\/\/cmh.ens.fr\/en\/","name":"CMH","description":"Centre Maurice Halbwachs","publisher":{"@id":"https:\/\/cmh.ens.fr\/en\/#organization"},"potentialAction":[{"@type":"SearchAction","target":{"@type":"EntryPoint","urlTemplate":"https:\/\/cmh.ens.fr\/en\/?s={search_term_string}"},"query-input":{"@type":"PropertyValueSpecification","valueRequired":true,"valueName":"search_term_string"}}],"inLanguage":"en-US"},{"@type":"Organization","@id":"https:\/\/cmh.ens.fr\/en\/#organization","name":"Centre Maurice Halbwachs","url":"https:\/\/cmh.ens.fr\/en\/","logo":{"@type":"ImageObject","inLanguage":"en-US","@id":"https:\/\/cmh.ens.fr\/en\/#\/schema\/logo\/image\/","url":"https:\/\/www.cmh.ens.fr\/wp-content\/uploads\/siteon0.jpg","contentUrl":"https:\/\/www.cmh.ens.fr\/wp-content\/uploads\/siteon0.jpg","width":86,"height":53,"caption":"Centre Maurice Halbwachs"},"image":{"@id":"https:\/\/cmh.ens.fr\/en\/#\/schema\/logo\/image\/"}}]}},"_links":{"self":[{"href":"https:\/\/cmh.ens.fr\/en\/wp-json\/wp\/v2\/pages\/7131"}],"collection":[{"href":"https:\/\/cmh.ens.fr\/en\/wp-json\/wp\/v2\/pages"}],"about":[{"href":"https:\/\/cmh.ens.fr\/en\/wp-json\/wp\/v2\/types\/page"}],"author":[{"embeddable":true,"href":"https:\/\/cmh.ens.fr\/en\/wp-json\/wp\/v2\/users\/94"}],"replies":[{"embeddable":true,"href":"https:\/\/cmh.ens.fr\/en\/wp-json\/wp\/v2\/comments?post=7131"}],"version-history":[{"count":1,"href":"https:\/\/cmh.ens.fr\/en\/wp-json\/wp\/v2\/pages\/7131\/revisions"}],"predecessor-version":[{"id":7132,"href":"https:\/\/cmh.ens.fr\/en\/wp-json\/wp\/v2\/pages\/7131\/revisions\/7132"}],"up":[{"embeddable":true,"href":"https:\/\/cmh.ens.fr\/en\/wp-json\/wp\/v2\/pages\/7568"}],"wp:attachment":[{"href":"https:\/\/cmh.ens.fr\/en\/wp-json\/wp\/v2\/media?parent=7131"}],"curies":[{"name":"wp","href":"https:\/\/api.w.org\/{rel}","templated":true}]}}