{"id":7120,"date":"2021-06-17T12:06:15","date_gmt":"2021-06-17T10:06:15","guid":{"rendered":"https:\/\/w3.cmh.ens.fr\/?page_id=7120"},"modified":"2021-07-01T16:15:51","modified_gmt":"2021-07-01T14:15:51","slug":"radio-tv-internet-2020","status":"publish","type":"page","link":"https:\/\/cmh.ens.fr\/en\/diffusions-anterieures\/radio-tv-internet-anterieures\/radio-tv-internet-2020\/","title":{"rendered":"Radio &#8211; TV &#8211; Internet 2020"},"content":{"rendered":"\n<p><a href=\"https:\/\/librejugement.org\/2020\/12\/22\/elle-ne-choisit-ni-sa-saison-ni-lepoque\/\">Libre Jugement<\/a>, 22 d\u00e9cembre 2020 &#8211;&nbsp;<strong>Serge Paugam<\/strong>&nbsp;&#8211; Elle ne choisit, ni sa saison ni l\u2019\u00e9poque \u2026<\/p>\n\n\n\n<hr class=\"wp-block-separator\"\/>\n\n\n\n<p>Bfmtv,&nbsp;<a href=\"https:\/\/www.bfmtv.com\/economie\/replay-emissions\/les-experts\/les-experts-emmanuel-macron-a-t-il-raison-de-defendre-le-nucleaire-15-12_VN-202012150130.html\">Les Experts<\/a>, 15 d\u00e9cembre2020 &#8211;&nbsp;<strong>Philippe Askenazy<\/strong>&nbsp;&#8211; Emmanuel Macron a-t-il raison de d\u00e9fendre le nucl\u00e9aire&nbsp;?<\/p>\n\n\n\n<hr class=\"wp-block-separator\"\/>\n\n\n\n<p><a href=\"https:\/\/theconversation.com\/liberte-et-discipline-des-reseaux-sociaux-les-lecons-du-premier-confinement-sur-la-desinformation-151875\">The Conversation<\/a>, 11 d\u00e9cembre 2020 &#8211;&nbsp;<strong>Emmanuel Didier<\/strong>&nbsp;&#8211; Libert\u00e9 et discipline des r\u00e9seaux sociaux&nbsp;: les le\u00e7ons du premier confinement sur la d\u00e9sinformation<\/p>\n\n\n\n<hr class=\"wp-block-separator\"\/>\n\n\n\n<p><a href=\"https:\/\/aoc.media\/opinion\/2020\/11\/29\/prochaine-etape-demanteler-les-35-heures\/\">AOC<\/a>, 30 novembre 2020 &#8211;&nbsp;<strong>Philippe Askenazy<\/strong>&nbsp;&#8211; Prochaine \u00e9tape&nbsp;: d\u00e9manteler les 35 heures&nbsp;!<\/p>\n\n\n\n<hr class=\"wp-block-separator\"\/>\n\n\n\n<p>Bfmtv,&nbsp;<a href=\"https:\/\/www.bfmtv.com\/economie\/replay-emissions\/les-experts\/les-experts-jeudi-19-novembre_VN-202011190134.html\">Les Experts<\/a>, 19 novembre 2020 &#8211;&nbsp;<strong>Philippe Askenazy<\/strong>&nbsp;&#8211; Face \u00e0 la nouvelle pauvret\u00e9, faut-il des mesures p\u00e9rennes ou exceptionnelles&nbsp;?<\/p>\n\n\n\n<hr class=\"wp-block-separator\"\/>\n\n\n\n<p><a href=\"https:\/\/www.ladn.eu\/entreprises-innovantes\/corona-gangsters-crise-leur-va-bien\/\">L\u2019ADN<\/a>, 19 novembre 2020 &#8211;&nbsp;<strong>Marwan Mohammed<\/strong>&nbsp;&#8211; Corona-gangsters&nbsp;\u00bb&nbsp;: la crise leur va si bien<\/p>\n\n\n\n<hr class=\"wp-block-separator\"\/>\n\n\n\n<p><a href=\"https:\/\/www.wojo.com\/blog\/du-bonheur-en-boite\/2020\/11\/13\/lien-social-au-travail-ou-en-teletravail-cest-quoi\/\">Wojo. blog<\/a>, 13 novembre 2020 &#8211;&nbsp;<strong>Serge Paugam<\/strong>&nbsp;&#8211; Pr\u00e9server le lien social&nbsp;: l\u2019affaire de tous<\/p>\n\n\n\n<hr class=\"wp-block-separator\"\/>\n\n\n\n<p><a href=\"https:\/\/www.bondyblog.fr\/politique\/marwan-mohamed-cest-une-chasse-debridee-et-violente-qui-sest-ouverte\/\">Bondy Blog<\/a>, 29 octobre 2020 &#8211;&nbsp;<strong>Marwan Mohammed<\/strong>&nbsp;&#8211; C\u2019est une chasse d\u00e9brid\u00e9e et violente qui s\u2019est ouverte<\/p>\n\n\n\n<hr class=\"wp-block-separator\"\/>\n\n\n\n<p><a href=\"https:\/\/www.ash.tm.fr\/hebdo\/3181\/levenement\/on-ne-fait-pas-confiance-aux-plus-pauvres-626721.php\">ASH<\/a>, 26 octobre 2020 &#8211;&nbsp;<strong>Serge Paugam<\/strong>&nbsp;&#8211; On ne fait pas confiance aux plus pauvres<\/p>\n\n\n\n<hr class=\"wp-block-separator\"\/>\n\n\n\n<p><a href=\"https:\/\/theconversation.com\/debat-existe-t-il-une-sociologie-de-la-democratisation-scolaire-145106\">The Conversation<\/a>, 11 octobre 2020 &#8211;&nbsp;<strong>J\u00e9r\u00f4me Deauvieau<\/strong>&nbsp;&#8211; Existe-t-il une sociologie de la d\u00e9mocratisation scolaire&nbsp;?<\/p>\n\n\n\n<hr class=\"wp-block-separator\"\/>\n\n\n\n<p><a href=\"https:\/\/conventions.hypotheses.org\/date\/2020\/10\/10\">\u00c9conomie des conventions<\/a>, 10 octobre 2020 &#8211;&nbsp;<strong>Emmanuel Didier<\/strong>&nbsp;&#8211; Quantification is not only a way to describe the world but also a tool of power able to transform it&nbsp;!<\/p>\n\n\n\n<hr class=\"wp-block-separator\"\/>\n\n\n\n<p><a href=\"https:\/\/www.francetvpro.fr\/franceinfo\/communiques-de-presse\/du-papier-a-la-tv-ouvrez-le-1-41970283\">France Info TV<\/a>&nbsp;dans l\u2019\u00e9mission\u00a0\u00ab&nbsp;Ouvrez le 1&nbsp;\u00bb, 27 septembre 2020 &#8211;<strong>&nbsp;Emmanuel Didier<\/strong>&nbsp;&#8211; Peut-on se prot\u00e9ger de tout&nbsp;?<\/p>\n\n\n\n<hr class=\"wp-block-separator\"\/>\n\n\n\n<p><a href=\"https:\/\/blogs.mediapart.fr\/tenk\/blog\/250920\/brique-par-brique-comprendre-et-deconstruire-les-ravages-de-la-mondialisation\">Mediapart<\/a>, 26 septembre 2020 &#8211;&nbsp;<strong>Quentin Ravelli<\/strong>&nbsp;&#8211; Brique par brique, comprendre et d\u00e9construire les ravages de la mondialisation<\/p>\n\n\n\n<hr class=\"wp-block-separator\"\/>\n\n\n\n<p><a href=\"https:\/\/www.rfi.fr\/fr\/podcasts\/20200926-internationale-bas-salaires\">RFI<\/a>, 25 septembre 2020 &#8211;&nbsp;<strong>Philippe Askenazy<\/strong>&nbsp;&#8211; L\u2019internationale des bas salaires<\/p>\n\n\n\n<hr class=\"wp-block-separator\"\/>\n\n\n\n<p><a href=\"https:\/\/theconversation.com\/yachts-a-moteur-et-ecologie-de-com-plaisance-146612\">The Conversation<\/a>, 23 septembre 2020 &#8211;&nbsp;<strong>Michel Villette<\/strong>&nbsp;&#8211; Yachts \u00e0 moteur et \u00e9cologie de (com)plaisance<\/p>\n\n\n\n<hr class=\"wp-block-separator\"\/>\n\n\n\n<p><a href=\"https:\/\/www.franceculture.fr\/emissions\/entendez-vous-leco\/entendez-vous-leco-emission-du-lundi-14-septembre-2020\">France Culture<\/a>, 14 septembre 2020 &#8211;&nbsp;<strong>Philippe Ask\u00e9nazy<\/strong>&nbsp;&#8211; Vers un capitalisme de g\u00e9ants&nbsp;?<\/p>\n\n\n\n<hr class=\"wp-block-separator\"\/>\n\n\n\n<p><a href=\"https:\/\/www.haut-conseil-egalite.gouv.fr\/parite\/actualites\/article\/l-egalite-entre-les-femmes-et-les-hommes-un-impense-du-projet-de-loi-de\">Haut Conseil \u00e0 l\u2019Egalit\u00e9<\/a>, 10 septembre 2020 &#8211;&nbsp;<strong>Sophie Pochic<\/strong>&nbsp;&#8211; L\u2019\u00e9galit\u00e9 entre les femmes et les hommes&nbsp;: un impens\u00e9 du projet de loi de programmation de la recherche&nbsp;?<\/p>\n\n\n\n<hr class=\"wp-block-separator\"\/>\n\n\n\n<p><a href=\"https:\/\/www.arte.tv\/fr\/videos\/099531-002-A\/separatisme-faut-il-une-loi\/\">Arte<\/a>, 10 septembre 2020 &#8211;&nbsp;<strong>Marwan Mohammed&nbsp;<\/strong>&#8211; S\u00e9paratisme&nbsp;: faut-il une loi&nbsp;?<\/p>\n\n\n\n<hr class=\"wp-block-separator\"\/>\n\n\n\n<p><a href=\"https:\/\/youtu.be\/AnfT3rSGC9I\">Youtube<\/a>, 4 septembre 2020 &#8211;&nbsp;<strong>Claude Didry<\/strong>&nbsp;&#8211; Une histoire du salariat &#8211; 19\u00e8me si\u00e8cle &#8211; un travail sans contrat de travail<\/p>\n\n\n\n<hr class=\"wp-block-separator\"\/>\n\n\n\n<p>Section du travail et de l\u2019emploi du&nbsp;<a href=\"https:\/\/www.lecese.fr\/content\/christelle-avril-ehess-metiers-de-service-domicile\">CESE<\/a>, 2 septembre 2020 &#8211;<strong>&nbsp;Christelle Avril&nbsp;<\/strong>&#8211; M\u00e9tiers de service \u00e0 domicile<\/p>\n\n\n\n<hr class=\"wp-block-separator\"\/>\n\n\n\n<p><a href=\"https:\/\/aoc.media\/analyse\/2020\/08\/26\/violences-policieres-en-france-production-de-connaissances-et-mise-en-evidence-dun-probleme-public-2\/\">AOC<\/a>, 26 ao\u00fbt 2020 &#8211;&nbsp;<strong>Magda Boutros, Liora Isra\u00ebl&nbsp;<\/strong>&#8211; Violences polici\u00e8res en France&nbsp;: production de connaissances et mise en \u00e9vidence d\u2019un probl\u00e8me public<\/p>\n\n\n\n<hr class=\"wp-block-separator\"\/>\n\n\n\n<p><a href=\"https:\/\/www.franceculture.fr\/emissions\/matieres-a-penser\/les-institutions-democratiques-15-matieres-a-penser-emission-du-lundi-06-juillet-2020\">France Culture<\/a>, 6 juillet 2020 &#8211;&nbsp;<strong>Michel Offerl\u00e9<\/strong>&nbsp;&#8211; \u00c9pisode 1&nbsp;: Mati\u00e8res \u00e0 penser. Comment vivent les institutions&nbsp;?<\/p>\n\n\n\n<hr class=\"wp-block-separator\"\/>\n\n\n\n<p><a href=\"https:\/\/gregam.hypotheses.org\/2341\">GREGaM<\/a>, 4 juillet 2020 &#8211;&nbsp;<strong>Yasmine Berriane<\/strong>&nbsp;&#8211; D\u00e9fis des ouvri\u00e8res agricoles face \u00e0 la pand\u00e9mie&nbsp;: histoire d\u2019une ouvri\u00e8re chef de famille<\/p>\n\n\n\n<hr class=\"wp-block-separator\"\/>\n\n\n\n<p><a href=\"https:\/\/www.dr2.cnrs.fr\/spip.php?article640\">CNRS<\/a>, 30 juin 2020 &#8211;&nbsp;<strong>Emmanuel Didier<\/strong>&nbsp;&#8211; Quelle est la responsabilit\u00e9 des statistiques en temps de crise&nbsp;?<\/p>\n\n\n\n<hr class=\"wp-block-separator\"\/>\n\n\n\n<p><a href=\"http:\/\/www.rfi.fr\/fr\/podcasts\/20200620-economie-fran%C3%A7aise-%C3%A9pid%C3%A9mie-la-crise-la-relance\">RFI<\/a>, 19 juin 2020 &#8211;&nbsp;<strong>Philippe Askenazy<\/strong>&nbsp;&#8211; \u00c9conomie fran\u00e7aise&nbsp;: l\u2019\u00e9pid\u00e9mie, la crise, la relance<\/p>\n\n\n\n<hr class=\"wp-block-separator\"\/>\n\n\n\n<p><a href=\"http:\/\/www.senat.fr\/commission\/enquete\/radicalisation_islamiste.html\">S\u00e9nat de la R\u00e9publique fran\u00e7aise<\/a>, 18 juin 2020 (invit\u00e9 par le CCIF) &#8211;&nbsp;<strong>Hamza Esmili<\/strong>&nbsp;&#8211; Sur le pouvoir de nommer, intervention \u00e0 la commission\u00a0\u00ab&nbsp;Radicalisation islamiste&nbsp;\u00bb<\/p>\n\n\n\n<hr class=\"wp-block-separator\"\/>\n\n\n\n<p><a href=\"https:\/\/www.franceculture.fr\/emissions\/entendez-vous-leco\/leconomie-en-proverbes-34-les-politiques-pour-les-pauvres-sont-de-pauvres-politiques\">France Inter,<\/a>&nbsp;17 juin 2020 &#8211;&nbsp;<strong>Serge Paugam<\/strong>&nbsp;&#8211; Emission Entendez-vous l\u2019\u00e9co&nbsp;? sur&nbsp;: L\u2019\u00e9conomie en proverbes&nbsp;: \u00ab\u00a0Les politiques pour les pauvres sont de pauvres politiques\u00a0\u00bb<\/p>\n\n\n\n<hr class=\"wp-block-separator\"\/>\n\n\n\n<p><a href=\"https:\/\/www.francetvinfo.fr\/sante\/maladie\/coronavirus\/baisse-des-salaires-il-faut-eviter-qu-on-aille-dans-cette-spirale-low-cost-sinon-on-risque-une-spirale-deflationniste-qui-serait-bien-pire-estime-un-economiste_3994941.html\">France Info<\/a>, 4 juin 2020 &#8211;&nbsp;<strong>Philippe Askenazy<\/strong>&nbsp;&#8211; Baisse des salaires&nbsp;: \u00ab\u00a0Il faut \u00e9viter qu\u2019on aille dans cette spirale low cost\u00a0\u00bb sinon on risque une \u00ab\u00a0spirale d\u00e9flationniste qui serait bien pire\u00a0\u00bb, estime un \u00e9conomiste<\/p>\n\n\n\n<hr class=\"wp-block-separator\"\/>\n\n\n\n<p><a href=\"https:\/\/www.franceinter.fr\/emissions\/le-telephone-sonne\/le-telephone-sonne-24-mai-2020-0\">France Inter<\/a>, 24 mai 2020 &#8211;&nbsp;<strong>Hamza Esmili<\/strong>&nbsp;&#8211; Vivre le confinement \u00e0 Saint-Denis, intervention \u00e0 l\u2019\u00e9mission \u00ab\u00a0Le t\u00e9l\u00e9phone sonne\u00a0\u00bb<\/p>\n\n\n\n<hr class=\"wp-block-separator\"\/>\n\n\n\n<p><a href=\"https:\/\/www.ens.psl.eu\/actualites\/covid-19-vers-une-nouvelle-reconnaissance-du-travail-salarie\">ENS-PSL<\/a>, mai 2020 &#8211;&nbsp;<strong>Claude Didry<\/strong>&nbsp;&#8211; Covid-19, vers une nouvelle reconnaissance du travail salari\u00e9&nbsp;?<\/p>\n\n\n\n<hr class=\"wp-block-separator\"\/>\n\n\n\n<p><a href=\"https:\/\/ens.us19.list-manage.com\/track\/click?u=c66cdf9d11203878f0a2dee96&amp;id=6de67d07eb&amp;e=8bd1aac649\">IZA World of Labor<\/a>, 14 mai 2020 &#8211;&nbsp;<strong>Philippe Askenazy<\/strong>&nbsp;&#8211; The Covid-19 crisis exacerbates workplace injustices<\/p>\n\n\n\n<hr class=\"wp-block-separator\"\/>\n\n\n\n<p><a href=\"https:\/\/www.ehess.fr\/fr\/carnet\/marges-urbaines-formes-vie-confin%C3%A9es-et-ouvertures-critiques-relire-de-martino-temps-catastrophe\">Carnet de l\u2019EHESS<\/a>, 11 mai 2020 &#8211;&nbsp;<strong>Hamza Esmili&nbsp;<\/strong>&#8211; Marges urbaines, formes de vie confin\u00e9es et ouvertures critiques. Relire De Martino au temps de la catastrophe<\/p>\n\n\n\n<hr class=\"wp-block-separator\"\/>\n\n\n\n<p><a href=\"https:\/\/ens.us19.list-manage.com\/track\/click?u=c66cdf9d11203878f0a2dee96&amp;id=f92a2eb9cc&amp;e=8bd1aac649\">AOC<\/a>, 8 mai 2020 &#8211;&nbsp;<strong>Marwan Mohammed<\/strong>&nbsp;&#8211; Les mondes criminels face \u00e0 la pand\u00e9mie<\/p>\n\n\n\n<hr class=\"wp-block-separator\"\/>\n\n\n\n<p><a href=\"https:\/\/ens.us19.list-manage.com\/track\/click?u=c66cdf9d11203878f0a2dee96&amp;id=08ac7ff5a5&amp;e=8bd1aac649\">RFI<\/a>, 21 avril 2020 &#8211;&nbsp;<strong>Serge Paugam<\/strong>&nbsp;&#8211; Peut-on \u00e9viter une crise sociale en plus de la crise sanitaire en France<\/p>\n\n\n\n<hr class=\"wp-block-separator\"\/>\n\n\n\n<p><a href=\"https:\/\/signaletbruit.substack.com\/p\/le-covid-19-peut-il-tre-mis-en-donnes\">Le Signal et le Bruit<\/a>, 18 avril 2020 &#8211;&nbsp;<strong>Emmanuel Didier<\/strong>&nbsp;&#8211; Ce que le COVID-19 nous dit de la mise en donn\u00e9es<\/p>\n\n\n\n<hr class=\"wp-block-separator\"\/>\n\n\n\n<p><a href=\"https:\/\/podcast.ausha.co\/l-apprenti-sourcier\/episode-1-le-crime-organise-new-yorkais-avec-marwan-mohammed\">Podcast.ausha<\/a>, 17 avril 2020 &#8211;&nbsp;<strong>Marwan Mohammed<\/strong>&nbsp;&#8211; Le crime organis\u00e9 new-yorkais<\/p>\n\n\n\n<hr class=\"wp-block-separator\"\/>\n\n\n\n<p><a href=\"https:\/\/ens.us19.list-manage.com\/track\/click?u=c66cdf9d11203878f0a2dee96&amp;id=5b2a803a2a&amp;e=df0d1379b2\">AOC<\/a>, 16 avril 2020 &#8211;&nbsp;<strong>Emmanuel Didier&nbsp;<\/strong>&#8211; Politiques du nombre de morts<\/p>\n\n\n\n<hr class=\"wp-block-separator\"\/>\n\n\n\n<p><a href=\"https:\/\/ens.us19.list-manage.com\/track\/click?u=c66cdf9d11203878f0a2dee96&amp;id=ed5c50e64f&amp;e=df0d1379b2\">CEMI<\/a>, 15 avril 2020 &#8211;&nbsp;<strong>Aline Rabelo<\/strong>&nbsp;&#8211; Kuendelea na maisha [tocar a vida em frente] e o imperativo da f\u00e9 na Tanz\u00e2nia<\/p>\n\n\n\n<hr class=\"wp-block-separator\"\/>\n\n\n\n<p><a href=\"https:\/\/ens.us19.list-manage.com\/track\/click?u=c66cdf9d11203878f0a2dee96&amp;id=d5e771dc23&amp;e=df0d1379b2\">CEMI<\/a>, 13 avril 2020 &#8211;&nbsp;<strong>Rosa Vieira<\/strong>&nbsp;&#8211; Amarrar o mundo numa&nbsp;<em>nsinga<\/em>&nbsp;: por outras dire\u00e7\u00f5es do humanitarismo<\/p>\n\n\n\n<hr class=\"wp-block-separator\"\/>\n\n\n\n<p><a href=\"https:\/\/www.bbc.com\/mundo\/noticias-internacional-52216492?xtor=AL-73-%5Bpartner%5D-%5Bgoogle.news%5D-%5Bheadline%5D-%5Bmundo%5D-%5Bbizdev%5D-%5Bisapi%5D\">BBC Mundo<\/a>, 12 avril 2020 &#8211;&nbsp;<strong>Hamza Esmili<\/strong>&nbsp;&#8211; \u00ab\u00a0El confinamiento es un concepto burgu\u00e9s\u00a0\u00bb&nbsp;: c\u00f3mo el aislamiento afecta a las distintas clases sociales<\/p>\n\n\n\n<hr class=\"wp-block-separator\"\/>\n\n\n\n<p><a href=\"https:\/\/ens.us19.list-manage.com\/track\/click?u=c66cdf9d11203878f0a2dee96&amp;id=002383f84a&amp;e=df0d1379b2\">AOC<\/a>, 2 avril 2020 &#8211;&nbsp;<strong>Michel Offerl\u00e9<\/strong>&nbsp;&#8211; Quoiqu\u2019il en co\u00fbte, sans doute&nbsp;: mais \u00e0 qui&nbsp;? \u2013 Coronavirus et in\u00e9galit\u00e9s<\/p>\n\n\n\n<hr class=\"wp-block-separator\"\/>\n\n\n\n<p><a href=\"https:\/\/ens.us19.list-manage.com\/track\/click?u=c66cdf9d11203878f0a2dee96&amp;id=eb0c2b1ab0&amp;e=df0d1379b2\">Agrobiosciences<\/a>, 1 avril 2020 &#8211;&nbsp;<strong>Martin Bruegel<\/strong>&nbsp;&#8211; Coronavirus.\u00a0\u00ab&nbsp;Les impacts de la p\u00e9nurie r\u00e9pliquent les in\u00e9galit\u00e9s entre les m\u00e9nages&nbsp;\u00bb<\/p>\n\n\n\n<hr class=\"wp-block-separator\"\/>\n\n\n\n<p><a href=\"https:\/\/ens.us19.list-manage.com\/track\/click?u=c66cdf9d11203878f0a2dee96&amp;id=c2aabe2ae2&amp;e=df0d1379b2\">ENS-PSL<\/a>, avril 2020 &#8211;&nbsp;<strong>Emmanuel Didier<\/strong>&nbsp;&#8211; COVID-19&nbsp;: une information num\u00e9rique souveraine<\/p>\n\n\n\n<hr class=\"wp-block-separator\"\/>\n\n\n\n<p><a href=\"http:\/\/www.rfi.fr\/fr\/podcasts\/20200329-la-crise-sanitaire-touche-duba%C3%AF-plein-fouet\">RFI<\/a>, 29 mars 2020 &#8211;&nbsp;<strong>Am\u00e9lie Le Renard<\/strong>&nbsp;&#8211; La crise sanitaire touche Duba\u00ef de plein fouet<\/p>\n\n\n\n<hr class=\"wp-block-separator\"\/>\n\n\n\n<p><a href=\"https:\/\/www.franceinter.fr\/emissions\/la-revue-de-presse\/la-revue-de-presse-20-mars-2020\">France Inter<\/a>, La Matinale, 20 mars 2020 &#8211;&nbsp;<strong>Hamza Esmili<\/strong>&nbsp;&#8211; A la Plaine Saint-Denis, des hommes pauvres ignorent le confinement et travaillent faute de choix<\/p>\n\n\n\n<hr class=\"wp-block-separator\"\/>\n\n\n\n<p><a href=\"https:\/\/www.canal-u.tv\/video\/chs\/les_retraites_trois_siecles_d_histoire_premiere_partie.55799\">Canal-u<\/a>, 15 Mars 2020 &#8211;&nbsp;<strong>Claude Didry<\/strong>&nbsp;&#8211; Les retraites, trois si\u00e8cles d\u2019histoire &#8211; premi\u00e8re partie<\/p>\n\n\n\n<hr class=\"wp-block-separator\"\/>\n\n\n\n<p><a href=\"https:\/\/www.franceculture.fr\/emissions\/linvite-actu\/invite-actu-des-matins-du-samedi-suite-du-samedi-07-mars-2020\">France Culture<\/a>, 7 mars 2020 \u2013&nbsp;<strong>Philippe Askenazy<\/strong>&nbsp;\u2013 Le \u2018business model\u2019 du futur, c\u2019est le salariat<\/p>\n\n\n\n<hr class=\"wp-block-separator\"\/>\n\n\n\n<p><a href=\"https:\/\/bfmbusiness.bfmtv.com\/mediaplayer\/audio\/l-integrale-des-experts-du-jeudi-5-mars-506775.html\">BFM Business<\/a>, Les Experts, 5 mars 2020 \u2013&nbsp;<strong>Philippe Askenazy<\/strong>&nbsp;\u2013<\/p>\n\n\n\n<hr class=\"wp-block-separator\"\/>\n\n\n\n<p><a href=\"https:\/\/www.franceculture.fr\/economie\/la-loi-sur-la-recherche-va-continuer-a-aggraver-les-maux-de-lenseignement-superieur\">France Culture<\/a>, 5 mars 2020 \u2013&nbsp;<strong>Johanna Sim\u00e9ant-Germanos<\/strong>&nbsp;\u2013 La loi sur la recherche va continuer \u00e0 aggraver les maux de l\u2019enseignement sup\u00e9rieur<\/p>\n\n\n\n<hr class=\"wp-block-separator\"\/>\n\n\n\n<p><a href=\"https:\/\/www.publicsenat.fr\/article\/parlementaire\/lacunaire-des-economistes-tres-critiques-sur-la-reforme-des-retraites-181090\">Public S\u00e9nat<\/a>, 4 mars 2020 \u2013&nbsp;<strong>Philippe Askenazy<\/strong>&nbsp;\u2013\u00a0\u00ab&nbsp;Lacunaire&nbsp;\u00bb&nbsp;: des \u00e9conomistes tr\u00e8s critiques sur la r\u00e9forme des retraites<\/p>\n\n\n\n<hr class=\"wp-block-separator\"\/>\n\n\n\n<p><a href=\"https:\/\/www.franceculture.fr\/societe\/presse-forum-france-culture-lannee-vue-par-les-savoirs-2020-la-societe-face-aux-conflits\">France Culture<\/a>, 29 f\u00e9vrier 2020 &#8211;&nbsp;<strong>Philippe Askenazy&nbsp;<\/strong>&#8211; L\u2019ann\u00e9e vue par les savoirs \u00ab\u00a02020&nbsp;: La soci\u00e9t\u00e9 face aux conflits\u00a0\u00bb&nbsp;: La lutte des classes&nbsp;: une question d\u2019actualit\u00e9&nbsp;?<\/p>\n\n\n\n<hr class=\"wp-block-separator\"\/>\n\n\n\n<p><a href=\"http:\/\/www.tv5monde.com\/emissions\/episode\/maghreb-orient-express-speciale-algerie-francois-geze-farid-alilat-abd-el-djalil-faci-amelie-le-renard\">TV5 Monde<\/a>, Emission\u00a0:Maghreb-Orient Express, 22 f\u00e9vrier 2020 &#8211;<strong>&nbsp;Am\u00e9lie Le Renard<\/strong>&nbsp;&#8211; Sp\u00e9ciale Alg\u00e9rie<\/p>\n\n\n\n<hr class=\"wp-block-separator\"\/>\n\n\n\n<p><a href=\"https:\/\/www.franceculture.fr\/emissions\/lsd-la-serie-documentaire\/de-la-plante-au-medicament-44-soigner-ou-vendre-0\">France Culture<\/a>, 20 f\u00e9vrier 2020 &#8211;&nbsp;<strong>Quentin Ravelli<\/strong>&nbsp;&#8211; De la plante au m\u00e9dicament (4\/4) Soigner ou vendre<\/p>\n\n\n\n<hr class=\"wp-block-separator\"\/>\n\n\n\n<p><a href=\"https:\/\/qoshe.com\/the-conversation\/michel-villette\/d-bat-comment-repenser-le-financement-de-la-\/64964433\">The Conversation<\/a>, 18 f\u00e9vrier 2020 &#8211;&nbsp;<strong>Michel Villette<\/strong>&nbsp;&#8211; Comment repenser le financement de la recherche&nbsp;?<\/p>\n\n\n\n<hr class=\"wp-block-separator\"\/>\n\n\n\n<p><a href=\"https:\/\/www.franceculture.fr\/emissions\/affaires-etrangeres\/brexit-le-retour-au-reel\">France Culture<\/a>, 1er f\u00e9vrier 2020 &#8211;&nbsp;<strong>Philippe Askenazy&nbsp;<\/strong>&#8211; Brexit&nbsp;: le retour au r\u00e9el<\/p>\n\n\n\n<hr class=\"wp-block-separator\"\/>\n\n\n\n<p><a href=\"https:\/\/mx.ivoox.com\/es\/qu-039-est-ce-qu-039-une-recherche-autonome-audios-mp3_rf_47010544_1.html\">Le Temps du d\u00e9bat<\/a>, France Culture physique, 27 janvier 2020 &#8211;&nbsp;<strong>Johanna Sim\u00e9ant<\/strong>&nbsp;&#8211; Qu\u2019est-ce-qu\u2019une recherche autonome&nbsp;?<\/p>\n\n\n\n<hr class=\"wp-block-separator\"\/>\n\n\n\n<p><a href=\"https:\/\/bfmbusiness.bfmtv.com\/mediaplayer\/replay\/les-experts\/\">BFM Business, Les Experts<\/a>, 27 janvier 2020 &#8211;&nbsp;<strong>Philippe Askenazy<\/strong>&nbsp;&#8211; Faut-il freiner les pr\u00eats immobiliers des banques&nbsp;?<\/p>\n\n\n\n<hr class=\"wp-block-separator\"\/>\n\n\n\n<p><a href=\"https:\/\/www.publicsenat.fr\/emission\/allons-plus-loin\/seminaire-gouvernemental-l-executif-peut-il-encore-reformer-148412\">Public S\u00e9nat, Allons Plus Loin<\/a>, 15 janvier 2020 &#8211;&nbsp;<strong>Johanna Sim\u00e9ant-Germanos<\/strong>&nbsp;&#8211; S\u00e9minaire gouvernemental&nbsp;: l\u2019ex\u00e9cutif peut-il encore r\u00e9former&nbsp;?<\/p>\n\n\n\n<hr class=\"wp-block-separator\"\/>\n\n\n\n<p><a href=\"https:\/\/www.francetvinfo.fr\/replay-magazine\/franceinfo\/ouvrez-le-1\/ouvrez-le-1-du-mercredi-15-janvier-2020_3787555.html\">France Info, \u00ab\u00a0Ouvrez le 1\u00a0\u00bb<\/a>, 15 janvier 2020 &#8211;&nbsp;<strong>Emmanuel Didier<\/strong>&nbsp;&#8211; La dictature des chiffres<\/p>\n","protected":false},"excerpt":{"rendered":"<p>Libre Jugement, 22 d\u00e9cembre 2020 &#8211;&nbsp;Serge Paugam&nbsp;&#8211; Elle ne choisit, ni sa saison ni l\u2019\u00e9poque \u2026 Bfmtv,&nbsp;Les Experts, 15 d\u00e9cembre2020 &#8211;&nbsp;Philippe Askenazy&nbsp;&#8211; Emmanuel Macron a-t-il raison de d\u00e9fendre le nucl\u00e9aire&nbsp;? The Conversation, 11 d\u00e9cembre 2020 &#8211;&nbsp;Emmanuel Didier&nbsp;&#8211; Libert\u00e9 et discipline des r\u00e9seaux sociaux&nbsp;: les le\u00e7ons du premier confinement sur la d\u00e9sinformation AOC, 30 novembre 2020 [&hellip;]<\/p>\n","protected":false},"author":94,"featured_media":0,"parent":7568,"menu_order":0,"comment_status":"closed","ping_status":"closed","template":"","meta":{"_acf_changed":false,"footnotes":""},"class_list":["post-7120","page","type-page","status-publish","hentry"],"acf":[],"yoast_head":"<!-- This site is optimized with the Yoast SEO plugin v25.6 - https:\/\/yoast.com\/wordpress\/plugins\/seo\/ -->\n<title>CMH<\/title>\n<meta name=\"robots\" content=\"index, follow, max-snippet:-1, max-image-preview:large, max-video-preview:-1\" \/>\n<link rel=\"canonical\" href=\"https:\/\/cmh.ens.fr\/en\/diffusions-anterieures\/radio-tv-internet-anterieures\/radio-tv-internet-2020\/\" class=\"yoast-seo-meta-tag\" \/>\n<meta property=\"og:locale\" content=\"en_US\" class=\"yoast-seo-meta-tag\" \/>\n<meta property=\"og:type\" content=\"article\" class=\"yoast-seo-meta-tag\" \/>\n<meta property=\"og:title\" content=\"Radio - TV - Internet 2020 - CMH\" class=\"yoast-seo-meta-tag\" \/>\n<meta property=\"og:description\" content=\"Libre Jugement, 22 d\u00e9cembre 2020 &#8211;&nbsp;Serge Paugam&nbsp;&#8211; Elle ne choisit, ni sa saison ni l\u2019\u00e9poque \u2026 Bfmtv,&nbsp;Les Experts, 15 d\u00e9cembre2020 &#8211;&nbsp;Philippe Askenazy&nbsp;&#8211; Emmanuel Macron a-t-il raison de d\u00e9fendre le nucl\u00e9aire&nbsp;? The Conversation, 11 d\u00e9cembre 2020 &#8211;&nbsp;Emmanuel Didier&nbsp;&#8211; Libert\u00e9 et discipline des r\u00e9seaux sociaux&nbsp;: les le\u00e7ons du premier confinement sur la d\u00e9sinformation AOC, 30 novembre 2020 [&hellip;]\" class=\"yoast-seo-meta-tag\" \/>\n<meta property=\"og:url\" content=\"https:\/\/cmh.ens.fr\/en\/diffusions-anterieures\/radio-tv-internet-anterieures\/radio-tv-internet-2020\/\" class=\"yoast-seo-meta-tag\" \/>\n<meta property=\"og:site_name\" content=\"CMH\" class=\"yoast-seo-meta-tag\" \/>\n<meta property=\"article:modified_time\" content=\"2021-07-01T14:15:51+00:00\" class=\"yoast-seo-meta-tag\" \/>\n<meta name=\"twitter:card\" content=\"summary_large_image\" class=\"yoast-seo-meta-tag\" \/>\n<meta name=\"twitter:label1\" content=\"Est. reading time\" class=\"yoast-seo-meta-tag\" \/>\n\t<meta name=\"twitter:data1\" content=\"5 minutes\" class=\"yoast-seo-meta-tag\" \/>\n<script type=\"application\/ld+json\" class=\"yoast-schema-graph\">{\"@context\":\"https:\/\/schema.org\",\"@graph\":[{\"@type\":\"WebPage\",\"@id\":\"https:\/\/cmh.ens.fr\/en\/diffusions-anterieures\/radio-tv-internet-anterieures\/radio-tv-internet-2020\/\",\"url\":\"https:\/\/cmh.ens.fr\/en\/diffusions-anterieures\/radio-tv-internet-anterieures\/radio-tv-internet-2020\/\",\"name\":\"Radio - TV - Internet 2020 - CMH\",\"isPartOf\":{\"@id\":\"https:\/\/cmh.ens.fr\/en\/#website\"},\"datePublished\":\"2021-06-17T10:06:15+00:00\",\"dateModified\":\"2021-07-01T14:15:51+00:00\",\"breadcrumb\":{\"@id\":\"https:\/\/cmh.ens.fr\/en\/diffusions-anterieures\/radio-tv-internet-anterieures\/radio-tv-internet-2020\/#breadcrumb\"},\"inLanguage\":\"en-US\",\"potentialAction\":[{\"@type\":\"ReadAction\",\"target\":[\"https:\/\/cmh.ens.fr\/en\/diffusions-anterieures\/radio-tv-internet-anterieures\/radio-tv-internet-2020\/\"]}]},{\"@type\":\"BreadcrumbList\",\"@id\":\"https:\/\/cmh.ens.fr\/en\/diffusions-anterieures\/radio-tv-internet-anterieures\/radio-tv-internet-2020\/#breadcrumb\",\"itemListElement\":[{\"@type\":\"ListItem\",\"position\":1,\"name\":\"Accueil\",\"item\":\"https:\/\/cmh.ens.fr\/\"},{\"@type\":\"ListItem\",\"position\":2,\"name\":\"Diffusions ant\u00e9rieures\",\"item\":\"https:\/\/cmh.ens.fr\/diffusions-anterieures\/\"},{\"@type\":\"ListItem\",\"position\":3,\"name\":\"Radio &#8211; TV &#8211; Internet ant\u00e9rieures\",\"item\":\"https:\/\/cmh.ens.fr\/en\/diffusions-anterieures\/radio-tv-internet-anterieures\/\"},{\"@type\":\"ListItem\",\"position\":4,\"name\":\"Radio &#8211; TV &#8211; Internet 2020\"}]},{\"@type\":\"WebSite\",\"@id\":\"https:\/\/cmh.ens.fr\/en\/#website\",\"url\":\"https:\/\/cmh.ens.fr\/en\/\",\"name\":\"CMH\",\"description\":\"Centre Maurice Halbwachs\",\"publisher\":{\"@id\":\"https:\/\/cmh.ens.fr\/en\/#organization\"},\"potentialAction\":[{\"@type\":\"SearchAction\",\"target\":{\"@type\":\"EntryPoint\",\"urlTemplate\":\"https:\/\/cmh.ens.fr\/en\/?s={search_term_string}\"},\"query-input\":{\"@type\":\"PropertyValueSpecification\",\"valueRequired\":true,\"valueName\":\"search_term_string\"}}],\"inLanguage\":\"en-US\"},{\"@type\":\"Organization\",\"@id\":\"https:\/\/cmh.ens.fr\/en\/#organization\",\"name\":\"Centre Maurice Halbwachs\",\"url\":\"https:\/\/cmh.ens.fr\/en\/\",\"logo\":{\"@type\":\"ImageObject\",\"inLanguage\":\"en-US\",\"@id\":\"https:\/\/cmh.ens.fr\/en\/#\/schema\/logo\/image\/\",\"url\":\"https:\/\/www.cmh.ens.fr\/wp-content\/uploads\/siteon0.jpg\",\"contentUrl\":\"https:\/\/www.cmh.ens.fr\/wp-content\/uploads\/siteon0.jpg\",\"width\":86,\"height\":53,\"caption\":\"Centre Maurice Halbwachs\"},\"image\":{\"@id\":\"https:\/\/cmh.ens.fr\/en\/#\/schema\/logo\/image\/\"}}]}<\/script>\n<!-- \/ Yoast SEO plugin. -->","yoast_head_json":{"title":"CMH","robots":{"index":"index","follow":"follow","max-snippet":"max-snippet:-1","max-image-preview":"max-image-preview:large","max-video-preview":"max-video-preview:-1"},"canonical":"https:\/\/cmh.ens.fr\/en\/diffusions-anterieures\/radio-tv-internet-anterieures\/radio-tv-internet-2020\/","og_locale":"en_US","og_type":"article","og_title":"Radio - TV - Internet 2020 - CMH","og_description":"Libre Jugement, 22 d\u00e9cembre 2020 &#8211;&nbsp;Serge Paugam&nbsp;&#8211; Elle ne choisit, ni sa saison ni l\u2019\u00e9poque \u2026 Bfmtv,&nbsp;Les Experts, 15 d\u00e9cembre2020 &#8211;&nbsp;Philippe Askenazy&nbsp;&#8211; Emmanuel Macron a-t-il raison de d\u00e9fendre le nucl\u00e9aire&nbsp;? The Conversation, 11 d\u00e9cembre 2020 &#8211;&nbsp;Emmanuel Didier&nbsp;&#8211; Libert\u00e9 et discipline des r\u00e9seaux sociaux&nbsp;: les le\u00e7ons du premier confinement sur la d\u00e9sinformation AOC, 30 novembre 2020 [&hellip;]","og_url":"https:\/\/cmh.ens.fr\/en\/diffusions-anterieures\/radio-tv-internet-anterieures\/radio-tv-internet-2020\/","og_site_name":"CMH","article_modified_time":"2021-07-01T14:15:51+00:00","twitter_card":"summary_large_image","twitter_misc":{"Est. reading time":"5 minutes"},"schema":{"@context":"https:\/\/schema.org","@graph":[{"@type":"WebPage","@id":"https:\/\/cmh.ens.fr\/en\/diffusions-anterieures\/radio-tv-internet-anterieures\/radio-tv-internet-2020\/","url":"https:\/\/cmh.ens.fr\/en\/diffusions-anterieures\/radio-tv-internet-anterieures\/radio-tv-internet-2020\/","name":"Radio - TV - Internet 2020 - CMH","isPartOf":{"@id":"https:\/\/cmh.ens.fr\/en\/#website"},"datePublished":"2021-06-17T10:06:15+00:00","dateModified":"2021-07-01T14:15:51+00:00","breadcrumb":{"@id":"https:\/\/cmh.ens.fr\/en\/diffusions-anterieures\/radio-tv-internet-anterieures\/radio-tv-internet-2020\/#breadcrumb"},"inLanguage":"en-US","potentialAction":[{"@type":"ReadAction","target":["https:\/\/cmh.ens.fr\/en\/diffusions-anterieures\/radio-tv-internet-anterieures\/radio-tv-internet-2020\/"]}]},{"@type":"BreadcrumbList","@id":"https:\/\/cmh.ens.fr\/en\/diffusions-anterieures\/radio-tv-internet-anterieures\/radio-tv-internet-2020\/#breadcrumb","itemListElement":[{"@type":"ListItem","position":1,"name":"Accueil","item":"https:\/\/cmh.ens.fr\/"},{"@type":"ListItem","position":2,"name":"Diffusions ant\u00e9rieures","item":"https:\/\/cmh.ens.fr\/diffusions-anterieures\/"},{"@type":"ListItem","position":3,"name":"Radio &#8211; TV &#8211; Internet ant\u00e9rieures","item":"https:\/\/cmh.ens.fr\/en\/diffusions-anterieures\/radio-tv-internet-anterieures\/"},{"@type":"ListItem","position":4,"name":"Radio &#8211; TV &#8211; Internet 2020"}]},{"@type":"WebSite","@id":"https:\/\/cmh.ens.fr\/en\/#website","url":"https:\/\/cmh.ens.fr\/en\/","name":"CMH","description":"Centre Maurice Halbwachs","publisher":{"@id":"https:\/\/cmh.ens.fr\/en\/#organization"},"potentialAction":[{"@type":"SearchAction","target":{"@type":"EntryPoint","urlTemplate":"https:\/\/cmh.ens.fr\/en\/?s={search_term_string}"},"query-input":{"@type":"PropertyValueSpecification","valueRequired":true,"valueName":"search_term_string"}}],"inLanguage":"en-US"},{"@type":"Organization","@id":"https:\/\/cmh.ens.fr\/en\/#organization","name":"Centre Maurice Halbwachs","url":"https:\/\/cmh.ens.fr\/en\/","logo":{"@type":"ImageObject","inLanguage":"en-US","@id":"https:\/\/cmh.ens.fr\/en\/#\/schema\/logo\/image\/","url":"https:\/\/www.cmh.ens.fr\/wp-content\/uploads\/siteon0.jpg","contentUrl":"https:\/\/www.cmh.ens.fr\/wp-content\/uploads\/siteon0.jpg","width":86,"height":53,"caption":"Centre Maurice Halbwachs"},"image":{"@id":"https:\/\/cmh.ens.fr\/en\/#\/schema\/logo\/image\/"}}]}},"_links":{"self":[{"href":"https:\/\/cmh.ens.fr\/en\/wp-json\/wp\/v2\/pages\/7120"}],"collection":[{"href":"https:\/\/cmh.ens.fr\/en\/wp-json\/wp\/v2\/pages"}],"about":[{"href":"https:\/\/cmh.ens.fr\/en\/wp-json\/wp\/v2\/types\/page"}],"author":[{"embeddable":true,"href":"https:\/\/cmh.ens.fr\/en\/wp-json\/wp\/v2\/users\/94"}],"replies":[{"embeddable":true,"href":"https:\/\/cmh.ens.fr\/en\/wp-json\/wp\/v2\/comments?post=7120"}],"version-history":[{"count":1,"href":"https:\/\/cmh.ens.fr\/en\/wp-json\/wp\/v2\/pages\/7120\/revisions"}],"predecessor-version":[{"id":7121,"href":"https:\/\/cmh.ens.fr\/en\/wp-json\/wp\/v2\/pages\/7120\/revisions\/7121"}],"up":[{"embeddable":true,"href":"https:\/\/cmh.ens.fr\/en\/wp-json\/wp\/v2\/pages\/7568"}],"wp:attachment":[{"href":"https:\/\/cmh.ens.fr\/en\/wp-json\/wp\/v2\/media?parent=7120"}],"curies":[{"name":"wp","href":"https:\/\/api.w.org\/{rel}","templated":true}]}}