{"id":7080,"date":"2021-06-17T11:15:18","date_gmt":"2021-06-17T09:15:18","guid":{"rendered":"https:\/\/w3.cmh.ens.fr\/?page_id=7080"},"modified":"2021-07-01T16:15:49","modified_gmt":"2021-07-01T14:15:49","slug":"radio-tv-internet-2019","status":"publish","type":"page","link":"https:\/\/cmh.ens.fr\/en\/diffusions-anterieures\/radio-tv-internet-anterieures\/radio-tv-internet-2019\/","title":{"rendered":"Radio &#8211; TV &#8211; Internet 2019"},"content":{"rendered":"<p><a href=\"https:\/\/laviedesidees.fr\/Dubai-et-l-Occident-postcolonial.html\"><br>La Vie des id\u00e9es<\/a>, 11 d\u00e9cembre 2019 &#8211;&nbsp;<strong>Am\u00e9lie Le Renard<\/strong>&nbsp;&#8211; Duba\u00ef et l\u2019Occident postcolonial<\/p>\n\n\n\n<hr class=\"wp-block-separator\"\/>\n\n\n\n<p><a href=\"https:\/\/www.franceculture.fr\/emissions\/le-cours-de-lhistoire\/capitalisme-dou-viens-tu-vie-et-mort-du-capitalisme\">France Culture<\/a>, 2 d\u00e9cembre 2019 &#8211;&nbsp;<strong>Quentin Ravelli<\/strong>&nbsp;&#8211; Capitalisme, d\u2019o\u00f9 viens-tu&nbsp;? Vie et mort du capitalisme<\/p>\n\n\n\n<hr class=\"wp-block-separator\"\/>\n\n\n\n<p><a href=\"https:\/\/blogs.mediapart.fr\/hugues-poltier\/blog\/021119\/propos-de-l-entreprise-macron-de-la-conquete-l-exercice-du-pouvoir\">Mediapart<\/a>, 2 novembre 2019 &#8211;&nbsp;<strong>Michel Offerl\u00e9<\/strong>&nbsp;&#8211; L\u2019entreprise Macron, de la conqu\u00eate \u00e0 l\u2019exercice du pouvoir&nbsp;-, avec Christelle Gris et R\u00e9mi Lefebvre, entretien avec Fabien Escalona et Ellen Salvi.<\/p>\n\n\n\n<hr class=\"wp-block-separator\"\/>\n\n\n\n<p><a href=\"https:\/\/www.franceculture.fr\/emissions\/entendez-vous-leco\/le-capitalisme-sur-le-banc-des-accuses-34-les-nouvelles-figures-du-capitaliste\">France Culture<\/a>, 23 octobre 2019 &#8211;&nbsp;<strong>Michel Offerl\u00e9<\/strong>&nbsp;&#8211; Les m\u00e9tamorphoses du patronat, avec Val\u00e9rie Boussard, dans Entendez-vous l\u2019Eco, \u00e9mission de Tiphaine de Rocquigny<\/p>\n\n\n\n<hr class=\"wp-block-separator\"\/>\n\n\n\n<p><a href=\"https:\/\/philonomist.com\/fr\/entretien\/le-teletravail-implique-de-redefinir-ce-qui-constitue-le-vrai-boulot\">Philonomist<\/a>, 5 septembre 2019 &#8211;&nbsp;<strong>Alexandra Bidet&nbsp;<\/strong>&#8211; Le t\u00e9l\u00e9travail implique de red\u00e9finir ce qui constitue le \u2018vrai boulot\u2019<\/p>\n\n\n\n<hr class=\"wp-block-separator\"\/>\n\n\n\n<p><a href=\"https:\/\/www.franceinter.fr\/emissions\/grand-bien-vous-fasse\/grand-bien-vous-fasse-01-aout-2019\">France Inter<\/a>,1 ao\u00fbt 2019 &#8211;&nbsp;<strong>Florence Maillochon<\/strong>&nbsp;&#8211; La f\u00eate du mariage<\/p>\n\n\n\n<hr class=\"wp-block-separator\"\/>\n\n\n\n<p><a href=\"https:\/\/www.franceinter.fr\/emissions\/l-invite-de-8h20-le-grand-entretien\/l-invite-de-8h20-le-grand-entretien-31-juillet-2019\">France Inter<\/a>, 31 juillet 2019 &#8211;&nbsp;<strong>Philippe Askenazy<\/strong>&nbsp;&#8211; Le propri\u00e9tarisme, une domination de la propri\u00e9t\u00e9 dans le capitalisme actuel<\/p>\n\n\n\n<hr class=\"wp-block-separator\"\/>\n\n\n\n<p><a href=\"https:\/\/video-streaming.orange.fr\/tv\/philippe-askenazy-economiste-sur-la-reforme-des-retraites-l-age-pivot-de-64-ans-ne-correspond-pas-a-la-sante-publique-francaise-d-aujourd-hui-CNT000001hzkby.html\">France Inter<\/a>, 19 juillet 2019 &#8211;&nbsp;<strong>Philippe Askenazy<\/strong>&nbsp;&#8211; La population, en France comme dans les autres pays, travaille de plus en plus dur<\/p>\n\n\n\n<hr class=\"wp-block-separator\"\/>\n\n\n\n<p><a href=\"https:\/\/archive.org\/details\/youtube-spfIKVjGkEo\">Mediapart<\/a>, 11 juillet 2019 &#8211;&nbsp;<strong>Am\u00e9lie Le Renard<\/strong>&nbsp;&#8211; Blanc et occidental, un privil\u00e8ge \u00e0 Duba\u00ef<\/p>\n\n\n\n<hr class=\"wp-block-separator\"\/>\n\n\n\n<p><a href=\"https:\/\/theconversation.com\/debat-ce-que-dit-la-sociologie-sur-les-origines-des-inegalites-scolaires-117132\">The Conversation<\/a>, 23 juin 2019 &#8211;&nbsp;<strong>J\u00e9r\u00f4me Deauvieau<\/strong>&nbsp;&#8211; Ce que dit la sociologie sur les origines des in\u00e9galit\u00e9s scolaires<\/p>\n\n\n\n<hr class=\"wp-block-separator\"\/>\n\n\n\n<p><a href=\"https:\/\/actu.fr\/occitanie\/cahors_46042\/lot-enfants-cahors-du-grand-cahors-donnent-leur-point-vue-sur-leur-vie-quotidienne_24952582.html\">Actu.fr, Occitanie<\/a>, 13 Juin 2019 &#8211;&nbsp;<strong>Serge Paugam&nbsp;<\/strong>&#8211; Lot. Les enfants de Cahors et du Grand Cahors donnent leur point de vue sur leur vie quotidienne<\/p>\n\n\n\n<hr class=\"wp-block-separator\"\/>\n\n\n\n<p><a href=\"https:\/\/www.franceculture.fr\/emissions\/cultures-monde\/culturesmonde-emission-du-mardi-23-avril-2019\">France Culture<\/a>, 23 avril 2019 &#8211;&nbsp;<strong>Quentin Ravelli&nbsp;<\/strong>&#8211; Fractures espagnoles. L\u2019Espagne est-elle vraiment sortie de la crise&nbsp;?<\/p>\n\n\n\n<hr class=\"wp-block-separator\"\/>\n\n\n\n<p><a href=\"http:\/\/www.rfi.fr\/emission\/20190421-dubai-privilege-occidental-renard-amelie-sociologue\">RFI,<\/a>&nbsp;21 avril 2019 &#8211;&nbsp;<strong>Am\u00e9lie Le Renard<\/strong>&nbsp;&#8211; Duba\u00ef, le privil\u00e8ge occidental<\/p>\n\n\n\n<hr class=\"wp-block-separator\"\/>\n\n\n\n<p><a href=\"https:\/\/www.franceculture.fr\/emissions\/matieres-a-penser\/le-travail-au-xxie-siecle-miroir-des-societes-futures-24-precarite-individuelle-et-risques\">France Culture<\/a>, 16 avril 2019 &#8211;&nbsp;<strong>Serge Paugam<\/strong>&nbsp;&#8211; Pr\u00e9carit\u00e9 individuelle et risques collectifs<\/p>\n\n\n\n<hr class=\"wp-block-separator\"\/>\n\n\n\n<p>France 2, Compl\u00e9ment d\u2019enqu\u00eate (extrait), 11 avril 2019 &#8211;\u00a0<strong>Lise Bernard<\/strong>, \u00e0 propos de \u00ab\u00a0La pr\u00e9carit\u00e9 en col blanc. Une enqu\u00eate sur les agents immobiliers\u00a0\u00bb (PUF, 2017)<\/p>\n\n\n\n<div class=\"wp-block-file\"><a href=\"https:\/\/www.cmh.ens.fr\/wp-content\/uploads\/Lise-Bernard-France-2.mov\">Lise-Bernard-France-2<\/a><a href=\"https:\/\/www.cmh.ens.fr\/wp-content\/uploads\/Lise-Bernard-France-2.mov\" class=\"wp-block-file__button\" download>Download<\/a><\/div>\n\n\n\n<hr class=\"wp-block-separator\"\/>\n\n\n\n<p><a href=\"https:\/\/www.lecese.fr\/content\/questions-serge-paugam-cnrs-raef-2019\">Le CESE.fr<\/a>, 20 mars 2019 &#8211; Questions \u00e0&nbsp;<strong>Serge PAUGAM<\/strong>&nbsp;(CNRS) &#8211; RAEF 2019<\/p>\n\n\n\n<hr class=\"wp-block-separator\"\/>\n\n\n\n<p><a href=\"http:\/\/cfmradio.fr\/podcast\/legalite-au-travail-est-elle-negociable\/\">Radio CFM<\/a>, 26 mars 2019 &#8211;&nbsp;<strong>Sophie Pochic<\/strong>&nbsp;&#8211; L\u2019\u00c9galit\u00e9 au travail est-elle n\u00e9gociable&nbsp;?<\/p>\n\n\n\n<hr class=\"wp-block-separator\"\/>\n\n\n\n<p><a href=\"http:\/\/ses.ens-lyon.fr\/articles\/comment-penser-le-lien-social\">PSE-\u00c9cole d\u2019\u00e9conomie de Paris<\/a>, 8 f\u00e9vrier 2019,&nbsp;<strong>Serge Paugam<\/strong>&nbsp;&#8211; Comment penser le lien social&nbsp;?<\/p>\n\n\n\n<hr class=\"wp-block-separator\"\/>\n\n\n\n<p><a href=\"https:\/\/soundcloud.com\/user-197831628\/conference-de-florance-weber-le-travail-a-cote-et-la-suite\">Conf\u00e9rence<\/a>&nbsp;\u00e0 Montbard, 26 janvier 2019 &#8211;&nbsp;<strong>Florence Weber<\/strong>&nbsp;&#8211; A propos des femmes et du travail<\/p>\n\n\n\n<hr class=\"wp-block-separator\"\/>\n\n\n\n<p><a href=\"https:\/\/theconversation.com\/le-travail-au-noir-casse-le-mythe-du-modele-social-francais-109465\">The Conversation<\/a>, 16 janvier 2019 &#8211;<strong>&nbsp;Florence Weber<\/strong>&nbsp;&#8211; Le travail au noir casse le mythe du mod\u00e8le social fran\u00e7ais<\/p>\n\n\n\n<hr class=\"wp-block-separator\"\/>\n\n\n\n<p><a href=\"https:\/\/theconversation.com\/pourquoi-les-donnees-economiques-peinent-a-rendre-compte-de-la-dure-realite-du-quotidien-109350\">The Conversation<\/a>, 7 janvier 2019 &#8211;<strong>&nbsp;Florence Weber<\/strong>&nbsp;&#8211; Pourquoi les donn\u00e9es \u00e9conomiques peinent \u00e0 rendre compte de la dure r\u00e9alit\u00e9 du quotidien<\/p>\n\n\n\n<hr class=\"wp-block-separator\"\/>\n\n\n\n<p>AOC, Analyse Opinion Critique, 7 janvier 2019 &#8211;&nbsp;<strong>Michel Offerl\u00e9<\/strong>&nbsp;&#8211; Ce que devrait savoir le Pr\u00e9sident<\/p>\n\n\n\n<p>AOC <\/p>\n\n\n\n<div class=\"wp-block-file\"><a href=\"https:\/\/www.cmh.ens.fr\/wp-content\/uploads\/Ce-que-devrait-savoir-le-President-.pdf\">Ce-que-devrait-savoir-le-President-<\/a><a href=\"https:\/\/www.cmh.ens.fr\/wp-content\/uploads\/Ce-que-devrait-savoir-le-President-.pdf\" class=\"wp-block-file__button\" download>Download<\/a><\/div>\n\n\n\n<p><\/p>","protected":false},"excerpt":{"rendered":"<p>La Vie des id\u00e9es, 11 d\u00e9cembre 2019 &#8211;&nbsp;Am\u00e9lie Le Renard&nbsp;&#8211; Duba\u00ef et l\u2019Occident postcolonial France Culture, 2 d\u00e9cembre 2019 &#8211;&nbsp;Quentin Ravelli&nbsp;&#8211; Capitalisme, d\u2019o\u00f9 viens-tu&nbsp;? Vie et mort du capitalisme Mediapart, 2 novembre 2019 &#8211;&nbsp;Michel Offerl\u00e9&nbsp;&#8211; L\u2019entreprise Macron, de la conqu\u00eate \u00e0 l\u2019exercice du pouvoir&nbsp;-, avec Christelle Gris et R\u00e9mi Lefebvre, entretien avec Fabien Escalona et [&hellip;]<\/p>\n","protected":false},"author":94,"featured_media":0,"parent":7568,"menu_order":0,"comment_status":"closed","ping_status":"closed","template":"","meta":{"_acf_changed":false,"footnotes":""},"class_list":["post-7080","page","type-page","status-publish","hentry"],"acf":[],"yoast_head":"<!-- This site is optimized with the Yoast SEO plugin v25.6 - https:\/\/yoast.com\/wordpress\/plugins\/seo\/ -->\n<title>CMH<\/title>\n<meta name=\"robots\" content=\"index, follow, max-snippet:-1, max-image-preview:large, max-video-preview:-1\" \/>\n<link rel=\"canonical\" href=\"https:\/\/cmh.ens.fr\/en\/diffusions-anterieures\/radio-tv-internet-anterieures\/radio-tv-internet-2019\/\" class=\"yoast-seo-meta-tag\" \/>\n<meta property=\"og:locale\" content=\"en_US\" class=\"yoast-seo-meta-tag\" \/>\n<meta property=\"og:type\" content=\"article\" class=\"yoast-seo-meta-tag\" \/>\n<meta property=\"og:title\" content=\"Radio - TV - Internet 2019 - CMH\" class=\"yoast-seo-meta-tag\" \/>\n<meta property=\"og:description\" content=\"La Vie des id\u00e9es, 11 d\u00e9cembre 2019 &#8211;&nbsp;Am\u00e9lie Le Renard&nbsp;&#8211; Duba\u00ef et l\u2019Occident postcolonial France Culture, 2 d\u00e9cembre 2019 &#8211;&nbsp;Quentin Ravelli&nbsp;&#8211; Capitalisme, d\u2019o\u00f9 viens-tu&nbsp;? Vie et mort du capitalisme Mediapart, 2 novembre 2019 &#8211;&nbsp;Michel Offerl\u00e9&nbsp;&#8211; L\u2019entreprise Macron, de la conqu\u00eate \u00e0 l\u2019exercice du pouvoir&nbsp;-, avec Christelle Gris et R\u00e9mi Lefebvre, entretien avec Fabien Escalona et [&hellip;]\" class=\"yoast-seo-meta-tag\" \/>\n<meta property=\"og:url\" content=\"https:\/\/cmh.ens.fr\/en\/diffusions-anterieures\/radio-tv-internet-anterieures\/radio-tv-internet-2019\/\" class=\"yoast-seo-meta-tag\" \/>\n<meta property=\"og:site_name\" content=\"CMH\" class=\"yoast-seo-meta-tag\" \/>\n<meta property=\"article:modified_time\" content=\"2021-07-01T14:15:49+00:00\" class=\"yoast-seo-meta-tag\" \/>\n<meta name=\"twitter:card\" content=\"summary_large_image\" class=\"yoast-seo-meta-tag\" \/>\n<meta name=\"twitter:label1\" content=\"Est. reading time\" class=\"yoast-seo-meta-tag\" \/>\n\t<meta name=\"twitter:data1\" content=\"2 minutes\" class=\"yoast-seo-meta-tag\" \/>\n<script type=\"application\/ld+json\" class=\"yoast-schema-graph\">{\"@context\":\"https:\/\/schema.org\",\"@graph\":[{\"@type\":\"WebPage\",\"@id\":\"https:\/\/cmh.ens.fr\/en\/diffusions-anterieures\/radio-tv-internet-anterieures\/radio-tv-internet-2019\/\",\"url\":\"https:\/\/cmh.ens.fr\/en\/diffusions-anterieures\/radio-tv-internet-anterieures\/radio-tv-internet-2019\/\",\"name\":\"Radio - TV - Internet 2019 - CMH\",\"isPartOf\":{\"@id\":\"https:\/\/cmh.ens.fr\/en\/#website\"},\"datePublished\":\"2021-06-17T09:15:18+00:00\",\"dateModified\":\"2021-07-01T14:15:49+00:00\",\"breadcrumb\":{\"@id\":\"https:\/\/cmh.ens.fr\/en\/diffusions-anterieures\/radio-tv-internet-anterieures\/radio-tv-internet-2019\/#breadcrumb\"},\"inLanguage\":\"en-US\",\"potentialAction\":[{\"@type\":\"ReadAction\",\"target\":[\"https:\/\/cmh.ens.fr\/en\/diffusions-anterieures\/radio-tv-internet-anterieures\/radio-tv-internet-2019\/\"]}]},{\"@type\":\"BreadcrumbList\",\"@id\":\"https:\/\/cmh.ens.fr\/en\/diffusions-anterieures\/radio-tv-internet-anterieures\/radio-tv-internet-2019\/#breadcrumb\",\"itemListElement\":[{\"@type\":\"ListItem\",\"position\":1,\"name\":\"Accueil\",\"item\":\"https:\/\/cmh.ens.fr\/\"},{\"@type\":\"ListItem\",\"position\":2,\"name\":\"Diffusions ant\u00e9rieures\",\"item\":\"https:\/\/cmh.ens.fr\/diffusions-anterieures\/\"},{\"@type\":\"ListItem\",\"position\":3,\"name\":\"Radio &#8211; TV &#8211; Internet ant\u00e9rieures\",\"item\":\"https:\/\/cmh.ens.fr\/en\/diffusions-anterieures\/radio-tv-internet-anterieures\/\"},{\"@type\":\"ListItem\",\"position\":4,\"name\":\"Radio &#8211; TV &#8211; Internet 2019\"}]},{\"@type\":\"WebSite\",\"@id\":\"https:\/\/cmh.ens.fr\/en\/#website\",\"url\":\"https:\/\/cmh.ens.fr\/en\/\",\"name\":\"CMH\",\"description\":\"Centre Maurice Halbwachs\",\"publisher\":{\"@id\":\"https:\/\/cmh.ens.fr\/en\/#organization\"},\"potentialAction\":[{\"@type\":\"SearchAction\",\"target\":{\"@type\":\"EntryPoint\",\"urlTemplate\":\"https:\/\/cmh.ens.fr\/en\/?s={search_term_string}\"},\"query-input\":{\"@type\":\"PropertyValueSpecification\",\"valueRequired\":true,\"valueName\":\"search_term_string\"}}],\"inLanguage\":\"en-US\"},{\"@type\":\"Organization\",\"@id\":\"https:\/\/cmh.ens.fr\/en\/#organization\",\"name\":\"Centre Maurice Halbwachs\",\"url\":\"https:\/\/cmh.ens.fr\/en\/\",\"logo\":{\"@type\":\"ImageObject\",\"inLanguage\":\"en-US\",\"@id\":\"https:\/\/cmh.ens.fr\/en\/#\/schema\/logo\/image\/\",\"url\":\"https:\/\/www.cmh.ens.fr\/wp-content\/uploads\/siteon0.jpg\",\"contentUrl\":\"https:\/\/www.cmh.ens.fr\/wp-content\/uploads\/siteon0.jpg\",\"width\":86,\"height\":53,\"caption\":\"Centre Maurice Halbwachs\"},\"image\":{\"@id\":\"https:\/\/cmh.ens.fr\/en\/#\/schema\/logo\/image\/\"}}]}<\/script>\n<!-- \/ Yoast SEO plugin. -->","yoast_head_json":{"title":"CMH","robots":{"index":"index","follow":"follow","max-snippet":"max-snippet:-1","max-image-preview":"max-image-preview:large","max-video-preview":"max-video-preview:-1"},"canonical":"https:\/\/cmh.ens.fr\/en\/diffusions-anterieures\/radio-tv-internet-anterieures\/radio-tv-internet-2019\/","og_locale":"en_US","og_type":"article","og_title":"Radio - TV - Internet 2019 - CMH","og_description":"La Vie des id\u00e9es, 11 d\u00e9cembre 2019 &#8211;&nbsp;Am\u00e9lie Le Renard&nbsp;&#8211; Duba\u00ef et l\u2019Occident postcolonial France Culture, 2 d\u00e9cembre 2019 &#8211;&nbsp;Quentin Ravelli&nbsp;&#8211; Capitalisme, d\u2019o\u00f9 viens-tu&nbsp;? Vie et mort du capitalisme Mediapart, 2 novembre 2019 &#8211;&nbsp;Michel Offerl\u00e9&nbsp;&#8211; L\u2019entreprise Macron, de la conqu\u00eate \u00e0 l\u2019exercice du pouvoir&nbsp;-, avec Christelle Gris et R\u00e9mi Lefebvre, entretien avec Fabien Escalona et [&hellip;]","og_url":"https:\/\/cmh.ens.fr\/en\/diffusions-anterieures\/radio-tv-internet-anterieures\/radio-tv-internet-2019\/","og_site_name":"CMH","article_modified_time":"2021-07-01T14:15:49+00:00","twitter_card":"summary_large_image","twitter_misc":{"Est. reading time":"2 minutes"},"schema":{"@context":"https:\/\/schema.org","@graph":[{"@type":"WebPage","@id":"https:\/\/cmh.ens.fr\/en\/diffusions-anterieures\/radio-tv-internet-anterieures\/radio-tv-internet-2019\/","url":"https:\/\/cmh.ens.fr\/en\/diffusions-anterieures\/radio-tv-internet-anterieures\/radio-tv-internet-2019\/","name":"Radio - TV - Internet 2019 - CMH","isPartOf":{"@id":"https:\/\/cmh.ens.fr\/en\/#website"},"datePublished":"2021-06-17T09:15:18+00:00","dateModified":"2021-07-01T14:15:49+00:00","breadcrumb":{"@id":"https:\/\/cmh.ens.fr\/en\/diffusions-anterieures\/radio-tv-internet-anterieures\/radio-tv-internet-2019\/#breadcrumb"},"inLanguage":"en-US","potentialAction":[{"@type":"ReadAction","target":["https:\/\/cmh.ens.fr\/en\/diffusions-anterieures\/radio-tv-internet-anterieures\/radio-tv-internet-2019\/"]}]},{"@type":"BreadcrumbList","@id":"https:\/\/cmh.ens.fr\/en\/diffusions-anterieures\/radio-tv-internet-anterieures\/radio-tv-internet-2019\/#breadcrumb","itemListElement":[{"@type":"ListItem","position":1,"name":"Accueil","item":"https:\/\/cmh.ens.fr\/"},{"@type":"ListItem","position":2,"name":"Diffusions ant\u00e9rieures","item":"https:\/\/cmh.ens.fr\/diffusions-anterieures\/"},{"@type":"ListItem","position":3,"name":"Radio &#8211; TV &#8211; Internet ant\u00e9rieures","item":"https:\/\/cmh.ens.fr\/en\/diffusions-anterieures\/radio-tv-internet-anterieures\/"},{"@type":"ListItem","position":4,"name":"Radio &#8211; TV &#8211; Internet 2019"}]},{"@type":"WebSite","@id":"https:\/\/cmh.ens.fr\/en\/#website","url":"https:\/\/cmh.ens.fr\/en\/","name":"CMH","description":"Centre Maurice Halbwachs","publisher":{"@id":"https:\/\/cmh.ens.fr\/en\/#organization"},"potentialAction":[{"@type":"SearchAction","target":{"@type":"EntryPoint","urlTemplate":"https:\/\/cmh.ens.fr\/en\/?s={search_term_string}"},"query-input":{"@type":"PropertyValueSpecification","valueRequired":true,"valueName":"search_term_string"}}],"inLanguage":"en-US"},{"@type":"Organization","@id":"https:\/\/cmh.ens.fr\/en\/#organization","name":"Centre Maurice Halbwachs","url":"https:\/\/cmh.ens.fr\/en\/","logo":{"@type":"ImageObject","inLanguage":"en-US","@id":"https:\/\/cmh.ens.fr\/en\/#\/schema\/logo\/image\/","url":"https:\/\/www.cmh.ens.fr\/wp-content\/uploads\/siteon0.jpg","contentUrl":"https:\/\/www.cmh.ens.fr\/wp-content\/uploads\/siteon0.jpg","width":86,"height":53,"caption":"Centre Maurice Halbwachs"},"image":{"@id":"https:\/\/cmh.ens.fr\/en\/#\/schema\/logo\/image\/"}}]}},"_links":{"self":[{"href":"https:\/\/cmh.ens.fr\/en\/wp-json\/wp\/v2\/pages\/7080"}],"collection":[{"href":"https:\/\/cmh.ens.fr\/en\/wp-json\/wp\/v2\/pages"}],"about":[{"href":"https:\/\/cmh.ens.fr\/en\/wp-json\/wp\/v2\/types\/page"}],"author":[{"embeddable":true,"href":"https:\/\/cmh.ens.fr\/en\/wp-json\/wp\/v2\/users\/94"}],"replies":[{"embeddable":true,"href":"https:\/\/cmh.ens.fr\/en\/wp-json\/wp\/v2\/comments?post=7080"}],"version-history":[{"count":2,"href":"https:\/\/cmh.ens.fr\/en\/wp-json\/wp\/v2\/pages\/7080\/revisions"}],"predecessor-version":[{"id":7089,"href":"https:\/\/cmh.ens.fr\/en\/wp-json\/wp\/v2\/pages\/7080\/revisions\/7089"}],"up":[{"embeddable":true,"href":"https:\/\/cmh.ens.fr\/en\/wp-json\/wp\/v2\/pages\/7568"}],"wp:attachment":[{"href":"https:\/\/cmh.ens.fr\/en\/wp-json\/wp\/v2\/media?parent=7080"}],"curies":[{"name":"wp","href":"https:\/\/api.w.org\/{rel}","templated":true}]}}