{"id":5738,"date":"2021-05-20T16:18:28","date_gmt":"2021-05-20T14:18:28","guid":{"rendered":"https:\/\/w3.cmh.ens.fr\/?page_id=5738"},"modified":"2023-01-05T11:15:02","modified_gmt":"2023-01-05T10:15:02","slug":"programme-anr-provircap-professionnel%c2%b7les-de-la-vertu-du-capitalisme","status":"publish","type":"page","link":"https:\/\/cmh.ens.fr\/en\/programmes-de-recherche\/programme-anr-provircap-professionnelles-de-la-vertu-du-capitalisme\/","title":{"rendered":"Programme ANR ProVirCap &#8211; Avril 2021 \u00e0 Avril 2025"},"content":{"rendered":"<h2 class=\"wp-block-heading\">Professionnel\u00a0\u00b7les de la vertu du capitalisme<\/h2>\n\n\n\n<h2 class=\"wp-block-heading\">La responsabilit\u00e9 sociale des entreprises saisie par ses managers<\/h2>\n\n\n\n<p>Responsable scientifique\u00a0: <strong>Laure BERENI<\/strong><\/p>\n\n\n\n<p>Partenaire ou coordinateur du projet\u00a0:\u00a0<strong>Laure BERENI<\/strong><\/p>\n\n\n\n<p>Au cours des derni\u00e8res ann\u00e9es, les milieux d\u2019affaires ont affirm\u00e9 de mani\u00e8re croissante leur aspiration \u00e0 limiter les externalit\u00e9s n\u00e9gatives de leurs activit\u00e9s et \u00e0 contribuer, plus largement, au bien commun. Dans ce contexte, le champ professionnel li\u00e9 \u00e0 la Responsabilit\u00e9 Soci\u00e9tale des Entreprises (RSE) est en plein essor&nbsp;: des cadres d\u2019entreprise et des consultants sont de plus en plus nombreux \u00e0 faire de la RSE leur sp\u00e9cialit\u00e9 professionnelle. Alors que la RSE est le plus souvent \u00e9tudi\u00e9e sous l\u2019angle des discours et des instruments, le programme de recherche PROVIRCAP offre une <strong>perspective in\u00e9dite sur le\u00a0\u00ab\u00a0capitalisme responsable\u00a0\u00bb en partant de ses managers, de leurs activit\u00e9s de travail et de leurs milieux professionnels et associatifs<\/strong>.<\/p>\n\n\n\n<p>Le consortium r\u00e9unit six unit\u00e9s de recherche (CMH, IRISSO, CSO, IDHES, CLERS\u00c9, LISIS) et 14 membres&nbsp;: L. Bereni (coordinatrice), P. Barraud de Lagerie, E. B\u00e9thoux, A. Bory, F. D\u00e9jean, T. Depecker, S. Dubuisson-Quellier, E. Penalva-Icher, S. Salman, A. Lavabre (postdoc), A. Machut (postdoc), X. Monnier (doctorant), C. Socha (doctorante), C. Gervaise-Volaire (masterante).<\/p>\n\n\n\n<p>L\u2019enqu\u00eate collective porte sur les cadres charg\u00e9\u00b7es des programmes RSE li\u00e9s \u00e0 <strong>cinq enjeux<\/strong> (environnement, droits humains, diversit\u00e9, \u00e9quit\u00e9 et inclusion, investissement responsable, m\u00e9c\u00e9nat) dans <strong>trois contextes nationaux<\/strong> (France, Etats-Unis, Espagne). Le protocole d\u2019enqu\u00eate s\u2019appuie sur des m\u00e9thodes qualitatives (entretiens, observations, analyse documentaire) et quantitatives (<em>webscraping<\/em> de CV et questionnaire). Le programme PROVIRCAP poursuit une triple ambition th\u00e9orique\u00a0: 1\/ \u00e9clairer la recomposition des fronti\u00e8res entre march\u00e9, \u00c9tat et monde associatif dans la d\u00e9finition du bien commun ; 2\/ comprendre les dynamiques de professionnalisation \u00e0 l\u2019\u0153uvre dans les strates manag\u00e9riales des entreprises globalis\u00e9es ; 3\/ saisir la mani\u00e8re dont les hi\u00e9rarchies de genre travaillent la face vertueuse du capitalisme.<\/p>\n\n\n\n<p>Pr\u00e9sentation de ProVirCap sur le&nbsp;<a href=\"https:\/\/anr.fr\/Projet-ANR-20-CE26-0012\" target=\"_blank\" rel=\"noreferrer noopener\">site de l\u2019ANR<\/a> et sur <a href=\"https:\/\/provircap.hypotheses.org\/\" target=\"_blank\" rel=\"noreferrer noopener\">Hypothese<\/a><\/p>","protected":false},"excerpt":{"rendered":"<p>Professionnel\u00a0\u00b7les de la vertu du capitalisme La responsabilit\u00e9 sociale des entreprises saisie par ses managers Responsable scientifique\u00a0: Laure BERENI Partenaire ou coordinateur du projet\u00a0:\u00a0Laure BERENI Au cours des derni\u00e8res ann\u00e9es, les milieux d\u2019affaires ont affirm\u00e9 de mani\u00e8re croissante leur aspiration \u00e0 limiter les externalit\u00e9s n\u00e9gatives de leurs activit\u00e9s et \u00e0 contribuer, plus largement, au bien [&hellip;]<\/p>\n","protected":false},"author":1,"featured_media":5742,"parent":5740,"menu_order":1,"comment_status":"closed","ping_status":"closed","template":"","meta":{"_acf_changed":false,"footnotes":""},"class_list":["post-5738","page","type-page","status-publish","has-post-thumbnail","hentry"],"acf":[],"yoast_head":"<!-- This site is optimized with the Yoast SEO plugin v25.6 - https:\/\/yoast.com\/wordpress\/plugins\/seo\/ -->\n<title>CMH<\/title>\n<meta name=\"robots\" content=\"index, follow, max-snippet:-1, max-image-preview:large, max-video-preview:-1\" \/>\n<link rel=\"canonical\" href=\"https:\/\/cmh.ens.fr\/en\/programmes-de-recherche\/programme-anr-provircap-professionnelles-de-la-vertu-du-capitalisme\/\" class=\"yoast-seo-meta-tag\" \/>\n<meta property=\"og:locale\" content=\"en_US\" class=\"yoast-seo-meta-tag\" \/>\n<meta property=\"og:type\" content=\"article\" class=\"yoast-seo-meta-tag\" \/>\n<meta property=\"og:title\" content=\"Programme ANR ProVirCap - Avril 2021 \u00e0 Avril 2025 - CMH\" class=\"yoast-seo-meta-tag\" \/>\n<meta property=\"og:description\" content=\"Professionnel\u00a0\u00b7les de la vertu du capitalisme La responsabilit\u00e9 sociale des entreprises saisie par ses managers Responsable scientifique\u00a0: Laure BERENI Partenaire ou coordinateur du projet\u00a0:\u00a0Laure BERENI Au cours des derni\u00e8res ann\u00e9es, les milieux d\u2019affaires ont affirm\u00e9 de mani\u00e8re croissante leur aspiration \u00e0 limiter les externalit\u00e9s n\u00e9gatives de leurs activit\u00e9s et \u00e0 contribuer, plus largement, au bien [&hellip;]\" class=\"yoast-seo-meta-tag\" \/>\n<meta property=\"og:url\" content=\"https:\/\/cmh.ens.fr\/en\/programmes-de-recherche\/programme-anr-provircap-professionnelles-de-la-vertu-du-capitalisme\/\" class=\"yoast-seo-meta-tag\" \/>\n<meta property=\"og:site_name\" content=\"CMH\" class=\"yoast-seo-meta-tag\" \/>\n<meta property=\"article:modified_time\" content=\"2023-01-05T10:15:02+00:00\" class=\"yoast-seo-meta-tag\" \/>\n<meta property=\"og:image\" content=\"https:\/\/cmh.ens.fr\/wp-content\/uploads\/arton2037.png\" class=\"yoast-seo-meta-tag\" \/>\n\t<meta property=\"og:image:width\" content=\"260\" class=\"yoast-seo-meta-tag\" \/>\n\t<meta property=\"og:image:height\" content=\"62\" class=\"yoast-seo-meta-tag\" \/>\n\t<meta property=\"og:image:type\" content=\"image\/png\" class=\"yoast-seo-meta-tag\" \/>\n<meta name=\"twitter:card\" content=\"summary_large_image\" class=\"yoast-seo-meta-tag\" \/>\n<meta name=\"twitter:label1\" content=\"Est. reading time\" class=\"yoast-seo-meta-tag\" \/>\n\t<meta name=\"twitter:data1\" content=\"2 minutes\" class=\"yoast-seo-meta-tag\" \/>\n<script type=\"application\/ld+json\" class=\"yoast-schema-graph\">{\"@context\":\"https:\/\/schema.org\",\"@graph\":[{\"@type\":\"WebPage\",\"@id\":\"https:\/\/cmh.ens.fr\/en\/programmes-de-recherche\/programme-anr-provircap-professionnelles-de-la-vertu-du-capitalisme\/\",\"url\":\"https:\/\/cmh.ens.fr\/en\/programmes-de-recherche\/programme-anr-provircap-professionnelles-de-la-vertu-du-capitalisme\/\",\"name\":\"Programme ANR ProVirCap - Avril 2021 \u00e0 Avril 2025 - CMH\",\"isPartOf\":{\"@id\":\"https:\/\/cmh.ens.fr\/en\/#website\"},\"primaryImageOfPage\":{\"@id\":\"https:\/\/cmh.ens.fr\/en\/programmes-de-recherche\/programme-anr-provircap-professionnelles-de-la-vertu-du-capitalisme\/#primaryimage\"},\"image\":{\"@id\":\"https:\/\/cmh.ens.fr\/en\/programmes-de-recherche\/programme-anr-provircap-professionnelles-de-la-vertu-du-capitalisme\/#primaryimage\"},\"thumbnailUrl\":\"https:\/\/cmh.ens.fr\/wp-content\/uploads\/arton2037.png\",\"datePublished\":\"2021-05-20T14:18:28+00:00\",\"dateModified\":\"2023-01-05T10:15:02+00:00\",\"breadcrumb\":{\"@id\":\"https:\/\/cmh.ens.fr\/en\/programmes-de-recherche\/programme-anr-provircap-professionnelles-de-la-vertu-du-capitalisme\/#breadcrumb\"},\"inLanguage\":\"en-US\",\"potentialAction\":[{\"@type\":\"ReadAction\",\"target\":[\"https:\/\/cmh.ens.fr\/en\/programmes-de-recherche\/programme-anr-provircap-professionnelles-de-la-vertu-du-capitalisme\/\"]}]},{\"@type\":\"ImageObject\",\"inLanguage\":\"en-US\",\"@id\":\"https:\/\/cmh.ens.fr\/en\/programmes-de-recherche\/programme-anr-provircap-professionnelles-de-la-vertu-du-capitalisme\/#primaryimage\",\"url\":\"https:\/\/cmh.ens.fr\/wp-content\/uploads\/arton2037.png\",\"contentUrl\":\"https:\/\/cmh.ens.fr\/wp-content\/uploads\/arton2037.png\",\"width\":260,\"height\":62},{\"@type\":\"BreadcrumbList\",\"@id\":\"https:\/\/cmh.ens.fr\/en\/programmes-de-recherche\/programme-anr-provircap-professionnelles-de-la-vertu-du-capitalisme\/#breadcrumb\",\"itemListElement\":[{\"@type\":\"ListItem\",\"position\":1,\"name\":\"Accueil\",\"item\":\"https:\/\/cmh.ens.fr\/\"},{\"@type\":\"ListItem\",\"position\":2,\"name\":\"Programmes de recherche\",\"item\":\"https:\/\/cmh.ens.fr\/programmes-de-recherche\/\"},{\"@type\":\"ListItem\",\"position\":3,\"name\":\"Programme ANR ProVirCap &#8211; Avril 2021 \u00e0 Avril 2025\"}]},{\"@type\":\"WebSite\",\"@id\":\"https:\/\/cmh.ens.fr\/en\/#website\",\"url\":\"https:\/\/cmh.ens.fr\/en\/\",\"name\":\"CMH\",\"description\":\"Centre Maurice Halbwachs\",\"publisher\":{\"@id\":\"https:\/\/cmh.ens.fr\/en\/#organization\"},\"potentialAction\":[{\"@type\":\"SearchAction\",\"target\":{\"@type\":\"EntryPoint\",\"urlTemplate\":\"https:\/\/cmh.ens.fr\/en\/?s={search_term_string}\"},\"query-input\":{\"@type\":\"PropertyValueSpecification\",\"valueRequired\":true,\"valueName\":\"search_term_string\"}}],\"inLanguage\":\"en-US\"},{\"@type\":\"Organization\",\"@id\":\"https:\/\/cmh.ens.fr\/en\/#organization\",\"name\":\"Centre Maurice Halbwachs\",\"url\":\"https:\/\/cmh.ens.fr\/en\/\",\"logo\":{\"@type\":\"ImageObject\",\"inLanguage\":\"en-US\",\"@id\":\"https:\/\/cmh.ens.fr\/en\/#\/schema\/logo\/image\/\",\"url\":\"https:\/\/www.cmh.ens.fr\/wp-content\/uploads\/siteon0.jpg\",\"contentUrl\":\"https:\/\/www.cmh.ens.fr\/wp-content\/uploads\/siteon0.jpg\",\"width\":86,\"height\":53,\"caption\":\"Centre Maurice Halbwachs\"},\"image\":{\"@id\":\"https:\/\/cmh.ens.fr\/en\/#\/schema\/logo\/image\/\"}}]}<\/script>\n<!-- \/ Yoast SEO plugin. -->","yoast_head_json":{"title":"CMH","robots":{"index":"index","follow":"follow","max-snippet":"max-snippet:-1","max-image-preview":"max-image-preview:large","max-video-preview":"max-video-preview:-1"},"canonical":"https:\/\/cmh.ens.fr\/en\/programmes-de-recherche\/programme-anr-provircap-professionnelles-de-la-vertu-du-capitalisme\/","og_locale":"en_US","og_type":"article","og_title":"Programme ANR ProVirCap - Avril 2021 \u00e0 Avril 2025 - CMH","og_description":"Professionnel\u00a0\u00b7les de la vertu du capitalisme La responsabilit\u00e9 sociale des entreprises saisie par ses managers Responsable scientifique\u00a0: Laure BERENI Partenaire ou coordinateur du projet\u00a0:\u00a0Laure BERENI Au cours des derni\u00e8res ann\u00e9es, les milieux d\u2019affaires ont affirm\u00e9 de mani\u00e8re croissante leur aspiration \u00e0 limiter les externalit\u00e9s n\u00e9gatives de leurs activit\u00e9s et \u00e0 contribuer, plus largement, au bien [&hellip;]","og_url":"https:\/\/cmh.ens.fr\/en\/programmes-de-recherche\/programme-anr-provircap-professionnelles-de-la-vertu-du-capitalisme\/","og_site_name":"CMH","article_modified_time":"2023-01-05T10:15:02+00:00","og_image":[{"width":260,"height":62,"url":"https:\/\/cmh.ens.fr\/wp-content\/uploads\/arton2037.png","type":"image\/png"}],"twitter_card":"summary_large_image","twitter_misc":{"Est. reading time":"2 minutes"},"schema":{"@context":"https:\/\/schema.org","@graph":[{"@type":"WebPage","@id":"https:\/\/cmh.ens.fr\/en\/programmes-de-recherche\/programme-anr-provircap-professionnelles-de-la-vertu-du-capitalisme\/","url":"https:\/\/cmh.ens.fr\/en\/programmes-de-recherche\/programme-anr-provircap-professionnelles-de-la-vertu-du-capitalisme\/","name":"Programme ANR ProVirCap - Avril 2021 \u00e0 Avril 2025 - CMH","isPartOf":{"@id":"https:\/\/cmh.ens.fr\/en\/#website"},"primaryImageOfPage":{"@id":"https:\/\/cmh.ens.fr\/en\/programmes-de-recherche\/programme-anr-provircap-professionnelles-de-la-vertu-du-capitalisme\/#primaryimage"},"image":{"@id":"https:\/\/cmh.ens.fr\/en\/programmes-de-recherche\/programme-anr-provircap-professionnelles-de-la-vertu-du-capitalisme\/#primaryimage"},"thumbnailUrl":"https:\/\/cmh.ens.fr\/wp-content\/uploads\/arton2037.png","datePublished":"2021-05-20T14:18:28+00:00","dateModified":"2023-01-05T10:15:02+00:00","breadcrumb":{"@id":"https:\/\/cmh.ens.fr\/en\/programmes-de-recherche\/programme-anr-provircap-professionnelles-de-la-vertu-du-capitalisme\/#breadcrumb"},"inLanguage":"en-US","potentialAction":[{"@type":"ReadAction","target":["https:\/\/cmh.ens.fr\/en\/programmes-de-recherche\/programme-anr-provircap-professionnelles-de-la-vertu-du-capitalisme\/"]}]},{"@type":"ImageObject","inLanguage":"en-US","@id":"https:\/\/cmh.ens.fr\/en\/programmes-de-recherche\/programme-anr-provircap-professionnelles-de-la-vertu-du-capitalisme\/#primaryimage","url":"https:\/\/cmh.ens.fr\/wp-content\/uploads\/arton2037.png","contentUrl":"https:\/\/cmh.ens.fr\/wp-content\/uploads\/arton2037.png","width":260,"height":62},{"@type":"BreadcrumbList","@id":"https:\/\/cmh.ens.fr\/en\/programmes-de-recherche\/programme-anr-provircap-professionnelles-de-la-vertu-du-capitalisme\/#breadcrumb","itemListElement":[{"@type":"ListItem","position":1,"name":"Accueil","item":"https:\/\/cmh.ens.fr\/"},{"@type":"ListItem","position":2,"name":"Programmes de recherche","item":"https:\/\/cmh.ens.fr\/programmes-de-recherche\/"},{"@type":"ListItem","position":3,"name":"Programme ANR ProVirCap &#8211; Avril 2021 \u00e0 Avril 2025"}]},{"@type":"WebSite","@id":"https:\/\/cmh.ens.fr\/en\/#website","url":"https:\/\/cmh.ens.fr\/en\/","name":"CMH","description":"Centre Maurice Halbwachs","publisher":{"@id":"https:\/\/cmh.ens.fr\/en\/#organization"},"potentialAction":[{"@type":"SearchAction","target":{"@type":"EntryPoint","urlTemplate":"https:\/\/cmh.ens.fr\/en\/?s={search_term_string}"},"query-input":{"@type":"PropertyValueSpecification","valueRequired":true,"valueName":"search_term_string"}}],"inLanguage":"en-US"},{"@type":"Organization","@id":"https:\/\/cmh.ens.fr\/en\/#organization","name":"Centre Maurice Halbwachs","url":"https:\/\/cmh.ens.fr\/en\/","logo":{"@type":"ImageObject","inLanguage":"en-US","@id":"https:\/\/cmh.ens.fr\/en\/#\/schema\/logo\/image\/","url":"https:\/\/www.cmh.ens.fr\/wp-content\/uploads\/siteon0.jpg","contentUrl":"https:\/\/www.cmh.ens.fr\/wp-content\/uploads\/siteon0.jpg","width":86,"height":53,"caption":"Centre Maurice Halbwachs"},"image":{"@id":"https:\/\/cmh.ens.fr\/en\/#\/schema\/logo\/image\/"}}]}},"_links":{"self":[{"href":"https:\/\/cmh.ens.fr\/en\/wp-json\/wp\/v2\/pages\/5738"}],"collection":[{"href":"https:\/\/cmh.ens.fr\/en\/wp-json\/wp\/v2\/pages"}],"about":[{"href":"https:\/\/cmh.ens.fr\/en\/wp-json\/wp\/v2\/types\/page"}],"author":[{"embeddable":true,"href":"https:\/\/cmh.ens.fr\/en\/wp-json\/wp\/v2\/users\/1"}],"replies":[{"embeddable":true,"href":"https:\/\/cmh.ens.fr\/en\/wp-json\/wp\/v2\/comments?post=5738"}],"version-history":[{"count":6,"href":"https:\/\/cmh.ens.fr\/en\/wp-json\/wp\/v2\/pages\/5738\/revisions"}],"predecessor-version":[{"id":11147,"href":"https:\/\/cmh.ens.fr\/en\/wp-json\/wp\/v2\/pages\/5738\/revisions\/11147"}],"up":[{"embeddable":true,"href":"https:\/\/cmh.ens.fr\/en\/wp-json\/wp\/v2\/pages\/5740"}],"wp:featuredmedia":[{"embeddable":true,"href":"https:\/\/cmh.ens.fr\/en\/wp-json\/wp\/v2\/media\/5742"}],"wp:attachment":[{"href":"https:\/\/cmh.ens.fr\/en\/wp-json\/wp\/v2\/media?parent=5738"}],"curies":[{"name":"wp","href":"https:\/\/api.w.org\/{rel}","templated":true}]}}