{"id":5529,"date":"2021-05-17T13:26:14","date_gmt":"2021-05-17T11:26:14","guid":{"rendered":"https:\/\/w3.cmh.ens.fr\/?page_id=5529"},"modified":"2021-05-17T13:26:18","modified_gmt":"2021-05-17T11:26:18","slug":"manifestations-scientifiques-2014","status":"publish","type":"page","link":"https:\/\/cmh.ens.fr\/en\/activites-scientifiques-anterieures\/manifestations-scientifiques-2014\/","title":{"rendered":"Manifestations scientifiques 2014"},"content":{"rendered":"<p><strong>Colloque \u00ab\u00a0n\u00e9o-pentec\u00f4tismes\u00a0\u00bb<\/strong><br><strong>6 et 7 f\u00e9vrier 2014<\/strong><br><strong>Location<\/strong>&nbsp;: Paris, ENS, 29 rue d\u2019Ulm, salle Paul Langevin.<br><strong>Jesus Garcia-Ruiz<\/strong> et <strong>Patrick Michel<\/strong><br>Le colloque vise, en construisant le religieux en un objet interm\u00e9diaire, \u00e0 contribuer \u00e0 mettre en place les \u00e9l\u00e9ments de l\u2019outillage intellectuel renouvel\u00e9 n\u00e9cessaire pour penser les recompositions affectant la sc\u00e8ne contemporaine en termes de relation entre religieux, social et politique.<br>Ces recompositions, notamment induites par l\u2019acc\u00e9l\u00e9ration ressentie de la mondialisation, sont largement appr\u00e9hend\u00e9es et v\u00e9cues par les acteurs sur le mode de la\u00a0\u00ab&nbsp;crise&nbsp;\u00bb, une crise dont la progression des n\u00e9o-pentec\u00f4tistes, partout, serait tout autant un indicateur qu\u2019un instrument de gestion. Le courant \u00e9vang\u00e9lique, et en son sein le n\u00e9o-pentec\u00f4tisme, apparaissent de fait comme une ressource privil\u00e9gi\u00e9e de red\u00e9finition identitaire et d\u2019inscription de cette identit\u00e9 reconstruite dans un univers de circulation fluide. Cet \u00e9vang\u00e9lisme constitue un espace pertinent d\u2019observation des nouvelles valeurs de soci\u00e9t\u00e9s travaill\u00e9es par un mouvement avec lequel des affinit\u00e9s lui sont pr\u00eat\u00e9es. Il repr\u00e9sente \u00e9galement un indicateur pr\u00e9cieux des modalit\u00e9s d\u2019\u00e9tablissement, par ces soci\u00e9t\u00e9s, d\u2019un rapport au pluralisme, dont il appara\u00eet d\u2019ailleurs comme l\u2019une des composantes. Il est, partout, tent\u00e9 de passer explicitement du statut d\u2019acteur religieux auquel il pouvait sembler possible de le r\u00e9duire, \u00e0 celui d\u2019acteur social, \u00e9conomique et, d\u00e8s lors, politique.<\/p>\n\n\n\n<figure class=\"wp-block-image\"><img decoding=\"async\" src=\"https:\/\/www.cmh.ens.fr\/plugins-dist\/medias\/prive\/vignettes\/pdf.png\" alt=\"Programme\" title=\"Programme\"\/><\/figure>\n\n\n\n<p>Programme<\/p>\n\n\n\n<hr class=\"wp-block-separator\"\/>\n\n\n\n<p><strong>Journ\u00e9es d\u2019\u00e9tude \u00ab\u00a0Construire l\u2019\u00c9tat \u00e0 l\u2019\u00e9chelle locale\u00a0\u00bb<\/strong><br><img decoding=\"async\" src=\"https:\/\/www.cmh.ens.fr\/IMG\/jpg\/couv_etat3.jpg\" alt=\"\" width=\"154\" height=\"218\"><strong>7 et 8 f\u00e9vrier 2014<\/strong><br><strong>Location<\/strong>&nbsp;: Paris, ENS et MSE<br><strong>J\u00e9r\u00f4me Bourdieu<\/strong> (INRA-PSE et EHESS), <strong>Agn\u00e8s Gramain<\/strong> (CES &#8211; UP1), <strong>Florence Weber<\/strong> (CMH-ENS)<br>La question de l\u2019\u00e9chelle spatiale \u00e0 laquelle sont organis\u00e9es les politiques publiques est souvent pos\u00e9e en termes normatifs et autour de l\u2019antinomie entre, d\u2019un c\u00f4t\u00e9, une logique d\u2019\u00e9quit\u00e9 et d\u2019efficacit\u00e9 qui suppose de se placer \u00e0 l\u2019\u00e9chelle la plus large possible \u2013 \u00e0 l\u2019\u00e9chelle de l\u2019Etat national et, de l\u2019autre c\u00f4t\u00e9, une logique \u00e0 la fois d\u00e9mocratique et informationnelle qui veut que les choses soient d\u00e9cid\u00e9es localement, au plus pr\u00e8s des gens et, si possible, par les gens eux-m\u00eames. On voit ainsi d\u00e9nonc\u00e9s aussi bien le centralisme autoritaire et aveugle des administrations centrales que les effets \u2018localistes\u2019, in\u00e9galitaires et co\u00fbteux des politiques publiques construites localement.<\/p>\n\n\n\n<figure class=\"wp-block-image\"><img decoding=\"async\" src=\"https:\/\/www.cmh.ens.fr\/plugins-dist\/medias\/prive\/vignettes\/pdf.png\" alt=\"Programme\" title=\"Programme\"\/><\/figure>\n\n\n\n<p>Programme<\/p>\n\n\n\n<hr class=\"wp-block-separator\"\/>\n\n\n\n<p><strong>Conf\u00e9rence-d\u00e9bat \u00ab\u00a0Le sociologue face \u00e0 l\u2019islamophobie\u00a0\u00bb<\/strong><br><strong>Vendredi 11 avril<\/strong>, de 15h \u00e0 18h<br><strong>Location<\/strong>&nbsp;: EHESS, amphith\u00e9atre Fran\u00e7ois Furet, 105, Bd Raspail, 75006 Paris<br>D\u00e9bat anim\u00e9 par <strong>Serge Paugam<\/strong><br>Avec la participation des auteurs de la revue <em>Sociologie<\/em>&nbsp;:<br>Houda Asal, Bruno Cousin, Abdellali Hajjat, Marwan Mohammed, Tommaso Vitale<\/p>\n\n\n\n<hr class=\"wp-block-separator\"\/>\n\n\n\n<p><strong>Journ\u00e9es d\u2019\u00e9tude \u00ab\u00a0La responsabilit\u00e9 en justice. Acteurs et action\u00a0\u00bb<\/strong><br><strong>Vendredi 11 avril<\/strong>, de 9h \u00e0 17h30<br><strong>Location<\/strong>&nbsp;: EHESS, 105, Bd Raspail, 75006 Paris<br>Journ\u00e9e d\u2019\u00e9tude organis\u00e9e pour le PRI \u00ab\u00a0Terrains du droit\u00a0\u00bb par <strong>Fran\u00e7oise Briegel, Simona Cerutti, Deborah Puccio-Den<\/strong><\/p>\n\n\n\n<figure class=\"wp-block-image\"><img decoding=\"async\" src=\"https:\/\/www.cmh.ens.fr\/plugins-dist\/medias\/prive\/vignettes\/pdf.png\" alt=\"Programme\" title=\"Programme\"\/><\/figure>\n\n\n\n<p>Programme<\/p>\n\n\n\n<hr class=\"wp-block-separator\"\/>\n\n\n\n<p><strong>Journ\u00e9e d\u2019\u00e9tude \u00ab\u00a0Mesurer la qualit\u00e9 de la vie dans la cit\u00e9 et au travail&nbsp;: Projet manag\u00e9rial ou ph\u00e9nom\u00e8ne d\u00e9mocratique&nbsp;?\u00a0\u00bb<\/strong><br><strong>Lundi 26 mai<\/strong>, de 9h \u00e0 18h<br>Journ\u00e9e d\u2019\u00e9tude organis\u00e9e dans le cadre du <strong>Programme Emergences<\/strong> (Ville de Paris) coordonn\u00e9 par <strong>Alexandra Bidet<\/strong> (CMH),<strong>Pauline Barraud de Lagerie<\/strong> (IRISSO), <strong>Luigi Doria<\/strong> (CMH), <strong>David Martin<\/strong> (CERTOP), <strong>Fran\u00e7ois Vatin<\/strong> (IDHE).<br><strong>Lieu&nbsp;:<\/strong> ENS, salle Dussane, 45, rue d\u2019Ulm, 75005 Paris<br>Mesurer, \u00e9valuer, quantifier&nbsp;: que signifient ces activit\u00e9s pour la vie sociale contemporaine&nbsp;? Comment interpr\u00e9ter l\u2019\u00e9volution de la mesure de la vie sociale vers une mesure en termes de qualit\u00e9&nbsp;? Et que penser du d\u00e9veloppement, dans ce cadre, d\u2019une mesure de la qualit\u00e9 de la vie&nbsp;? Faut-il voir l\u00e0 seulement le signe d\u2019une attente de plus en plus forte et pr\u00e9gnante de contr\u00f4le, comme si le contr\u00f4le de la qualit\u00e9 portait la promesse d\u2019une r\u00e9alit\u00e9 sociale parfaitement transparente et maitris\u00e9e&nbsp;? Les tentatives faites pour r\u00e9int\u00e9grer une dimension qualitative oubli\u00e9e, et promouvoir d\u2019autres crit\u00e8res d\u2019\u00e9valuation et de pilotage que ceux port\u00e9s par les indicateurs \u00e9conomiques et mon\u00e9taires dominants, ne contribuent-ils pas \u00e0 \u00e9tendre encore le champ du quantitatif&nbsp;? En privil\u00e9giant les deux domaines de la qualit\u00e9 de la vie au travail et de la qualit\u00e9 de vie \u00e0 l\u2019\u00e9chelle territoriale, cette journ\u00e9e d\u2019\u00e9tude se donne des objets riches en exp\u00e9rimentations et en d\u00e9bats pour interroger les enjeux des mesures, des standards et des classements \u00e9labor\u00e9s autour de ces\u00a0\u00ab&nbsp;qualit\u00e9s de la vie&nbsp;\u00bb, ainsi que leurs effets sur les ar\u00e8nes publiques et sur les fa\u00e7ons de faire \u00e9merger, en d\u00e9mocratie, ce \u00e0 quoi nous tenons.<\/p>\n\n\n\n<figure class=\"wp-block-image\"><img decoding=\"async\" src=\"https:\/\/www.cmh.ens.fr\/plugins-dist\/medias\/prive\/vignettes\/pdf.png\" alt=\"Programme \" title=\"Programme \"\/><\/figure>\n\n\n\n<p>Programme<\/p>\n\n\n\n<hr class=\"wp-block-separator\"\/>\n\n\n\n<p><strong>Colloque \u00ab\u00a0Penser autrement la propri\u00e9t\u00e9. Des formes de conceptualisation alternatives de la propri\u00e9t\u00e9\u00a0\u00bb<\/strong><br><strong>Lundi 2 et mardi 3 juin<\/strong><br>Colloque organis\u00e9 par <strong>Caroline Guibet Lafaye<\/strong> (Directrice de recherches au CNRS) et <strong>Sarah Vanuxem<\/strong> (Ma\u00eetre de conf\u00e9rences \u00e0 l\u2019UNSA)<br>Colloque du GREDEG \u2013 CREDECO, du Centre Maurice Halbwachs et de la Maison des Sciences de l\u2019Homme et de la Soci\u00e9t\u00e9 Sud-Est.<br><strong>Location<\/strong>&nbsp;: Facult\u00e9 de droit de l\u2019Universit\u00e9 de Nice Sophia Antipolis &#8211; Amphith\u00e9\u00e2tre 202<br>Il est courant de pr\u00e9senter le droit des biens fran\u00e7ais comme opposant les partisans d\u2019une th\u00e9orie classique de la propri\u00e9t\u00e9 \u2013 qui la d\u00e9finissent comme un faisceau de pr\u00e9rogatives (usus, fructus et abusus) \u2013, aux tenants d\u2019une th\u00e9orie renouvel\u00e9e de la propri\u00e9t\u00e9 \u2013 qui la regardent telle une relation d\u2019exclusivit\u00e9 entre une personne et sa chose (Ginossar, F. Zenati et Th. Revet) \u2013. L\u2019on ne saurait toutefois manquer de voir que ces doctrines demeurent, au-del\u00e0 de leurs divergences, fermement attach\u00e9es \u00e0 la conception juridique moderne et \u00e0 ses pr\u00e9suppos\u00e9s jus-naturalistes, voire plus g\u00e9n\u00e9ralement essentialistes. Toutes deux restent en particulier centr\u00e9es sur une seule vision de la propri\u00e9t\u00e9&nbsp;: celle que l\u2019on a pu nommer\u00a0\u00ab&nbsp;ma\u00eetrise souveraine&nbsp;\u00bb, lors m\u00eame que la d\u00e9monstration a \u00e9t\u00e9 faite que le Code civil contient en germe d\u2019autres possibilit\u00e9s (M.&nbsp;Xifaras).<br>Ce sont ces formes\u00a0\u00ab&nbsp;alternatives&nbsp;\u00bb de conceptualisation de la propri\u00e9t\u00e9 que nous souhaiterions explorer les 2 et 3 juin prochain, \u00e0 Nice. Au fil des communications, nous d\u00e9couvrirons les interpr\u00e9tations contemporaines de la propri\u00e9t\u00e9 en termes d\u2019acc\u00e8s et de contr\u00f4le, mais aussi de\u00a0\u00ab&nbsp;faisceaux de droit&nbsp;\u00bb, et verrons quels liens peuvent \u00eatre tiss\u00e9s avec ce qu\u2019il est d\u00e9sormais convenu d\u2019appeler les\u00a0\u00ab&nbsp;communs&nbsp;\u00bb&nbsp;; nous reconsid\u00e9rerons les propri\u00e9t\u00e9s communes ou collectives, souvent m\u00e9connues, et nous demanderons dans quelle mesure il serait possible de renouer avec les anciennes formes de\u00a0\u00ab&nbsp;propri\u00e9t\u00e9s simultan\u00e9es&nbsp;\u00bb. L\u2019on s\u2019efforcera de s\u2019ouvrir aux visions non occidentales de la propri\u00e9t\u00e9, au risque de voir le concept purement et simplement rejet\u00e9. Enfin, des \u00e9tudes de cas illustrant la difficult\u00e9 de rendre compte de la propri\u00e9t\u00e9 selon la conception orthodoxe compl\u00e8teront des expos\u00e9s de port\u00e9e plus conceptuelle.<\/p>\n\n\n\n<figure class=\"wp-block-image\"><img decoding=\"async\" src=\"https:\/\/www.cmh.ens.fr\/plugins-dist\/medias\/prive\/vignettes\/pdf.png\" alt=\"Programme\" title=\"Programme\"\/><\/figure>\n\n\n\n<p>Programme<\/p>\n\n\n\n<hr class=\"wp-block-separator\"\/>\n\n\n\n<p><strong>Colloque \u00ab\u00a0Cerisy. Sociologie \u00e9conomique et \u00e9conomie critique&nbsp;: \u00e0 la recherche du politique\u00a0\u00bb<\/strong><br><strong>Du jeudi 12 au jeudi 19 juin<\/strong><br>Colloque organis\u00e9 par <strong>Alexandra Bidet<\/strong> et<strong> Florence Jany-Catrice<\/strong> avec le soutien du Groupement de recherche CNRS\u00a0\u00ab&nbsp;\u00c9conomie &amp; Sociologie&nbsp;\u00bb<br><strong>Location<\/strong>&nbsp;: Centre Culturel International de Cerisy-la-Salle &#8211; Le Ch\u00e2teau, 50210 Cerisy-la-Salle<br>Alors que s\u2019affirme le renouveau d\u2019une sociologie des faits \u00e9conomiques, on observe au retour d\u2019une interrogation classique sur la dimension politique des faits \u00e9conomiques et \u00e0 une insatisfaction croissante \u00e0 l\u2019\u00e9gard de l\u2019\u00e9conomie\u00a0\u00ab&nbsp;standard&nbsp;\u00bb, dont le discours s\u2019est av\u00e9r\u00e9 de plus en plus en d\u00e9calage avec les enjeux du moment, marqu\u00e9s notamment par la grave crise financi\u00e8re mondiale ouverte \u00e0 l\u2019automne 2008. Depuis 2004, le groupement de recherche (GDR CNRS)\u00a0\u00ab&nbsp;\u00c9conomie &amp; Sociologie&nbsp;\u00bb a entrepris de structurer ce champ de recherches dans l\u2019espace fran\u00e7ais. Ce colloque poursuit cet effort en rassemblant des travaux originaux et en promouvant le dialogue entre \u00e9conomistes politiques et sociologues de l\u2019\u00e9conomie. Il part de l\u2019id\u00e9e que les transformations de la r\u00e9alit\u00e9 \u00e9conomique relevant de la mondialisation sont ins\u00e9parables des autres formes de r\u00e9alit\u00e9 et dessinent de nouvelles pratiques et orientations politiques, qu\u2019il s\u2019agisse de l\u2019\u00c9tat, des territoires, du droit, des libert\u00e9s ou de l\u2019autonomie des individus. Partir \u00e0 la recherche de la dimension politique des faits \u00e9conomiques aujourd\u2019hui, ou construire intellectuellement son retour, c\u2019est tenter d\u2019\u00e9laborer de nouvelles m\u00e9diations entre sens commun et constructions scientifiques, et proposer ainsi des sch\u00e8mes d\u2019intelligibilit\u00e9 de l\u2019\u00e9conomie, scientifiquement heuristiques, mais \u00e9galement appropriables par les citoyens\u00a0\u00ab&nbsp;ordinaires&nbsp;\u00bb dans le d\u00e9bat public.<br><a href=\"http:\/\/www.ccic-cerisy.asso.fr\/sociologieeconomique14.html\">Renseignements<\/a><\/p>\n\n\n\n<hr class=\"wp-block-separator\"\/>\n\n\n\n<p><strong>Journ\u00e9es de Foljuif<\/strong><br><strong>Jeudi 26 et vendredi 27 juin<\/strong><br>Journ\u00e9es centr\u00e9es sur des questions th\u00e9oriques et m\u00e9thodologiques pos\u00e9es par des doctorants.<br>\u00c9quipe organisatrice&nbsp;: <strong>Mathieu Hocquelet<\/strong> (post-doc), <strong>Quentin Ravelli<\/strong> (CR) et <strong>Catherine Marry<\/strong> (DR)<\/p>\n\n\n\n<figure class=\"wp-block-image\"><img decoding=\"async\" src=\"https:\/\/www.cmh.ens.fr\/plugins-dist\/medias\/prive\/vignettes\/pdf.png\" alt=\"Programme\" title=\"Programme\"\/><\/figure>\n\n\n\n<p>Programme<\/p>\n\n\n\n<hr class=\"wp-block-separator\"\/>\n\n\n\n<p><img decoding=\"async\" src=\"https:\/\/www.cmh.ens.fr\/IMG\/jpg\/2logo_12dec-2.jpg\" alt=\"\" width=\"156\" height=\"223\"><strong>Journ\u00e9e d\u2019\u00e9tude \u00ab\u00a0Graphisme alternatif et engagement politique apr\u00e8s 1968\u00a0\u00bb<\/strong><br><strong>Vendredi 12 d\u00e9cembre<\/strong>, de 10h \u00e0 17h<br><strong>Location<\/strong>&nbsp;: EHESS &#8211; Amphi Fran\u00e7ois Furet<br>105, bd Raspail, 75006 Paris<br>La journ\u00e9e d\u2019\u00e9tude s\u2019int\u00e9resse aux relations entre graphisme et politique, de 1968 \u00e0 la fin des ann\u00e9es 1980, et particuli\u00e8rement aux correspondances et jeux d\u2019influence observables au niveau international dans les pratiques et les productions des graphistes.<br>La journ\u00e9e d\u2019\u00e9tude s\u2019ins\u00e8re dans le projet de recherche\u00a0\u00ab&nbsp;Engagement politique et cr\u00e9ation graphique&nbsp;\u00bb, port\u00e9 par l\u2019Universit\u00e9 Paris Lumi\u00e8res, qui inclut notamment&nbsp;: <img decoding=\"async\" src=\"https:\/\/www.cmh.ens.fr\/Manifestations-scientifiques-2014\" alt=\"-\">&nbsp;un s\u00e9minaire \u00e0 l\u2019EHESS&nbsp;:\u00a0\u00ab&nbsp;Engagement politique et cr\u00e9ation graphique&nbsp;: autour de Grapus (1970- 1990)&nbsp;\u00bb, <strong>Catherine de Smet<\/strong>, ma\u00eetre de conf\u00e9rences \u00e0 l\u2019Universit\u00e9 Paris 8 et <strong>B\u00e9atrice Fraenkel<\/strong>, directrice d\u2019\u00e9tudes \u00e0 l\u2019EHESS&nbsp;; <img decoding=\"async\" src=\"https:\/\/www.cmh.ens.fr\/Manifestations-scientifiques-2014\" alt=\"-\">&nbsp;un projet de l\u2019\u00c9cole europ\u00e9enne sup\u00e9rieure d\u2019art de Bretagne-Rennes,\u00a0\u00ab&nbsp;L\u2019int\u00e9r\u00eat public dans la sph\u00e8re priv\u00e9e&nbsp;: Grapus collectionn\u00e9&nbsp;\u00bb&nbsp;; <img decoding=\"async\" src=\"https:\/\/www.cmh.ens.fr\/Manifestations-scientifiques-2014\" alt=\"-\">&nbsp;un projet d\u2019exposition sur le graphisme international des ann\u00e9es 1970-1980, qui se tiendra \u00e0 la BDIC en 2016.<\/p>\n\n\n\n<figure class=\"wp-block-image\"><img decoding=\"async\" src=\"https:\/\/www.cmh.ens.fr\/plugins-dist\/medias\/prive\/vignettes\/pdf.png\" alt=\"Programme\" title=\"Programme\"\/><\/figure>\n\n\n\n<p>Programme<\/p>\n\n\n\n<hr class=\"wp-block-separator\"\/>\n\n\n\n<p><strong>Journ\u00e9e d\u2019\u00e9tude \u00ab\u00a0Les amphis du mage\u00a0\u00bb<\/strong><br><img decoding=\"async\" src=\"https:\/\/www.cmh.ens.fr\/IMG\/jpg\/te2-2.jpg\" alt=\"\" width=\"122\" height=\"174\"><strong>Les amphis du mage<br>Les restructurations, contestations et exp\u00e9riences<\/strong><br>autour de la parution du n\u00b0137 et n\u00b0138 de la revue <em>Travail et Emploi<\/em><br><strong>Vendredi 12 d\u00e9cembre<\/strong>, de 13h30 \u00e0 19h<br><strong>Location<\/strong>&nbsp;: Amphith\u00e9\u00e2tre Durkheim \u2013 Sorbonne, Galerie Claude Bernard, Esc. 1<br>54, rue Saint-Jacques, 75005 Paris<br>Ouverture par <strong>Thomas Amoss\u00e9<\/strong>, r\u00e9dacteur en chef de<em> Travail et emploi<\/em><br>et <strong>Margaret Maruani<\/strong>, directrice du MAGE<br>D\u00e9bat introduit par <strong>Sophie Pochic<\/strong>, CNRS et <strong>Anne Bory<\/strong>, Universit\u00e9 Lille I, et anim\u00e9 par <strong>Xavier Dunezat<\/strong>, Cresppa-GTM et <strong>\u00c8ve Meuret-Camfort<\/strong>, Universit\u00e9 de Nantes<\/p>\n\n\n\n<figure class=\"wp-block-image\"><img decoding=\"async\" src=\"https:\/\/www.cmh.ens.fr\/plugins-dist\/medias\/prive\/vignettes\/pdf.png\" alt=\"Programme\" title=\"Programme\"\/><\/figure>\n\n\n\n<p>Programme<\/p>\n\n\n\n<hr class=\"wp-block-separator\"\/>\n\n\n\n<p><strong>Journ\u00e9e d\u2019\u00e9tude \u00ab\u00a0Les classes sociales en Europe\u00a0\u00bb<\/strong><br><strong>Lundi 15 et mardi 16 d\u00e9cembre<\/strong><br><strong>Location<\/strong>&nbsp;: Site CNRS Pouchet, 59-61 rue Pouchet, 75849 Paris cedex 17<br>Les travaux comparatistes men\u00e9s au niveau europ\u00e9en sont majoritairement quantitatifs, et restent mal connus des sociologues non statisticiens en France. Pourtant il y a un enjeu central \u00e0 d\u00e9velopper d\u2019une part une r\u00e9flexion sur les groupes sociaux et les in\u00e9galit\u00e9s \u00e0 l\u2019\u00e9chelle europ\u00e9enne, mais aussi \u00e0 d\u00e9velopper des comparaisons entre structures sociales et in\u00e9galit\u00e9s entre pays.<br>Ces journ\u00e9es visent donc \u00e0 pr\u00e9senter un ensemble de d\u00e9bats qui traversent les travaux quantitatifs portant sur les groupes sociaux en Europe, et \u00e0 expliciter la place qu\u2019y occupe (ou non) la sociologie des classes sociales. Elles visent \u00e9galement \u00e0 inciter \u00e0 lier les enqu\u00eates quantitatives et les enqu\u00eates de terrain pour d\u00e9velopper une r\u00e9flexion sur les classes sociales et les in\u00e9galit\u00e9s en Europe, r\u00e9flexion particuli\u00e8rement cruciale dans un contexte de crise \u00e9conomique.<br>Une premi\u00e8re journ\u00e9e sera centr\u00e9e sur la conception et l\u2019usage des nomenclatures socioprofessionnelles et des enjeux \u00e0 la fois th\u00e9oriques et m\u00e9thodologiques qui les sous-tendent. Une deuxi\u00e8me journ\u00e9e sera centr\u00e9e sur les travaux comparatifs sur les classes sociales en Europe, et sur la comparaison entre travaux men\u00e9s dans diff\u00e9rents cadres nationaux, afin de susciter de nouvelles perspectives de recherche.<br>Journ\u00e9es organis\u00e9es au sein de l\u2019Association fran\u00e7aise de sociologie par les r\u00e9seaux Classes sociales, in\u00e9galit\u00e9s, fragmentations (RT 5), M\u00e9thodes (RT 20), Sociologie des \u00e9lites (RT 42) et Justice sociale (GT 44).<br>Conjointement avec le Ceraps (UMR 8026), le Cresppa (UMR 7217), et la Maison des Sciences de l\u2019Homme de Lorraine.<\/p>\n\n\n\n<figure class=\"wp-block-image\"><img decoding=\"async\" src=\"https:\/\/www.cmh.ens.fr\/plugins-dist\/medias\/prive\/vignettes\/pdf.png\" alt=\"Programme\" title=\"Programme\"\/><\/figure>\n\n\n\n<p>Programme<\/p>","protected":false},"excerpt":{"rendered":"<p>Colloque \u00ab\u00a0n\u00e9o-pentec\u00f4tismes\u00a0\u00bb6 et 7 f\u00e9vrier 2014Lieu&nbsp;: Paris, ENS, 29 rue d\u2019Ulm, salle Paul Langevin.Jesus Garcia-Ruiz et Patrick MichelLe colloque vise, en construisant le religieux en un objet interm\u00e9diaire, \u00e0 contribuer \u00e0 mettre en place les \u00e9l\u00e9ments de l\u2019outillage intellectuel renouvel\u00e9 n\u00e9cessaire pour penser les recompositions affectant la sc\u00e8ne contemporaine en termes de relation entre religieux, [&hellip;]<\/p>\n","protected":false},"author":1,"featured_media":0,"parent":2649,"menu_order":0,"comment_status":"closed","ping_status":"closed","template":"","meta":{"_acf_changed":false,"footnotes":""},"class_list":["post-5529","page","type-page","status-publish","hentry"],"acf":[],"yoast_head":"<!-- This site is optimized with the Yoast SEO plugin v25.6 - https:\/\/yoast.com\/wordpress\/plugins\/seo\/ -->\n<title>CMH<\/title>\n<meta name=\"robots\" content=\"index, follow, max-snippet:-1, max-image-preview:large, max-video-preview:-1\" \/>\n<link rel=\"canonical\" href=\"https:\/\/cmh.ens.fr\/en\/activites-scientifiques-anterieures\/manifestations-scientifiques-2014\/\" class=\"yoast-seo-meta-tag\" \/>\n<meta property=\"og:locale\" content=\"en_US\" class=\"yoast-seo-meta-tag\" \/>\n<meta property=\"og:type\" content=\"article\" class=\"yoast-seo-meta-tag\" \/>\n<meta property=\"og:title\" content=\"Manifestations scientifiques 2014 - CMH\" class=\"yoast-seo-meta-tag\" \/>\n<meta property=\"og:description\" content=\"Colloque \u00ab\u00a0n\u00e9o-pentec\u00f4tismes\u00a0\u00bb6 et 7 f\u00e9vrier 2014Lieu&nbsp;: Paris, ENS, 29 rue d\u2019Ulm, salle Paul Langevin.Jesus Garcia-Ruiz et Patrick MichelLe colloque vise, en construisant le religieux en un objet interm\u00e9diaire, \u00e0 contribuer \u00e0 mettre en place les \u00e9l\u00e9ments de l\u2019outillage intellectuel renouvel\u00e9 n\u00e9cessaire pour penser les recompositions affectant la sc\u00e8ne contemporaine en termes de relation entre religieux, [&hellip;]\" class=\"yoast-seo-meta-tag\" \/>\n<meta property=\"og:url\" content=\"https:\/\/cmh.ens.fr\/en\/activites-scientifiques-anterieures\/manifestations-scientifiques-2014\/\" class=\"yoast-seo-meta-tag\" \/>\n<meta property=\"og:site_name\" content=\"CMH\" class=\"yoast-seo-meta-tag\" \/>\n<meta property=\"article:modified_time\" content=\"2021-05-17T11:26:18+00:00\" class=\"yoast-seo-meta-tag\" \/>\n<meta property=\"og:image\" content=\"https:\/\/www.cmh.ens.fr\/plugins-dist\/medias\/prive\/vignettes\/pdf.png\" class=\"yoast-seo-meta-tag\" \/>\n<meta name=\"twitter:card\" content=\"summary_large_image\" class=\"yoast-seo-meta-tag\" \/>\n<meta name=\"twitter:label1\" content=\"Est. reading time\" class=\"yoast-seo-meta-tag\" \/>\n\t<meta name=\"twitter:data1\" content=\"12 minutes\" class=\"yoast-seo-meta-tag\" \/>\n<script type=\"application\/ld+json\" class=\"yoast-schema-graph\">{\"@context\":\"https:\/\/schema.org\",\"@graph\":[{\"@type\":\"WebPage\",\"@id\":\"https:\/\/cmh.ens.fr\/en\/activites-scientifiques-anterieures\/manifestations-scientifiques-2014\/\",\"url\":\"https:\/\/cmh.ens.fr\/en\/activites-scientifiques-anterieures\/manifestations-scientifiques-2014\/\",\"name\":\"Manifestations scientifiques 2014 - CMH\",\"isPartOf\":{\"@id\":\"https:\/\/cmh.ens.fr\/en\/#website\"},\"primaryImageOfPage\":{\"@id\":\"https:\/\/cmh.ens.fr\/en\/activites-scientifiques-anterieures\/manifestations-scientifiques-2014\/#primaryimage\"},\"image\":{\"@id\":\"https:\/\/cmh.ens.fr\/en\/activites-scientifiques-anterieures\/manifestations-scientifiques-2014\/#primaryimage\"},\"thumbnailUrl\":\"https:\/\/www.cmh.ens.fr\/plugins-dist\/medias\/prive\/vignettes\/pdf.png\",\"datePublished\":\"2021-05-17T11:26:14+00:00\",\"dateModified\":\"2021-05-17T11:26:18+00:00\",\"breadcrumb\":{\"@id\":\"https:\/\/cmh.ens.fr\/en\/activites-scientifiques-anterieures\/manifestations-scientifiques-2014\/#breadcrumb\"},\"inLanguage\":\"en-US\",\"potentialAction\":[{\"@type\":\"ReadAction\",\"target\":[\"https:\/\/cmh.ens.fr\/en\/activites-scientifiques-anterieures\/manifestations-scientifiques-2014\/\"]}]},{\"@type\":\"ImageObject\",\"inLanguage\":\"en-US\",\"@id\":\"https:\/\/cmh.ens.fr\/en\/activites-scientifiques-anterieures\/manifestations-scientifiques-2014\/#primaryimage\",\"url\":\"https:\/\/www.cmh.ens.fr\/plugins-dist\/medias\/prive\/vignettes\/pdf.png\",\"contentUrl\":\"https:\/\/www.cmh.ens.fr\/plugins-dist\/medias\/prive\/vignettes\/pdf.png\"},{\"@type\":\"BreadcrumbList\",\"@id\":\"https:\/\/cmh.ens.fr\/en\/activites-scientifiques-anterieures\/manifestations-scientifiques-2014\/#breadcrumb\",\"itemListElement\":[{\"@type\":\"ListItem\",\"position\":1,\"name\":\"Accueil\",\"item\":\"https:\/\/cmh.ens.fr\/\"},{\"@type\":\"ListItem\",\"position\":2,\"name\":\"Activit\u00e9s scientifiques ant\u00e9rieures\",\"item\":\"https:\/\/cmh.ens.fr\/activites-scientifiques-anterieures\/\"},{\"@type\":\"ListItem\",\"position\":3,\"name\":\"Manifestations scientifiques 2014\"}]},{\"@type\":\"WebSite\",\"@id\":\"https:\/\/cmh.ens.fr\/en\/#website\",\"url\":\"https:\/\/cmh.ens.fr\/en\/\",\"name\":\"CMH\",\"description\":\"Centre Maurice Halbwachs\",\"publisher\":{\"@id\":\"https:\/\/cmh.ens.fr\/en\/#organization\"},\"potentialAction\":[{\"@type\":\"SearchAction\",\"target\":{\"@type\":\"EntryPoint\",\"urlTemplate\":\"https:\/\/cmh.ens.fr\/en\/?s={search_term_string}\"},\"query-input\":{\"@type\":\"PropertyValueSpecification\",\"valueRequired\":true,\"valueName\":\"search_term_string\"}}],\"inLanguage\":\"en-US\"},{\"@type\":\"Organization\",\"@id\":\"https:\/\/cmh.ens.fr\/en\/#organization\",\"name\":\"Centre Maurice Halbwachs\",\"url\":\"https:\/\/cmh.ens.fr\/en\/\",\"logo\":{\"@type\":\"ImageObject\",\"inLanguage\":\"en-US\",\"@id\":\"https:\/\/cmh.ens.fr\/en\/#\/schema\/logo\/image\/\",\"url\":\"https:\/\/www.cmh.ens.fr\/wp-content\/uploads\/siteon0.jpg\",\"contentUrl\":\"https:\/\/www.cmh.ens.fr\/wp-content\/uploads\/siteon0.jpg\",\"width\":86,\"height\":53,\"caption\":\"Centre Maurice Halbwachs\"},\"image\":{\"@id\":\"https:\/\/cmh.ens.fr\/en\/#\/schema\/logo\/image\/\"}}]}<\/script>\n<!-- \/ Yoast SEO plugin. -->","yoast_head_json":{"title":"CMH","robots":{"index":"index","follow":"follow","max-snippet":"max-snippet:-1","max-image-preview":"max-image-preview:large","max-video-preview":"max-video-preview:-1"},"canonical":"https:\/\/cmh.ens.fr\/en\/activites-scientifiques-anterieures\/manifestations-scientifiques-2014\/","og_locale":"en_US","og_type":"article","og_title":"Manifestations scientifiques 2014 - CMH","og_description":"Colloque \u00ab\u00a0n\u00e9o-pentec\u00f4tismes\u00a0\u00bb6 et 7 f\u00e9vrier 2014Lieu&nbsp;: Paris, ENS, 29 rue d\u2019Ulm, salle Paul Langevin.Jesus Garcia-Ruiz et Patrick MichelLe colloque vise, en construisant le religieux en un objet interm\u00e9diaire, \u00e0 contribuer \u00e0 mettre en place les \u00e9l\u00e9ments de l\u2019outillage intellectuel renouvel\u00e9 n\u00e9cessaire pour penser les recompositions affectant la sc\u00e8ne contemporaine en termes de relation entre religieux, [&hellip;]","og_url":"https:\/\/cmh.ens.fr\/en\/activites-scientifiques-anterieures\/manifestations-scientifiques-2014\/","og_site_name":"CMH","article_modified_time":"2021-05-17T11:26:18+00:00","og_image":[{"url":"https:\/\/www.cmh.ens.fr\/plugins-dist\/medias\/prive\/vignettes\/pdf.png","type":"","width":"","height":""}],"twitter_card":"summary_large_image","twitter_misc":{"Est. reading time":"12 minutes"},"schema":{"@context":"https:\/\/schema.org","@graph":[{"@type":"WebPage","@id":"https:\/\/cmh.ens.fr\/en\/activites-scientifiques-anterieures\/manifestations-scientifiques-2014\/","url":"https:\/\/cmh.ens.fr\/en\/activites-scientifiques-anterieures\/manifestations-scientifiques-2014\/","name":"Manifestations scientifiques 2014 - CMH","isPartOf":{"@id":"https:\/\/cmh.ens.fr\/en\/#website"},"primaryImageOfPage":{"@id":"https:\/\/cmh.ens.fr\/en\/activites-scientifiques-anterieures\/manifestations-scientifiques-2014\/#primaryimage"},"image":{"@id":"https:\/\/cmh.ens.fr\/en\/activites-scientifiques-anterieures\/manifestations-scientifiques-2014\/#primaryimage"},"thumbnailUrl":"https:\/\/www.cmh.ens.fr\/plugins-dist\/medias\/prive\/vignettes\/pdf.png","datePublished":"2021-05-17T11:26:14+00:00","dateModified":"2021-05-17T11:26:18+00:00","breadcrumb":{"@id":"https:\/\/cmh.ens.fr\/en\/activites-scientifiques-anterieures\/manifestations-scientifiques-2014\/#breadcrumb"},"inLanguage":"en-US","potentialAction":[{"@type":"ReadAction","target":["https:\/\/cmh.ens.fr\/en\/activites-scientifiques-anterieures\/manifestations-scientifiques-2014\/"]}]},{"@type":"ImageObject","inLanguage":"en-US","@id":"https:\/\/cmh.ens.fr\/en\/activites-scientifiques-anterieures\/manifestations-scientifiques-2014\/#primaryimage","url":"https:\/\/www.cmh.ens.fr\/plugins-dist\/medias\/prive\/vignettes\/pdf.png","contentUrl":"https:\/\/www.cmh.ens.fr\/plugins-dist\/medias\/prive\/vignettes\/pdf.png"},{"@type":"BreadcrumbList","@id":"https:\/\/cmh.ens.fr\/en\/activites-scientifiques-anterieures\/manifestations-scientifiques-2014\/#breadcrumb","itemListElement":[{"@type":"ListItem","position":1,"name":"Accueil","item":"https:\/\/cmh.ens.fr\/"},{"@type":"ListItem","position":2,"name":"Activit\u00e9s scientifiques ant\u00e9rieures","item":"https:\/\/cmh.ens.fr\/activites-scientifiques-anterieures\/"},{"@type":"ListItem","position":3,"name":"Manifestations scientifiques 2014"}]},{"@type":"WebSite","@id":"https:\/\/cmh.ens.fr\/en\/#website","url":"https:\/\/cmh.ens.fr\/en\/","name":"CMH","description":"Centre Maurice Halbwachs","publisher":{"@id":"https:\/\/cmh.ens.fr\/en\/#organization"},"potentialAction":[{"@type":"SearchAction","target":{"@type":"EntryPoint","urlTemplate":"https:\/\/cmh.ens.fr\/en\/?s={search_term_string}"},"query-input":{"@type":"PropertyValueSpecification","valueRequired":true,"valueName":"search_term_string"}}],"inLanguage":"en-US"},{"@type":"Organization","@id":"https:\/\/cmh.ens.fr\/en\/#organization","name":"Centre Maurice Halbwachs","url":"https:\/\/cmh.ens.fr\/en\/","logo":{"@type":"ImageObject","inLanguage":"en-US","@id":"https:\/\/cmh.ens.fr\/en\/#\/schema\/logo\/image\/","url":"https:\/\/www.cmh.ens.fr\/wp-content\/uploads\/siteon0.jpg","contentUrl":"https:\/\/www.cmh.ens.fr\/wp-content\/uploads\/siteon0.jpg","width":86,"height":53,"caption":"Centre Maurice Halbwachs"},"image":{"@id":"https:\/\/cmh.ens.fr\/en\/#\/schema\/logo\/image\/"}}]}},"_links":{"self":[{"href":"https:\/\/cmh.ens.fr\/en\/wp-json\/wp\/v2\/pages\/5529"}],"collection":[{"href":"https:\/\/cmh.ens.fr\/en\/wp-json\/wp\/v2\/pages"}],"about":[{"href":"https:\/\/cmh.ens.fr\/en\/wp-json\/wp\/v2\/types\/page"}],"author":[{"embeddable":true,"href":"https:\/\/cmh.ens.fr\/en\/wp-json\/wp\/v2\/users\/1"}],"replies":[{"embeddable":true,"href":"https:\/\/cmh.ens.fr\/en\/wp-json\/wp\/v2\/comments?post=5529"}],"version-history":[{"count":0,"href":"https:\/\/cmh.ens.fr\/en\/wp-json\/wp\/v2\/pages\/5529\/revisions"}],"up":[{"embeddable":true,"href":"https:\/\/cmh.ens.fr\/en\/wp-json\/wp\/v2\/pages\/2649"}],"wp:attachment":[{"href":"https:\/\/cmh.ens.fr\/en\/wp-json\/wp\/v2\/media?parent=5529"}],"curies":[{"name":"wp","href":"https:\/\/api.w.org\/{rel}","templated":true}]}}