{"id":5503,"date":"2021-05-17T13:02:03","date_gmt":"2021-05-17T11:02:03","guid":{"rendered":"https:\/\/w3.cmh.ens.fr\/?page_id=5503"},"modified":"2021-05-17T13:02:05","modified_gmt":"2021-05-17T11:02:05","slug":"seminaires-daxes-2018-19","status":"publish","type":"page","link":"https:\/\/cmh.ens.fr\/en\/activites-scientifiques-anterieures\/seminaires-daxes-2018-19\/","title":{"rendered":"S\u00e9minaires d\u2019axes 2018-19"},"content":{"rendered":"<h3 class=\"wp-block-heading\">In\u00e9galit\u00e9s et Solidarit\u00e9 (INES)<\/h3>\n\n\n\n<p>Il aura lieu chaque mois \u00e0 la suite du s\u00e9minaire g\u00e9n\u00e9ral du CMH, <strong>de 14h30 \u00e0 16h30<\/strong>. Responsables du s\u00e9minaire\u00a0: <strong>Cl\u00e9mentine Cottineau et Michel Fors\u00e9<\/strong><\/p>\n\n\n\n<ul class=\"wp-block-list\"><li><strong>Jeudi 18 Octobre 2018. <\/strong>Salle R3-35<br>Jean-Marc Goudet.\u00a0\u00ab\u00a0Rep\u00e9rer, orienter, et r\u00e9\u00e9duquer le langage. Pol\u00e9mique des normes dans les prises en charge m\u00e9dico-scolaires des populations enfantines\u00a0\u00bb<br>Florence Weber.\u00a0\u00ab\u00a0Du travail \u00e0-c\u00f4t\u00e9 au travail ill\u00e9gal en France\u00a0: premi\u00e8res remarques sur une crispation politique\u00a0\u00bb<br>Paco Rapin.\u00a0\u00ab\u00a0Le travail dissimul\u00e9 dans les bars et restaurants, un consensus temporaire\u00a0\u00bb.<\/li><li><strong>Mardi 13 Novembre 2018. <\/strong>Salle R3-35<br>Michel Fors\u00e9.\u00a0\u00ab\u00a0Le sens de la justice ; un exemple de validation empirique de l\u2019hypoth\u00e8se anthropologique de John Rawls\u00a0\u00bb<br>Alexandre Diallo.\u00a0\u00ab\u00a0Perceptions de la r\u00e9mun\u00e9ration des stars et justice sociale\u00a0\u00bb<\/li><li><strong>Mardi 18 D\u00e9cembre 2018. <\/strong>Salle R2-02<br>Linda Haapaj\u00e4rvi.\u00a0\u00ab\u00a0Le passage \u00e0 la citoyennet\u00e9. Les politiques d\u2019int\u00e9gration des femmes migrantes en France et en Finlande\u00a0\u00bb<\/li><li><strong>Mardi 15 Janvier 2019. <\/strong>Salle R3-35<br>Yvette Molina.\u00a0\u00ab\u00a0Les usages du num\u00e9rique dans l\u2019accompagnement social et socio\u00e9ducatif en Bretagne\u00a0\u00bb. Pr\u00e9sentation accompagn\u00e9e de la projection d\u2019un film documentaire.<\/li><li><strong>Mardi 12 F\u00e9vrier 2019. <\/strong>Salle R3-35<br>Erwin Flaureau.\u00a0\u00ab\u00a0L\u2019habitus altruiste \u00e0 l\u2019\u00e9preuve de la rencontre. Le cas de l\u2019engagement b\u00e9n\u00e9vole dans le cadre des maraudes confessionnels et la\u00efques\u00a0\u00bb<br>Yannick Fer et Gwendoline Malogne-Fer.\u00a0\u00ab\u00a0In\u00e9galit\u00e9s socio-spatiales et politique de la diversit\u00e9 au sein du protestantisme en r\u00e9gion parisienne\u00a0\u00bb<\/li><li><strong>Mardi 19 Mars 2019. <\/strong>Salle R3-35<br>Mathilde Caro. Regard sur la lutte des places\u00a0: tensions sociales et dissensions normatives dans un quartier gentrifi\u00e9 parisien.<br>Marie Plessz (avec Marie-Cl\u00e9mence Le Pape). Int\u00e9gration et distinction sociale \u00e0 travers le rythme alimentaire.<\/li><li><strong>Mardi 16 Avril 2019. <\/strong>Salle R3-35<br>Am\u00e9lie Grysole (CNAM, associ\u00e9e au CMH)\u00a0: Une comparaison des politiques publiques par le bas\u00a0: les modes de garde transnationaux des familles s\u00e9n\u00e9galaises aux Etats-Unis, en Italie et en France<br>Christine Tichit (INRA, CMH)\u00a0: Structuration sociale des repr\u00e9sentations enfantines de la cantine. R\u00e9sultats d\u2019enqu\u00eate aupr\u00e8s d\u2019enfants de migrants.<\/li><li><strong>Jeudi 16 Mai 2019. <\/strong>Salle R1-08<br>Olivia VIEUJEAN\u00a0: Des entreprises associatives localis\u00e9es\u00a0: des politiques sociales aux solidarit\u00e9s de voisinages dans un quartier prioritaire<br>Am\u00e9lie GRYSOLE et Florence WEBER\u00a0: D\u00e9crire et expliquer les recompositions territoriales en cours\u00a0: ethnographie multi-sites ou ethnographies compar\u00e9es\u00a0?<\/li><li><strong>Mardi 11 Juin 2019. <\/strong>Salle R3-35 14h30\u00a0: Emi MATSUOKA, Les politiques europ\u00e9ennes en direction des personnes en situation de handicap et les enjeux \u00e9conomiques, \u00e9thiques et soci\u00e9taux autour des innovations biotechnologiques. 15h30\u00a0: pot de fin d&rsquo;ann\u00e9e<\/li><\/ul>\n\n\n\n<h3 class=\"wp-block-heading\">Work from its borders (Work)<\/h3>\n\n\n\n<p>Un vendredi par mois \u00e0 partir de novembre, salle R3-35, 14h-17h.<br>Responsables du s\u00e9minaire\u00a0: <strong>Philippe Askenazy &amp; Claude Didry<\/strong><\/p>\n\n\n\n<ul class=\"wp-block-list\"><li><strong>23 Novembre 2018. Travailler pour le capital<\/strong><br>\u00ab\u00a0mobilier\u00a0\u00bb, Jo\u00ebl Laillier (CRESCO, CMH)<br>\u00ab\u00a0immobilier\u00a0\u00bb, Marine Duros (CMH)<\/li><li><strong>21 D\u00e9cembre 2018. Les enseignants en France<\/strong><br>M\u00e9lina Hillion (DARES) \u00ab\u00a0L\u2019impact du contexte de l\u2019\u00e9tablissement et de sa direction sur l\u2019absent\u00e9isme maladie des enseignants\u00a0\u00bb<br>L\u00e9a Palet (CMH) \u00ab\u00a0La carri\u00e8re des enseignants\u00a0\u00bb<\/li><li><strong>25 Janvier 2019. Les patronats<\/strong><br>C\u00e9dric Hugr\u00e9e (Cresppa)\u00a0\u00ab\u00a0D\u00e9finitions et portraits des patrons\u00a0\u00bb<br>Andr\u00e9 Grelon (CMH)\u00a0\u00ab\u00a0Le patronat catholique\u00a0\u00bb<\/li><li><strong>22 F\u00e9vrier 2019. \u6280\u8853\u3068\u4ed5\u4e8b\uff1a\u65e5\u672c\u304b\u3089\u306e\u8a3c\u62e0<\/strong><br>James Wright (University of Hong Kong) \u201cRobots and Tactile Care in Japan\u201d (provisional title)<br>C\u00e9sar Castellvi (CMH) \u201cUses of Digital Media and AI in Japanese Newspaper Companies\u201d<\/li><li><strong>22 Mars 2019<\/strong>. <strong>Histoires de mineurs<\/strong><br>\u00ab\u00a0de la Vall\u00e9e du Jiu (Roumanie)\u00a0\u00bb, Maria Grecu (CMH)<br>\u00ab\u00a0des houlli\u00e8res du Nord pas de calais\u00a0\u00bb, Anton Perdoncin (CMH)<\/li><li><strong>19 Avril 2019. Travaux gratuits<\/strong><br>Maud Simonet (IDHES),\u00a0\u00ab\u00a0Travail gratuit\u00a0: la nouvelle exploitation\u00a0?\u00a0\u00bb<br>Charles Bosvieux-Onyekwelu (CMH)\u00a0\u00ab\u00a0Le <em>pro bono<\/em>\u00a0\u00bb<\/li><li><strong>24 mai 2019. Les refontes des PCS et ISCO<\/strong><br>J\u00e9r\u00f4me Deauviau (CMH)\u00a0\u00ab\u00a0Enjeux r\u00e9cents des nomenclatures socioprofessionnelles en Europe\u00a0\u00bb<br>David Hunter (ILO)\u00a0\u00ab\u00a0Vers un nouvel ISCO\u00a0\u00bb<\/li><\/ul>\n\n\n\n<p>L\u2019axe travail s\u2019associera \u00e9galement \u00e0 des s\u00e9ances du s\u00e9minaire\u00a0\u00ab\u00a0Sciences sociales et alimentation\u00a0\u00bb, salle R5-37, 14h-17h, notamment celle du 15 mars 2019<\/p>\n\n\n\n<h3 class=\"wp-block-heading\">Sciences sociales du Politique et du Droit (SSPD)<\/h3>\n\n\n\n<p>Responsables du s\u00e9minaire\u00a0: <strong>Johanna Sim\u00e9ant-Germanos &amp; Liora Isra\u00ebl<\/strong><\/p>\n\n\n\n<ul class=\"wp-block-list\"><li><strong>Jeudi 6 d\u00e9cembre, de 10h \u00e0 13h<\/strong>, salle R1-08<br><strong>Siyu Li<\/strong>\u00a0: L\u2019esprit calculateur et la m\u00e9ritocratie d\u2019effort<br><strong>Camila Alves<\/strong>\u00a0: La constitution de la conscience du droit dans l\u2019exp\u00e9rience d\u2019une facult\u00e9 de droit d\u2019\u00e9lite<br><strong>Jo\u00ebl Laillier<\/strong>\u00a0: Qui gouverne les sciences humaines et sociales en France (2004-2018)\u00a0? Une approche par l\u2019analyse de r\u00e9seaux et les profils scientifiques<\/li><li><strong>Lundi 28 janvier, 14h<\/strong>, salle R2 02<br><strong>Deborah Perez<\/strong>,\u00a0\u00ab\u00a0Dynamiques de l\u2019ancrage local des d\u00e9put\u00e9s apr\u00e8s Ben Ali\u00a0\u00bb<br><strong>Emmanuel Didier<\/strong>,\u00a0\u00ab\u00a0Les bases de donn\u00e9es num\u00e9riques en open access sont-elles des machines \u00e0 cash\u00a0? Science, \u00c9tat et march\u00e9 aux USA aujourd\u2019hui\u00a0\u00bb<\/li><li><strong>Lundi 18 f\u00e9vrier, \u00e0 14h <\/strong>salle R2 02<br><strong>Yannick Fer<\/strong> qui pr\u00e9sentera le chapitre\u00a0\u00ab\u00a0politique\u00a0\u00bb de son m\u00e9moire de synth\u00e8se HDR, sur la sociologie du pentec\u00f4tisme.<br><strong>Leonor Gonzales<\/strong> dont la th\u00e8se porte sur la politique de r\u00e9forme des bus de transports publics \u00e0 Mexico, par une ethnographie des pratiques et des relations quotidiennes de travail (au travers de laquelle elle \u00e9tudie comment les cat\u00e9gories morales et identitaires du racisme au Mexique s\u2019articulent \u00e0 la rh\u00e9torique et aux modes de gouvernement n\u00e9olib\u00e9raux)<\/li><li><strong>Mercredi 17 avril, 14h-17h <\/strong>, en salle R2 21<br><strong>Johanna Sim\u00e9ant-Germanos<\/strong>, Professeure de science politique, ENS, qui pr\u00e9sentera les r\u00e9sultats de ses recherches en cours, sur le th\u00e8me\u00a0: \u00ab\u00a0D\u00e9cider d\u2019entrer en guerre au Mali\u00a0\u00bb<br><strong>Jonathan P\u00e4rli<\/strong>, doctorant en histoire \u00e0 l\u2019Universit\u00e9 de Fribourg (Suisse), dont la th\u00e8se porte sur l\u2019histoire transnationale du mouvement Suisse de solidarit\u00e9 avec les r\u00e9fugi\u00e9s et les demandeurs d\u2019asile (1970-2000), qui intervendra sur le sujet suivant\u00a0: De quel c\u00f4t\u00e9 est la l\u00e9galit\u00e9\u00a0?\u00a0\u00ab\u00a0L\u2019autre suisse\u00a0\u00bb et la critique affirmative du droit.<\/li><\/ul>\n\n\n\n<h3 class=\"wp-block-heading\">Pratiques de l&rsquo;\u00e9criture et mat\u00e9rialit\u00e9 des connaissances (Ecriture)<\/h3>\n\n\n\n<p>Responsables du s\u00e9minaire\u00a0: <strong>B\u00e9atrice Fraenkel et Bertrand M\u00fcller<\/strong><\/p>\n\n\n\n<ul class=\"wp-block-list\"><li><strong>Vendredi 23 novembre 2018, 9h \u00e0 13h<\/strong>, Salle R2-04<br><strong>Bertrand M\u00fcller<\/strong>, pr\u00e9sentation<br><strong>Anne Lhuissier<\/strong>\u00a0: Mesurer l\u2019alimentation ouvri\u00e8re\u00a0: enqu\u00eates, standards, d\u00e9penses (1907-1937)<br><strong>Thomas Depecker<\/strong>\u00a0: Enqu\u00eate sur les relations entre scientifiques et industriels et sur la Fondation Fran\u00e7aise pour la nutrition dans les ann\u00e9es 1970<br><strong>Martin Bruegel<\/strong>\u00a0: L\u2019enqu\u00eate sur l\u2019alimentions de la Commission des recherches collectives de l\u2019encyclop\u00e9die fran\u00e7aise<br><strong>Bertrand M\u00fcller<\/strong>, L\u2019enqu\u00eate sur la forge et le forgeron de la Commission des recherches collectives de l\u2019Encyclop\u00e9die fran\u00e7aise. Une enqu\u00eate revisit\u00e9e.<br><strong>Florence Weber<\/strong>\u00a0: L\u2019enqu\u00eate TRAPSY\u00a0: enjeux juridiques et scientifiques<\/li><li><strong>Mercredi 6 mars 2019, 9h30 \u00e0 13h<\/strong>, Salle R2-04<br><strong>Thomas Depecker<\/strong>\u00a0: Fondations, scientifiques et industriels\u00a0: la transformation des enqu\u00eates alimentaires dans la seconde moiti\u00e9 du XXe si\u00e8cle.<br><strong>Anne Lhuissier<\/strong>\u00a0: Mesurer les consommations en 1907\u00a0: l\u2019enqu\u00eate de Maurice Halbwachs\u00a0\u00ab\u00a0pour le compte d\u2019un \u00e9conomiste anglais\u00a0\u00bb<\/li><li><strong>Mercredi 19 juin<\/strong> \u00e0 partir de 9h30, salle de r\u00e9union du CMH, b\u00e2timent D\u00e9mos, 1er \u00e9tage <strong>Eric Brian<\/strong> pr\u00e9sentera un travail sur\u00a0:\u00a0\u00ab\u00a0Des origines environnementales \u00e0 la R\u00e9volution fran\u00e7aise\u00a0? Revisite d\u2019une enqu\u00eate ancienne et calculs r\u00e9cents\u00a0\u00bb.<\/li><\/ul>\n\n\n\n<h3 class=\"wp-block-heading\">Imbrication des rapports sociaux\u00a0: genre, classe, race (GCR)<\/h3>\n\n\n\n<p>Responsables du s\u00e9minaire\u00a0: <strong>Laure B\u00e9r\u00e9ni et Am\u00e9lie le Renard<\/strong><br>S\u00e9minaire o\u00f9 tou-te-s les membres du CMH sont bienvenu-e-s. Il a lieu de <strong>12h30 \u00e0 14h les mercredis<\/strong> (salle \u00e0 pr\u00e9ciser sur le campus Jourdan).<br>Les deux s\u00e9ances en gras sont consacr\u00e9es aux pr\u00e9sentations des travaux de deux nouvelles charg\u00e9es de recherche CNRS qui viennent d\u2019arriver au CMH.<\/p>\n\n\n\n<ul class=\"wp-block-list\"><li><strong>Mercredi 7 novembre 2018<\/strong>, salle R3-35 Saisir l\u2019intersectionnalit\u00e9 par les m\u00e9thode quantitatives (Maxime Lescurieux)<\/li><li><strong>Mercredi 12 d\u00e9cembre 2018<\/strong> Genre, classe, ethnicit\u00e9 dans les mobilisations contre les expropriations en Espagne (Quentin Ravelli)<\/li><li><strong>Mercredi 23 janvier 2019<\/strong>, salle R1-13<strong> Pr\u00e9sentation des travaux de Lucia Direnberger<\/strong>\u00a0: \u00ab\u00a0Le genre des nations face aux imp\u00e9rialismes. Iran et Tadjikistan\u00a0\u00bb<\/li><li><strong>Mercredi 13 mars<\/strong>, salle R1-07\u00a0\u00ab\u00a0La valeur professionnelle de l\u2019identit\u00e9. Racialisation, genre et l\u00e9gitimit\u00e9 manag\u00e9riale \u00e0 New York et \u00e0 Paris\u00a0\u00bb (Laure Bereni)<\/li><li><strong>Mercredi 10 avril<\/strong>, salle R2-01 \u00ab\u00a0Genre, droit foncier et politique au Maghreb\u00a0\u00bb (Yasmine Berriane)<\/li><li><strong>Mercredi 15 mai<\/strong>, salle R5-35 \u00ab\u00a0Les communaut\u00e9s f\u00e9ministes en ligne sur Facebook\u00a0: variations des pratiques discursives et des pratiques de non-mixit\u00e9 \u00e0 l\u2019\u00e8re des espaces semi-priv\u00e9s\u00a0\u00bb (Elena Waldispuehl, Universit\u00e9 de Montr\u00e9al)<\/li><li><strong>Mardi 18 juin<\/strong>\u00a0: EHESS, 54 Bd Raspail, salle AS1_08 (entre-sol). S\u00e9ance de s\u00e9minaire exceptionnelle autour des travaux de Lalaie Ameeriar, Lecturer au d\u00e9partement d\u2019anthropologie de Goldsmiths, University of London. Lalaie Ameeriar est notamment l\u2019auteure de Downwardly Global\u00a0: Women, Work, and Citizenship in the Pakistani Diaspora, paru chez Duke University Press en 2017.<\/li><\/ul>","protected":false},"excerpt":{"rendered":"<p>In\u00e9galit\u00e9s et Solidarit\u00e9 (INES) Il aura lieu chaque mois \u00e0 la suite du s\u00e9minaire g\u00e9n\u00e9ral du CMH, de 14h30 \u00e0 16h30. Responsables du s\u00e9minaire\u00a0: Cl\u00e9mentine Cottineau et Michel Fors\u00e9 Jeudi 18 Octobre 2018. Salle R3-35Jean-Marc Goudet.\u00a0\u00ab\u00a0Rep\u00e9rer, orienter, et r\u00e9\u00e9duquer le langage. Pol\u00e9mique des normes dans les prises en charge m\u00e9dico-scolaires des populations enfantines\u00a0\u00bbFlorence Weber.\u00a0\u00ab\u00a0Du travail [&hellip;]<\/p>\n","protected":false},"author":1,"featured_media":0,"parent":2649,"menu_order":0,"comment_status":"closed","ping_status":"closed","template":"","meta":{"_acf_changed":false,"footnotes":""},"class_list":["post-5503","page","type-page","status-publish","hentry"],"acf":[],"yoast_head":"<!-- This site is optimized with the Yoast SEO plugin v25.6 - https:\/\/yoast.com\/wordpress\/plugins\/seo\/ -->\n<title>CMH<\/title>\n<meta name=\"robots\" content=\"index, follow, max-snippet:-1, max-image-preview:large, max-video-preview:-1\" \/>\n<link rel=\"canonical\" href=\"https:\/\/cmh.ens.fr\/en\/activites-scientifiques-anterieures\/seminaires-daxes-2018-19\/\" class=\"yoast-seo-meta-tag\" \/>\n<meta property=\"og:locale\" content=\"en_US\" class=\"yoast-seo-meta-tag\" \/>\n<meta property=\"og:type\" content=\"article\" class=\"yoast-seo-meta-tag\" \/>\n<meta property=\"og:title\" content=\"S\u00e9minaires d\u2019axes 2018-19 - CMH\" class=\"yoast-seo-meta-tag\" \/>\n<meta property=\"og:description\" content=\"In\u00e9galit\u00e9s et Solidarit\u00e9 (INES) Il aura lieu chaque mois \u00e0 la suite du s\u00e9minaire g\u00e9n\u00e9ral du CMH, de 14h30 \u00e0 16h30. Responsables du s\u00e9minaire\u00a0: Cl\u00e9mentine Cottineau et Michel Fors\u00e9 Jeudi 18 Octobre 2018. Salle R3-35Jean-Marc Goudet.\u00a0\u00ab\u00a0Rep\u00e9rer, orienter, et r\u00e9\u00e9duquer le langage. Pol\u00e9mique des normes dans les prises en charge m\u00e9dico-scolaires des populations enfantines\u00a0\u00bbFlorence Weber.\u00a0\u00ab\u00a0Du travail [&hellip;]\" class=\"yoast-seo-meta-tag\" \/>\n<meta property=\"og:url\" content=\"https:\/\/cmh.ens.fr\/en\/activites-scientifiques-anterieures\/seminaires-daxes-2018-19\/\" class=\"yoast-seo-meta-tag\" \/>\n<meta property=\"og:site_name\" content=\"CMH\" class=\"yoast-seo-meta-tag\" \/>\n<meta property=\"article:modified_time\" content=\"2021-05-17T11:02:05+00:00\" class=\"yoast-seo-meta-tag\" \/>\n<meta name=\"twitter:card\" content=\"summary_large_image\" class=\"yoast-seo-meta-tag\" \/>\n<meta name=\"twitter:label1\" content=\"Est. reading time\" class=\"yoast-seo-meta-tag\" \/>\n\t<meta name=\"twitter:data1\" content=\"6 minutes\" class=\"yoast-seo-meta-tag\" \/>\n<script type=\"application\/ld+json\" class=\"yoast-schema-graph\">{\"@context\":\"https:\/\/schema.org\",\"@graph\":[{\"@type\":\"WebPage\",\"@id\":\"https:\/\/cmh.ens.fr\/en\/activites-scientifiques-anterieures\/seminaires-daxes-2018-19\/\",\"url\":\"https:\/\/cmh.ens.fr\/en\/activites-scientifiques-anterieures\/seminaires-daxes-2018-19\/\",\"name\":\"S\u00e9minaires d\u2019axes 2018-19 - CMH\",\"isPartOf\":{\"@id\":\"https:\/\/cmh.ens.fr\/en\/#website\"},\"datePublished\":\"2021-05-17T11:02:03+00:00\",\"dateModified\":\"2021-05-17T11:02:05+00:00\",\"breadcrumb\":{\"@id\":\"https:\/\/cmh.ens.fr\/en\/activites-scientifiques-anterieures\/seminaires-daxes-2018-19\/#breadcrumb\"},\"inLanguage\":\"en-US\",\"potentialAction\":[{\"@type\":\"ReadAction\",\"target\":[\"https:\/\/cmh.ens.fr\/en\/activites-scientifiques-anterieures\/seminaires-daxes-2018-19\/\"]}]},{\"@type\":\"BreadcrumbList\",\"@id\":\"https:\/\/cmh.ens.fr\/en\/activites-scientifiques-anterieures\/seminaires-daxes-2018-19\/#breadcrumb\",\"itemListElement\":[{\"@type\":\"ListItem\",\"position\":1,\"name\":\"Accueil\",\"item\":\"https:\/\/cmh.ens.fr\/\"},{\"@type\":\"ListItem\",\"position\":2,\"name\":\"Activit\u00e9s scientifiques ant\u00e9rieures\",\"item\":\"https:\/\/cmh.ens.fr\/activites-scientifiques-anterieures\/\"},{\"@type\":\"ListItem\",\"position\":3,\"name\":\"S\u00e9minaires d\u2019axes 2018-19\"}]},{\"@type\":\"WebSite\",\"@id\":\"https:\/\/cmh.ens.fr\/en\/#website\",\"url\":\"https:\/\/cmh.ens.fr\/en\/\",\"name\":\"CMH\",\"description\":\"Centre Maurice Halbwachs\",\"publisher\":{\"@id\":\"https:\/\/cmh.ens.fr\/en\/#organization\"},\"potentialAction\":[{\"@type\":\"SearchAction\",\"target\":{\"@type\":\"EntryPoint\",\"urlTemplate\":\"https:\/\/cmh.ens.fr\/en\/?s={search_term_string}\"},\"query-input\":{\"@type\":\"PropertyValueSpecification\",\"valueRequired\":true,\"valueName\":\"search_term_string\"}}],\"inLanguage\":\"en-US\"},{\"@type\":\"Organization\",\"@id\":\"https:\/\/cmh.ens.fr\/en\/#organization\",\"name\":\"Centre Maurice Halbwachs\",\"url\":\"https:\/\/cmh.ens.fr\/en\/\",\"logo\":{\"@type\":\"ImageObject\",\"inLanguage\":\"en-US\",\"@id\":\"https:\/\/cmh.ens.fr\/en\/#\/schema\/logo\/image\/\",\"url\":\"https:\/\/www.cmh.ens.fr\/wp-content\/uploads\/siteon0.jpg\",\"contentUrl\":\"https:\/\/www.cmh.ens.fr\/wp-content\/uploads\/siteon0.jpg\",\"width\":86,\"height\":53,\"caption\":\"Centre Maurice Halbwachs\"},\"image\":{\"@id\":\"https:\/\/cmh.ens.fr\/en\/#\/schema\/logo\/image\/\"}}]}<\/script>\n<!-- \/ Yoast SEO plugin. -->","yoast_head_json":{"title":"CMH","robots":{"index":"index","follow":"follow","max-snippet":"max-snippet:-1","max-image-preview":"max-image-preview:large","max-video-preview":"max-video-preview:-1"},"canonical":"https:\/\/cmh.ens.fr\/en\/activites-scientifiques-anterieures\/seminaires-daxes-2018-19\/","og_locale":"en_US","og_type":"article","og_title":"S\u00e9minaires d\u2019axes 2018-19 - CMH","og_description":"In\u00e9galit\u00e9s et Solidarit\u00e9 (INES) Il aura lieu chaque mois \u00e0 la suite du s\u00e9minaire g\u00e9n\u00e9ral du CMH, de 14h30 \u00e0 16h30. Responsables du s\u00e9minaire\u00a0: Cl\u00e9mentine Cottineau et Michel Fors\u00e9 Jeudi 18 Octobre 2018. Salle R3-35Jean-Marc Goudet.\u00a0\u00ab\u00a0Rep\u00e9rer, orienter, et r\u00e9\u00e9duquer le langage. Pol\u00e9mique des normes dans les prises en charge m\u00e9dico-scolaires des populations enfantines\u00a0\u00bbFlorence Weber.\u00a0\u00ab\u00a0Du travail [&hellip;]","og_url":"https:\/\/cmh.ens.fr\/en\/activites-scientifiques-anterieures\/seminaires-daxes-2018-19\/","og_site_name":"CMH","article_modified_time":"2021-05-17T11:02:05+00:00","twitter_card":"summary_large_image","twitter_misc":{"Est. reading time":"6 minutes"},"schema":{"@context":"https:\/\/schema.org","@graph":[{"@type":"WebPage","@id":"https:\/\/cmh.ens.fr\/en\/activites-scientifiques-anterieures\/seminaires-daxes-2018-19\/","url":"https:\/\/cmh.ens.fr\/en\/activites-scientifiques-anterieures\/seminaires-daxes-2018-19\/","name":"S\u00e9minaires d\u2019axes 2018-19 - CMH","isPartOf":{"@id":"https:\/\/cmh.ens.fr\/en\/#website"},"datePublished":"2021-05-17T11:02:03+00:00","dateModified":"2021-05-17T11:02:05+00:00","breadcrumb":{"@id":"https:\/\/cmh.ens.fr\/en\/activites-scientifiques-anterieures\/seminaires-daxes-2018-19\/#breadcrumb"},"inLanguage":"en-US","potentialAction":[{"@type":"ReadAction","target":["https:\/\/cmh.ens.fr\/en\/activites-scientifiques-anterieures\/seminaires-daxes-2018-19\/"]}]},{"@type":"BreadcrumbList","@id":"https:\/\/cmh.ens.fr\/en\/activites-scientifiques-anterieures\/seminaires-daxes-2018-19\/#breadcrumb","itemListElement":[{"@type":"ListItem","position":1,"name":"Accueil","item":"https:\/\/cmh.ens.fr\/"},{"@type":"ListItem","position":2,"name":"Activit\u00e9s scientifiques ant\u00e9rieures","item":"https:\/\/cmh.ens.fr\/activites-scientifiques-anterieures\/"},{"@type":"ListItem","position":3,"name":"S\u00e9minaires d\u2019axes 2018-19"}]},{"@type":"WebSite","@id":"https:\/\/cmh.ens.fr\/en\/#website","url":"https:\/\/cmh.ens.fr\/en\/","name":"CMH","description":"Centre Maurice Halbwachs","publisher":{"@id":"https:\/\/cmh.ens.fr\/en\/#organization"},"potentialAction":[{"@type":"SearchAction","target":{"@type":"EntryPoint","urlTemplate":"https:\/\/cmh.ens.fr\/en\/?s={search_term_string}"},"query-input":{"@type":"PropertyValueSpecification","valueRequired":true,"valueName":"search_term_string"}}],"inLanguage":"en-US"},{"@type":"Organization","@id":"https:\/\/cmh.ens.fr\/en\/#organization","name":"Centre Maurice Halbwachs","url":"https:\/\/cmh.ens.fr\/en\/","logo":{"@type":"ImageObject","inLanguage":"en-US","@id":"https:\/\/cmh.ens.fr\/en\/#\/schema\/logo\/image\/","url":"https:\/\/www.cmh.ens.fr\/wp-content\/uploads\/siteon0.jpg","contentUrl":"https:\/\/www.cmh.ens.fr\/wp-content\/uploads\/siteon0.jpg","width":86,"height":53,"caption":"Centre Maurice Halbwachs"},"image":{"@id":"https:\/\/cmh.ens.fr\/en\/#\/schema\/logo\/image\/"}}]}},"_links":{"self":[{"href":"https:\/\/cmh.ens.fr\/en\/wp-json\/wp\/v2\/pages\/5503"}],"collection":[{"href":"https:\/\/cmh.ens.fr\/en\/wp-json\/wp\/v2\/pages"}],"about":[{"href":"https:\/\/cmh.ens.fr\/en\/wp-json\/wp\/v2\/types\/page"}],"author":[{"embeddable":true,"href":"https:\/\/cmh.ens.fr\/en\/wp-json\/wp\/v2\/users\/1"}],"replies":[{"embeddable":true,"href":"https:\/\/cmh.ens.fr\/en\/wp-json\/wp\/v2\/comments?post=5503"}],"version-history":[{"count":0,"href":"https:\/\/cmh.ens.fr\/en\/wp-json\/wp\/v2\/pages\/5503\/revisions"}],"up":[{"embeddable":true,"href":"https:\/\/cmh.ens.fr\/en\/wp-json\/wp\/v2\/pages\/2649"}],"wp:attachment":[{"href":"https:\/\/cmh.ens.fr\/en\/wp-json\/wp\/v2\/media?parent=5503"}],"curies":[{"name":"wp","href":"https:\/\/api.w.org\/{rel}","templated":true}]}}