{"id":5499,"date":"2021-05-17T13:00:48","date_gmt":"2021-05-17T11:00:48","guid":{"rendered":"https:\/\/w3.cmh.ens.fr\/?page_id=5499"},"modified":"2021-05-17T13:00:50","modified_gmt":"2021-05-17T11:00:50","slug":"seminaires-sciences-sociales-et-alimentation-2019-20","status":"publish","type":"page","link":"https:\/\/cmh.ens.fr\/en\/activites-scientifiques-anterieures\/seminaires-sciences-sociales-et-alimentation-2019-20\/","title":{"rendered":"S\u00e9minaires\u00a0\u00ab\u00a0Sciences sociales et alimentation\u00a0\u00bb 2019-20"},"content":{"rendered":"<p><\/p>\n\n\n\n<ul class=\"wp-block-list\"><li> <strong>Vendredi 18 octobre<\/strong><br>\nEstelle Fourat&nbsp;: \u00a0\u00ab&nbsp;Les figures de l\u2019adaptation alimentaire&nbsp;: formes d\u2019autonomie sous contrainte alimentaire&nbsp;\u00bb<br>\nCamille Gourdeau&nbsp;:\u00a0\u00ab&nbsp;Venir en aide (alimentaire) aux migrants en transit \u00e0 Ouistreham&nbsp;\u00bb<br>\n<\/li><li><strong> Vendredi 15 novembre<\/strong><br>\nSandrine Ruhlmann&nbsp;: sur les techniques de fermentation chez les \u00e9leveurs nomades mongols<br>\nAlice Doublier&nbsp;:\u00a0\u00ab&nbsp;L\u2019am\u00e8re vie d\u2019un condiment. Enqu\u00eater sur la production artisanale de sauce soja dans le Japon contemporain&nbsp;\u00bb<br>\n<\/li><li><strong> Vendredi 13 d\u00e9cembre<\/strong><br>\nColine Ferrant, Anne Lhuissier, Claudia Giacoman&nbsp;:\u00a0\u00ab&nbsp;\u201ceating out\u201d&nbsp;: une comparaison Paris et Santiago du Chili&nbsp;\u00bb<br>\n Colin Robineau&nbsp;:\u00a0\u00ab&nbsp;L\u2019alimentation comme point de d\u00e9part \u00e0 la \nconstruction d\u2019une \u2018solidarit\u00e9 de classe\u2019. L\u2019exp\u00e9rience d\u2019une cantine \npopulaire et militante&nbsp;\u00bb<\/li><li> <strong>Vendredi 17 janvier<\/strong><br>\nErwin Flaureau&nbsp;:\u00a0\u00ab&nbsp;Apporter protection ou reconnaissance&nbsp;: le rapport \nsocialement diff\u00e9renci\u00e9 au don alimentaire des b\u00e9n\u00e9voles maraudeurs&nbsp;\u00bb<br>\nB\u00e9n\u00e9dicte Bonzi&nbsp;:\u00a0\u00ab&nbsp;Introduction au concept de violences alimentaires \npar les atteintes physiques et morales faites aux personnes \nb\u00e9n\u00e9ficiaires de l\u2019aide alimentaire&nbsp;\u00bb<\/li><li> <strong>Vendredi 7 f\u00e9vrier<\/strong><br>\nEstelle Bonnet&nbsp;: sur les Meilleurs apprentis de France<\/li><li> <strong>Vendredi 6 mars<\/strong><br>\nAntoine Dor\u00e9&nbsp;:\u00a0\u00ab&nbsp;Sociologie de l\u2019expertise nutritionnelle. Le cas de la \nconstruction des rep\u00e8res nutritionnels du Programme National Nutrition \nSant\u00e9\u200b&nbsp;\u00bb<br>\nBastien Soutjis&nbsp;:\u00a0\u00ab&nbsp;L\u2019\u00e9laboration d\u2019une \u00e9conomie num\u00e9rique des qualit\u00e9s \nsur le march\u00e9 des produits alimentaires en France (2000 \u2013 2019)&nbsp;\u00bb<\/li><li> <strong>Vendredi 27 mars<\/strong><br>\nDaniel Benamouzig et Joan Cortinas&nbsp;: sur le projet CARTINUT<br>\nLise Cornilleau<\/li><li> <strong>Vendredi 24 avril<\/strong><br>\nLaure Bonnaud&nbsp;:\u00a0\u00ab&nbsp;A la recherche de la qualit\u00e9 (du contr\u00f4le) de \nl\u2019alimentation. Controverses et pratiques des services d\u2019inspection&nbsp;\u00bb<\/li><li> <strong>Vendredi 15 mai<\/strong><br>\nCamille Boubal&nbsp;:\u00a0\u00ab&nbsp;Le Programme National Nutrition Sant\u00e9, gen\u00e8se et l\u00e9gitimation d\u2019une politique publique contest\u00e9e&nbsp;\u00bb<br>\nAlexandra Hondermarck&nbsp;: sur la sociologie historique des pratiques de consommation v\u00e9g\u00e9tariennes<\/li><li> <strong>Vendredi 12 juin<\/strong><br>\nMiriam Glucksmann&nbsp;:\u00a0\u00ab&nbsp;Shifting boundaries of production and consumption \nin the work of food preparation. A comparative perspective&nbsp;\u00bb<\/li><\/ul>","protected":false},"excerpt":{"rendered":"<p>Vendredi 18 octobre Estelle Fourat&nbsp;: \u00a0\u00ab&nbsp;Les figures de l\u2019adaptation alimentaire&nbsp;: formes d\u2019autonomie sous contrainte alimentaire&nbsp;\u00bb Camille Gourdeau&nbsp;:\u00a0\u00ab&nbsp;Venir en aide (alimentaire) aux migrants en transit \u00e0 Ouistreham&nbsp;\u00bb Vendredi 15 novembre Sandrine Ruhlmann&nbsp;: sur les techniques de fermentation chez les \u00e9leveurs nomades mongols Alice Doublier&nbsp;:\u00a0\u00ab&nbsp;L\u2019am\u00e8re vie d\u2019un condiment. Enqu\u00eater sur la production artisanale de sauce soja dans [&hellip;]<\/p>\n","protected":false},"author":1,"featured_media":0,"parent":2649,"menu_order":0,"comment_status":"closed","ping_status":"closed","template":"","meta":{"_acf_changed":false,"footnotes":""},"class_list":["post-5499","page","type-page","status-publish","hentry"],"acf":[],"yoast_head":"<!-- This site is optimized with the Yoast SEO plugin v25.6 - https:\/\/yoast.com\/wordpress\/plugins\/seo\/ -->\n<title>CMH<\/title>\n<meta name=\"robots\" content=\"index, follow, max-snippet:-1, max-image-preview:large, max-video-preview:-1\" \/>\n<link rel=\"canonical\" href=\"https:\/\/cmh.ens.fr\/en\/activites-scientifiques-anterieures\/seminaires-sciences-sociales-et-alimentation-2019-20\/\" class=\"yoast-seo-meta-tag\" \/>\n<meta property=\"og:locale\" content=\"en_US\" class=\"yoast-seo-meta-tag\" \/>\n<meta property=\"og:type\" content=\"article\" class=\"yoast-seo-meta-tag\" \/>\n<meta property=\"og:title\" content=\"S\u00e9minaires \u00ab Sciences sociales et alimentation \u00bb 2019-20 - CMH\" class=\"yoast-seo-meta-tag\" \/>\n<meta property=\"og:description\" content=\"Vendredi 18 octobre Estelle Fourat&nbsp;: \u00a0\u00ab&nbsp;Les figures de l\u2019adaptation alimentaire&nbsp;: formes d\u2019autonomie sous contrainte alimentaire&nbsp;\u00bb Camille Gourdeau&nbsp;:\u00a0\u00ab&nbsp;Venir en aide (alimentaire) aux migrants en transit \u00e0 Ouistreham&nbsp;\u00bb Vendredi 15 novembre Sandrine Ruhlmann&nbsp;: sur les techniques de fermentation chez les \u00e9leveurs nomades mongols Alice Doublier&nbsp;:\u00a0\u00ab&nbsp;L\u2019am\u00e8re vie d\u2019un condiment. Enqu\u00eater sur la production artisanale de sauce soja dans [&hellip;]\" class=\"yoast-seo-meta-tag\" \/>\n<meta property=\"og:url\" content=\"https:\/\/cmh.ens.fr\/en\/activites-scientifiques-anterieures\/seminaires-sciences-sociales-et-alimentation-2019-20\/\" class=\"yoast-seo-meta-tag\" \/>\n<meta property=\"og:site_name\" content=\"CMH\" class=\"yoast-seo-meta-tag\" \/>\n<meta property=\"article:modified_time\" content=\"2021-05-17T11:00:50+00:00\" class=\"yoast-seo-meta-tag\" \/>\n<meta name=\"twitter:card\" content=\"summary_large_image\" class=\"yoast-seo-meta-tag\" \/>\n<meta name=\"twitter:label1\" content=\"Est. reading time\" class=\"yoast-seo-meta-tag\" \/>\n\t<meta name=\"twitter:data1\" content=\"2 minutes\" class=\"yoast-seo-meta-tag\" \/>\n<script type=\"application\/ld+json\" class=\"yoast-schema-graph\">{\"@context\":\"https:\/\/schema.org\",\"@graph\":[{\"@type\":\"WebPage\",\"@id\":\"https:\/\/cmh.ens.fr\/en\/activites-scientifiques-anterieures\/seminaires-sciences-sociales-et-alimentation-2019-20\/\",\"url\":\"https:\/\/cmh.ens.fr\/en\/activites-scientifiques-anterieures\/seminaires-sciences-sociales-et-alimentation-2019-20\/\",\"name\":\"S\u00e9minaires \u00ab Sciences sociales et alimentation \u00bb 2019-20 - CMH\",\"isPartOf\":{\"@id\":\"https:\/\/cmh.ens.fr\/en\/#website\"},\"datePublished\":\"2021-05-17T11:00:48+00:00\",\"dateModified\":\"2021-05-17T11:00:50+00:00\",\"breadcrumb\":{\"@id\":\"https:\/\/cmh.ens.fr\/en\/activites-scientifiques-anterieures\/seminaires-sciences-sociales-et-alimentation-2019-20\/#breadcrumb\"},\"inLanguage\":\"en-US\",\"potentialAction\":[{\"@type\":\"ReadAction\",\"target\":[\"https:\/\/cmh.ens.fr\/en\/activites-scientifiques-anterieures\/seminaires-sciences-sociales-et-alimentation-2019-20\/\"]}]},{\"@type\":\"BreadcrumbList\",\"@id\":\"https:\/\/cmh.ens.fr\/en\/activites-scientifiques-anterieures\/seminaires-sciences-sociales-et-alimentation-2019-20\/#breadcrumb\",\"itemListElement\":[{\"@type\":\"ListItem\",\"position\":1,\"name\":\"Accueil\",\"item\":\"https:\/\/cmh.ens.fr\/\"},{\"@type\":\"ListItem\",\"position\":2,\"name\":\"Activit\u00e9s scientifiques ant\u00e9rieures\",\"item\":\"https:\/\/cmh.ens.fr\/activites-scientifiques-anterieures\/\"},{\"@type\":\"ListItem\",\"position\":3,\"name\":\"S\u00e9minaires\u00a0\u00ab\u00a0Sciences sociales et alimentation\u00a0\u00bb 2019-20\"}]},{\"@type\":\"WebSite\",\"@id\":\"https:\/\/cmh.ens.fr\/en\/#website\",\"url\":\"https:\/\/cmh.ens.fr\/en\/\",\"name\":\"CMH\",\"description\":\"Centre Maurice Halbwachs\",\"publisher\":{\"@id\":\"https:\/\/cmh.ens.fr\/en\/#organization\"},\"potentialAction\":[{\"@type\":\"SearchAction\",\"target\":{\"@type\":\"EntryPoint\",\"urlTemplate\":\"https:\/\/cmh.ens.fr\/en\/?s={search_term_string}\"},\"query-input\":{\"@type\":\"PropertyValueSpecification\",\"valueRequired\":true,\"valueName\":\"search_term_string\"}}],\"inLanguage\":\"en-US\"},{\"@type\":\"Organization\",\"@id\":\"https:\/\/cmh.ens.fr\/en\/#organization\",\"name\":\"Centre Maurice Halbwachs\",\"url\":\"https:\/\/cmh.ens.fr\/en\/\",\"logo\":{\"@type\":\"ImageObject\",\"inLanguage\":\"en-US\",\"@id\":\"https:\/\/cmh.ens.fr\/en\/#\/schema\/logo\/image\/\",\"url\":\"https:\/\/www.cmh.ens.fr\/wp-content\/uploads\/siteon0.jpg\",\"contentUrl\":\"https:\/\/www.cmh.ens.fr\/wp-content\/uploads\/siteon0.jpg\",\"width\":86,\"height\":53,\"caption\":\"Centre Maurice Halbwachs\"},\"image\":{\"@id\":\"https:\/\/cmh.ens.fr\/en\/#\/schema\/logo\/image\/\"}}]}<\/script>\n<!-- \/ Yoast SEO plugin. -->","yoast_head_json":{"title":"CMH","robots":{"index":"index","follow":"follow","max-snippet":"max-snippet:-1","max-image-preview":"max-image-preview:large","max-video-preview":"max-video-preview:-1"},"canonical":"https:\/\/cmh.ens.fr\/en\/activites-scientifiques-anterieures\/seminaires-sciences-sociales-et-alimentation-2019-20\/","og_locale":"en_US","og_type":"article","og_title":"S\u00e9minaires \u00ab Sciences sociales et alimentation \u00bb 2019-20 - CMH","og_description":"Vendredi 18 octobre Estelle Fourat&nbsp;: \u00a0\u00ab&nbsp;Les figures de l\u2019adaptation alimentaire&nbsp;: formes d\u2019autonomie sous contrainte alimentaire&nbsp;\u00bb Camille Gourdeau&nbsp;:\u00a0\u00ab&nbsp;Venir en aide (alimentaire) aux migrants en transit \u00e0 Ouistreham&nbsp;\u00bb Vendredi 15 novembre Sandrine Ruhlmann&nbsp;: sur les techniques de fermentation chez les \u00e9leveurs nomades mongols Alice Doublier&nbsp;:\u00a0\u00ab&nbsp;L\u2019am\u00e8re vie d\u2019un condiment. Enqu\u00eater sur la production artisanale de sauce soja dans [&hellip;]","og_url":"https:\/\/cmh.ens.fr\/en\/activites-scientifiques-anterieures\/seminaires-sciences-sociales-et-alimentation-2019-20\/","og_site_name":"CMH","article_modified_time":"2021-05-17T11:00:50+00:00","twitter_card":"summary_large_image","twitter_misc":{"Est. reading time":"2 minutes"},"schema":{"@context":"https:\/\/schema.org","@graph":[{"@type":"WebPage","@id":"https:\/\/cmh.ens.fr\/en\/activites-scientifiques-anterieures\/seminaires-sciences-sociales-et-alimentation-2019-20\/","url":"https:\/\/cmh.ens.fr\/en\/activites-scientifiques-anterieures\/seminaires-sciences-sociales-et-alimentation-2019-20\/","name":"S\u00e9minaires \u00ab Sciences sociales et alimentation \u00bb 2019-20 - CMH","isPartOf":{"@id":"https:\/\/cmh.ens.fr\/en\/#website"},"datePublished":"2021-05-17T11:00:48+00:00","dateModified":"2021-05-17T11:00:50+00:00","breadcrumb":{"@id":"https:\/\/cmh.ens.fr\/en\/activites-scientifiques-anterieures\/seminaires-sciences-sociales-et-alimentation-2019-20\/#breadcrumb"},"inLanguage":"en-US","potentialAction":[{"@type":"ReadAction","target":["https:\/\/cmh.ens.fr\/en\/activites-scientifiques-anterieures\/seminaires-sciences-sociales-et-alimentation-2019-20\/"]}]},{"@type":"BreadcrumbList","@id":"https:\/\/cmh.ens.fr\/en\/activites-scientifiques-anterieures\/seminaires-sciences-sociales-et-alimentation-2019-20\/#breadcrumb","itemListElement":[{"@type":"ListItem","position":1,"name":"Accueil","item":"https:\/\/cmh.ens.fr\/"},{"@type":"ListItem","position":2,"name":"Activit\u00e9s scientifiques ant\u00e9rieures","item":"https:\/\/cmh.ens.fr\/activites-scientifiques-anterieures\/"},{"@type":"ListItem","position":3,"name":"S\u00e9minaires\u00a0\u00ab\u00a0Sciences sociales et alimentation\u00a0\u00bb 2019-20"}]},{"@type":"WebSite","@id":"https:\/\/cmh.ens.fr\/en\/#website","url":"https:\/\/cmh.ens.fr\/en\/","name":"CMH","description":"Centre Maurice Halbwachs","publisher":{"@id":"https:\/\/cmh.ens.fr\/en\/#organization"},"potentialAction":[{"@type":"SearchAction","target":{"@type":"EntryPoint","urlTemplate":"https:\/\/cmh.ens.fr\/en\/?s={search_term_string}"},"query-input":{"@type":"PropertyValueSpecification","valueRequired":true,"valueName":"search_term_string"}}],"inLanguage":"en-US"},{"@type":"Organization","@id":"https:\/\/cmh.ens.fr\/en\/#organization","name":"Centre Maurice Halbwachs","url":"https:\/\/cmh.ens.fr\/en\/","logo":{"@type":"ImageObject","inLanguage":"en-US","@id":"https:\/\/cmh.ens.fr\/en\/#\/schema\/logo\/image\/","url":"https:\/\/www.cmh.ens.fr\/wp-content\/uploads\/siteon0.jpg","contentUrl":"https:\/\/www.cmh.ens.fr\/wp-content\/uploads\/siteon0.jpg","width":86,"height":53,"caption":"Centre Maurice Halbwachs"},"image":{"@id":"https:\/\/cmh.ens.fr\/en\/#\/schema\/logo\/image\/"}}]}},"_links":{"self":[{"href":"https:\/\/cmh.ens.fr\/en\/wp-json\/wp\/v2\/pages\/5499"}],"collection":[{"href":"https:\/\/cmh.ens.fr\/en\/wp-json\/wp\/v2\/pages"}],"about":[{"href":"https:\/\/cmh.ens.fr\/en\/wp-json\/wp\/v2\/types\/page"}],"author":[{"embeddable":true,"href":"https:\/\/cmh.ens.fr\/en\/wp-json\/wp\/v2\/users\/1"}],"replies":[{"embeddable":true,"href":"https:\/\/cmh.ens.fr\/en\/wp-json\/wp\/v2\/comments?post=5499"}],"version-history":[{"count":0,"href":"https:\/\/cmh.ens.fr\/en\/wp-json\/wp\/v2\/pages\/5499\/revisions"}],"up":[{"embeddable":true,"href":"https:\/\/cmh.ens.fr\/en\/wp-json\/wp\/v2\/pages\/2649"}],"wp:attachment":[{"href":"https:\/\/cmh.ens.fr\/en\/wp-json\/wp\/v2\/media?parent=5499"}],"curies":[{"name":"wp","href":"https:\/\/api.w.org\/{rel}","templated":true}]}}