{"id":5497,"date":"2021-05-17T13:00:09","date_gmt":"2021-05-17T11:00:09","guid":{"rendered":"https:\/\/w3.cmh.ens.fr\/?page_id=5497"},"modified":"2021-05-17T13:00:11","modified_gmt":"2021-05-17T11:00:11","slug":"seminaires-daxes-2019-20","status":"publish","type":"page","link":"https:\/\/cmh.ens.fr\/en\/activites-scientifiques-anterieures\/seminaires-daxes-2019-20\/","title":{"rendered":"S\u00e9minaires d\u2019axes 2019-20"},"content":{"rendered":"<h2 class=\"wp-block-heading\">S\u00e9minaires de l\u2019axe \u00ab\u00a0In\u00e9galit\u00e9s et Solidarit\u00e9s\u00a0\u00bb <\/h2>\n\n\n\n<p>Il aura lieu chaque mois, les mardis, de 14h \u00e0 16h, salle R3-35<br>\nResponsables du s\u00e9minaire&nbsp;: Cl\u00e9mentine Cottineau et Michel Fors\u00e9<\/p>\n\n\n\n<ul class=\"wp-block-list\"><li> <strong>22 Octobre 2019&nbsp;: Cl\u00e9mentine Cottineau<\/strong>, CR CNRS&nbsp;: In\u00e9galit\u00e9s \u00e9conomiques et g\u00e9ographiques&nbsp;: analyse dynamique et multiscalaire<\/li><li> <strong>12 Novembre 2019&nbsp;: Anne Lhuissier<\/strong>,\n CR INRA&nbsp;: D\u00e9penser sans compter&nbsp;? Maurice Halbwachs et la mesure de \nl\u2019alimentation ouvri\u00e8re dans la premi\u00e8re moiti\u00e9 du XXe si\u00e8cle<\/li><li> <strong>17 D\u00e9cembre 2019&nbsp;: Valeria Ayola Betancourt<\/strong>, Doctorante EHESS&nbsp;:  \u00ab\u00a0Ce que veut dire pauvret\u00e9 dans la Colombie contemporaine\u00a0\u00bb &#8211; R2-06<\/li><li> <strong>21 Janvier 2020&nbsp;: Serge Paugam<\/strong>, DR CNRS &#8211; R3-46&nbsp;: <strong>Serge Paugam<\/strong>, DR CNRS&nbsp;: Le risque de pauvret\u00e9 aux Etats-Unis&nbsp;: l\u2019attachement social comme facteur de pr\u00e9servation<\/li><li> <strong>11 F\u00e9vrier 2020&nbsp;: Marcelo Ortiz<\/strong>, Doctorant EHESS.  &#8211; R3-46<\/li><li> <strong>10 Mars 2020&nbsp;: Florence Maillochon<\/strong>, DR CNRS &#8211; R3-46<\/li><li> <strong>21 Avril 2020&nbsp;: Eleonora Elguezabal<\/strong>, CR INRA &#8211; R2-06<\/li><li> <strong>12 Mai 2020&nbsp;: Jean-Vincent Pfirsch<\/strong>, CR CNRS &#8211; R3-46<\/li><li> <strong>2 Juin 2020&nbsp;: Yvette Molina<\/strong>, Chercheure Askoria &#8211; R3-46<\/li><\/ul>\n\n\n\n<h2 class=\"wp-block-heading\">S\u00e9minaires de l\u2019axe \u00ab\u00a0Le travail depuis ses fronti\u00e8res\u00a0\u00bb <\/h2>\n\n\n\n<p>S\u00e9minaire axe travail, les vendredis de 14h \u00e0 17h salle R3-35<\/p>\n\n\n\n<ul class=\"wp-block-list\"><li> <strong>11 octobre 2019<\/strong>. S\u00e9ance commune avec l\u2019axe Imbrication des rapports sociaux&nbsp;:<br> Discrimination and Diversity<br> <strong>Alex Bryson<\/strong> (UCL, prof invit\u00e9 ENS),\u00a0\u00ab&nbsp;The Dynamics of Racial Discrimination in a Virtual Labour Market&nbsp;\u00bb<br><strong> Laure Bereni<\/strong> (CMH),\u00a0\u00ab&nbsp;Diversity means business&nbsp;? Depoliticization strategies of diversity management in U.S. and French global companies&nbsp;\u00bb<\/li><li> <strong>8 novembre<\/strong>. Les parcours professionnels entre permanence et mutations&nbsp;?<br> <strong>Marion Plault<\/strong> (post doc CMH)&nbsp;: M\u00e9tamorphoses et permanences des parcours professionnels en France (1968-2018)<br> <strong>Philippe Askenazy<\/strong>&nbsp;: A Crumbling Working Class<\/li><li> <strong>13 d\u00e9cembre<\/strong>. Des hommes de fer aux innovateurs<br><strong> Marion Guenot<\/strong> (post-doctorante CMH), sur les m\u00e9tiers de l\u2019ordre<br> <strong>Aliz\u00e9 Houdelinckx<\/strong> (docorante CMH),\u00a0\u00ab&nbsp;\u00catre et devenir un professionnel de l\u2019innovation au Qu\u00e9bec&nbsp;\u00bb<\/li><li> <strong>10 janvier 2020<\/strong>. Le travail utopique <strong>S\u00e9ance report\u00e9e le 5 juin 2020<\/strong><br><strong> Samuel Hayat<\/strong> (Ceraps) et <strong>Irina Gouzevitch<\/strong> (CMH)<\/li><li> <strong>7 f\u00e9vrier 2020.<\/strong> S\u00e9ance commune avec le s\u00e9minaire alimentation&nbsp;: Les MAF et leur rapport au travail<br> <strong>Estelle Bonnet <\/strong>(Centre Max Weber)<\/li><li> <strong>20 mars 2020<\/strong>. Des hommes de fer aux travailleu.se.r.s \u00e0 tout faire <br> <strong>Pascal Raggi<\/strong> (Universit\u00e9 de Lorraine), autour de son ouvrage La  d\u00e9sindustrialisation de la Lorraine du fer. Classique Garnier 2019.<br> <strong>Marine Snape<\/strong> (doctorante CMH),\u00a0\u00ab&nbsp;Les jobbeurs et la protection sociale&nbsp;\u00bb.<\/li><li> <strong>24 avril 2020<\/strong>. S\u00e9ance commune avec le s\u00e9minaire alimentation<br> <strong>Laure Bonnaud<\/strong> (IRISSO),\u00a0\u00ab&nbsp;Controverses et pratiques des services d\u2019inspection&nbsp;\u00bb<\/li><li> <strong>5 juin 2020<\/strong>. Le travail utopique.<br> <strong>Samuel Hayat<\/strong> (Ceraps) et<strong> Irina Gouzevitch<\/strong> (CMH)<\/li><\/ul>\n\n\n\n<h2 class=\"wp-block-heading\">S\u00e9minaires de l\u2019axe \u00ab\u00a0Sciences sociales du politique et du droit\u00a0\u00bb  <\/h2>\n\n\n\n<p><\/p>\n\n\n\n<p>Responsables du s\u00e9minaire&nbsp;: Johanna Sim\u00e9ant-Germanos &amp; Liora Isra\u00ebl<\/p>\n\n\n\n<ul class=\"wp-block-list\"><li>  <strong>Vendredi 27 septembre<\/strong>, 9h30 \u00e0 12h <br>  Lieu&nbsp;: CMH Jourdan, Salle R1-08  <br><strong>Sylvain Laurens<\/strong>,\u00a0\u00ab&nbsp;Au nom de la science&nbsp;? \u00e9l\u00e9ments pour une sociohistoire des mouvements rationalistes en France&nbsp;\u00bb<br> <strong>Sarah Kolopp<\/strong>,\u00a0\u00ab&nbsp;Les logiques de don\/contre-don aux  sommets de l\u2019\u00c9tat \u00e0 partir des archives personnelles d\u2019un ancien haut  fonctionnaire des Finances&nbsp;\u00a0\u00bb     <\/li><li> <strong>Vendredi 28 f\u00e9vrier 2020<\/strong>, 9h30 \u00e0 12h <br>Lieu&nbsp;: CMH Jourdan, Salle R1-08  <br> <strong>Michael McCann<\/strong>&nbsp;\u00ab\u00a0Law, Social Justice Unionism, and the Evisceration of Workers\u2019 Rights in the US&nbsp;: A Historical and Comparative Cross-National Analysis\u00a0\u00bb<br>La discussion sera assur\u00e9e par Emilien Julliard, qui mettra \u00e9galement cette recherche en perspective du point de vue de ses propres travaux sur le syndicalisme \u00e9tats-unien. Elle sera aussi l\u2019occasion d\u2019ouvrir dans un second temps un \u00e9change avec Michael McCann sur les transformations des syst\u00e8mes de retraite et des universit\u00e9s en France et aux \u00c9tats-Unis, travers\u00e9s par des enjeux similaires.<br>Michael McCann, Professeur de science politique \u00e0 l\u2019Universit\u00e9 de Washington (Seattle). Sp\u00e9cialiste de l\u2019analyse des mobilisations politiques du droit, chercheur engag\u00e9 pour les droits des travailleurs, Michael McCann publiera sous peu son nouveau livre \u00ab\u00a0Union by law. Filipino American Labor Activists, Rights Radicalism, and Racial Capitalism\u00a0\u00bb (University of&nbsp;<a href=\"https:\/\/www.press.uchicago.edu\/ucp\/books\/book\/chicago\/U\/bo47674169.html\">Chicago Press<\/a>).<br>L\u2019intervention et la discussion seront en anglais. <\/li><\/ul>\n\n\n\n<h2 class=\"wp-block-heading\">S\u00e9minaires de l\u2019axe, \u00ab\u00a0Pratiques d\u2019\u00e9critures et mat\u00e9rialit\u00e9s des connaissances\u00a0\u00bb<\/h2>\n\n\n\n<p>Coordinateurs&nbsp;: B\u00e9atrice Fraenkel, Bertrand M\u00fcller<\/p>\n\n\n\n<ul class=\"wp-block-list\"><li>  <strong>Vendredi <\/strong> <strong>23 novembre 2018, 9h \u00e0 13h<\/strong>, CMH,  Salle R2-04   <br><strong>Bertrand M\u00fcller<\/strong>, pr\u00e9sentation<br> <strong>Anne Lhuissier<\/strong>&nbsp;: Mesurer l\u2019alimentation ouvri\u00e8re&nbsp;: enqu\u00eates, standards, d\u00e9penses (1907-1937)<br> <strong>Thomas Depecker<\/strong>&nbsp;: Enqu\u00eate sur les relations entre  scientifiques et industriels et sur la Fondation Fran\u00e7aise pour la  nutrition dans les ann\u00e9es 1970<br> <strong>Martin Bruegel<\/strong>&nbsp;: L\u2019enqu\u00eate sur l\u2019alimentions de la Commission des recherches collectives de l\u2019encyclop\u00e9die fran\u00e7aise<br> <strong>Bertrand M\u00fcller<\/strong>, L\u2019enqu\u00eate sur la forge et le forgeron  de la Commission des recherches collectives de l\u2019Encyclop\u00e9die fran\u00e7aise.  Une enqu\u00eate revisit\u00e9e.<br> <strong>Florence Weber<\/strong>&nbsp;: L\u2019enqu\u00eate TRAPSY&nbsp;: enjeux juridiques et scientifiques <\/li><li><strong>Mercredi 6 mars 2019, 9h30 \u00e0 13h<\/strong>,  CMH,  Salle R2-04 <br> <strong>Thomas Depecker<\/strong>&nbsp;: Fondations, scientifiques et industriels&nbsp;: la transformation des enqu\u00eates alimentaires dans la seconde moiti\u00e9 du XXe si\u00e8cle. <br> <strong>Anne Lhuissier<\/strong>&nbsp;: Mesurer les consommations en 1907&nbsp;: l\u2019enqu\u00eate de Maurice Halbwachs\u00a0\u00ab&nbsp;pour le compte d\u2019un \u00e9conomiste anglais&nbsp;\u00bb <\/li><li><strong>Mercredi 19 juin<\/strong> \u00e0 partir de 9h30, salle de r\u00e9union du CMH, b\u00e2timent D\u00e9mos, 1er \u00e9tage<br> <strong>Eric Brian<\/strong> pr\u00e9sentera un travail sur&nbsp;: \u00a0\u00ab&nbsp;Des  origines environnementales \u00e0 la R\u00e9volution fran\u00e7aise&nbsp;? Revisite d\u2019une  enqu\u00eate ancienne et calculs r\u00e9cents&nbsp;\u00bb. <\/li><li><strong>Vendredi 24 janvier 2020<\/strong>, 10h, CMH, salle R2-03<br> <strong>B\u00e9n\u00e9dicte Girault<\/strong>, ma\u00eetre de conf\u00e9rence en histoire,  Universit\u00e9 de Versailles Saint-Quentin&nbsp;: Strat\u00e9gies narratives et  concurrences m\u00e9morielles des cadres du minist\u00e8re de l\u2019Education  nationale&nbsp;: une revisite de l\u2019enqu\u00eate orale du Service d\u2019histoire de  l\u2019\u00e9ducation (c.1950-2010) <\/li><\/ul>\n\n\n\n<h2 class=\"wp-block-heading\">Journ\u00e9e d\u2019\u00e9tudes annuelle de l\u2019axe, \u00ab\u00a0Pratiques d\u2019\u00e9critures et mat\u00e9rialit\u00e9s des connaissances\u00a0\u00bb<\/h2>\n\n\n\n<p>Coordinateurs&nbsp;: B\u00e9atrice Fraenkel, Bertrand M\u00fcller<br><strong>Jeudi 23 janvier 2020, 9h-18h<br>Location <\/strong>&nbsp;: CMH, salle R1-07<br><strong>Programme<\/strong><br>09:00-13:00<br>Val\u00e9rie Tesni\u00e8re&nbsp;:\u00a0\u00ab&nbsp;Une enqu\u00eate sur les revues scientifiques fran\u00e7aises 1945-2010&nbsp;\u00bb<br>Martin Strauss et S\u00e9bastien&nbsp;:\u00a0\u00ab&nbsp;La collection \u00e9ditoriale comme terrain de recherche en histoire de la sociologie. Le sens commun et Sociologies&nbsp;\u00bb<br>Claire Bustarret&nbsp;:\u00a0\u00ab&nbsp;Inventaire de la correspondance de Condorcet&nbsp;: apport des donn\u00e9es mat\u00e9rielles&nbsp;\u00bb<br>B\u00e9atrice Fraenkel&nbsp;: Ecritures expos\u00e9es<br>Thomas Depecker&nbsp;: \u00ab\u00a0Les fran\u00e7ais et leur alimentation\u00a0\u00bb&nbsp;: une enqu\u00eate des industries agroalimentaires dans la France des ann\u00e9es 1970<br>14:00-18:00<br>Eric Brian&nbsp;: Des\u00a0\u00ab&nbsp;origines environnementales \u00e0 la R\u00e9volution fran\u00e7aise&nbsp;\u00bb&nbsp;? Comment les examiner partant d\u2019une enqu\u00eate de la fin de l\u2019Ancien r\u00e9gime (une reconstitution d\u2019histoire des sciences et de statistiques contemporaine)<br>Bertrand M\u00fcller&nbsp;:\u00a0\u00ab&nbsp;Histin\u00e9raires, une exp\u00e9rimentation historiographique&nbsp;\u00bb<br>Xavier Fourt&nbsp;:\u00a0\u00ab&nbsp;Instaurer une soci\u00e9t\u00e9 rurale exp\u00e9rimentale dans l\u2019effondrement. Enqu\u00eates sur la formation d\u2019un monde commun autour de La Mhotte&nbsp;\u00bb. L\u2019expos\u00e9 portera sur les probl\u00e8mes de l\u00e9gitimit\u00e9 de l\u2019objet, de m\u00e9thode, et d\u2019\u00e9pist\u00e9mologie pos\u00e9 par le sujet.<br>Michel Villette&nbsp;:\u00a0\u00ab&nbsp;Pr\u00e9sentation et discussion de quelques documents recueillis au cours d\u2019une enqu\u00eate ethnographique dans une entreprise marocaine&nbsp;\u00bb<br>Irina Gouzevitch&nbsp;:\u00a0\u00ab&nbsp;Interroger la mat\u00e9rialit\u00e9 des \u00e9crits des ing\u00e9nieurs&nbsp;: deux exemples tir\u00e9s de l\u2019histoire des circulations professionnelles au dernier XVIIIe si\u00e8cle (le Catalogue Cabinet des machines de Madrid et une note de voyage secret en Normandie et en Bretagne)&nbsp;\u00bb<\/p>\n\n\n\n<h2 class=\"wp-block-heading\">S\u00e9minaires de l\u2019axe \u00ab\u00a0Imbrication des rapports sociaux&nbsp;: genre, classe, race\u00a0\u00bb <\/h2>\n\n\n\n<p>Le s\u00e9minaire a lieu les mercredis en salle R2-04 de 12h30 \u00e0 14h<\/p>\n\n\n\n<ul class=\"wp-block-list\"><li> <strong>25 sept <\/strong>:  <strong>Sarah Barri\u00e8res et Abir Kr\u00e9fa<\/strong>&nbsp;: \u00ab\u00a0Genre, crises politiques et  r\u00e9volutions\u00a0\u00bb (pr\u00e9sentation du num\u00e9ro sp\u00e9cial d\u2019Ethnologie fran\u00e7aise,  paru en 2019)<\/li><li> <strong>Vendredi 11 oct<\/strong>\u00a0: (s\u00e9ance conjointe avec l\u2019axe Travail, en anglais&nbsp;: 14h \u00e0 17h salle R3-35)<br> <strong>Alex Bryson<\/strong> (\u00e9conomiste, UCL,NIESR, IZA) \u201cThe dynamic of racial discrimination\u201d<br><strong> Laure Bereni<\/strong>\u00a0\u00ab&nbsp;Diversity means business&nbsp;? Depoliticization strategies of  diversity management in U.S. and French global companies&nbsp;\u00bb<\/li><li> <strong>6 nov<\/strong>\u00a0: <strong>Sehar Ezdi<\/strong> \u2019The Elderly Missing Women Phenomenon.\u2019 (s\u00e9ance en anglais)<\/li><li> <strong>18 d\u00e9c <\/strong>:  <strong>Alix Heiniger<\/strong>\u00a0\u00ab&nbsp;Rapports de pouvoir, r\u00e9forme sociale et f\u00e9minisme  autour de 1900. L\u2019\u0152uvre des Lib\u00e9r\u00e9es de Saint-Lazare \u00e0 Paris&nbsp;\u00bb  (pr\u00e9sentation et discussion d\u2019un article)<\/li><li> <strong>15 janv<\/strong>\u00a0: <strong>Sophie Pochic&nbsp;<\/strong>: Les \u00e9carts salariaux, objets de n\u00e9gociations et de  luttes\u00a0\u00bb (pr\u00e9sentation du num\u00e9ro \u00ab\u00a0Gender pay gaps\u00a0\u00bb de Gender, Work &amp;  Organization, paru en 2019, coordonn\u00e9 avec S. Milner, A. Scheele et S.  Williamson)<\/li><li> <strong>5 f\u00e9v <\/strong>:  <strong>Reguina Hatzipetrou-Andronikou<\/strong>\u00a0\u00ab&nbsp;La construction sociale d\u2019une vocation  atypique&nbsp;: joueuses d\u2019instruments traditionnels en Gr\u00e8ce&nbsp;\u00bb (pr\u00e9sentation  et discussion d\u2019un article)<\/li><li> <strong>11 mars <\/strong>: <strong>Clotilde Lemarchant<\/strong>,\u00a0\u00ab&nbsp;De la mixit\u00e9 inachev\u00e9e \u00e0 la mixit\u00e9 contest\u00e9e&nbsp;: \u00e9ducation et formations techniques \u00e0 l\u2019\u00e9preuve du genre&nbsp;\u00bb<\/li><li> <strong>22 avril<\/strong>\u00a0: <strong>H\u00e9l\u00e8ne Demilly<\/strong>,\u00a0\u00ab&nbsp;\u201cIl a fallu que je prenne plus d\u2019assurance physique\u201d.  Travail du corps et corpor\u00e9it\u00e9 chez les cadres d\u2019une grande  entreprise&nbsp;\u00bb<\/li><li> <strong>13 mai<\/strong>\u00a0: <strong>Yasmine Berriane<\/strong> et <strong>Aymon Kreil<\/strong>&nbsp;: \u2019Contested Terminologies of Change&nbsp;:  Ethnographic perspectives on the uses of \u2019Empowerment\u2019 in Morocco and  Egypt\u2019 (pr\u00e9sentation et discussion d\u2019un article en cours)<\/li><li> <strong>10 juin <\/strong>:  <strong>Lila Belkacem<\/strong> et<strong> Lucia Direnberger<\/strong>&nbsp;: pr\u00e9sentation d\u2019un article du  dossier \u00ab\u00a0Intersectionnalit\u00e9\u00a0\u00bb coordonn\u00e9 par A. Hajjat et S. Larcher<\/li><\/ul>","protected":false},"excerpt":{"rendered":"<p>S\u00e9minaires de l\u2019axe \u00ab\u00a0In\u00e9galit\u00e9s et Solidarit\u00e9s\u00a0\u00bb Il aura lieu chaque mois, les mardis, de 14h \u00e0 16h, salle R3-35 Responsables du s\u00e9minaire&nbsp;: Cl\u00e9mentine Cottineau et Michel Fors\u00e9 22 Octobre 2019&nbsp;: Cl\u00e9mentine Cottineau, CR CNRS&nbsp;: In\u00e9galit\u00e9s \u00e9conomiques et g\u00e9ographiques&nbsp;: analyse dynamique et multiscalaire 12 Novembre 2019&nbsp;: Anne Lhuissier, CR INRA&nbsp;: D\u00e9penser sans compter&nbsp;? Maurice Halbwachs et [&hellip;]<\/p>\n","protected":false},"author":1,"featured_media":0,"parent":2649,"menu_order":0,"comment_status":"closed","ping_status":"closed","template":"","meta":{"_acf_changed":false,"footnotes":""},"class_list":["post-5497","page","type-page","status-publish","hentry"],"acf":[],"yoast_head":"<!-- This site is optimized with the Yoast SEO plugin v25.6 - https:\/\/yoast.com\/wordpress\/plugins\/seo\/ -->\n<title>CMH<\/title>\n<meta name=\"robots\" content=\"index, follow, max-snippet:-1, max-image-preview:large, max-video-preview:-1\" \/>\n<link rel=\"canonical\" href=\"https:\/\/cmh.ens.fr\/en\/activites-scientifiques-anterieures\/seminaires-daxes-2019-20\/\" class=\"yoast-seo-meta-tag\" \/>\n<meta property=\"og:locale\" content=\"en_US\" class=\"yoast-seo-meta-tag\" \/>\n<meta property=\"og:type\" content=\"article\" class=\"yoast-seo-meta-tag\" \/>\n<meta property=\"og:title\" content=\"S\u00e9minaires d\u2019axes 2019-20 - CMH\" class=\"yoast-seo-meta-tag\" \/>\n<meta property=\"og:description\" content=\"S\u00e9minaires de l\u2019axe \u00ab\u00a0In\u00e9galit\u00e9s et Solidarit\u00e9s\u00a0\u00bb Il aura lieu chaque mois, les mardis, de 14h \u00e0 16h, salle R3-35 Responsables du s\u00e9minaire&nbsp;: Cl\u00e9mentine Cottineau et Michel Fors\u00e9 22 Octobre 2019&nbsp;: Cl\u00e9mentine Cottineau, CR CNRS&nbsp;: In\u00e9galit\u00e9s \u00e9conomiques et g\u00e9ographiques&nbsp;: analyse dynamique et multiscalaire 12 Novembre 2019&nbsp;: Anne Lhuissier, CR INRA&nbsp;: D\u00e9penser sans compter&nbsp;? Maurice Halbwachs et [&hellip;]\" class=\"yoast-seo-meta-tag\" \/>\n<meta property=\"og:url\" content=\"https:\/\/cmh.ens.fr\/en\/activites-scientifiques-anterieures\/seminaires-daxes-2019-20\/\" class=\"yoast-seo-meta-tag\" \/>\n<meta property=\"og:site_name\" content=\"CMH\" class=\"yoast-seo-meta-tag\" \/>\n<meta property=\"article:modified_time\" content=\"2021-05-17T11:00:11+00:00\" class=\"yoast-seo-meta-tag\" \/>\n<meta name=\"twitter:card\" content=\"summary_large_image\" class=\"yoast-seo-meta-tag\" \/>\n<meta name=\"twitter:label1\" content=\"Est. reading time\" class=\"yoast-seo-meta-tag\" \/>\n\t<meta name=\"twitter:data1\" content=\"6 minutes\" class=\"yoast-seo-meta-tag\" \/>\n<script type=\"application\/ld+json\" class=\"yoast-schema-graph\">{\"@context\":\"https:\/\/schema.org\",\"@graph\":[{\"@type\":\"WebPage\",\"@id\":\"https:\/\/cmh.ens.fr\/en\/activites-scientifiques-anterieures\/seminaires-daxes-2019-20\/\",\"url\":\"https:\/\/cmh.ens.fr\/en\/activites-scientifiques-anterieures\/seminaires-daxes-2019-20\/\",\"name\":\"S\u00e9minaires d\u2019axes 2019-20 - CMH\",\"isPartOf\":{\"@id\":\"https:\/\/cmh.ens.fr\/en\/#website\"},\"datePublished\":\"2021-05-17T11:00:09+00:00\",\"dateModified\":\"2021-05-17T11:00:11+00:00\",\"breadcrumb\":{\"@id\":\"https:\/\/cmh.ens.fr\/en\/activites-scientifiques-anterieures\/seminaires-daxes-2019-20\/#breadcrumb\"},\"inLanguage\":\"en-US\",\"potentialAction\":[{\"@type\":\"ReadAction\",\"target\":[\"https:\/\/cmh.ens.fr\/en\/activites-scientifiques-anterieures\/seminaires-daxes-2019-20\/\"]}]},{\"@type\":\"BreadcrumbList\",\"@id\":\"https:\/\/cmh.ens.fr\/en\/activites-scientifiques-anterieures\/seminaires-daxes-2019-20\/#breadcrumb\",\"itemListElement\":[{\"@type\":\"ListItem\",\"position\":1,\"name\":\"Accueil\",\"item\":\"https:\/\/cmh.ens.fr\/\"},{\"@type\":\"ListItem\",\"position\":2,\"name\":\"Activit\u00e9s scientifiques ant\u00e9rieures\",\"item\":\"https:\/\/cmh.ens.fr\/activites-scientifiques-anterieures\/\"},{\"@type\":\"ListItem\",\"position\":3,\"name\":\"S\u00e9minaires d\u2019axes 2019-20\"}]},{\"@type\":\"WebSite\",\"@id\":\"https:\/\/cmh.ens.fr\/en\/#website\",\"url\":\"https:\/\/cmh.ens.fr\/en\/\",\"name\":\"CMH\",\"description\":\"Centre Maurice Halbwachs\",\"publisher\":{\"@id\":\"https:\/\/cmh.ens.fr\/en\/#organization\"},\"potentialAction\":[{\"@type\":\"SearchAction\",\"target\":{\"@type\":\"EntryPoint\",\"urlTemplate\":\"https:\/\/cmh.ens.fr\/en\/?s={search_term_string}\"},\"query-input\":{\"@type\":\"PropertyValueSpecification\",\"valueRequired\":true,\"valueName\":\"search_term_string\"}}],\"inLanguage\":\"en-US\"},{\"@type\":\"Organization\",\"@id\":\"https:\/\/cmh.ens.fr\/en\/#organization\",\"name\":\"Centre Maurice Halbwachs\",\"url\":\"https:\/\/cmh.ens.fr\/en\/\",\"logo\":{\"@type\":\"ImageObject\",\"inLanguage\":\"en-US\",\"@id\":\"https:\/\/cmh.ens.fr\/en\/#\/schema\/logo\/image\/\",\"url\":\"https:\/\/www.cmh.ens.fr\/wp-content\/uploads\/siteon0.jpg\",\"contentUrl\":\"https:\/\/www.cmh.ens.fr\/wp-content\/uploads\/siteon0.jpg\",\"width\":86,\"height\":53,\"caption\":\"Centre Maurice Halbwachs\"},\"image\":{\"@id\":\"https:\/\/cmh.ens.fr\/en\/#\/schema\/logo\/image\/\"}}]}<\/script>\n<!-- \/ Yoast SEO plugin. -->","yoast_head_json":{"title":"CMH","robots":{"index":"index","follow":"follow","max-snippet":"max-snippet:-1","max-image-preview":"max-image-preview:large","max-video-preview":"max-video-preview:-1"},"canonical":"https:\/\/cmh.ens.fr\/en\/activites-scientifiques-anterieures\/seminaires-daxes-2019-20\/","og_locale":"en_US","og_type":"article","og_title":"S\u00e9minaires d\u2019axes 2019-20 - CMH","og_description":"S\u00e9minaires de l\u2019axe \u00ab\u00a0In\u00e9galit\u00e9s et Solidarit\u00e9s\u00a0\u00bb Il aura lieu chaque mois, les mardis, de 14h \u00e0 16h, salle R3-35 Responsables du s\u00e9minaire&nbsp;: Cl\u00e9mentine Cottineau et Michel Fors\u00e9 22 Octobre 2019&nbsp;: Cl\u00e9mentine Cottineau, CR CNRS&nbsp;: In\u00e9galit\u00e9s \u00e9conomiques et g\u00e9ographiques&nbsp;: analyse dynamique et multiscalaire 12 Novembre 2019&nbsp;: Anne Lhuissier, CR INRA&nbsp;: D\u00e9penser sans compter&nbsp;? Maurice Halbwachs et [&hellip;]","og_url":"https:\/\/cmh.ens.fr\/en\/activites-scientifiques-anterieures\/seminaires-daxes-2019-20\/","og_site_name":"CMH","article_modified_time":"2021-05-17T11:00:11+00:00","twitter_card":"summary_large_image","twitter_misc":{"Est. reading time":"6 minutes"},"schema":{"@context":"https:\/\/schema.org","@graph":[{"@type":"WebPage","@id":"https:\/\/cmh.ens.fr\/en\/activites-scientifiques-anterieures\/seminaires-daxes-2019-20\/","url":"https:\/\/cmh.ens.fr\/en\/activites-scientifiques-anterieures\/seminaires-daxes-2019-20\/","name":"S\u00e9minaires d\u2019axes 2019-20 - CMH","isPartOf":{"@id":"https:\/\/cmh.ens.fr\/en\/#website"},"datePublished":"2021-05-17T11:00:09+00:00","dateModified":"2021-05-17T11:00:11+00:00","breadcrumb":{"@id":"https:\/\/cmh.ens.fr\/en\/activites-scientifiques-anterieures\/seminaires-daxes-2019-20\/#breadcrumb"},"inLanguage":"en-US","potentialAction":[{"@type":"ReadAction","target":["https:\/\/cmh.ens.fr\/en\/activites-scientifiques-anterieures\/seminaires-daxes-2019-20\/"]}]},{"@type":"BreadcrumbList","@id":"https:\/\/cmh.ens.fr\/en\/activites-scientifiques-anterieures\/seminaires-daxes-2019-20\/#breadcrumb","itemListElement":[{"@type":"ListItem","position":1,"name":"Accueil","item":"https:\/\/cmh.ens.fr\/"},{"@type":"ListItem","position":2,"name":"Activit\u00e9s scientifiques ant\u00e9rieures","item":"https:\/\/cmh.ens.fr\/activites-scientifiques-anterieures\/"},{"@type":"ListItem","position":3,"name":"S\u00e9minaires d\u2019axes 2019-20"}]},{"@type":"WebSite","@id":"https:\/\/cmh.ens.fr\/en\/#website","url":"https:\/\/cmh.ens.fr\/en\/","name":"CMH","description":"Centre Maurice Halbwachs","publisher":{"@id":"https:\/\/cmh.ens.fr\/en\/#organization"},"potentialAction":[{"@type":"SearchAction","target":{"@type":"EntryPoint","urlTemplate":"https:\/\/cmh.ens.fr\/en\/?s={search_term_string}"},"query-input":{"@type":"PropertyValueSpecification","valueRequired":true,"valueName":"search_term_string"}}],"inLanguage":"en-US"},{"@type":"Organization","@id":"https:\/\/cmh.ens.fr\/en\/#organization","name":"Centre Maurice Halbwachs","url":"https:\/\/cmh.ens.fr\/en\/","logo":{"@type":"ImageObject","inLanguage":"en-US","@id":"https:\/\/cmh.ens.fr\/en\/#\/schema\/logo\/image\/","url":"https:\/\/www.cmh.ens.fr\/wp-content\/uploads\/siteon0.jpg","contentUrl":"https:\/\/www.cmh.ens.fr\/wp-content\/uploads\/siteon0.jpg","width":86,"height":53,"caption":"Centre Maurice Halbwachs"},"image":{"@id":"https:\/\/cmh.ens.fr\/en\/#\/schema\/logo\/image\/"}}]}},"_links":{"self":[{"href":"https:\/\/cmh.ens.fr\/en\/wp-json\/wp\/v2\/pages\/5497"}],"collection":[{"href":"https:\/\/cmh.ens.fr\/en\/wp-json\/wp\/v2\/pages"}],"about":[{"href":"https:\/\/cmh.ens.fr\/en\/wp-json\/wp\/v2\/types\/page"}],"author":[{"embeddable":true,"href":"https:\/\/cmh.ens.fr\/en\/wp-json\/wp\/v2\/users\/1"}],"replies":[{"embeddable":true,"href":"https:\/\/cmh.ens.fr\/en\/wp-json\/wp\/v2\/comments?post=5497"}],"version-history":[{"count":0,"href":"https:\/\/cmh.ens.fr\/en\/wp-json\/wp\/v2\/pages\/5497\/revisions"}],"up":[{"embeddable":true,"href":"https:\/\/cmh.ens.fr\/en\/wp-json\/wp\/v2\/pages\/2649"}],"wp:attachment":[{"href":"https:\/\/cmh.ens.fr\/en\/wp-json\/wp\/v2\/media?parent=5497"}],"curies":[{"name":"wp","href":"https:\/\/api.w.org\/{rel}","templated":true}]}}