{"id":10026,"date":"2022-04-21T11:31:15","date_gmt":"2022-04-21T09:31:15","guid":{"rendered":"https:\/\/www.cmh.ens.fr\/?page_id=10026"},"modified":"2023-01-05T11:45:12","modified_gmt":"2023-01-05T10:45:12","slug":"programme-anr-polal-les-politiques-alimentaires-en-france-innovation-et-recompositions-de-laction-publique","status":"publish","type":"page","link":"https:\/\/cmh.ens.fr\/en\/programmes-de-recherche\/programme-anr-polal-les-politiques-alimentaires-en-france-innovation-et-recompositions-de-laction-publique\/","title":{"rendered":"Programme ANR Polal &#8211; F\u00e9vrier 2019 \u00e0 F\u00e9vrier 2022"},"content":{"rendered":"<h2 class=\"wp-block-heading\">Les politiques alimentaires en France\u00a0: Innovation et recompositions de l&rsquo;action publique<\/h2>\n\n\n\n<p>Partenaire ou coordinateur du projet&nbsp;:&nbsp;<strong>Sophie DUBUISSON-QUELLIER<\/strong><\/p>\n\n\n\n<p>Quelles recompositions de l&rsquo;action publique\u00a0? Transversalit\u00e9 et articulation des interventions publiques et priv\u00e9es<\/p>\n\n\n\n<p>Le projet POLAL interroge les recompositions de l\u2019action publique contemporaine \u00e0 partir du cas des politiques alimentaires. Partant du constat \u00e9tabli par la litt\u00e9rature d\u2019une complexification de l\u2019action publique et d\u2019une porosit\u00e9 croissante entre les interventions publiques et priv\u00e9es, le projet explore deux s\u00e9ries de questions. Premi\u00e8rement, nous analysons comment l\u2019action publique, alors qu\u2019elle s\u2019est sp\u00e9cialis\u00e9e et complexifi\u00e9e, parvient \u00e0 prendre en charge des questions transversales, aux objectifs parfois difficilement conciliables, relevant de juridictions administratives diff\u00e9rentes et n\u00e9cessitant des interventions transectorielles. Deuxi\u00e8mement, nous voulons rendre compte de la diversit\u00e9 des interfaces entre acteurs publics et priv\u00e9s, de ce que interventions publiques et priv\u00e9es conservent de sp\u00e9cifique, de la mani\u00e8re dont des fronti\u00e8res se trouvent r\u00e9affirm\u00e9es et enfin, de ce que cette porosit\u00e9 produit sur la prise en charge des enjeux de bien commun. Pour traiter ces deux grandes questions, les politiques constituent un cas particuli\u00e8rement int\u00e9ressant, parce qu\u2019elles sont \u00e0 la fois transectorielles et fortement articul\u00e9es aux interventions des acteurs priv\u00e9s. Le projet repose sur trois hypoth\u00e8ses\u00a0: <\/p>\n\n\n\n<p>1. Les interfaces public-priv\u00e9 constituent des espaces interm\u00e9diaires de l\u2019action publique parce qu\u2019elles contribuent \u00e0 la reconfiguration des int\u00e9r\u00eats et des enjeux des acteurs publics et priv\u00e9s. <\/p>\n\n\n\n<p>2. L\u2019examen des r\u00e9pertoires d\u2019action des entreprises ou de leurs repr\u00e9sentants donne acc\u00e8s aux moyens par lesquels les acteurs priv\u00e9s cherchent \u00e0 peser sur l\u2019action publique, en tentant d\u2019infl\u00e9chir ou d\u2019influencer les interventions publiques et en intervenant eux-m\u00eames sur des enjeux collectifs. <\/p>\n\n\n\n<p>3. L\u2019organisation, la construction et la structuration d\u2019un champ d\u2019expertise autour des comportements alimentaires constituent des ressources autant dans les rapports de force que dans les alliances entre acteurs publics et priv\u00e9s.<\/p>\n\n\n\n<p><a href=\"https:\/\/anr.fr\/Projet-ANR-18-CE26-0016\" target=\"_blank\" rel=\"noreferrer noopener\">Renseignements<\/a><\/p>","protected":false},"excerpt":{"rendered":"<p>Les politiques alimentaires en France\u00a0: Innovation et recompositions de l&rsquo;action publique Partenaire ou coordinateur du projet&nbsp;:&nbsp;Sophie DUBUISSON-QUELLIER Quelles recompositions de l&rsquo;action publique\u00a0? Transversalit\u00e9 et articulation des interventions publiques et priv\u00e9es Le projet POLAL interroge les recompositions de l\u2019action publique contemporaine \u00e0 partir du cas des politiques alimentaires. Partant du constat \u00e9tabli par la litt\u00e9rature d\u2019une [&hellip;]<\/p>\n","protected":false},"author":94,"featured_media":0,"parent":5740,"menu_order":6,"comment_status":"closed","ping_status":"closed","template":"","meta":{"_acf_changed":false,"footnotes":""},"class_list":["post-10026","page","type-page","status-publish","hentry"],"acf":[],"yoast_head":"<!-- This site is optimized with the Yoast SEO plugin v25.6 - https:\/\/yoast.com\/wordpress\/plugins\/seo\/ -->\n<title>CMH<\/title>\n<meta name=\"robots\" content=\"index, follow, max-snippet:-1, max-image-preview:large, max-video-preview:-1\" \/>\n<link rel=\"canonical\" href=\"https:\/\/cmh.ens.fr\/en\/programmes-de-recherche\/programme-anr-polal-les-politiques-alimentaires-en-france-innovation-et-recompositions-de-laction-publique\/\" class=\"yoast-seo-meta-tag\" \/>\n<meta property=\"og:locale\" content=\"en_US\" class=\"yoast-seo-meta-tag\" \/>\n<meta property=\"og:type\" content=\"article\" class=\"yoast-seo-meta-tag\" \/>\n<meta property=\"og:title\" content=\"Programme ANR Polal - F\u00e9vrier 2019 \u00e0 F\u00e9vrier 2022 - CMH\" class=\"yoast-seo-meta-tag\" \/>\n<meta property=\"og:description\" content=\"Les politiques alimentaires en France\u00a0: Innovation et recompositions de l&rsquo;action publique Partenaire ou coordinateur du projet&nbsp;:&nbsp;Sophie DUBUISSON-QUELLIER Quelles recompositions de l&rsquo;action publique\u00a0? Transversalit\u00e9 et articulation des interventions publiques et priv\u00e9es Le projet POLAL interroge les recompositions de l\u2019action publique contemporaine \u00e0 partir du cas des politiques alimentaires. Partant du constat \u00e9tabli par la litt\u00e9rature d\u2019une [&hellip;]\" class=\"yoast-seo-meta-tag\" \/>\n<meta property=\"og:url\" content=\"https:\/\/cmh.ens.fr\/en\/programmes-de-recherche\/programme-anr-polal-les-politiques-alimentaires-en-france-innovation-et-recompositions-de-laction-publique\/\" class=\"yoast-seo-meta-tag\" \/>\n<meta property=\"og:site_name\" content=\"CMH\" class=\"yoast-seo-meta-tag\" \/>\n<meta property=\"article:modified_time\" content=\"2023-01-05T10:45:12+00:00\" class=\"yoast-seo-meta-tag\" \/>\n<meta name=\"twitter:card\" content=\"summary_large_image\" class=\"yoast-seo-meta-tag\" \/>\n<meta name=\"twitter:label1\" content=\"Est. reading time\" class=\"yoast-seo-meta-tag\" \/>\n\t<meta name=\"twitter:data1\" content=\"2 minutes\" class=\"yoast-seo-meta-tag\" \/>\n<script type=\"application\/ld+json\" class=\"yoast-schema-graph\">{\"@context\":\"https:\/\/schema.org\",\"@graph\":[{\"@type\":\"WebPage\",\"@id\":\"https:\/\/cmh.ens.fr\/en\/programmes-de-recherche\/programme-anr-polal-les-politiques-alimentaires-en-france-innovation-et-recompositions-de-laction-publique\/\",\"url\":\"https:\/\/cmh.ens.fr\/en\/programmes-de-recherche\/programme-anr-polal-les-politiques-alimentaires-en-france-innovation-et-recompositions-de-laction-publique\/\",\"name\":\"Programme ANR Polal - F\u00e9vrier 2019 \u00e0 F\u00e9vrier 2022 - CMH\",\"isPartOf\":{\"@id\":\"https:\/\/cmh.ens.fr\/en\/#website\"},\"datePublished\":\"2022-04-21T09:31:15+00:00\",\"dateModified\":\"2023-01-05T10:45:12+00:00\",\"breadcrumb\":{\"@id\":\"https:\/\/cmh.ens.fr\/en\/programmes-de-recherche\/programme-anr-polal-les-politiques-alimentaires-en-france-innovation-et-recompositions-de-laction-publique\/#breadcrumb\"},\"inLanguage\":\"en-US\",\"potentialAction\":[{\"@type\":\"ReadAction\",\"target\":[\"https:\/\/cmh.ens.fr\/en\/programmes-de-recherche\/programme-anr-polal-les-politiques-alimentaires-en-france-innovation-et-recompositions-de-laction-publique\/\"]}]},{\"@type\":\"BreadcrumbList\",\"@id\":\"https:\/\/cmh.ens.fr\/en\/programmes-de-recherche\/programme-anr-polal-les-politiques-alimentaires-en-france-innovation-et-recompositions-de-laction-publique\/#breadcrumb\",\"itemListElement\":[{\"@type\":\"ListItem\",\"position\":1,\"name\":\"Accueil\",\"item\":\"https:\/\/cmh.ens.fr\/\"},{\"@type\":\"ListItem\",\"position\":2,\"name\":\"Programmes de recherche\",\"item\":\"https:\/\/cmh.ens.fr\/programmes-de-recherche\/\"},{\"@type\":\"ListItem\",\"position\":3,\"name\":\"Programme ANR Polal &#8211; F\u00e9vrier 2019 \u00e0 F\u00e9vrier 2022\"}]},{\"@type\":\"WebSite\",\"@id\":\"https:\/\/cmh.ens.fr\/en\/#website\",\"url\":\"https:\/\/cmh.ens.fr\/en\/\",\"name\":\"CMH\",\"description\":\"Centre Maurice Halbwachs\",\"publisher\":{\"@id\":\"https:\/\/cmh.ens.fr\/en\/#organization\"},\"potentialAction\":[{\"@type\":\"SearchAction\",\"target\":{\"@type\":\"EntryPoint\",\"urlTemplate\":\"https:\/\/cmh.ens.fr\/en\/?s={search_term_string}\"},\"query-input\":{\"@type\":\"PropertyValueSpecification\",\"valueRequired\":true,\"valueName\":\"search_term_string\"}}],\"inLanguage\":\"en-US\"},{\"@type\":\"Organization\",\"@id\":\"https:\/\/cmh.ens.fr\/en\/#organization\",\"name\":\"Centre Maurice Halbwachs\",\"url\":\"https:\/\/cmh.ens.fr\/en\/\",\"logo\":{\"@type\":\"ImageObject\",\"inLanguage\":\"en-US\",\"@id\":\"https:\/\/cmh.ens.fr\/en\/#\/schema\/logo\/image\/\",\"url\":\"https:\/\/www.cmh.ens.fr\/wp-content\/uploads\/siteon0.jpg\",\"contentUrl\":\"https:\/\/www.cmh.ens.fr\/wp-content\/uploads\/siteon0.jpg\",\"width\":86,\"height\":53,\"caption\":\"Centre Maurice Halbwachs\"},\"image\":{\"@id\":\"https:\/\/cmh.ens.fr\/en\/#\/schema\/logo\/image\/\"}}]}<\/script>\n<!-- \/ Yoast SEO plugin. -->","yoast_head_json":{"title":"CMH","robots":{"index":"index","follow":"follow","max-snippet":"max-snippet:-1","max-image-preview":"max-image-preview:large","max-video-preview":"max-video-preview:-1"},"canonical":"https:\/\/cmh.ens.fr\/en\/programmes-de-recherche\/programme-anr-polal-les-politiques-alimentaires-en-france-innovation-et-recompositions-de-laction-publique\/","og_locale":"en_US","og_type":"article","og_title":"Programme ANR Polal - F\u00e9vrier 2019 \u00e0 F\u00e9vrier 2022 - CMH","og_description":"Les politiques alimentaires en France\u00a0: Innovation et recompositions de l&rsquo;action publique Partenaire ou coordinateur du projet&nbsp;:&nbsp;Sophie DUBUISSON-QUELLIER Quelles recompositions de l&rsquo;action publique\u00a0? Transversalit\u00e9 et articulation des interventions publiques et priv\u00e9es Le projet POLAL interroge les recompositions de l\u2019action publique contemporaine \u00e0 partir du cas des politiques alimentaires. Partant du constat \u00e9tabli par la litt\u00e9rature d\u2019une [&hellip;]","og_url":"https:\/\/cmh.ens.fr\/en\/programmes-de-recherche\/programme-anr-polal-les-politiques-alimentaires-en-france-innovation-et-recompositions-de-laction-publique\/","og_site_name":"CMH","article_modified_time":"2023-01-05T10:45:12+00:00","twitter_card":"summary_large_image","twitter_misc":{"Est. reading time":"2 minutes"},"schema":{"@context":"https:\/\/schema.org","@graph":[{"@type":"WebPage","@id":"https:\/\/cmh.ens.fr\/en\/programmes-de-recherche\/programme-anr-polal-les-politiques-alimentaires-en-france-innovation-et-recompositions-de-laction-publique\/","url":"https:\/\/cmh.ens.fr\/en\/programmes-de-recherche\/programme-anr-polal-les-politiques-alimentaires-en-france-innovation-et-recompositions-de-laction-publique\/","name":"Programme ANR Polal - F\u00e9vrier 2019 \u00e0 F\u00e9vrier 2022 - CMH","isPartOf":{"@id":"https:\/\/cmh.ens.fr\/en\/#website"},"datePublished":"2022-04-21T09:31:15+00:00","dateModified":"2023-01-05T10:45:12+00:00","breadcrumb":{"@id":"https:\/\/cmh.ens.fr\/en\/programmes-de-recherche\/programme-anr-polal-les-politiques-alimentaires-en-france-innovation-et-recompositions-de-laction-publique\/#breadcrumb"},"inLanguage":"en-US","potentialAction":[{"@type":"ReadAction","target":["https:\/\/cmh.ens.fr\/en\/programmes-de-recherche\/programme-anr-polal-les-politiques-alimentaires-en-france-innovation-et-recompositions-de-laction-publique\/"]}]},{"@type":"BreadcrumbList","@id":"https:\/\/cmh.ens.fr\/en\/programmes-de-recherche\/programme-anr-polal-les-politiques-alimentaires-en-france-innovation-et-recompositions-de-laction-publique\/#breadcrumb","itemListElement":[{"@type":"ListItem","position":1,"name":"Accueil","item":"https:\/\/cmh.ens.fr\/"},{"@type":"ListItem","position":2,"name":"Programmes de recherche","item":"https:\/\/cmh.ens.fr\/programmes-de-recherche\/"},{"@type":"ListItem","position":3,"name":"Programme ANR Polal &#8211; F\u00e9vrier 2019 \u00e0 F\u00e9vrier 2022"}]},{"@type":"WebSite","@id":"https:\/\/cmh.ens.fr\/en\/#website","url":"https:\/\/cmh.ens.fr\/en\/","name":"CMH","description":"Centre Maurice Halbwachs","publisher":{"@id":"https:\/\/cmh.ens.fr\/en\/#organization"},"potentialAction":[{"@type":"SearchAction","target":{"@type":"EntryPoint","urlTemplate":"https:\/\/cmh.ens.fr\/en\/?s={search_term_string}"},"query-input":{"@type":"PropertyValueSpecification","valueRequired":true,"valueName":"search_term_string"}}],"inLanguage":"en-US"},{"@type":"Organization","@id":"https:\/\/cmh.ens.fr\/en\/#organization","name":"Centre Maurice Halbwachs","url":"https:\/\/cmh.ens.fr\/en\/","logo":{"@type":"ImageObject","inLanguage":"en-US","@id":"https:\/\/cmh.ens.fr\/en\/#\/schema\/logo\/image\/","url":"https:\/\/www.cmh.ens.fr\/wp-content\/uploads\/siteon0.jpg","contentUrl":"https:\/\/www.cmh.ens.fr\/wp-content\/uploads\/siteon0.jpg","width":86,"height":53,"caption":"Centre Maurice Halbwachs"},"image":{"@id":"https:\/\/cmh.ens.fr\/en\/#\/schema\/logo\/image\/"}}]}},"_links":{"self":[{"href":"https:\/\/cmh.ens.fr\/en\/wp-json\/wp\/v2\/pages\/10026"}],"collection":[{"href":"https:\/\/cmh.ens.fr\/en\/wp-json\/wp\/v2\/pages"}],"about":[{"href":"https:\/\/cmh.ens.fr\/en\/wp-json\/wp\/v2\/types\/page"}],"author":[{"embeddable":true,"href":"https:\/\/cmh.ens.fr\/en\/wp-json\/wp\/v2\/users\/94"}],"replies":[{"embeddable":true,"href":"https:\/\/cmh.ens.fr\/en\/wp-json\/wp\/v2\/comments?post=10026"}],"version-history":[{"count":7,"href":"https:\/\/cmh.ens.fr\/en\/wp-json\/wp\/v2\/pages\/10026\/revisions"}],"predecessor-version":[{"id":11148,"href":"https:\/\/cmh.ens.fr\/en\/wp-json\/wp\/v2\/pages\/10026\/revisions\/11148"}],"up":[{"embeddable":true,"href":"https:\/\/cmh.ens.fr\/en\/wp-json\/wp\/v2\/pages\/5740"}],"wp:attachment":[{"href":"https:\/\/cmh.ens.fr\/en\/wp-json\/wp\/v2\/media?parent=10026"}],"curies":[{"name":"wp","href":"https:\/\/api.w.org\/{rel}","templated":true}]}}