{"id":8431,"date":"2021-09-30T10:54:11","date_gmt":"2021-09-30T08:54:11","guid":{"rendered":"https:\/\/w3.cmh.ens.fr\/?post_type=evenement&#038;p=8431"},"modified":"2021-10-21T09:57:23","modified_gmt":"2021-10-21T07:57:23","slug":"journee-autour-du-research-handbook-on-modern-legal-realism","status":"publish","type":"evenement","link":"https:\/\/cmh.ens.fr\/en\/evenement\/journee-autour-du-research-handbook-on-modern-legal-realism\/","title":{"rendered":"Journ\u00e9e autour du\u00a0\u00ab\u00a0Research Handbook on Modern Legal Realism\u00a0\u00bb"},"content":{"rendered":"<p><strong>9h-10h45<\/strong>&nbsp; &nbsp;Introduction&nbsp;: Pierre Brunet, Liora Isra\u00ebl<\/p>\n\n\n\n<p>Pr\u00e9sentation g\u00e9n\u00e9rale du livre&nbsp;: Matthieu Gaye-Palettes, doctorant (Toulouse 1, IRDEIC) auteur de la recension&nbsp;de l\u2019ouvrage dans <em>Droit et Soci\u00e9t\u00e9<\/em><\/p>\n\n\n\n<p>Pr\u00e9sentation de contributions \u00e0 l\u2019ouvrage&nbsp;: Liora Isra\u00ebl, Micka\u00ebl Rask Madsen (Universit\u00e9 de Copenhague, \u00e0 distance), Louise Victoria Johanssen (Universit\u00e9 de Copenhague)<\/p>\n\n\n\n<p><strong>11h-13h<\/strong> &nbsp;Table ronde&nbsp;: perspectives sur le livre&nbsp;<br>Animation Pierre Brunet<\/p>\n\n\n\n<p>Lionel Zevounou (CTAD UMR 7074,&nbsp;<em>Theorhis<\/em>), Baudouin Dupret (CNRS, LAM, \u00e0 distance), Yannick Ganne (Universit\u00e9 d\u2019Amiens, CURAPP), Patricia Mindus (Uppsala University), Rachel Vanneuville (CNRS-Triangle), Rainer Maria Kiesow (EHESS, Centre Georg Simmel)<\/p>\n\n\n\n<p><strong>13h-14h30<\/strong>&nbsp; &nbsp;D\u00e9jeuner<br><strong>14h30-16h30<\/strong> &nbsp;&nbsp;D\u00e9bat&nbsp;: Animation Liora Isra\u00ebl<br>Quelle place pour un nouveau r\u00e9alisme juridique dans les lieux de formation au droit&nbsp;?<\/p>\n\n\n\n<p>Pierre Brunet, Sharon Weill (American University, Paris), Marie Mercat-Bruns (CNAM,&nbsp;LISE), Diana Villegas (Universit\u00e9 Panth\u00e9on-Assas, \u00e0 distance), S\u00e9bastien Pimont (Sciences Po, \u00c9cole de Droit)<\/p>\n\n\n\n<p><strong>16h30<\/strong> &nbsp;&nbsp;Conclusion&nbsp;: Elizabeth Mertz, University of Wisconsin \u2013 American Bar Foundation (\u00e0 distance)<\/p>\n\n\n\n<p><\/p>","protected":false},"featured_media":8432,"template":"","typologies_evenement":[82],"class_list":["post-8431","evenement","type-evenement","status-publish","has-post-thumbnail","hentry","typologies_evenement-journees-detudes-et-colloques"],"acf":[],"yoast_head":"<!-- This site is optimized with the Yoast SEO plugin v25.6 - https:\/\/yoast.com\/wordpress\/plugins\/seo\/ -->\n<title>CMH<\/title>\n<meta name=\"robots\" content=\"index, follow, max-snippet:-1, max-image-preview:large, max-video-preview:-1\" \/>\n<link rel=\"canonical\" href=\"https:\/\/cmh.ens.fr\/en\/evenement\/journee-autour-du-research-handbook-on-modern-legal-realism\/\" class=\"yoast-seo-meta-tag\" \/>\n<meta property=\"og:locale\" content=\"en_US\" class=\"yoast-seo-meta-tag\" \/>\n<meta property=\"og:type\" content=\"article\" class=\"yoast-seo-meta-tag\" \/>\n<meta property=\"og:title\" content=\"Journ\u00e9e autour du \u00ab\u00a0Research Handbook on Modern Legal Realism\u00a0\u00bb - CMH\" class=\"yoast-seo-meta-tag\" \/>\n<meta property=\"og:description\" content=\"9h-10h45&nbsp; &nbsp;Introduction&nbsp;: Pierre Brunet, Liora Isra\u00ebl Pr\u00e9sentation g\u00e9n\u00e9rale du livre&nbsp;: Matthieu Gaye-Palettes, doctorant (Toulouse 1, IRDEIC) auteur de la recension&nbsp;de l\u2019ouvrage dans Droit et Soci\u00e9t\u00e9 Pr\u00e9sentation de contributions \u00e0 l\u2019ouvrage&nbsp;: Liora Isra\u00ebl, Micka\u00ebl Rask Madsen (Universit\u00e9 de Copenhague, \u00e0 distance), Louise Victoria Johanssen (Universit\u00e9 de Copenhague) 11h-13h &nbsp;Table ronde&nbsp;: perspectives sur le livre&nbsp;Animation Pierre Brunet [&hellip;]\" class=\"yoast-seo-meta-tag\" \/>\n<meta property=\"og:url\" content=\"https:\/\/cmh.ens.fr\/en\/evenement\/journee-autour-du-research-handbook-on-modern-legal-realism\/\" class=\"yoast-seo-meta-tag\" \/>\n<meta property=\"og:site_name\" content=\"CMH\" class=\"yoast-seo-meta-tag\" \/>\n<meta property=\"article:modified_time\" content=\"2021-10-21T07:57:23+00:00\" class=\"yoast-seo-meta-tag\" \/>\n<meta property=\"og:image\" content=\"https:\/\/cmh.ens.fr\/wp-content\/uploads\/modern.jpg\" class=\"yoast-seo-meta-tag\" \/>\n\t<meta property=\"og:image:width\" content=\"200\" class=\"yoast-seo-meta-tag\" \/>\n\t<meta property=\"og:image:height\" content=\"305\" class=\"yoast-seo-meta-tag\" \/>\n\t<meta property=\"og:image:type\" content=\"image\/jpeg\" class=\"yoast-seo-meta-tag\" \/>\n<meta name=\"twitter:card\" content=\"summary_large_image\" class=\"yoast-seo-meta-tag\" \/>\n<meta name=\"twitter:label1\" content=\"Est. reading time\" class=\"yoast-seo-meta-tag\" \/>\n\t<meta name=\"twitter:data1\" content=\"1 minute\" class=\"yoast-seo-meta-tag\" \/>\n<script type=\"application\/ld+json\" class=\"yoast-schema-graph\">{\"@context\":\"https:\/\/schema.org\",\"@graph\":[{\"@type\":\"WebPage\",\"@id\":\"https:\/\/cmh.ens.fr\/en\/evenement\/journee-autour-du-research-handbook-on-modern-legal-realism\/\",\"url\":\"https:\/\/cmh.ens.fr\/en\/evenement\/journee-autour-du-research-handbook-on-modern-legal-realism\/\",\"name\":\"Journ\u00e9e autour du \u00ab\u00a0Research Handbook on Modern Legal Realism\u00a0\u00bb - CMH\",\"isPartOf\":{\"@id\":\"https:\/\/cmh.ens.fr\/en\/#website\"},\"primaryImageOfPage\":{\"@id\":\"https:\/\/cmh.ens.fr\/en\/evenement\/journee-autour-du-research-handbook-on-modern-legal-realism\/#primaryimage\"},\"image\":{\"@id\":\"https:\/\/cmh.ens.fr\/en\/evenement\/journee-autour-du-research-handbook-on-modern-legal-realism\/#primaryimage\"},\"thumbnailUrl\":\"https:\/\/cmh.ens.fr\/wp-content\/uploads\/modern.jpg\",\"datePublished\":\"2021-09-30T08:54:11+00:00\",\"dateModified\":\"2021-10-21T07:57:23+00:00\",\"breadcrumb\":{\"@id\":\"https:\/\/cmh.ens.fr\/en\/evenement\/journee-autour-du-research-handbook-on-modern-legal-realism\/#breadcrumb\"},\"inLanguage\":\"en-US\",\"potentialAction\":[{\"@type\":\"ReadAction\",\"target\":[\"https:\/\/cmh.ens.fr\/en\/evenement\/journee-autour-du-research-handbook-on-modern-legal-realism\/\"]}]},{\"@type\":\"ImageObject\",\"inLanguage\":\"en-US\",\"@id\":\"https:\/\/cmh.ens.fr\/en\/evenement\/journee-autour-du-research-handbook-on-modern-legal-realism\/#primaryimage\",\"url\":\"https:\/\/cmh.ens.fr\/wp-content\/uploads\/modern.jpg\",\"contentUrl\":\"https:\/\/cmh.ens.fr\/wp-content\/uploads\/modern.jpg\",\"width\":200,\"height\":305},{\"@type\":\"BreadcrumbList\",\"@id\":\"https:\/\/cmh.ens.fr\/en\/evenement\/journee-autour-du-research-handbook-on-modern-legal-realism\/#breadcrumb\",\"itemListElement\":[{\"@type\":\"ListItem\",\"position\":1,\"name\":\"Accueil\",\"item\":\"https:\/\/cmh.ens.fr\/\"},{\"@type\":\"ListItem\",\"position\":2,\"name\":\"\u00c9v\u00e8nements\",\"item\":\"https:\/\/cmh.ens.fr\/evenement\/\"},{\"@type\":\"ListItem\",\"position\":3,\"name\":\"Journ\u00e9e autour du\u00a0\u00ab\u00a0Research Handbook on Modern Legal Realism\u00a0\u00bb\"}]},{\"@type\":\"WebSite\",\"@id\":\"https:\/\/cmh.ens.fr\/en\/#website\",\"url\":\"https:\/\/cmh.ens.fr\/en\/\",\"name\":\"CMH\",\"description\":\"Centre Maurice Halbwachs\",\"publisher\":{\"@id\":\"https:\/\/cmh.ens.fr\/en\/#organization\"},\"potentialAction\":[{\"@type\":\"SearchAction\",\"target\":{\"@type\":\"EntryPoint\",\"urlTemplate\":\"https:\/\/cmh.ens.fr\/en\/?s={search_term_string}\"},\"query-input\":{\"@type\":\"PropertyValueSpecification\",\"valueRequired\":true,\"valueName\":\"search_term_string\"}}],\"inLanguage\":\"en-US\"},{\"@type\":\"Organization\",\"@id\":\"https:\/\/cmh.ens.fr\/en\/#organization\",\"name\":\"Centre Maurice Halbwachs\",\"url\":\"https:\/\/cmh.ens.fr\/en\/\",\"logo\":{\"@type\":\"ImageObject\",\"inLanguage\":\"en-US\",\"@id\":\"https:\/\/cmh.ens.fr\/en\/#\/schema\/logo\/image\/\",\"url\":\"https:\/\/www.cmh.ens.fr\/wp-content\/uploads\/siteon0.jpg\",\"contentUrl\":\"https:\/\/www.cmh.ens.fr\/wp-content\/uploads\/siteon0.jpg\",\"width\":86,\"height\":53,\"caption\":\"Centre Maurice Halbwachs\"},\"image\":{\"@id\":\"https:\/\/cmh.ens.fr\/en\/#\/schema\/logo\/image\/\"}}]}<\/script>\n<!-- \/ Yoast SEO plugin. -->","yoast_head_json":{"title":"CMH","robots":{"index":"index","follow":"follow","max-snippet":"max-snippet:-1","max-image-preview":"max-image-preview:large","max-video-preview":"max-video-preview:-1"},"canonical":"https:\/\/cmh.ens.fr\/en\/evenement\/journee-autour-du-research-handbook-on-modern-legal-realism\/","og_locale":"en_US","og_type":"article","og_title":"Journ\u00e9e autour du \u00ab\u00a0Research Handbook on Modern Legal Realism\u00a0\u00bb - CMH","og_description":"9h-10h45&nbsp; &nbsp;Introduction&nbsp;: Pierre Brunet, Liora Isra\u00ebl Pr\u00e9sentation g\u00e9n\u00e9rale du livre&nbsp;: Matthieu Gaye-Palettes, doctorant (Toulouse 1, IRDEIC) auteur de la recension&nbsp;de l\u2019ouvrage dans Droit et Soci\u00e9t\u00e9 Pr\u00e9sentation de contributions \u00e0 l\u2019ouvrage&nbsp;: Liora Isra\u00ebl, Micka\u00ebl Rask Madsen (Universit\u00e9 de Copenhague, \u00e0 distance), Louise Victoria Johanssen (Universit\u00e9 de Copenhague) 11h-13h &nbsp;Table ronde&nbsp;: perspectives sur le livre&nbsp;Animation Pierre Brunet [&hellip;]","og_url":"https:\/\/cmh.ens.fr\/en\/evenement\/journee-autour-du-research-handbook-on-modern-legal-realism\/","og_site_name":"CMH","article_modified_time":"2021-10-21T07:57:23+00:00","og_image":[{"width":200,"height":305,"url":"https:\/\/cmh.ens.fr\/wp-content\/uploads\/modern.jpg","type":"image\/jpeg"}],"twitter_card":"summary_large_image","twitter_misc":{"Est. reading time":"1 minute"},"schema":{"@context":"https:\/\/schema.org","@graph":[{"@type":"WebPage","@id":"https:\/\/cmh.ens.fr\/en\/evenement\/journee-autour-du-research-handbook-on-modern-legal-realism\/","url":"https:\/\/cmh.ens.fr\/en\/evenement\/journee-autour-du-research-handbook-on-modern-legal-realism\/","name":"Journ\u00e9e autour du \u00ab\u00a0Research Handbook on Modern Legal Realism\u00a0\u00bb - CMH","isPartOf":{"@id":"https:\/\/cmh.ens.fr\/en\/#website"},"primaryImageOfPage":{"@id":"https:\/\/cmh.ens.fr\/en\/evenement\/journee-autour-du-research-handbook-on-modern-legal-realism\/#primaryimage"},"image":{"@id":"https:\/\/cmh.ens.fr\/en\/evenement\/journee-autour-du-research-handbook-on-modern-legal-realism\/#primaryimage"},"thumbnailUrl":"https:\/\/cmh.ens.fr\/wp-content\/uploads\/modern.jpg","datePublished":"2021-09-30T08:54:11+00:00","dateModified":"2021-10-21T07:57:23+00:00","breadcrumb":{"@id":"https:\/\/cmh.ens.fr\/en\/evenement\/journee-autour-du-research-handbook-on-modern-legal-realism\/#breadcrumb"},"inLanguage":"en-US","potentialAction":[{"@type":"ReadAction","target":["https:\/\/cmh.ens.fr\/en\/evenement\/journee-autour-du-research-handbook-on-modern-legal-realism\/"]}]},{"@type":"ImageObject","inLanguage":"en-US","@id":"https:\/\/cmh.ens.fr\/en\/evenement\/journee-autour-du-research-handbook-on-modern-legal-realism\/#primaryimage","url":"https:\/\/cmh.ens.fr\/wp-content\/uploads\/modern.jpg","contentUrl":"https:\/\/cmh.ens.fr\/wp-content\/uploads\/modern.jpg","width":200,"height":305},{"@type":"BreadcrumbList","@id":"https:\/\/cmh.ens.fr\/en\/evenement\/journee-autour-du-research-handbook-on-modern-legal-realism\/#breadcrumb","itemListElement":[{"@type":"ListItem","position":1,"name":"Accueil","item":"https:\/\/cmh.ens.fr\/"},{"@type":"ListItem","position":2,"name":"\u00c9v\u00e8nements","item":"https:\/\/cmh.ens.fr\/evenement\/"},{"@type":"ListItem","position":3,"name":"Journ\u00e9e autour du\u00a0\u00ab\u00a0Research Handbook on Modern Legal Realism\u00a0\u00bb"}]},{"@type":"WebSite","@id":"https:\/\/cmh.ens.fr\/en\/#website","url":"https:\/\/cmh.ens.fr\/en\/","name":"CMH","description":"Centre Maurice Halbwachs","publisher":{"@id":"https:\/\/cmh.ens.fr\/en\/#organization"},"potentialAction":[{"@type":"SearchAction","target":{"@type":"EntryPoint","urlTemplate":"https:\/\/cmh.ens.fr\/en\/?s={search_term_string}"},"query-input":{"@type":"PropertyValueSpecification","valueRequired":true,"valueName":"search_term_string"}}],"inLanguage":"en-US"},{"@type":"Organization","@id":"https:\/\/cmh.ens.fr\/en\/#organization","name":"Centre Maurice Halbwachs","url":"https:\/\/cmh.ens.fr\/en\/","logo":{"@type":"ImageObject","inLanguage":"en-US","@id":"https:\/\/cmh.ens.fr\/en\/#\/schema\/logo\/image\/","url":"https:\/\/www.cmh.ens.fr\/wp-content\/uploads\/siteon0.jpg","contentUrl":"https:\/\/www.cmh.ens.fr\/wp-content\/uploads\/siteon0.jpg","width":86,"height":53,"caption":"Centre Maurice Halbwachs"},"image":{"@id":"https:\/\/cmh.ens.fr\/en\/#\/schema\/logo\/image\/"}}]}},"_links":{"self":[{"href":"https:\/\/cmh.ens.fr\/en\/wp-json\/wp\/v2\/evenement\/8431"}],"collection":[{"href":"https:\/\/cmh.ens.fr\/en\/wp-json\/wp\/v2\/evenement"}],"about":[{"href":"https:\/\/cmh.ens.fr\/en\/wp-json\/wp\/v2\/types\/evenement"}],"version-history":[{"count":5,"href":"https:\/\/cmh.ens.fr\/en\/wp-json\/wp\/v2\/evenement\/8431\/revisions"}],"predecessor-version":[{"id":8593,"href":"https:\/\/cmh.ens.fr\/en\/wp-json\/wp\/v2\/evenement\/8431\/revisions\/8593"}],"wp:featuredmedia":[{"embeddable":true,"href":"https:\/\/cmh.ens.fr\/en\/wp-json\/wp\/v2\/media\/8432"}],"wp:attachment":[{"href":"https:\/\/cmh.ens.fr\/en\/wp-json\/wp\/v2\/media?parent=8431"}],"wp:term":[{"taxonomy":"typologies_evenement","embeddable":true,"href":"https:\/\/cmh.ens.fr\/en\/wp-json\/wp\/v2\/typologies_evenement?post=8431"}],"curies":[{"name":"wp","href":"https:\/\/api.w.org\/{rel}","templated":true}]}}