{"id":6498,"date":"2021-06-08T22:49:01","date_gmt":"2021-06-08T20:49:01","guid":{"rendered":"https:\/\/w3.cmh.ens.fr\/?post_type=evenement&#038;p=6498"},"modified":"2021-06-08T22:49:48","modified_gmt":"2021-06-08T20:49:48","slug":"politiques-du-desordre-la-police-des-manifestations-en-france","status":"publish","type":"evenement","link":"https:\/\/cmh.ens.fr\/en\/evenement\/politiques-du-desordre-la-police-des-manifestations-en-france\/","title":{"rendered":"Politiques du d\u00e9sordre\u00a0: la police des manifestations en France"},"content":{"rendered":"<p><strong>Invit\u00e9s<\/strong><br><strong>Olivier Fillieule<\/strong>\u00a0est professeur de sociologie politique \u00e0 l\u2019Institut d\u2019\u00e9tudes politiques (IEP) de l\u2019universit\u00e9 de Lausanne.<br><strong>Fabien Jobard<\/strong>\u00a0est directeur de recherches au CNRS (Cesdip) et directeur du Groupement europ\u00e9en de recherches sur les normativit\u00e9s (GERN).<br>Ils pr\u00e9sentent leur dernier ouvrage,<em>\u00a0Politiques du d\u00e9sordre &#8211; La police des manifestations en France<\/em>, aux \u00c9ditions du Seuil.<\/p>\n\n\n\n<p>Pr\u00e9sentation par&nbsp;<strong>Johanna Sim\u00e9ant-Germanos<\/strong>&nbsp;(politiste, ENS\/CMH), discussion par&nbsp;<strong>Franck Ollivon<\/strong>&nbsp;(g\u00e9ographe, ENS\/EVS) et&nbsp;<strong>Philippe Askenazy<\/strong>&nbsp;(\u00e9conomiste, ENS\/CNRS\/CMH)<\/p>","protected":false},"featured_media":0,"template":"","typologies_evenement":[82],"class_list":["post-6498","evenement","type-evenement","status-publish","hentry","typologies_evenement-journees-detudes-et-colloques"],"acf":[],"yoast_head":"<!-- This site is optimized with the Yoast SEO plugin v25.6 - https:\/\/yoast.com\/wordpress\/plugins\/seo\/ -->\n<title>CMH<\/title>\n<meta name=\"robots\" content=\"index, follow, max-snippet:-1, max-image-preview:large, max-video-preview:-1\" \/>\n<link rel=\"canonical\" href=\"https:\/\/cmh.ens.fr\/en\/evenement\/politiques-du-desordre-la-police-des-manifestations-en-france\/\" class=\"yoast-seo-meta-tag\" \/>\n<meta property=\"og:locale\" content=\"en_US\" class=\"yoast-seo-meta-tag\" \/>\n<meta property=\"og:type\" content=\"article\" class=\"yoast-seo-meta-tag\" \/>\n<meta property=\"og:title\" content=\"Politiques du d\u00e9sordre : la police des manifestations en France - CMH\" class=\"yoast-seo-meta-tag\" \/>\n<meta property=\"og:description\" content=\"Invit\u00e9sOlivier Fillieule\u00a0est professeur de sociologie politique \u00e0 l\u2019Institut d\u2019\u00e9tudes politiques (IEP) de l\u2019universit\u00e9 de Lausanne.Fabien Jobard\u00a0est directeur de recherches au CNRS (Cesdip) et directeur du Groupement europ\u00e9en de recherches sur les normativit\u00e9s (GERN).Ils pr\u00e9sentent leur dernier ouvrage,\u00a0Politiques du d\u00e9sordre &#8211; La police des manifestations en France, aux \u00c9ditions du Seuil. Pr\u00e9sentation par&nbsp;Johanna Sim\u00e9ant-Germanos&nbsp;(politiste, ENS\/CMH), discussion [&hellip;]\" class=\"yoast-seo-meta-tag\" \/>\n<meta property=\"og:url\" content=\"https:\/\/cmh.ens.fr\/en\/evenement\/politiques-du-desordre-la-police-des-manifestations-en-france\/\" class=\"yoast-seo-meta-tag\" \/>\n<meta property=\"og:site_name\" content=\"CMH\" class=\"yoast-seo-meta-tag\" \/>\n<meta property=\"article:modified_time\" content=\"2021-06-08T20:49:48+00:00\" class=\"yoast-seo-meta-tag\" \/>\n<meta name=\"twitter:card\" content=\"summary_large_image\" class=\"yoast-seo-meta-tag\" \/>\n<script type=\"application\/ld+json\" class=\"yoast-schema-graph\">{\"@context\":\"https:\/\/schema.org\",\"@graph\":[{\"@type\":\"WebPage\",\"@id\":\"https:\/\/cmh.ens.fr\/en\/evenement\/politiques-du-desordre-la-police-des-manifestations-en-france\/\",\"url\":\"https:\/\/cmh.ens.fr\/en\/evenement\/politiques-du-desordre-la-police-des-manifestations-en-france\/\",\"name\":\"Politiques du d\u00e9sordre : la police des manifestations en France - CMH\",\"isPartOf\":{\"@id\":\"https:\/\/cmh.ens.fr\/en\/#website\"},\"datePublished\":\"2021-06-08T20:49:01+00:00\",\"dateModified\":\"2021-06-08T20:49:48+00:00\",\"breadcrumb\":{\"@id\":\"https:\/\/cmh.ens.fr\/en\/evenement\/politiques-du-desordre-la-police-des-manifestations-en-france\/#breadcrumb\"},\"inLanguage\":\"en-US\",\"potentialAction\":[{\"@type\":\"ReadAction\",\"target\":[\"https:\/\/cmh.ens.fr\/en\/evenement\/politiques-du-desordre-la-police-des-manifestations-en-france\/\"]}]},{\"@type\":\"BreadcrumbList\",\"@id\":\"https:\/\/cmh.ens.fr\/en\/evenement\/politiques-du-desordre-la-police-des-manifestations-en-france\/#breadcrumb\",\"itemListElement\":[{\"@type\":\"ListItem\",\"position\":1,\"name\":\"Accueil\",\"item\":\"https:\/\/cmh.ens.fr\/\"},{\"@type\":\"ListItem\",\"position\":2,\"name\":\"\u00c9v\u00e8nements\",\"item\":\"https:\/\/cmh.ens.fr\/evenement\/\"},{\"@type\":\"ListItem\",\"position\":3,\"name\":\"Politiques du d\u00e9sordre\u00a0: la police des manifestations en France\"}]},{\"@type\":\"WebSite\",\"@id\":\"https:\/\/cmh.ens.fr\/en\/#website\",\"url\":\"https:\/\/cmh.ens.fr\/en\/\",\"name\":\"CMH\",\"description\":\"Centre Maurice Halbwachs\",\"publisher\":{\"@id\":\"https:\/\/cmh.ens.fr\/en\/#organization\"},\"potentialAction\":[{\"@type\":\"SearchAction\",\"target\":{\"@type\":\"EntryPoint\",\"urlTemplate\":\"https:\/\/cmh.ens.fr\/en\/?s={search_term_string}\"},\"query-input\":{\"@type\":\"PropertyValueSpecification\",\"valueRequired\":true,\"valueName\":\"search_term_string\"}}],\"inLanguage\":\"en-US\"},{\"@type\":\"Organization\",\"@id\":\"https:\/\/cmh.ens.fr\/en\/#organization\",\"name\":\"Centre Maurice Halbwachs\",\"url\":\"https:\/\/cmh.ens.fr\/en\/\",\"logo\":{\"@type\":\"ImageObject\",\"inLanguage\":\"en-US\",\"@id\":\"https:\/\/cmh.ens.fr\/en\/#\/schema\/logo\/image\/\",\"url\":\"https:\/\/www.cmh.ens.fr\/wp-content\/uploads\/siteon0.jpg\",\"contentUrl\":\"https:\/\/www.cmh.ens.fr\/wp-content\/uploads\/siteon0.jpg\",\"width\":86,\"height\":53,\"caption\":\"Centre Maurice Halbwachs\"},\"image\":{\"@id\":\"https:\/\/cmh.ens.fr\/en\/#\/schema\/logo\/image\/\"}}]}<\/script>\n<!-- \/ Yoast SEO plugin. -->","yoast_head_json":{"title":"CMH","robots":{"index":"index","follow":"follow","max-snippet":"max-snippet:-1","max-image-preview":"max-image-preview:large","max-video-preview":"max-video-preview:-1"},"canonical":"https:\/\/cmh.ens.fr\/en\/evenement\/politiques-du-desordre-la-police-des-manifestations-en-france\/","og_locale":"en_US","og_type":"article","og_title":"Politiques du d\u00e9sordre : la police des manifestations en France - CMH","og_description":"Invit\u00e9sOlivier Fillieule\u00a0est professeur de sociologie politique \u00e0 l\u2019Institut d\u2019\u00e9tudes politiques (IEP) de l\u2019universit\u00e9 de Lausanne.Fabien Jobard\u00a0est directeur de recherches au CNRS (Cesdip) et directeur du Groupement europ\u00e9en de recherches sur les normativit\u00e9s (GERN).Ils pr\u00e9sentent leur dernier ouvrage,\u00a0Politiques du d\u00e9sordre &#8211; La police des manifestations en France, aux \u00c9ditions du Seuil. Pr\u00e9sentation par&nbsp;Johanna Sim\u00e9ant-Germanos&nbsp;(politiste, ENS\/CMH), discussion [&hellip;]","og_url":"https:\/\/cmh.ens.fr\/en\/evenement\/politiques-du-desordre-la-police-des-manifestations-en-france\/","og_site_name":"CMH","article_modified_time":"2021-06-08T20:49:48+00:00","twitter_card":"summary_large_image","schema":{"@context":"https:\/\/schema.org","@graph":[{"@type":"WebPage","@id":"https:\/\/cmh.ens.fr\/en\/evenement\/politiques-du-desordre-la-police-des-manifestations-en-france\/","url":"https:\/\/cmh.ens.fr\/en\/evenement\/politiques-du-desordre-la-police-des-manifestations-en-france\/","name":"Politiques du d\u00e9sordre : la police des manifestations en France - CMH","isPartOf":{"@id":"https:\/\/cmh.ens.fr\/en\/#website"},"datePublished":"2021-06-08T20:49:01+00:00","dateModified":"2021-06-08T20:49:48+00:00","breadcrumb":{"@id":"https:\/\/cmh.ens.fr\/en\/evenement\/politiques-du-desordre-la-police-des-manifestations-en-france\/#breadcrumb"},"inLanguage":"en-US","potentialAction":[{"@type":"ReadAction","target":["https:\/\/cmh.ens.fr\/en\/evenement\/politiques-du-desordre-la-police-des-manifestations-en-france\/"]}]},{"@type":"BreadcrumbList","@id":"https:\/\/cmh.ens.fr\/en\/evenement\/politiques-du-desordre-la-police-des-manifestations-en-france\/#breadcrumb","itemListElement":[{"@type":"ListItem","position":1,"name":"Accueil","item":"https:\/\/cmh.ens.fr\/"},{"@type":"ListItem","position":2,"name":"\u00c9v\u00e8nements","item":"https:\/\/cmh.ens.fr\/evenement\/"},{"@type":"ListItem","position":3,"name":"Politiques du d\u00e9sordre\u00a0: la police des manifestations en France"}]},{"@type":"WebSite","@id":"https:\/\/cmh.ens.fr\/en\/#website","url":"https:\/\/cmh.ens.fr\/en\/","name":"CMH","description":"Centre Maurice Halbwachs","publisher":{"@id":"https:\/\/cmh.ens.fr\/en\/#organization"},"potentialAction":[{"@type":"SearchAction","target":{"@type":"EntryPoint","urlTemplate":"https:\/\/cmh.ens.fr\/en\/?s={search_term_string}"},"query-input":{"@type":"PropertyValueSpecification","valueRequired":true,"valueName":"search_term_string"}}],"inLanguage":"en-US"},{"@type":"Organization","@id":"https:\/\/cmh.ens.fr\/en\/#organization","name":"Centre Maurice Halbwachs","url":"https:\/\/cmh.ens.fr\/en\/","logo":{"@type":"ImageObject","inLanguage":"en-US","@id":"https:\/\/cmh.ens.fr\/en\/#\/schema\/logo\/image\/","url":"https:\/\/www.cmh.ens.fr\/wp-content\/uploads\/siteon0.jpg","contentUrl":"https:\/\/www.cmh.ens.fr\/wp-content\/uploads\/siteon0.jpg","width":86,"height":53,"caption":"Centre Maurice Halbwachs"},"image":{"@id":"https:\/\/cmh.ens.fr\/en\/#\/schema\/logo\/image\/"}}]}},"_links":{"self":[{"href":"https:\/\/cmh.ens.fr\/en\/wp-json\/wp\/v2\/evenement\/6498"}],"collection":[{"href":"https:\/\/cmh.ens.fr\/en\/wp-json\/wp\/v2\/evenement"}],"about":[{"href":"https:\/\/cmh.ens.fr\/en\/wp-json\/wp\/v2\/types\/evenement"}],"version-history":[{"count":3,"href":"https:\/\/cmh.ens.fr\/en\/wp-json\/wp\/v2\/evenement\/6498\/revisions"}],"predecessor-version":[{"id":6501,"href":"https:\/\/cmh.ens.fr\/en\/wp-json\/wp\/v2\/evenement\/6498\/revisions\/6501"}],"wp:attachment":[{"href":"https:\/\/cmh.ens.fr\/en\/wp-json\/wp\/v2\/media?parent=6498"}],"wp:term":[{"taxonomy":"typologies_evenement","embeddable":true,"href":"https:\/\/cmh.ens.fr\/en\/wp-json\/wp\/v2\/typologies_evenement?post=6498"}],"curies":[{"name":"wp","href":"https:\/\/api.w.org\/{rel}","templated":true}]}}