{"id":5476,"date":"2021-05-17T10:30:42","date_gmt":"2021-05-17T08:30:42","guid":{"rendered":"https:\/\/w3.cmh.ens.fr\/?post_type=evenement&#038;p=5476"},"modified":"2021-05-17T10:37:47","modified_gmt":"2021-05-17T08:37:47","slug":"linvention-du-colonialisme-vert-pour-en-finir-avec-le-mythe-de-leden-africain","status":"publish","type":"evenement","link":"https:\/\/cmh.ens.fr\/en\/evenement\/linvention-du-colonialisme-vert-pour-en-finir-avec-le-mythe-de-leden-africain\/","title":{"rendered":"L\u2019invention du colonialisme vert \u2013 Pour en finir avec le mythe de l\u2019\u00c9den africain"},"content":{"rendered":"<p><strong>Invit\u00e9&nbsp;: Guillaume Blanc<\/strong>, ma\u00eetre de conf\u00e9rences \u00e0 l\u2019universit\u00e9 Rennes 2, sp\u00e9cialiste de l\u2019histoire contemporaine d\u2019Afrique, directeur la collection\u00a0\u00ab&nbsp;histoire environnementale&nbsp;\u00bb aux \u00c9ditions de la Sorbonne. Il pr\u00e9sente son dernier ouvrage,<em>&nbsp;L\u2019invention du colonialisme vert \u2013 Pour en finir avec le mythe de l\u2019\u00c9den africain<\/em>, publi\u00e9 aux&nbsp;<a href=\"https:\/\/editions.flammarion.com\/linvention-du-colonialisme-vert\/9782081504394\">\u00c9ditions Flammarion.<\/a><\/p>\n\n\n\n<p>Le projet de ce s\u00e9minaire est de cr\u00e9er un rendez-vous r\u00e9gulier de discussion entre les diff\u00e9rentes sciences sociales repr\u00e9sent\u00e9es sur le campus Jourdan de l\u2019ENS-PSL&nbsp;: sociologie, g\u00e9ographie, am\u00e9nagement, \u00e9conomie, anthropologie, science politique, mais aussi droit ou histoire\u2026 en y int\u00e9grant \u00e9galement les pr\u00e9occupations environnementales port\u00e9es par le&nbsp;CERES, et ce d\u2019autant que les questions environnementales ont \u00e9t\u00e9 un des foyers d\u2019une interdisciplinarit\u00e9 renouvel\u00e9e lors des derni\u00e8res ann\u00e9es. Le principe de l\u2019unit\u00e9 des sciences sociales ne signifie assur\u00e9ment pas l\u2019indiff\u00e9renciation des disciplines&nbsp;: toutes ont leur savoir-faire, leurs biblioth\u00e8ques, leurs concepts propres, et en tant que disciplines empiriques leurs m\u00e9thodes \u2013 mais elles appartiennent bien \u00e0 un espace \u00e9pist\u00e9mologique commun, qui fait tout le sens de l\u2019existence du campus Jourdan, et nourrit l\u2019envie d\u2019un dialogue autour de travaux r\u00e9cents.<\/p>\n\n\n\n<p>GoToMeeting via ce&nbsp;<a href=\"https:\/\/global.gotomeeting.com\/join\/671995821\">lien<\/a><\/p>\n\n\n\n<p><a href=\"https:\/\/www.ens.psl.eu\/agenda\/les-capitalismes-l-epreuve-de-la-pandemie\/2021-03-09t120000\">Renseignements<\/a><\/p>","protected":false},"featured_media":0,"template":"","typologies_evenement":[82],"class_list":["post-5476","evenement","type-evenement","status-publish","hentry","typologies_evenement-journees-detudes-et-colloques"],"acf":[],"yoast_head":"<!-- This site is optimized with the Yoast SEO plugin v25.6 - https:\/\/yoast.com\/wordpress\/plugins\/seo\/ -->\n<title>CMH<\/title>\n<meta name=\"robots\" content=\"index, follow, max-snippet:-1, max-image-preview:large, max-video-preview:-1\" \/>\n<link rel=\"canonical\" href=\"https:\/\/cmh.ens.fr\/en\/evenement\/linvention-du-colonialisme-vert-pour-en-finir-avec-le-mythe-de-leden-africain\/\" class=\"yoast-seo-meta-tag\" \/>\n<meta property=\"og:locale\" content=\"en_US\" class=\"yoast-seo-meta-tag\" \/>\n<meta property=\"og:type\" content=\"article\" class=\"yoast-seo-meta-tag\" \/>\n<meta property=\"og:title\" content=\"L\u2019invention du colonialisme vert \u2013 Pour en finir avec le mythe de l\u2019\u00c9den africain - CMH\" class=\"yoast-seo-meta-tag\" \/>\n<meta property=\"og:description\" content=\"Invit\u00e9&nbsp;: Guillaume Blanc, ma\u00eetre de conf\u00e9rences \u00e0 l\u2019universit\u00e9 Rennes 2, sp\u00e9cialiste de l\u2019histoire contemporaine d\u2019Afrique, directeur la collection\u00a0\u00ab&nbsp;histoire environnementale&nbsp;\u00bb aux \u00c9ditions de la Sorbonne. Il pr\u00e9sente son dernier ouvrage,&nbsp;L\u2019invention du colonialisme vert \u2013 Pour en finir avec le mythe de l\u2019\u00c9den africain, publi\u00e9 aux&nbsp;\u00c9ditions Flammarion. Le projet de ce s\u00e9minaire est de cr\u00e9er un rendez-vous [&hellip;]\" class=\"yoast-seo-meta-tag\" \/>\n<meta property=\"og:url\" content=\"https:\/\/cmh.ens.fr\/en\/evenement\/linvention-du-colonialisme-vert-pour-en-finir-avec-le-mythe-de-leden-africain\/\" class=\"yoast-seo-meta-tag\" \/>\n<meta property=\"og:site_name\" content=\"CMH\" class=\"yoast-seo-meta-tag\" \/>\n<meta property=\"article:modified_time\" content=\"2021-05-17T08:37:47+00:00\" class=\"yoast-seo-meta-tag\" \/>\n<meta name=\"twitter:card\" content=\"summary_large_image\" class=\"yoast-seo-meta-tag\" \/>\n<meta name=\"twitter:label1\" content=\"Est. reading time\" class=\"yoast-seo-meta-tag\" \/>\n\t<meta name=\"twitter:data1\" content=\"1 minute\" class=\"yoast-seo-meta-tag\" \/>\n<script type=\"application\/ld+json\" class=\"yoast-schema-graph\">{\"@context\":\"https:\/\/schema.org\",\"@graph\":[{\"@type\":\"WebPage\",\"@id\":\"https:\/\/cmh.ens.fr\/en\/evenement\/linvention-du-colonialisme-vert-pour-en-finir-avec-le-mythe-de-leden-africain\/\",\"url\":\"https:\/\/cmh.ens.fr\/en\/evenement\/linvention-du-colonialisme-vert-pour-en-finir-avec-le-mythe-de-leden-africain\/\",\"name\":\"L\u2019invention du colonialisme vert \u2013 Pour en finir avec le mythe de l\u2019\u00c9den africain - CMH\",\"isPartOf\":{\"@id\":\"https:\/\/cmh.ens.fr\/en\/#website\"},\"datePublished\":\"2021-05-17T08:30:42+00:00\",\"dateModified\":\"2021-05-17T08:37:47+00:00\",\"breadcrumb\":{\"@id\":\"https:\/\/cmh.ens.fr\/en\/evenement\/linvention-du-colonialisme-vert-pour-en-finir-avec-le-mythe-de-leden-africain\/#breadcrumb\"},\"inLanguage\":\"en-US\",\"potentialAction\":[{\"@type\":\"ReadAction\",\"target\":[\"https:\/\/cmh.ens.fr\/en\/evenement\/linvention-du-colonialisme-vert-pour-en-finir-avec-le-mythe-de-leden-africain\/\"]}]},{\"@type\":\"BreadcrumbList\",\"@id\":\"https:\/\/cmh.ens.fr\/en\/evenement\/linvention-du-colonialisme-vert-pour-en-finir-avec-le-mythe-de-leden-africain\/#breadcrumb\",\"itemListElement\":[{\"@type\":\"ListItem\",\"position\":1,\"name\":\"Accueil\",\"item\":\"https:\/\/cmh.ens.fr\/\"},{\"@type\":\"ListItem\",\"position\":2,\"name\":\"\u00c9v\u00e8nements\",\"item\":\"https:\/\/cmh.ens.fr\/evenement\/\"},{\"@type\":\"ListItem\",\"position\":3,\"name\":\"L\u2019invention du colonialisme vert \u2013 Pour en finir avec le mythe de l\u2019\u00c9den africain\"}]},{\"@type\":\"WebSite\",\"@id\":\"https:\/\/cmh.ens.fr\/en\/#website\",\"url\":\"https:\/\/cmh.ens.fr\/en\/\",\"name\":\"CMH\",\"description\":\"Centre Maurice Halbwachs\",\"publisher\":{\"@id\":\"https:\/\/cmh.ens.fr\/en\/#organization\"},\"potentialAction\":[{\"@type\":\"SearchAction\",\"target\":{\"@type\":\"EntryPoint\",\"urlTemplate\":\"https:\/\/cmh.ens.fr\/en\/?s={search_term_string}\"},\"query-input\":{\"@type\":\"PropertyValueSpecification\",\"valueRequired\":true,\"valueName\":\"search_term_string\"}}],\"inLanguage\":\"en-US\"},{\"@type\":\"Organization\",\"@id\":\"https:\/\/cmh.ens.fr\/en\/#organization\",\"name\":\"Centre Maurice Halbwachs\",\"url\":\"https:\/\/cmh.ens.fr\/en\/\",\"logo\":{\"@type\":\"ImageObject\",\"inLanguage\":\"en-US\",\"@id\":\"https:\/\/cmh.ens.fr\/en\/#\/schema\/logo\/image\/\",\"url\":\"https:\/\/www.cmh.ens.fr\/wp-content\/uploads\/siteon0.jpg\",\"contentUrl\":\"https:\/\/www.cmh.ens.fr\/wp-content\/uploads\/siteon0.jpg\",\"width\":86,\"height\":53,\"caption\":\"Centre Maurice Halbwachs\"},\"image\":{\"@id\":\"https:\/\/cmh.ens.fr\/en\/#\/schema\/logo\/image\/\"}}]}<\/script>\n<!-- \/ Yoast SEO plugin. -->","yoast_head_json":{"title":"CMH","robots":{"index":"index","follow":"follow","max-snippet":"max-snippet:-1","max-image-preview":"max-image-preview:large","max-video-preview":"max-video-preview:-1"},"canonical":"https:\/\/cmh.ens.fr\/en\/evenement\/linvention-du-colonialisme-vert-pour-en-finir-avec-le-mythe-de-leden-africain\/","og_locale":"en_US","og_type":"article","og_title":"L\u2019invention du colonialisme vert \u2013 Pour en finir avec le mythe de l\u2019\u00c9den africain - CMH","og_description":"Invit\u00e9&nbsp;: Guillaume Blanc, ma\u00eetre de conf\u00e9rences \u00e0 l\u2019universit\u00e9 Rennes 2, sp\u00e9cialiste de l\u2019histoire contemporaine d\u2019Afrique, directeur la collection\u00a0\u00ab&nbsp;histoire environnementale&nbsp;\u00bb aux \u00c9ditions de la Sorbonne. Il pr\u00e9sente son dernier ouvrage,&nbsp;L\u2019invention du colonialisme vert \u2013 Pour en finir avec le mythe de l\u2019\u00c9den africain, publi\u00e9 aux&nbsp;\u00c9ditions Flammarion. Le projet de ce s\u00e9minaire est de cr\u00e9er un rendez-vous [&hellip;]","og_url":"https:\/\/cmh.ens.fr\/en\/evenement\/linvention-du-colonialisme-vert-pour-en-finir-avec-le-mythe-de-leden-africain\/","og_site_name":"CMH","article_modified_time":"2021-05-17T08:37:47+00:00","twitter_card":"summary_large_image","twitter_misc":{"Est. reading time":"1 minute"},"schema":{"@context":"https:\/\/schema.org","@graph":[{"@type":"WebPage","@id":"https:\/\/cmh.ens.fr\/en\/evenement\/linvention-du-colonialisme-vert-pour-en-finir-avec-le-mythe-de-leden-africain\/","url":"https:\/\/cmh.ens.fr\/en\/evenement\/linvention-du-colonialisme-vert-pour-en-finir-avec-le-mythe-de-leden-africain\/","name":"L\u2019invention du colonialisme vert \u2013 Pour en finir avec le mythe de l\u2019\u00c9den africain - CMH","isPartOf":{"@id":"https:\/\/cmh.ens.fr\/en\/#website"},"datePublished":"2021-05-17T08:30:42+00:00","dateModified":"2021-05-17T08:37:47+00:00","breadcrumb":{"@id":"https:\/\/cmh.ens.fr\/en\/evenement\/linvention-du-colonialisme-vert-pour-en-finir-avec-le-mythe-de-leden-africain\/#breadcrumb"},"inLanguage":"en-US","potentialAction":[{"@type":"ReadAction","target":["https:\/\/cmh.ens.fr\/en\/evenement\/linvention-du-colonialisme-vert-pour-en-finir-avec-le-mythe-de-leden-africain\/"]}]},{"@type":"BreadcrumbList","@id":"https:\/\/cmh.ens.fr\/en\/evenement\/linvention-du-colonialisme-vert-pour-en-finir-avec-le-mythe-de-leden-africain\/#breadcrumb","itemListElement":[{"@type":"ListItem","position":1,"name":"Accueil","item":"https:\/\/cmh.ens.fr\/"},{"@type":"ListItem","position":2,"name":"\u00c9v\u00e8nements","item":"https:\/\/cmh.ens.fr\/evenement\/"},{"@type":"ListItem","position":3,"name":"L\u2019invention du colonialisme vert \u2013 Pour en finir avec le mythe de l\u2019\u00c9den africain"}]},{"@type":"WebSite","@id":"https:\/\/cmh.ens.fr\/en\/#website","url":"https:\/\/cmh.ens.fr\/en\/","name":"CMH","description":"Centre Maurice Halbwachs","publisher":{"@id":"https:\/\/cmh.ens.fr\/en\/#organization"},"potentialAction":[{"@type":"SearchAction","target":{"@type":"EntryPoint","urlTemplate":"https:\/\/cmh.ens.fr\/en\/?s={search_term_string}"},"query-input":{"@type":"PropertyValueSpecification","valueRequired":true,"valueName":"search_term_string"}}],"inLanguage":"en-US"},{"@type":"Organization","@id":"https:\/\/cmh.ens.fr\/en\/#organization","name":"Centre Maurice Halbwachs","url":"https:\/\/cmh.ens.fr\/en\/","logo":{"@type":"ImageObject","inLanguage":"en-US","@id":"https:\/\/cmh.ens.fr\/en\/#\/schema\/logo\/image\/","url":"https:\/\/www.cmh.ens.fr\/wp-content\/uploads\/siteon0.jpg","contentUrl":"https:\/\/www.cmh.ens.fr\/wp-content\/uploads\/siteon0.jpg","width":86,"height":53,"caption":"Centre Maurice Halbwachs"},"image":{"@id":"https:\/\/cmh.ens.fr\/en\/#\/schema\/logo\/image\/"}}]}},"_links":{"self":[{"href":"https:\/\/cmh.ens.fr\/en\/wp-json\/wp\/v2\/evenement\/5476"}],"collection":[{"href":"https:\/\/cmh.ens.fr\/en\/wp-json\/wp\/v2\/evenement"}],"about":[{"href":"https:\/\/cmh.ens.fr\/en\/wp-json\/wp\/v2\/types\/evenement"}],"version-history":[{"count":0,"href":"https:\/\/cmh.ens.fr\/en\/wp-json\/wp\/v2\/evenement\/5476\/revisions"}],"wp:attachment":[{"href":"https:\/\/cmh.ens.fr\/en\/wp-json\/wp\/v2\/media?parent=5476"}],"wp:term":[{"taxonomy":"typologies_evenement","embeddable":true,"href":"https:\/\/cmh.ens.fr\/en\/wp-json\/wp\/v2\/typologies_evenement?post=5476"}],"curies":[{"name":"wp","href":"https:\/\/api.w.org\/{rel}","templated":true}]}}