{"id":5422,"date":"2021-05-17T09:21:39","date_gmt":"2021-05-17T07:21:39","guid":{"rendered":"https:\/\/w3.cmh.ens.fr\/?post_type=evenement&#038;p=5422"},"modified":"2021-05-17T09:21:41","modified_gmt":"2021-05-17T07:21:41","slug":"journee-detudes-annuelle-de-laxe-pratiques-decritures-et-materialites-des-connaissances","status":"publish","type":"evenement","link":"https:\/\/cmh.ens.fr\/en\/evenement\/journee-detudes-annuelle-de-laxe-pratiques-decritures-et-materialites-des-connaissances\/","title":{"rendered":"Journ\u00e9e d\u2019\u00e9tudes annuelle de l\u2019axe, \u00ab\u00a0Pratiques d\u2019\u00e9critures et mat\u00e9rialit\u00e9s des connaissances\u00a0\u00bb"},"content":{"rendered":"<h2 class=\"wp-block-heading\"><strong>Programme<\/strong><\/h2>\n\n\n\n<h3 class=\"wp-block-heading\">09:00-13:00<\/h3>\n\n\n\n<p><strong>Val\u00e9rie Tesni\u00e8re\u00a0:<\/strong>\u00a0\u00ab\u00a0Une enqu\u00eate sur les revues scientifiques fran\u00e7aises 1945-2010\u00a0\u00bb<\/p>\n\n\n\n<p><strong>Martin Strauss et S\u00e9bastien\u00a0:<\/strong>\u00a0\u00ab\u00a0La collection \u00e9ditoriale comme terrain de recherche en histoire de la sociologie. Le sens commun et Sociologies\u00a0\u00bb<\/p>\n\n\n\n<p><strong>Claire Bustarret\u00a0:<\/strong>\u00a0\u00ab\u00a0Inventaire de la correspondance de Condorcet\u00a0: apport des donn\u00e9es mat\u00e9rielles\u00a0\u00bb<\/p>\n\n\n\n<p><strong>B\u00e9atrice Fraenkel\u00a0:<\/strong> Ecritures expos\u00e9es<\/p>\n\n\n\n<p><strong>Thomas Depecker\u00a0:<\/strong> \u00ab\u00a0Les fran\u00e7ais et leur alimentation\u00a0\u00bb\u00a0: une enqu\u00eate des industries agroalimentaires dans la France des ann\u00e9es 1970<\/p>\n\n\n\n<h3 class=\"wp-block-heading\">14:00-18:00<\/h3>\n\n\n\n<p><strong>Eric Brian\u00a0:<\/strong> Des\u00a0\u00ab\u00a0origines environnementales \u00e0 la R\u00e9volution fran\u00e7aise\u00a0\u00bb\u00a0? Comment les examiner partant d\u2019une enqu\u00eate de la fin de l\u2019Ancien r\u00e9gime (une reconstitution d\u2019histoire des sciences et de statistiques contemporaine)<\/p>\n\n\n\n<p><strong>Bertrand M\u00fcller\u00a0:<\/strong>\u00a0\u00ab\u00a0Histin\u00e9raires, une exp\u00e9rimentation historiographique\u00a0\u00bb<\/p>\n\n\n\n<p><strong>Xavier Fourt\u00a0:<\/strong>\u00a0\u00ab\u00a0Instaurer une soci\u00e9t\u00e9 rurale exp\u00e9rimentale dans l\u2019effondrement. Enqu\u00eates sur la formation d\u2019un monde commun autour de La Mhotte\u00a0\u00bb. L\u2019expos\u00e9 portera sur les probl\u00e8mes de l\u00e9gitimit\u00e9 de l\u2019objet, de m\u00e9thode, et d\u2019\u00e9pist\u00e9mologie pos\u00e9 par le sujet.\u00a0<\/p>\n\n\n\n<p><strong>Michel Villette\u00a0:<\/strong>\u00a0\u00ab\u00a0Pr\u00e9sentation et discussion de quelques documents recueillis au cours d\u2019une enqu\u00eate ethnographique dans une entreprise marocaine\u00a0\u00bb<\/p>\n\n\n\n<p><strong>Irina Gouzevitch\u00a0:<\/strong>\u00a0\u00ab\u00a0Interroger la mat\u00e9rialit\u00e9 des \u00e9crits des ing\u00e9nieurs\u00a0: deux exemples tir\u00e9s de l\u2019histoire des circulations professionnelles au dernier XVIIIe si\u00e8cle (le Catalogue Cabinet des machines de Madrid et une note de voyage secret en Normandie et en Bretagne)\u00a0\u00bb<\/p>","protected":false},"featured_media":0,"template":"","typologies_evenement":[82],"class_list":["post-5422","evenement","type-evenement","status-publish","hentry","typologies_evenement-journees-detudes-et-colloques"],"acf":[],"yoast_head":"<!-- This site is optimized with the Yoast SEO plugin v25.6 - https:\/\/yoast.com\/wordpress\/plugins\/seo\/ -->\n<title>CMH<\/title>\n<meta name=\"robots\" content=\"index, follow, max-snippet:-1, max-image-preview:large, max-video-preview:-1\" \/>\n<link rel=\"canonical\" href=\"https:\/\/cmh.ens.fr\/en\/evenement\/journee-detudes-annuelle-de-laxe-pratiques-decritures-et-materialites-des-connaissances\/\" class=\"yoast-seo-meta-tag\" \/>\n<meta property=\"og:locale\" content=\"en_US\" class=\"yoast-seo-meta-tag\" \/>\n<meta property=\"og:type\" content=\"article\" class=\"yoast-seo-meta-tag\" \/>\n<meta property=\"og:title\" content=\"Journ\u00e9e d\u2019\u00e9tudes annuelle de l\u2019axe, &quot;Pratiques d\u2019\u00e9critures et mat\u00e9rialit\u00e9s des connaissances&quot; - CMH\" class=\"yoast-seo-meta-tag\" \/>\n<meta property=\"og:description\" content=\"Programme 09:00-13:00 Val\u00e9rie Tesni\u00e8re\u00a0:\u00a0\u00ab\u00a0Une enqu\u00eate sur les revues scientifiques fran\u00e7aises 1945-2010\u00a0\u00bb Martin Strauss et S\u00e9bastien\u00a0:\u00a0\u00ab\u00a0La collection \u00e9ditoriale comme terrain de recherche en histoire de la sociologie. Le sens commun et Sociologies\u00a0\u00bb Claire Bustarret\u00a0:\u00a0\u00ab\u00a0Inventaire de la correspondance de Condorcet\u00a0: apport des donn\u00e9es mat\u00e9rielles\u00a0\u00bb B\u00e9atrice Fraenkel\u00a0: Ecritures expos\u00e9es Thomas Depecker\u00a0: \u00ab\u00a0Les fran\u00e7ais et leur alimentation\u00a0\u00bb\u00a0: une enqu\u00eate [&hellip;]\" class=\"yoast-seo-meta-tag\" \/>\n<meta property=\"og:url\" content=\"https:\/\/cmh.ens.fr\/en\/evenement\/journee-detudes-annuelle-de-laxe-pratiques-decritures-et-materialites-des-connaissances\/\" class=\"yoast-seo-meta-tag\" \/>\n<meta property=\"og:site_name\" content=\"CMH\" class=\"yoast-seo-meta-tag\" \/>\n<meta property=\"article:modified_time\" content=\"2021-05-17T07:21:41+00:00\" class=\"yoast-seo-meta-tag\" \/>\n<meta name=\"twitter:card\" content=\"summary_large_image\" class=\"yoast-seo-meta-tag\" \/>\n<meta name=\"twitter:label1\" content=\"Est. reading time\" class=\"yoast-seo-meta-tag\" \/>\n\t<meta name=\"twitter:data1\" content=\"1 minute\" class=\"yoast-seo-meta-tag\" \/>\n<script type=\"application\/ld+json\" class=\"yoast-schema-graph\">{\"@context\":\"https:\/\/schema.org\",\"@graph\":[{\"@type\":\"WebPage\",\"@id\":\"https:\/\/cmh.ens.fr\/en\/evenement\/journee-detudes-annuelle-de-laxe-pratiques-decritures-et-materialites-des-connaissances\/\",\"url\":\"https:\/\/cmh.ens.fr\/en\/evenement\/journee-detudes-annuelle-de-laxe-pratiques-decritures-et-materialites-des-connaissances\/\",\"name\":\"Journ\u00e9e d\u2019\u00e9tudes annuelle de l\u2019axe, \\\"Pratiques d\u2019\u00e9critures et mat\u00e9rialit\u00e9s des connaissances\\\" - CMH\",\"isPartOf\":{\"@id\":\"https:\/\/cmh.ens.fr\/en\/#website\"},\"datePublished\":\"2021-05-17T07:21:39+00:00\",\"dateModified\":\"2021-05-17T07:21:41+00:00\",\"breadcrumb\":{\"@id\":\"https:\/\/cmh.ens.fr\/en\/evenement\/journee-detudes-annuelle-de-laxe-pratiques-decritures-et-materialites-des-connaissances\/#breadcrumb\"},\"inLanguage\":\"en-US\",\"potentialAction\":[{\"@type\":\"ReadAction\",\"target\":[\"https:\/\/cmh.ens.fr\/en\/evenement\/journee-detudes-annuelle-de-laxe-pratiques-decritures-et-materialites-des-connaissances\/\"]}]},{\"@type\":\"BreadcrumbList\",\"@id\":\"https:\/\/cmh.ens.fr\/en\/evenement\/journee-detudes-annuelle-de-laxe-pratiques-decritures-et-materialites-des-connaissances\/#breadcrumb\",\"itemListElement\":[{\"@type\":\"ListItem\",\"position\":1,\"name\":\"Accueil\",\"item\":\"https:\/\/cmh.ens.fr\/\"},{\"@type\":\"ListItem\",\"position\":2,\"name\":\"\u00c9v\u00e8nements\",\"item\":\"https:\/\/cmh.ens.fr\/evenement\/\"},{\"@type\":\"ListItem\",\"position\":3,\"name\":\"Journ\u00e9e d\u2019\u00e9tudes annuelle de l\u2019axe, \u00ab\u00a0Pratiques d\u2019\u00e9critures et mat\u00e9rialit\u00e9s des connaissances\u00a0\u00bb\"}]},{\"@type\":\"WebSite\",\"@id\":\"https:\/\/cmh.ens.fr\/en\/#website\",\"url\":\"https:\/\/cmh.ens.fr\/en\/\",\"name\":\"CMH\",\"description\":\"Centre Maurice Halbwachs\",\"publisher\":{\"@id\":\"https:\/\/cmh.ens.fr\/en\/#organization\"},\"potentialAction\":[{\"@type\":\"SearchAction\",\"target\":{\"@type\":\"EntryPoint\",\"urlTemplate\":\"https:\/\/cmh.ens.fr\/en\/?s={search_term_string}\"},\"query-input\":{\"@type\":\"PropertyValueSpecification\",\"valueRequired\":true,\"valueName\":\"search_term_string\"}}],\"inLanguage\":\"en-US\"},{\"@type\":\"Organization\",\"@id\":\"https:\/\/cmh.ens.fr\/en\/#organization\",\"name\":\"Centre Maurice Halbwachs\",\"url\":\"https:\/\/cmh.ens.fr\/en\/\",\"logo\":{\"@type\":\"ImageObject\",\"inLanguage\":\"en-US\",\"@id\":\"https:\/\/cmh.ens.fr\/en\/#\/schema\/logo\/image\/\",\"url\":\"https:\/\/www.cmh.ens.fr\/wp-content\/uploads\/siteon0.jpg\",\"contentUrl\":\"https:\/\/www.cmh.ens.fr\/wp-content\/uploads\/siteon0.jpg\",\"width\":86,\"height\":53,\"caption\":\"Centre Maurice Halbwachs\"},\"image\":{\"@id\":\"https:\/\/cmh.ens.fr\/en\/#\/schema\/logo\/image\/\"}}]}<\/script>\n<!-- \/ Yoast SEO plugin. -->","yoast_head_json":{"title":"CMH","robots":{"index":"index","follow":"follow","max-snippet":"max-snippet:-1","max-image-preview":"max-image-preview:large","max-video-preview":"max-video-preview:-1"},"canonical":"https:\/\/cmh.ens.fr\/en\/evenement\/journee-detudes-annuelle-de-laxe-pratiques-decritures-et-materialites-des-connaissances\/","og_locale":"en_US","og_type":"article","og_title":"Journ\u00e9e d\u2019\u00e9tudes annuelle de l\u2019axe, \"Pratiques d\u2019\u00e9critures et mat\u00e9rialit\u00e9s des connaissances\" - CMH","og_description":"Programme 09:00-13:00 Val\u00e9rie Tesni\u00e8re\u00a0:\u00a0\u00ab\u00a0Une enqu\u00eate sur les revues scientifiques fran\u00e7aises 1945-2010\u00a0\u00bb Martin Strauss et S\u00e9bastien\u00a0:\u00a0\u00ab\u00a0La collection \u00e9ditoriale comme terrain de recherche en histoire de la sociologie. Le sens commun et Sociologies\u00a0\u00bb Claire Bustarret\u00a0:\u00a0\u00ab\u00a0Inventaire de la correspondance de Condorcet\u00a0: apport des donn\u00e9es mat\u00e9rielles\u00a0\u00bb B\u00e9atrice Fraenkel\u00a0: Ecritures expos\u00e9es Thomas Depecker\u00a0: \u00ab\u00a0Les fran\u00e7ais et leur alimentation\u00a0\u00bb\u00a0: une enqu\u00eate [&hellip;]","og_url":"https:\/\/cmh.ens.fr\/en\/evenement\/journee-detudes-annuelle-de-laxe-pratiques-decritures-et-materialites-des-connaissances\/","og_site_name":"CMH","article_modified_time":"2021-05-17T07:21:41+00:00","twitter_card":"summary_large_image","twitter_misc":{"Est. reading time":"1 minute"},"schema":{"@context":"https:\/\/schema.org","@graph":[{"@type":"WebPage","@id":"https:\/\/cmh.ens.fr\/en\/evenement\/journee-detudes-annuelle-de-laxe-pratiques-decritures-et-materialites-des-connaissances\/","url":"https:\/\/cmh.ens.fr\/en\/evenement\/journee-detudes-annuelle-de-laxe-pratiques-decritures-et-materialites-des-connaissances\/","name":"Journ\u00e9e d\u2019\u00e9tudes annuelle de l\u2019axe, \"Pratiques d\u2019\u00e9critures et mat\u00e9rialit\u00e9s des connaissances\" - CMH","isPartOf":{"@id":"https:\/\/cmh.ens.fr\/en\/#website"},"datePublished":"2021-05-17T07:21:39+00:00","dateModified":"2021-05-17T07:21:41+00:00","breadcrumb":{"@id":"https:\/\/cmh.ens.fr\/en\/evenement\/journee-detudes-annuelle-de-laxe-pratiques-decritures-et-materialites-des-connaissances\/#breadcrumb"},"inLanguage":"en-US","potentialAction":[{"@type":"ReadAction","target":["https:\/\/cmh.ens.fr\/en\/evenement\/journee-detudes-annuelle-de-laxe-pratiques-decritures-et-materialites-des-connaissances\/"]}]},{"@type":"BreadcrumbList","@id":"https:\/\/cmh.ens.fr\/en\/evenement\/journee-detudes-annuelle-de-laxe-pratiques-decritures-et-materialites-des-connaissances\/#breadcrumb","itemListElement":[{"@type":"ListItem","position":1,"name":"Accueil","item":"https:\/\/cmh.ens.fr\/"},{"@type":"ListItem","position":2,"name":"\u00c9v\u00e8nements","item":"https:\/\/cmh.ens.fr\/evenement\/"},{"@type":"ListItem","position":3,"name":"Journ\u00e9e d\u2019\u00e9tudes annuelle de l\u2019axe, \u00ab\u00a0Pratiques d\u2019\u00e9critures et mat\u00e9rialit\u00e9s des connaissances\u00a0\u00bb"}]},{"@type":"WebSite","@id":"https:\/\/cmh.ens.fr\/en\/#website","url":"https:\/\/cmh.ens.fr\/en\/","name":"CMH","description":"Centre Maurice Halbwachs","publisher":{"@id":"https:\/\/cmh.ens.fr\/en\/#organization"},"potentialAction":[{"@type":"SearchAction","target":{"@type":"EntryPoint","urlTemplate":"https:\/\/cmh.ens.fr\/en\/?s={search_term_string}"},"query-input":{"@type":"PropertyValueSpecification","valueRequired":true,"valueName":"search_term_string"}}],"inLanguage":"en-US"},{"@type":"Organization","@id":"https:\/\/cmh.ens.fr\/en\/#organization","name":"Centre Maurice Halbwachs","url":"https:\/\/cmh.ens.fr\/en\/","logo":{"@type":"ImageObject","inLanguage":"en-US","@id":"https:\/\/cmh.ens.fr\/en\/#\/schema\/logo\/image\/","url":"https:\/\/www.cmh.ens.fr\/wp-content\/uploads\/siteon0.jpg","contentUrl":"https:\/\/www.cmh.ens.fr\/wp-content\/uploads\/siteon0.jpg","width":86,"height":53,"caption":"Centre Maurice Halbwachs"},"image":{"@id":"https:\/\/cmh.ens.fr\/en\/#\/schema\/logo\/image\/"}}]}},"_links":{"self":[{"href":"https:\/\/cmh.ens.fr\/en\/wp-json\/wp\/v2\/evenement\/5422"}],"collection":[{"href":"https:\/\/cmh.ens.fr\/en\/wp-json\/wp\/v2\/evenement"}],"about":[{"href":"https:\/\/cmh.ens.fr\/en\/wp-json\/wp\/v2\/types\/evenement"}],"version-history":[{"count":0,"href":"https:\/\/cmh.ens.fr\/en\/wp-json\/wp\/v2\/evenement\/5422\/revisions"}],"wp:attachment":[{"href":"https:\/\/cmh.ens.fr\/en\/wp-json\/wp\/v2\/media?parent=5422"}],"wp:term":[{"taxonomy":"typologies_evenement","embeddable":true,"href":"https:\/\/cmh.ens.fr\/en\/wp-json\/wp\/v2\/typologies_evenement?post=5422"}],"curies":[{"name":"wp","href":"https:\/\/api.w.org\/{rel}","templated":true}]}}