{"id":16222,"date":"2026-01-07T18:10:14","date_gmt":"2026-01-07T17:10:14","guid":{"rendered":"https:\/\/cmh.ens.fr\/?post_type=evenement&#038;p=16222"},"modified":"2026-01-22T10:03:36","modified_gmt":"2026-01-22T09:03:36","slug":"linvisibilite-des-travailleuses-regard-ethnographique","status":"publish","type":"evenement","link":"https:\/\/cmh.ens.fr\/en\/evenement\/linvisibilite-des-travailleuses-regard-ethnographique\/","title":{"rendered":"L&rsquo;invisibilit\u00e9 des travailleuses\u00a0: regard ethnographique"},"content":{"rendered":"<p>Dans le prolongement de la&nbsp;<a href=\"https:\/\/www.ehess.fr\/fr\/marc-bloch-44\">44<sup>e<\/sup>&nbsp;Conf\u00e9rence Marc Bloch<\/a>&nbsp;de Mich\u00e8le Lamont, le&nbsp;<a href=\"https:\/\/www.ehess.fr\/fr\/cycle-conf%C3%A9rences-marc-bloch-2026\">cycle Marc Bloch<\/a>&nbsp;2026,&nbsp;\u00ab\u00a0Fronti\u00e8res et sciences sociales\u00a0\u00bb,&nbsp;propose de prolonger la r\u00e9flexion autour de la notion de fronti\u00e8re&nbsp;avec cinq chercheuses et chercheurs de l\u2019EHESS.&nbsp;Pour l&rsquo;ouverture du cycle,&nbsp;le 20 janvier 2026&nbsp;au Campus Condorcet,&nbsp;<a href=\"https:\/\/cmh.ens.fr\/en\/author\/christelle-avril\/\">Christelle Avril<\/a>, sociologue et directrice d&rsquo;\u00e9tudes de l&rsquo;EHESS au&nbsp;<a href=\"https:\/\/cmh.ens.fr\/en\/\">Centre Maurice Halbwachs<\/a>&nbsp;(CMH &#8211; CNRS, EHESS, ENS-PSL, INRAE) donnera une conf\u00e9rence intitul\u00e9e&nbsp;\u00ab\u00a0L&rsquo;invisibilit\u00e9 des travailleuses\u00a0: regard ethnographique\u00a0\u00bb.&nbsp;<\/p>\n\n\n\n<p>En France, les travaux de sciences sociales, comme les m\u00e9dias, recourent fr\u00e9quemment \u00e0 la notion d\u2019invisibilit\u00e9 pour interroger des enjeux aussi divers que la reconnaissance sociale, la pr\u00e9carit\u00e9 ou encore les difficult\u00e9s de mobilisation des groupes professionnels les plus domin\u00e9s. Bien qu\u2019en apparence tr\u00e8s g\u00e9n\u00e9rale, cette notion pr\u00e9sente pourtant des vertus sp\u00e9cifiques lorsqu\u2019elle est mobilis\u00e9e \u00e0 l\u2019\u00e9chelle ethnographique. En s\u2019appuyant sur deux cas \u2013 les aides \u00e0 domicile et les secr\u00e9taires \u2013, Christelle Avril analyse les processus d\u2019invisibilisation \u00e0 l\u2019\u0153uvre, tant dans le concret du travail que dans le regard acad\u00e9mique port\u00e9 sur ces travailleuses, et invite ainsi \u00e0 repenser notre perception de celles et ceux qui accomplissent un travail ordinaire.<\/p>\n\n\n\n<p><a href=\"https:\/\/www.ehess.fr\/fr\/conf%C3%A9rence\/linvisibilit%C3%A9-travailleuses-regard-ethnographique-conf%C3%A9rence-christelle-avril\" target=\"_blank\" rel=\"noreferrer noopener\">Renseignements<\/a>  et <a href=\"https:\/\/formulaires.demarches.ehess.fr\/com\/conference-marc-bloch-de-christelle-avril-l-invisibilite-des-travailleuses-regard-ethnographique\/\" target=\"_blank\" rel=\"noreferrer noopener\">inscription<\/a><\/p>","protected":false},"featured_media":0,"template":"","typologies_evenement":[226],"class_list":["post-16222","evenement","type-evenement","status-publish","hentry","typologies_evenement-cycle-de-conferences"],"acf":[],"yoast_head":"<!-- This site is optimized with the Yoast SEO plugin v25.6 - https:\/\/yoast.com\/wordpress\/plugins\/seo\/ -->\n<title>CMH<\/title>\n<meta name=\"robots\" content=\"index, follow, max-snippet:-1, max-image-preview:large, max-video-preview:-1\" \/>\n<link rel=\"canonical\" href=\"https:\/\/cmh.ens.fr\/en\/evenement\/linvisibilite-des-travailleuses-regard-ethnographique\/\" class=\"yoast-seo-meta-tag\" \/>\n<meta property=\"og:locale\" content=\"en_US\" class=\"yoast-seo-meta-tag\" \/>\n<meta property=\"og:type\" content=\"article\" class=\"yoast-seo-meta-tag\" \/>\n<meta property=\"og:title\" content=\"L&#039;invisibilit\u00e9 des travailleuses : regard ethnographique - CMH\" class=\"yoast-seo-meta-tag\" \/>\n<meta property=\"og:description\" content=\"Dans le prolongement de la&nbsp;44e&nbsp;Conf\u00e9rence Marc Bloch&nbsp;de Mich\u00e8le Lamont, le&nbsp;cycle Marc Bloch&nbsp;2026,&nbsp;\u00ab\u00a0Fronti\u00e8res et sciences sociales\u00a0\u00bb,&nbsp;propose de prolonger la r\u00e9flexion autour de la notion de fronti\u00e8re&nbsp;avec cinq chercheuses et chercheurs de l\u2019EHESS.&nbsp;Pour l&rsquo;ouverture du cycle,&nbsp;le 20 janvier 2026&nbsp;au Campus Condorcet,&nbsp;Christelle Avril, sociologue et directrice d&rsquo;\u00e9tudes de l&rsquo;EHESS au&nbsp;Centre Maurice Halbwachs&nbsp;(CMH &#8211; CNRS, EHESS, ENS-PSL, INRAE) donnera [&hellip;]\" class=\"yoast-seo-meta-tag\" \/>\n<meta property=\"og:url\" content=\"https:\/\/cmh.ens.fr\/en\/evenement\/linvisibilite-des-travailleuses-regard-ethnographique\/\" class=\"yoast-seo-meta-tag\" \/>\n<meta property=\"og:site_name\" content=\"CMH\" class=\"yoast-seo-meta-tag\" \/>\n<meta property=\"article:modified_time\" content=\"2026-01-22T09:03:36+00:00\" class=\"yoast-seo-meta-tag\" \/>\n<meta name=\"twitter:card\" content=\"summary_large_image\" class=\"yoast-seo-meta-tag\" \/>\n<meta name=\"twitter:label1\" content=\"Est. reading time\" class=\"yoast-seo-meta-tag\" \/>\n\t<meta name=\"twitter:data1\" content=\"1 minute\" class=\"yoast-seo-meta-tag\" \/>\n<script type=\"application\/ld+json\" class=\"yoast-schema-graph\">{\"@context\":\"https:\/\/schema.org\",\"@graph\":[{\"@type\":\"WebPage\",\"@id\":\"https:\/\/cmh.ens.fr\/en\/evenement\/linvisibilite-des-travailleuses-regard-ethnographique\/\",\"url\":\"https:\/\/cmh.ens.fr\/en\/evenement\/linvisibilite-des-travailleuses-regard-ethnographique\/\",\"name\":\"L'invisibilit\u00e9 des travailleuses : regard ethnographique - CMH\",\"isPartOf\":{\"@id\":\"https:\/\/cmh.ens.fr\/en\/#website\"},\"datePublished\":\"2026-01-07T17:10:14+00:00\",\"dateModified\":\"2026-01-22T09:03:36+00:00\",\"breadcrumb\":{\"@id\":\"https:\/\/cmh.ens.fr\/en\/evenement\/linvisibilite-des-travailleuses-regard-ethnographique\/#breadcrumb\"},\"inLanguage\":\"en-US\",\"potentialAction\":[{\"@type\":\"ReadAction\",\"target\":[\"https:\/\/cmh.ens.fr\/en\/evenement\/linvisibilite-des-travailleuses-regard-ethnographique\/\"]}]},{\"@type\":\"BreadcrumbList\",\"@id\":\"https:\/\/cmh.ens.fr\/en\/evenement\/linvisibilite-des-travailleuses-regard-ethnographique\/#breadcrumb\",\"itemListElement\":[{\"@type\":\"ListItem\",\"position\":1,\"name\":\"Accueil\",\"item\":\"https:\/\/cmh.ens.fr\/\"},{\"@type\":\"ListItem\",\"position\":2,\"name\":\"\u00c9v\u00e8nements\",\"item\":\"https:\/\/cmh.ens.fr\/evenement\/\"},{\"@type\":\"ListItem\",\"position\":3,\"name\":\"L&rsquo;invisibilit\u00e9 des travailleuses\u00a0: regard ethnographique\"}]},{\"@type\":\"WebSite\",\"@id\":\"https:\/\/cmh.ens.fr\/en\/#website\",\"url\":\"https:\/\/cmh.ens.fr\/en\/\",\"name\":\"CMH\",\"description\":\"Centre Maurice Halbwachs\",\"publisher\":{\"@id\":\"https:\/\/cmh.ens.fr\/en\/#organization\"},\"potentialAction\":[{\"@type\":\"SearchAction\",\"target\":{\"@type\":\"EntryPoint\",\"urlTemplate\":\"https:\/\/cmh.ens.fr\/en\/?s={search_term_string}\"},\"query-input\":{\"@type\":\"PropertyValueSpecification\",\"valueRequired\":true,\"valueName\":\"search_term_string\"}}],\"inLanguage\":\"en-US\"},{\"@type\":\"Organization\",\"@id\":\"https:\/\/cmh.ens.fr\/en\/#organization\",\"name\":\"Centre Maurice Halbwachs\",\"url\":\"https:\/\/cmh.ens.fr\/en\/\",\"logo\":{\"@type\":\"ImageObject\",\"inLanguage\":\"en-US\",\"@id\":\"https:\/\/cmh.ens.fr\/en\/#\/schema\/logo\/image\/\",\"url\":\"https:\/\/www.cmh.ens.fr\/wp-content\/uploads\/siteon0.jpg\",\"contentUrl\":\"https:\/\/www.cmh.ens.fr\/wp-content\/uploads\/siteon0.jpg\",\"width\":86,\"height\":53,\"caption\":\"Centre Maurice Halbwachs\"},\"image\":{\"@id\":\"https:\/\/cmh.ens.fr\/en\/#\/schema\/logo\/image\/\"}}]}<\/script>\n<!-- \/ Yoast SEO plugin. -->","yoast_head_json":{"title":"CMH","robots":{"index":"index","follow":"follow","max-snippet":"max-snippet:-1","max-image-preview":"max-image-preview:large","max-video-preview":"max-video-preview:-1"},"canonical":"https:\/\/cmh.ens.fr\/en\/evenement\/linvisibilite-des-travailleuses-regard-ethnographique\/","og_locale":"en_US","og_type":"article","og_title":"L'invisibilit\u00e9 des travailleuses : regard ethnographique - CMH","og_description":"Dans le prolongement de la&nbsp;44e&nbsp;Conf\u00e9rence Marc Bloch&nbsp;de Mich\u00e8le Lamont, le&nbsp;cycle Marc Bloch&nbsp;2026,&nbsp;\u00ab\u00a0Fronti\u00e8res et sciences sociales\u00a0\u00bb,&nbsp;propose de prolonger la r\u00e9flexion autour de la notion de fronti\u00e8re&nbsp;avec cinq chercheuses et chercheurs de l\u2019EHESS.&nbsp;Pour l&rsquo;ouverture du cycle,&nbsp;le 20 janvier 2026&nbsp;au Campus Condorcet,&nbsp;Christelle Avril, sociologue et directrice d&rsquo;\u00e9tudes de l&rsquo;EHESS au&nbsp;Centre Maurice Halbwachs&nbsp;(CMH &#8211; CNRS, EHESS, ENS-PSL, INRAE) donnera [&hellip;]","og_url":"https:\/\/cmh.ens.fr\/en\/evenement\/linvisibilite-des-travailleuses-regard-ethnographique\/","og_site_name":"CMH","article_modified_time":"2026-01-22T09:03:36+00:00","twitter_card":"summary_large_image","twitter_misc":{"Est. reading time":"1 minute"},"schema":{"@context":"https:\/\/schema.org","@graph":[{"@type":"WebPage","@id":"https:\/\/cmh.ens.fr\/en\/evenement\/linvisibilite-des-travailleuses-regard-ethnographique\/","url":"https:\/\/cmh.ens.fr\/en\/evenement\/linvisibilite-des-travailleuses-regard-ethnographique\/","name":"L'invisibilit\u00e9 des travailleuses : regard ethnographique - CMH","isPartOf":{"@id":"https:\/\/cmh.ens.fr\/en\/#website"},"datePublished":"2026-01-07T17:10:14+00:00","dateModified":"2026-01-22T09:03:36+00:00","breadcrumb":{"@id":"https:\/\/cmh.ens.fr\/en\/evenement\/linvisibilite-des-travailleuses-regard-ethnographique\/#breadcrumb"},"inLanguage":"en-US","potentialAction":[{"@type":"ReadAction","target":["https:\/\/cmh.ens.fr\/en\/evenement\/linvisibilite-des-travailleuses-regard-ethnographique\/"]}]},{"@type":"BreadcrumbList","@id":"https:\/\/cmh.ens.fr\/en\/evenement\/linvisibilite-des-travailleuses-regard-ethnographique\/#breadcrumb","itemListElement":[{"@type":"ListItem","position":1,"name":"Accueil","item":"https:\/\/cmh.ens.fr\/"},{"@type":"ListItem","position":2,"name":"\u00c9v\u00e8nements","item":"https:\/\/cmh.ens.fr\/evenement\/"},{"@type":"ListItem","position":3,"name":"L&rsquo;invisibilit\u00e9 des travailleuses\u00a0: regard ethnographique"}]},{"@type":"WebSite","@id":"https:\/\/cmh.ens.fr\/en\/#website","url":"https:\/\/cmh.ens.fr\/en\/","name":"CMH","description":"Centre Maurice Halbwachs","publisher":{"@id":"https:\/\/cmh.ens.fr\/en\/#organization"},"potentialAction":[{"@type":"SearchAction","target":{"@type":"EntryPoint","urlTemplate":"https:\/\/cmh.ens.fr\/en\/?s={search_term_string}"},"query-input":{"@type":"PropertyValueSpecification","valueRequired":true,"valueName":"search_term_string"}}],"inLanguage":"en-US"},{"@type":"Organization","@id":"https:\/\/cmh.ens.fr\/en\/#organization","name":"Centre Maurice Halbwachs","url":"https:\/\/cmh.ens.fr\/en\/","logo":{"@type":"ImageObject","inLanguage":"en-US","@id":"https:\/\/cmh.ens.fr\/en\/#\/schema\/logo\/image\/","url":"https:\/\/www.cmh.ens.fr\/wp-content\/uploads\/siteon0.jpg","contentUrl":"https:\/\/www.cmh.ens.fr\/wp-content\/uploads\/siteon0.jpg","width":86,"height":53,"caption":"Centre Maurice Halbwachs"},"image":{"@id":"https:\/\/cmh.ens.fr\/en\/#\/schema\/logo\/image\/"}}]}},"_links":{"self":[{"href":"https:\/\/cmh.ens.fr\/en\/wp-json\/wp\/v2\/evenement\/16222"}],"collection":[{"href":"https:\/\/cmh.ens.fr\/en\/wp-json\/wp\/v2\/evenement"}],"about":[{"href":"https:\/\/cmh.ens.fr\/en\/wp-json\/wp\/v2\/types\/evenement"}],"version-history":[{"count":3,"href":"https:\/\/cmh.ens.fr\/en\/wp-json\/wp\/v2\/evenement\/16222\/revisions"}],"predecessor-version":[{"id":16225,"href":"https:\/\/cmh.ens.fr\/en\/wp-json\/wp\/v2\/evenement\/16222\/revisions\/16225"}],"wp:attachment":[{"href":"https:\/\/cmh.ens.fr\/en\/wp-json\/wp\/v2\/media?parent=16222"}],"wp:term":[{"taxonomy":"typologies_evenement","embeddable":true,"href":"https:\/\/cmh.ens.fr\/en\/wp-json\/wp\/v2\/typologies_evenement?post=16222"}],"curies":[{"name":"wp","href":"https:\/\/api.w.org\/{rel}","templated":true}]}}