{"id":15449,"date":"2025-02-27T14:01:32","date_gmt":"2025-02-27T13:01:32","guid":{"rendered":"https:\/\/www.cmh.ens.fr\/?post_type=evenement&#038;p=15449"},"modified":"2025-03-04T15:44:43","modified_gmt":"2025-03-04T14:44:43","slug":"le-rural-un-objet-pour-les-sciences-sociales","status":"publish","type":"evenement","link":"https:\/\/cmh.ens.fr\/en\/evenement\/le-rural-un-objet-pour-les-sciences-sociales\/","title":{"rendered":"Le rural\u00a0: un objet pour les sciences sociales\u00a0?"},"content":{"rendered":"<p><strong>Jeudi 6 et Vendredi 7 mars<\/strong><\/p>\n\n\n\n<p>Ces Journ\u00e9es d\u2019\u00e9tudes s\u2019inscrivent dans le prolongement des r\u00e9flexions men\u00e9es au sein du s\u00e9minaire \u00ab\u00a0Ethnographies des mondes ruraux\u00a0: reconfigurations locales et transformations globales\u00a0\u00bb (UE177) et du R\u00e9seau international de recherche \u00ab\u00a0Ethnographies des mondes ruraux\u00a0\u00bb. Elles se donnent pour objectif de questionner le rural \u00e0 la fois comme espaces aux modes d\u2019organisation sociale et aux dimensions environnementales sp\u00e9cifiques, comme cat\u00e9gorie &#8211; indig\u00e8ne, administrative, analytique &#8211; et comme lieu conditionnant des modalit\u00e9s particuli\u00e8res de l\u2019enqu\u00eate de terrain.<\/p>\n\n\n\n<div class=\"wp-block-file\"><a id=\"wp-block-file--media-7384df88-4fbe-4150-89aa-aabadc23d362\" href=\"https:\/\/www.cmh.ens.fr\/wp-content\/uploads\/Programme_JE-Rural.pdf\">Programme_JE-Rural<\/a><a href=\"https:\/\/www.cmh.ens.fr\/wp-content\/uploads\/Programme_JE-Rural.pdf\" class=\"wp-block-file__button wp-element-button\" download aria-describedby=\"wp-block-file--media-7384df88-4fbe-4150-89aa-aabadc23d362\">Download<\/a><\/div>","protected":false},"featured_media":0,"template":"","typologies_evenement":[82],"class_list":["post-15449","evenement","type-evenement","status-publish","hentry","typologies_evenement-journees-detudes-et-colloques"],"acf":[],"yoast_head":"<!-- This site is optimized with the Yoast SEO plugin v25.6 - https:\/\/yoast.com\/wordpress\/plugins\/seo\/ -->\n<title>CMH<\/title>\n<meta name=\"robots\" content=\"index, follow, max-snippet:-1, max-image-preview:large, max-video-preview:-1\" \/>\n<link rel=\"canonical\" href=\"https:\/\/cmh.ens.fr\/en\/evenement\/le-rural-un-objet-pour-les-sciences-sociales\/\" class=\"yoast-seo-meta-tag\" \/>\n<meta property=\"og:locale\" content=\"en_US\" class=\"yoast-seo-meta-tag\" \/>\n<meta property=\"og:type\" content=\"article\" class=\"yoast-seo-meta-tag\" \/>\n<meta property=\"og:title\" content=\"Le rural : un objet pour les sciences sociales ? - CMH\" class=\"yoast-seo-meta-tag\" \/>\n<meta property=\"og:description\" content=\"Jeudi 6 et Vendredi 7 mars Ces Journ\u00e9es d\u2019\u00e9tudes s\u2019inscrivent dans le prolongement des r\u00e9flexions men\u00e9es au sein du s\u00e9minaire \u00ab\u00a0Ethnographies des mondes ruraux\u00a0: reconfigurations locales et transformations globales\u00a0\u00bb (UE177) et du R\u00e9seau international de recherche \u00ab\u00a0Ethnographies des mondes ruraux\u00a0\u00bb. Elles se donnent pour objectif de questionner le rural \u00e0 la fois comme espaces aux [&hellip;]\" class=\"yoast-seo-meta-tag\" \/>\n<meta property=\"og:url\" content=\"https:\/\/cmh.ens.fr\/en\/evenement\/le-rural-un-objet-pour-les-sciences-sociales\/\" class=\"yoast-seo-meta-tag\" \/>\n<meta property=\"og:site_name\" content=\"CMH\" class=\"yoast-seo-meta-tag\" \/>\n<meta property=\"article:modified_time\" content=\"2025-03-04T14:44:43+00:00\" class=\"yoast-seo-meta-tag\" \/>\n<meta name=\"twitter:card\" content=\"summary_large_image\" class=\"yoast-seo-meta-tag\" \/>\n<script type=\"application\/ld+json\" class=\"yoast-schema-graph\">{\"@context\":\"https:\/\/schema.org\",\"@graph\":[{\"@type\":\"WebPage\",\"@id\":\"https:\/\/cmh.ens.fr\/en\/evenement\/le-rural-un-objet-pour-les-sciences-sociales\/\",\"url\":\"https:\/\/cmh.ens.fr\/en\/evenement\/le-rural-un-objet-pour-les-sciences-sociales\/\",\"name\":\"Le rural : un objet pour les sciences sociales ? - CMH\",\"isPartOf\":{\"@id\":\"https:\/\/cmh.ens.fr\/en\/#website\"},\"datePublished\":\"2025-02-27T13:01:32+00:00\",\"dateModified\":\"2025-03-04T14:44:43+00:00\",\"breadcrumb\":{\"@id\":\"https:\/\/cmh.ens.fr\/en\/evenement\/le-rural-un-objet-pour-les-sciences-sociales\/#breadcrumb\"},\"inLanguage\":\"en-US\",\"potentialAction\":[{\"@type\":\"ReadAction\",\"target\":[\"https:\/\/cmh.ens.fr\/en\/evenement\/le-rural-un-objet-pour-les-sciences-sociales\/\"]}]},{\"@type\":\"BreadcrumbList\",\"@id\":\"https:\/\/cmh.ens.fr\/en\/evenement\/le-rural-un-objet-pour-les-sciences-sociales\/#breadcrumb\",\"itemListElement\":[{\"@type\":\"ListItem\",\"position\":1,\"name\":\"Accueil\",\"item\":\"https:\/\/cmh.ens.fr\/\"},{\"@type\":\"ListItem\",\"position\":2,\"name\":\"\u00c9v\u00e8nements\",\"item\":\"https:\/\/cmh.ens.fr\/evenement\/\"},{\"@type\":\"ListItem\",\"position\":3,\"name\":\"Le rural\u00a0: un objet pour les sciences sociales\u00a0?\"}]},{\"@type\":\"WebSite\",\"@id\":\"https:\/\/cmh.ens.fr\/en\/#website\",\"url\":\"https:\/\/cmh.ens.fr\/en\/\",\"name\":\"CMH\",\"description\":\"Centre Maurice Halbwachs\",\"publisher\":{\"@id\":\"https:\/\/cmh.ens.fr\/en\/#organization\"},\"potentialAction\":[{\"@type\":\"SearchAction\",\"target\":{\"@type\":\"EntryPoint\",\"urlTemplate\":\"https:\/\/cmh.ens.fr\/en\/?s={search_term_string}\"},\"query-input\":{\"@type\":\"PropertyValueSpecification\",\"valueRequired\":true,\"valueName\":\"search_term_string\"}}],\"inLanguage\":\"en-US\"},{\"@type\":\"Organization\",\"@id\":\"https:\/\/cmh.ens.fr\/en\/#organization\",\"name\":\"Centre Maurice Halbwachs\",\"url\":\"https:\/\/cmh.ens.fr\/en\/\",\"logo\":{\"@type\":\"ImageObject\",\"inLanguage\":\"en-US\",\"@id\":\"https:\/\/cmh.ens.fr\/en\/#\/schema\/logo\/image\/\",\"url\":\"https:\/\/www.cmh.ens.fr\/wp-content\/uploads\/siteon0.jpg\",\"contentUrl\":\"https:\/\/www.cmh.ens.fr\/wp-content\/uploads\/siteon0.jpg\",\"width\":86,\"height\":53,\"caption\":\"Centre Maurice Halbwachs\"},\"image\":{\"@id\":\"https:\/\/cmh.ens.fr\/en\/#\/schema\/logo\/image\/\"}}]}<\/script>\n<!-- \/ Yoast SEO plugin. -->","yoast_head_json":{"title":"CMH","robots":{"index":"index","follow":"follow","max-snippet":"max-snippet:-1","max-image-preview":"max-image-preview:large","max-video-preview":"max-video-preview:-1"},"canonical":"https:\/\/cmh.ens.fr\/en\/evenement\/le-rural-un-objet-pour-les-sciences-sociales\/","og_locale":"en_US","og_type":"article","og_title":"Le rural : un objet pour les sciences sociales ? - CMH","og_description":"Jeudi 6 et Vendredi 7 mars Ces Journ\u00e9es d\u2019\u00e9tudes s\u2019inscrivent dans le prolongement des r\u00e9flexions men\u00e9es au sein du s\u00e9minaire \u00ab\u00a0Ethnographies des mondes ruraux\u00a0: reconfigurations locales et transformations globales\u00a0\u00bb (UE177) et du R\u00e9seau international de recherche \u00ab\u00a0Ethnographies des mondes ruraux\u00a0\u00bb. Elles se donnent pour objectif de questionner le rural \u00e0 la fois comme espaces aux [&hellip;]","og_url":"https:\/\/cmh.ens.fr\/en\/evenement\/le-rural-un-objet-pour-les-sciences-sociales\/","og_site_name":"CMH","article_modified_time":"2025-03-04T14:44:43+00:00","twitter_card":"summary_large_image","schema":{"@context":"https:\/\/schema.org","@graph":[{"@type":"WebPage","@id":"https:\/\/cmh.ens.fr\/en\/evenement\/le-rural-un-objet-pour-les-sciences-sociales\/","url":"https:\/\/cmh.ens.fr\/en\/evenement\/le-rural-un-objet-pour-les-sciences-sociales\/","name":"Le rural : un objet pour les sciences sociales ? - CMH","isPartOf":{"@id":"https:\/\/cmh.ens.fr\/en\/#website"},"datePublished":"2025-02-27T13:01:32+00:00","dateModified":"2025-03-04T14:44:43+00:00","breadcrumb":{"@id":"https:\/\/cmh.ens.fr\/en\/evenement\/le-rural-un-objet-pour-les-sciences-sociales\/#breadcrumb"},"inLanguage":"en-US","potentialAction":[{"@type":"ReadAction","target":["https:\/\/cmh.ens.fr\/en\/evenement\/le-rural-un-objet-pour-les-sciences-sociales\/"]}]},{"@type":"BreadcrumbList","@id":"https:\/\/cmh.ens.fr\/en\/evenement\/le-rural-un-objet-pour-les-sciences-sociales\/#breadcrumb","itemListElement":[{"@type":"ListItem","position":1,"name":"Accueil","item":"https:\/\/cmh.ens.fr\/"},{"@type":"ListItem","position":2,"name":"\u00c9v\u00e8nements","item":"https:\/\/cmh.ens.fr\/evenement\/"},{"@type":"ListItem","position":3,"name":"Le rural\u00a0: un objet pour les sciences sociales\u00a0?"}]},{"@type":"WebSite","@id":"https:\/\/cmh.ens.fr\/en\/#website","url":"https:\/\/cmh.ens.fr\/en\/","name":"CMH","description":"Centre Maurice Halbwachs","publisher":{"@id":"https:\/\/cmh.ens.fr\/en\/#organization"},"potentialAction":[{"@type":"SearchAction","target":{"@type":"EntryPoint","urlTemplate":"https:\/\/cmh.ens.fr\/en\/?s={search_term_string}"},"query-input":{"@type":"PropertyValueSpecification","valueRequired":true,"valueName":"search_term_string"}}],"inLanguage":"en-US"},{"@type":"Organization","@id":"https:\/\/cmh.ens.fr\/en\/#organization","name":"Centre Maurice Halbwachs","url":"https:\/\/cmh.ens.fr\/en\/","logo":{"@type":"ImageObject","inLanguage":"en-US","@id":"https:\/\/cmh.ens.fr\/en\/#\/schema\/logo\/image\/","url":"https:\/\/www.cmh.ens.fr\/wp-content\/uploads\/siteon0.jpg","contentUrl":"https:\/\/www.cmh.ens.fr\/wp-content\/uploads\/siteon0.jpg","width":86,"height":53,"caption":"Centre Maurice Halbwachs"},"image":{"@id":"https:\/\/cmh.ens.fr\/en\/#\/schema\/logo\/image\/"}}]}},"_links":{"self":[{"href":"https:\/\/cmh.ens.fr\/en\/wp-json\/wp\/v2\/evenement\/15449"}],"collection":[{"href":"https:\/\/cmh.ens.fr\/en\/wp-json\/wp\/v2\/evenement"}],"about":[{"href":"https:\/\/cmh.ens.fr\/en\/wp-json\/wp\/v2\/types\/evenement"}],"version-history":[{"count":3,"href":"https:\/\/cmh.ens.fr\/en\/wp-json\/wp\/v2\/evenement\/15449\/revisions"}],"predecessor-version":[{"id":15476,"href":"https:\/\/cmh.ens.fr\/en\/wp-json\/wp\/v2\/evenement\/15449\/revisions\/15476"}],"wp:attachment":[{"href":"https:\/\/cmh.ens.fr\/en\/wp-json\/wp\/v2\/media?parent=15449"}],"wp:term":[{"taxonomy":"typologies_evenement","embeddable":true,"href":"https:\/\/cmh.ens.fr\/en\/wp-json\/wp\/v2\/typologies_evenement?post=15449"}],"curies":[{"name":"wp","href":"https:\/\/api.w.org\/{rel}","templated":true}]}}