{"id":14563,"date":"2024-06-03T14:29:08","date_gmt":"2024-06-03T12:29:08","guid":{"rendered":"https:\/\/www.cmh.ens.fr\/?post_type=evenement&#038;p=14563"},"modified":"2024-06-03T14:31:04","modified_gmt":"2024-06-03T12:31:04","slug":"migrations-faire-hospitalite-construire-lavenir","status":"publish","type":"evenement","link":"https:\/\/cmh.ens.fr\/en\/evenement\/migrations-faire-hospitalite-construire-lavenir\/","title":{"rendered":"Migrations faire hospitalit\u00e9 &#8211; construire l\u2019avenir"},"content":{"rendered":"<p><a href=\"https:\/\/www.perou-paris.org\/avenir\/ENS.pdf\" target=\"_blank\" rel=\"noreferrer noopener\">Programme<\/a><\/p>\n\n\n\n<p>L\u2019hospitalit\u00e9 est une valeur ancienne et pour tout dire anthropologique. Il n\u2019est donc pas tr\u00e8s \u00e9tonnant que nombreux soient ceux qui s\u2019int\u00e9ressent \u00e0 une notion juridique, pratique, sociale, artistique et politique qui se situe au centre des pr\u00e9occupations contemporaines.<br>Du\u00a0\u00ab\u00a0Wir schaffen das!\u00a0\u00bb (\u00ab\u00a0Nous y arriverons\u00a0\u00bb) prononc\u00e9 par Angela Merkel en 2015 quand elle d\u00e9cida l\u2019ouverture des fronti\u00e8res \u00e0 des dizaines de milliers de r\u00e9fugi\u00e9s sur la route des Balkans, aux replis des soci\u00e9t\u00e9s sur elles-m\u00eames, l\u2019enjeu est immense.<br>La notion m\u00e9rite d\u2019\u00eatre interrog\u00e9e \u00e0 partir de ses contenus historiques, juridiques, sociaux et pratiques pour comprendre, \u00e0 partir d\u2019un projet embl\u00e9matique, celui du NAVIRE AVENIR, con\u00e7u \u00e0 l\u2019origine par un collectif artistique, comment l\u2019art peut permettre de faire, ou de refaire, soci\u00e9t\u00e9.<\/p>","protected":false},"featured_media":0,"template":"","typologies_evenement":[82],"class_list":["post-14563","evenement","type-evenement","status-publish","hentry","typologies_evenement-journees-detudes-et-colloques"],"acf":[],"yoast_head":"<!-- This site is optimized with the Yoast SEO plugin v25.6 - https:\/\/yoast.com\/wordpress\/plugins\/seo\/ -->\n<title>CMH<\/title>\n<meta name=\"robots\" content=\"index, follow, max-snippet:-1, max-image-preview:large, max-video-preview:-1\" \/>\n<link rel=\"canonical\" href=\"https:\/\/cmh.ens.fr\/en\/evenement\/migrations-faire-hospitalite-construire-lavenir\/\" class=\"yoast-seo-meta-tag\" \/>\n<meta property=\"og:locale\" content=\"en_US\" class=\"yoast-seo-meta-tag\" \/>\n<meta property=\"og:type\" content=\"article\" class=\"yoast-seo-meta-tag\" \/>\n<meta property=\"og:title\" content=\"Migrations faire hospitalit\u00e9 - construire l\u2019avenir - CMH\" class=\"yoast-seo-meta-tag\" \/>\n<meta property=\"og:description\" content=\"Programme L\u2019hospitalit\u00e9 est une valeur ancienne et pour tout dire anthropologique. Il n\u2019est donc pas tr\u00e8s \u00e9tonnant que nombreux soient ceux qui s\u2019int\u00e9ressent \u00e0 une notion juridique, pratique, sociale, artistique et politique qui se situe au centre des pr\u00e9occupations contemporaines.Du\u00a0\u00ab\u00a0Wir schaffen das!\u00a0\u00bb (\u00ab\u00a0Nous y arriverons\u00a0\u00bb) prononc\u00e9 par Angela Merkel en 2015 quand elle d\u00e9cida l\u2019ouverture [&hellip;]\" class=\"yoast-seo-meta-tag\" \/>\n<meta property=\"og:url\" content=\"https:\/\/cmh.ens.fr\/en\/evenement\/migrations-faire-hospitalite-construire-lavenir\/\" class=\"yoast-seo-meta-tag\" \/>\n<meta property=\"og:site_name\" content=\"CMH\" class=\"yoast-seo-meta-tag\" \/>\n<meta property=\"article:modified_time\" content=\"2024-06-03T12:31:04+00:00\" class=\"yoast-seo-meta-tag\" \/>\n<meta name=\"twitter:card\" content=\"summary_large_image\" class=\"yoast-seo-meta-tag\" \/>\n<meta name=\"twitter:label1\" content=\"Est. reading time\" class=\"yoast-seo-meta-tag\" \/>\n\t<meta name=\"twitter:data1\" content=\"1 minute\" class=\"yoast-seo-meta-tag\" \/>\n<script type=\"application\/ld+json\" class=\"yoast-schema-graph\">{\"@context\":\"https:\/\/schema.org\",\"@graph\":[{\"@type\":\"WebPage\",\"@id\":\"https:\/\/cmh.ens.fr\/en\/evenement\/migrations-faire-hospitalite-construire-lavenir\/\",\"url\":\"https:\/\/cmh.ens.fr\/en\/evenement\/migrations-faire-hospitalite-construire-lavenir\/\",\"name\":\"Migrations faire hospitalit\u00e9 - construire l\u2019avenir - CMH\",\"isPartOf\":{\"@id\":\"https:\/\/cmh.ens.fr\/en\/#website\"},\"datePublished\":\"2024-06-03T12:29:08+00:00\",\"dateModified\":\"2024-06-03T12:31:04+00:00\",\"breadcrumb\":{\"@id\":\"https:\/\/cmh.ens.fr\/en\/evenement\/migrations-faire-hospitalite-construire-lavenir\/#breadcrumb\"},\"inLanguage\":\"en-US\",\"potentialAction\":[{\"@type\":\"ReadAction\",\"target\":[\"https:\/\/cmh.ens.fr\/en\/evenement\/migrations-faire-hospitalite-construire-lavenir\/\"]}]},{\"@type\":\"BreadcrumbList\",\"@id\":\"https:\/\/cmh.ens.fr\/en\/evenement\/migrations-faire-hospitalite-construire-lavenir\/#breadcrumb\",\"itemListElement\":[{\"@type\":\"ListItem\",\"position\":1,\"name\":\"Accueil\",\"item\":\"https:\/\/cmh.ens.fr\/\"},{\"@type\":\"ListItem\",\"position\":2,\"name\":\"\u00c9v\u00e8nements\",\"item\":\"https:\/\/cmh.ens.fr\/evenement\/\"},{\"@type\":\"ListItem\",\"position\":3,\"name\":\"Migrations faire hospitalit\u00e9 &#8211; construire l\u2019avenir\"}]},{\"@type\":\"WebSite\",\"@id\":\"https:\/\/cmh.ens.fr\/en\/#website\",\"url\":\"https:\/\/cmh.ens.fr\/en\/\",\"name\":\"CMH\",\"description\":\"Centre Maurice Halbwachs\",\"publisher\":{\"@id\":\"https:\/\/cmh.ens.fr\/en\/#organization\"},\"potentialAction\":[{\"@type\":\"SearchAction\",\"target\":{\"@type\":\"EntryPoint\",\"urlTemplate\":\"https:\/\/cmh.ens.fr\/en\/?s={search_term_string}\"},\"query-input\":{\"@type\":\"PropertyValueSpecification\",\"valueRequired\":true,\"valueName\":\"search_term_string\"}}],\"inLanguage\":\"en-US\"},{\"@type\":\"Organization\",\"@id\":\"https:\/\/cmh.ens.fr\/en\/#organization\",\"name\":\"Centre Maurice Halbwachs\",\"url\":\"https:\/\/cmh.ens.fr\/en\/\",\"logo\":{\"@type\":\"ImageObject\",\"inLanguage\":\"en-US\",\"@id\":\"https:\/\/cmh.ens.fr\/en\/#\/schema\/logo\/image\/\",\"url\":\"https:\/\/www.cmh.ens.fr\/wp-content\/uploads\/siteon0.jpg\",\"contentUrl\":\"https:\/\/www.cmh.ens.fr\/wp-content\/uploads\/siteon0.jpg\",\"width\":86,\"height\":53,\"caption\":\"Centre Maurice Halbwachs\"},\"image\":{\"@id\":\"https:\/\/cmh.ens.fr\/en\/#\/schema\/logo\/image\/\"}}]}<\/script>\n<!-- \/ Yoast SEO plugin. -->","yoast_head_json":{"title":"CMH","robots":{"index":"index","follow":"follow","max-snippet":"max-snippet:-1","max-image-preview":"max-image-preview:large","max-video-preview":"max-video-preview:-1"},"canonical":"https:\/\/cmh.ens.fr\/en\/evenement\/migrations-faire-hospitalite-construire-lavenir\/","og_locale":"en_US","og_type":"article","og_title":"Migrations faire hospitalit\u00e9 - construire l\u2019avenir - CMH","og_description":"Programme L\u2019hospitalit\u00e9 est une valeur ancienne et pour tout dire anthropologique. Il n\u2019est donc pas tr\u00e8s \u00e9tonnant que nombreux soient ceux qui s\u2019int\u00e9ressent \u00e0 une notion juridique, pratique, sociale, artistique et politique qui se situe au centre des pr\u00e9occupations contemporaines.Du\u00a0\u00ab\u00a0Wir schaffen das!\u00a0\u00bb (\u00ab\u00a0Nous y arriverons\u00a0\u00bb) prononc\u00e9 par Angela Merkel en 2015 quand elle d\u00e9cida l\u2019ouverture [&hellip;]","og_url":"https:\/\/cmh.ens.fr\/en\/evenement\/migrations-faire-hospitalite-construire-lavenir\/","og_site_name":"CMH","article_modified_time":"2024-06-03T12:31:04+00:00","twitter_card":"summary_large_image","twitter_misc":{"Est. reading time":"1 minute"},"schema":{"@context":"https:\/\/schema.org","@graph":[{"@type":"WebPage","@id":"https:\/\/cmh.ens.fr\/en\/evenement\/migrations-faire-hospitalite-construire-lavenir\/","url":"https:\/\/cmh.ens.fr\/en\/evenement\/migrations-faire-hospitalite-construire-lavenir\/","name":"Migrations faire hospitalit\u00e9 - construire l\u2019avenir - CMH","isPartOf":{"@id":"https:\/\/cmh.ens.fr\/en\/#website"},"datePublished":"2024-06-03T12:29:08+00:00","dateModified":"2024-06-03T12:31:04+00:00","breadcrumb":{"@id":"https:\/\/cmh.ens.fr\/en\/evenement\/migrations-faire-hospitalite-construire-lavenir\/#breadcrumb"},"inLanguage":"en-US","potentialAction":[{"@type":"ReadAction","target":["https:\/\/cmh.ens.fr\/en\/evenement\/migrations-faire-hospitalite-construire-lavenir\/"]}]},{"@type":"BreadcrumbList","@id":"https:\/\/cmh.ens.fr\/en\/evenement\/migrations-faire-hospitalite-construire-lavenir\/#breadcrumb","itemListElement":[{"@type":"ListItem","position":1,"name":"Accueil","item":"https:\/\/cmh.ens.fr\/"},{"@type":"ListItem","position":2,"name":"\u00c9v\u00e8nements","item":"https:\/\/cmh.ens.fr\/evenement\/"},{"@type":"ListItem","position":3,"name":"Migrations faire hospitalit\u00e9 &#8211; construire l\u2019avenir"}]},{"@type":"WebSite","@id":"https:\/\/cmh.ens.fr\/en\/#website","url":"https:\/\/cmh.ens.fr\/en\/","name":"CMH","description":"Centre Maurice Halbwachs","publisher":{"@id":"https:\/\/cmh.ens.fr\/en\/#organization"},"potentialAction":[{"@type":"SearchAction","target":{"@type":"EntryPoint","urlTemplate":"https:\/\/cmh.ens.fr\/en\/?s={search_term_string}"},"query-input":{"@type":"PropertyValueSpecification","valueRequired":true,"valueName":"search_term_string"}}],"inLanguage":"en-US"},{"@type":"Organization","@id":"https:\/\/cmh.ens.fr\/en\/#organization","name":"Centre Maurice Halbwachs","url":"https:\/\/cmh.ens.fr\/en\/","logo":{"@type":"ImageObject","inLanguage":"en-US","@id":"https:\/\/cmh.ens.fr\/en\/#\/schema\/logo\/image\/","url":"https:\/\/www.cmh.ens.fr\/wp-content\/uploads\/siteon0.jpg","contentUrl":"https:\/\/www.cmh.ens.fr\/wp-content\/uploads\/siteon0.jpg","width":86,"height":53,"caption":"Centre Maurice Halbwachs"},"image":{"@id":"https:\/\/cmh.ens.fr\/en\/#\/schema\/logo\/image\/"}}]}},"_links":{"self":[{"href":"https:\/\/cmh.ens.fr\/en\/wp-json\/wp\/v2\/evenement\/14563"}],"collection":[{"href":"https:\/\/cmh.ens.fr\/en\/wp-json\/wp\/v2\/evenement"}],"about":[{"href":"https:\/\/cmh.ens.fr\/en\/wp-json\/wp\/v2\/types\/evenement"}],"version-history":[{"count":2,"href":"https:\/\/cmh.ens.fr\/en\/wp-json\/wp\/v2\/evenement\/14563\/revisions"}],"predecessor-version":[{"id":14565,"href":"https:\/\/cmh.ens.fr\/en\/wp-json\/wp\/v2\/evenement\/14563\/revisions\/14565"}],"wp:attachment":[{"href":"https:\/\/cmh.ens.fr\/en\/wp-json\/wp\/v2\/media?parent=14563"}],"wp:term":[{"taxonomy":"typologies_evenement","embeddable":true,"href":"https:\/\/cmh.ens.fr\/en\/wp-json\/wp\/v2\/typologies_evenement?post=14563"}],"curies":[{"name":"wp","href":"https:\/\/api.w.org\/{rel}","templated":true}]}}