{"id":14528,"date":"2024-05-23T19:24:02","date_gmt":"2024-05-23T17:24:02","guid":{"rendered":"https:\/\/www.cmh.ens.fr\/?post_type=evenement&#038;p=14528"},"modified":"2024-06-03T10:20:39","modified_gmt":"2024-06-03T08:20:39","slug":"enjeux-sociaux-territoriaux-environnementaux-nutritionnels-et-educatifs-de-la-restauration-scolaire","status":"publish","type":"evenement","link":"https:\/\/cmh.ens.fr\/en\/evenement\/enjeux-sociaux-territoriaux-environnementaux-nutritionnels-et-educatifs-de-la-restauration-scolaire\/","title":{"rendered":"Enjeux sociaux, territoriaux, environnementaux, nutritionnels, et \u00e9ducatifs de la restauration scolaire"},"content":{"rendered":"<p>Le colloque pr\u00e9sente les r\u00e9sultats des recherches men\u00e9es au sein du programme CANTINEGALITE du CNRS, sur les cinq derni\u00e8res ann\u00e9es.<br>Il revient sur les diff\u00e9rentes dimensions de la restauration scolaire, comme instrument de politiques publiques aux multiples objectifs\u00a0: \u00e9duquer les enfants \u00e0 l\u2019alimentation, valoriser le patrimoine culinaire, am\u00e9liorer la sant\u00e9 publique, lutter contre l\u2019ob\u00e9sit\u00e9, r\u00e9duire les in\u00e9galit\u00e9s, soutenir la fili\u00e8re agricole, contribuer \u00e0 la transition alimentaire et \u00e9cologique (PNNS 2019). Il questionne la profondeur historique du mod\u00e8le de restauration scolaire fran\u00e7ais, et sa sp\u00e9cificit\u00e9 par rapport aux autres syst\u00e8mes europ\u00e9ens.<br>Les enjeux environnementaux, territoriaux et nutritionnels de la restauration scolaire sont aussi trait\u00e9s, de l\u2019approvisionnement \u00e0 la composition des repas, dans la perspective de durabilit\u00e9 et de v\u00e9g\u00e9talisation des menus, port\u00e9e par loi EGALIM. Le colloque aborde \u00e9galement les enjeux sociaux et \u00e9ducatifs de la restauration scolaire, du point de vue des conditions du travail en cuisine, de la diff\u00e9renciation sociale du rapport \u00e0 la cantine, de l\u2019acculturation, de la sociabilit\u00e9 et des in\u00e9galit\u00e9s alimentaires.<br>Ces diff\u00e9rents aspects sont abord\u00e9s \u00e0 partir de cas concrets, en France, en Europe et dans le reste du monde, dans une perspective comparative internationale. Plusieurs ouvrages en lien avec ce programme seront pr\u00e9sent\u00e9s au public.<br><a href=\"https:\/\/cantinegalite.sciencesconf.org\" target=\"_blank\" rel=\"noreferrer noopener\">Inscription sans frais<\/a> au colloque avant le 3 JUIN<br>Repas v\u00e9g\u00e9tarien pris en charge sur place \u00e0 midi<br>Participation par vid\u00e9o conf\u00e9rence sur inscription<br><a href=\"https:\/\/cantinegalite.sciencesconf.org\" target=\"_blank\" rel=\"noreferrer noopener\">https:\/\/cantinegalite.sciencesconf.org<\/a><\/p>","protected":false},"featured_media":14529,"template":"","typologies_evenement":[82],"class_list":["post-14528","evenement","type-evenement","status-publish","has-post-thumbnail","hentry","typologies_evenement-journees-detudes-et-colloques"],"acf":[],"yoast_head":"<!-- This site is optimized with the Yoast SEO plugin v25.6 - https:\/\/yoast.com\/wordpress\/plugins\/seo\/ -->\n<title>CMH<\/title>\n<meta name=\"robots\" content=\"index, follow, max-snippet:-1, max-image-preview:large, max-video-preview:-1\" \/>\n<link rel=\"canonical\" href=\"https:\/\/cmh.ens.fr\/en\/evenement\/enjeux-sociaux-territoriaux-environnementaux-nutritionnels-et-educatifs-de-la-restauration-scolaire\/\" class=\"yoast-seo-meta-tag\" \/>\n<meta property=\"og:locale\" content=\"en_US\" class=\"yoast-seo-meta-tag\" \/>\n<meta property=\"og:type\" content=\"article\" class=\"yoast-seo-meta-tag\" \/>\n<meta property=\"og:title\" content=\"Enjeux sociaux, territoriaux, environnementaux, nutritionnels, et \u00e9ducatifs de la restauration scolaire - CMH\" class=\"yoast-seo-meta-tag\" \/>\n<meta property=\"og:description\" content=\"Le colloque pr\u00e9sente les r\u00e9sultats des recherches men\u00e9es au sein du programme CANTINEGALITE du CNRS, sur les cinq derni\u00e8res ann\u00e9es.Il revient sur les diff\u00e9rentes dimensions de la restauration scolaire, comme instrument de politiques publiques aux multiples objectifs\u00a0: \u00e9duquer les enfants \u00e0 l\u2019alimentation, valoriser le patrimoine culinaire, am\u00e9liorer la sant\u00e9 publique, lutter contre l\u2019ob\u00e9sit\u00e9, r\u00e9duire les [&hellip;]\" class=\"yoast-seo-meta-tag\" \/>\n<meta property=\"og:url\" content=\"https:\/\/cmh.ens.fr\/en\/evenement\/enjeux-sociaux-territoriaux-environnementaux-nutritionnels-et-educatifs-de-la-restauration-scolaire\/\" class=\"yoast-seo-meta-tag\" \/>\n<meta property=\"og:site_name\" content=\"CMH\" class=\"yoast-seo-meta-tag\" \/>\n<meta property=\"article:modified_time\" content=\"2024-06-03T08:20:39+00:00\" class=\"yoast-seo-meta-tag\" \/>\n<meta property=\"og:image\" content=\"https:\/\/cmh.ens.fr\/wp-content\/uploads\/Visuel-Colloque-Cantinegalite.png\" class=\"yoast-seo-meta-tag\" \/>\n\t<meta property=\"og:image:width\" content=\"836\" class=\"yoast-seo-meta-tag\" \/>\n\t<meta property=\"og:image:height\" content=\"342\" class=\"yoast-seo-meta-tag\" \/>\n\t<meta property=\"og:image:type\" content=\"image\/png\" class=\"yoast-seo-meta-tag\" \/>\n<meta name=\"twitter:card\" content=\"summary_large_image\" class=\"yoast-seo-meta-tag\" \/>\n<meta name=\"twitter:label1\" content=\"Est. reading time\" class=\"yoast-seo-meta-tag\" \/>\n\t<meta name=\"twitter:data1\" content=\"1 minute\" class=\"yoast-seo-meta-tag\" \/>\n<script type=\"application\/ld+json\" class=\"yoast-schema-graph\">{\"@context\":\"https:\/\/schema.org\",\"@graph\":[{\"@type\":\"WebPage\",\"@id\":\"https:\/\/cmh.ens.fr\/en\/evenement\/enjeux-sociaux-territoriaux-environnementaux-nutritionnels-et-educatifs-de-la-restauration-scolaire\/\",\"url\":\"https:\/\/cmh.ens.fr\/en\/evenement\/enjeux-sociaux-territoriaux-environnementaux-nutritionnels-et-educatifs-de-la-restauration-scolaire\/\",\"name\":\"Enjeux sociaux, territoriaux, environnementaux, nutritionnels, et \u00e9ducatifs de la restauration scolaire - CMH\",\"isPartOf\":{\"@id\":\"https:\/\/cmh.ens.fr\/en\/#website\"},\"primaryImageOfPage\":{\"@id\":\"https:\/\/cmh.ens.fr\/en\/evenement\/enjeux-sociaux-territoriaux-environnementaux-nutritionnels-et-educatifs-de-la-restauration-scolaire\/#primaryimage\"},\"image\":{\"@id\":\"https:\/\/cmh.ens.fr\/en\/evenement\/enjeux-sociaux-territoriaux-environnementaux-nutritionnels-et-educatifs-de-la-restauration-scolaire\/#primaryimage\"},\"thumbnailUrl\":\"https:\/\/cmh.ens.fr\/wp-content\/uploads\/Visuel-Colloque-Cantinegalite.png\",\"datePublished\":\"2024-05-23T17:24:02+00:00\",\"dateModified\":\"2024-06-03T08:20:39+00:00\",\"breadcrumb\":{\"@id\":\"https:\/\/cmh.ens.fr\/en\/evenement\/enjeux-sociaux-territoriaux-environnementaux-nutritionnels-et-educatifs-de-la-restauration-scolaire\/#breadcrumb\"},\"inLanguage\":\"en-US\",\"potentialAction\":[{\"@type\":\"ReadAction\",\"target\":[\"https:\/\/cmh.ens.fr\/en\/evenement\/enjeux-sociaux-territoriaux-environnementaux-nutritionnels-et-educatifs-de-la-restauration-scolaire\/\"]}]},{\"@type\":\"ImageObject\",\"inLanguage\":\"en-US\",\"@id\":\"https:\/\/cmh.ens.fr\/en\/evenement\/enjeux-sociaux-territoriaux-environnementaux-nutritionnels-et-educatifs-de-la-restauration-scolaire\/#primaryimage\",\"url\":\"https:\/\/cmh.ens.fr\/wp-content\/uploads\/Visuel-Colloque-Cantinegalite.png\",\"contentUrl\":\"https:\/\/cmh.ens.fr\/wp-content\/uploads\/Visuel-Colloque-Cantinegalite.png\",\"width\":836,\"height\":342},{\"@type\":\"BreadcrumbList\",\"@id\":\"https:\/\/cmh.ens.fr\/en\/evenement\/enjeux-sociaux-territoriaux-environnementaux-nutritionnels-et-educatifs-de-la-restauration-scolaire\/#breadcrumb\",\"itemListElement\":[{\"@type\":\"ListItem\",\"position\":1,\"name\":\"Accueil\",\"item\":\"https:\/\/cmh.ens.fr\/\"},{\"@type\":\"ListItem\",\"position\":2,\"name\":\"\u00c9v\u00e8nements\",\"item\":\"https:\/\/cmh.ens.fr\/evenement\/\"},{\"@type\":\"ListItem\",\"position\":3,\"name\":\"Enjeux sociaux, territoriaux, environnementaux, nutritionnels, et \u00e9ducatifs de la restauration scolaire\"}]},{\"@type\":\"WebSite\",\"@id\":\"https:\/\/cmh.ens.fr\/en\/#website\",\"url\":\"https:\/\/cmh.ens.fr\/en\/\",\"name\":\"CMH\",\"description\":\"Centre Maurice Halbwachs\",\"publisher\":{\"@id\":\"https:\/\/cmh.ens.fr\/en\/#organization\"},\"potentialAction\":[{\"@type\":\"SearchAction\",\"target\":{\"@type\":\"EntryPoint\",\"urlTemplate\":\"https:\/\/cmh.ens.fr\/en\/?s={search_term_string}\"},\"query-input\":{\"@type\":\"PropertyValueSpecification\",\"valueRequired\":true,\"valueName\":\"search_term_string\"}}],\"inLanguage\":\"en-US\"},{\"@type\":\"Organization\",\"@id\":\"https:\/\/cmh.ens.fr\/en\/#organization\",\"name\":\"Centre Maurice Halbwachs\",\"url\":\"https:\/\/cmh.ens.fr\/en\/\",\"logo\":{\"@type\":\"ImageObject\",\"inLanguage\":\"en-US\",\"@id\":\"https:\/\/cmh.ens.fr\/en\/#\/schema\/logo\/image\/\",\"url\":\"https:\/\/www.cmh.ens.fr\/wp-content\/uploads\/siteon0.jpg\",\"contentUrl\":\"https:\/\/www.cmh.ens.fr\/wp-content\/uploads\/siteon0.jpg\",\"width\":86,\"height\":53,\"caption\":\"Centre Maurice Halbwachs\"},\"image\":{\"@id\":\"https:\/\/cmh.ens.fr\/en\/#\/schema\/logo\/image\/\"}}]}<\/script>\n<!-- \/ Yoast SEO plugin. -->","yoast_head_json":{"title":"CMH","robots":{"index":"index","follow":"follow","max-snippet":"max-snippet:-1","max-image-preview":"max-image-preview:large","max-video-preview":"max-video-preview:-1"},"canonical":"https:\/\/cmh.ens.fr\/en\/evenement\/enjeux-sociaux-territoriaux-environnementaux-nutritionnels-et-educatifs-de-la-restauration-scolaire\/","og_locale":"en_US","og_type":"article","og_title":"Enjeux sociaux, territoriaux, environnementaux, nutritionnels, et \u00e9ducatifs de la restauration scolaire - CMH","og_description":"Le colloque pr\u00e9sente les r\u00e9sultats des recherches men\u00e9es au sein du programme CANTINEGALITE du CNRS, sur les cinq derni\u00e8res ann\u00e9es.Il revient sur les diff\u00e9rentes dimensions de la restauration scolaire, comme instrument de politiques publiques aux multiples objectifs\u00a0: \u00e9duquer les enfants \u00e0 l\u2019alimentation, valoriser le patrimoine culinaire, am\u00e9liorer la sant\u00e9 publique, lutter contre l\u2019ob\u00e9sit\u00e9, r\u00e9duire les [&hellip;]","og_url":"https:\/\/cmh.ens.fr\/en\/evenement\/enjeux-sociaux-territoriaux-environnementaux-nutritionnels-et-educatifs-de-la-restauration-scolaire\/","og_site_name":"CMH","article_modified_time":"2024-06-03T08:20:39+00:00","og_image":[{"width":836,"height":342,"url":"https:\/\/cmh.ens.fr\/wp-content\/uploads\/Visuel-Colloque-Cantinegalite.png","type":"image\/png"}],"twitter_card":"summary_large_image","twitter_misc":{"Est. reading time":"1 minute"},"schema":{"@context":"https:\/\/schema.org","@graph":[{"@type":"WebPage","@id":"https:\/\/cmh.ens.fr\/en\/evenement\/enjeux-sociaux-territoriaux-environnementaux-nutritionnels-et-educatifs-de-la-restauration-scolaire\/","url":"https:\/\/cmh.ens.fr\/en\/evenement\/enjeux-sociaux-territoriaux-environnementaux-nutritionnels-et-educatifs-de-la-restauration-scolaire\/","name":"Enjeux sociaux, territoriaux, environnementaux, nutritionnels, et \u00e9ducatifs de la restauration scolaire - CMH","isPartOf":{"@id":"https:\/\/cmh.ens.fr\/en\/#website"},"primaryImageOfPage":{"@id":"https:\/\/cmh.ens.fr\/en\/evenement\/enjeux-sociaux-territoriaux-environnementaux-nutritionnels-et-educatifs-de-la-restauration-scolaire\/#primaryimage"},"image":{"@id":"https:\/\/cmh.ens.fr\/en\/evenement\/enjeux-sociaux-territoriaux-environnementaux-nutritionnels-et-educatifs-de-la-restauration-scolaire\/#primaryimage"},"thumbnailUrl":"https:\/\/cmh.ens.fr\/wp-content\/uploads\/Visuel-Colloque-Cantinegalite.png","datePublished":"2024-05-23T17:24:02+00:00","dateModified":"2024-06-03T08:20:39+00:00","breadcrumb":{"@id":"https:\/\/cmh.ens.fr\/en\/evenement\/enjeux-sociaux-territoriaux-environnementaux-nutritionnels-et-educatifs-de-la-restauration-scolaire\/#breadcrumb"},"inLanguage":"en-US","potentialAction":[{"@type":"ReadAction","target":["https:\/\/cmh.ens.fr\/en\/evenement\/enjeux-sociaux-territoriaux-environnementaux-nutritionnels-et-educatifs-de-la-restauration-scolaire\/"]}]},{"@type":"ImageObject","inLanguage":"en-US","@id":"https:\/\/cmh.ens.fr\/en\/evenement\/enjeux-sociaux-territoriaux-environnementaux-nutritionnels-et-educatifs-de-la-restauration-scolaire\/#primaryimage","url":"https:\/\/cmh.ens.fr\/wp-content\/uploads\/Visuel-Colloque-Cantinegalite.png","contentUrl":"https:\/\/cmh.ens.fr\/wp-content\/uploads\/Visuel-Colloque-Cantinegalite.png","width":836,"height":342},{"@type":"BreadcrumbList","@id":"https:\/\/cmh.ens.fr\/en\/evenement\/enjeux-sociaux-territoriaux-environnementaux-nutritionnels-et-educatifs-de-la-restauration-scolaire\/#breadcrumb","itemListElement":[{"@type":"ListItem","position":1,"name":"Accueil","item":"https:\/\/cmh.ens.fr\/"},{"@type":"ListItem","position":2,"name":"\u00c9v\u00e8nements","item":"https:\/\/cmh.ens.fr\/evenement\/"},{"@type":"ListItem","position":3,"name":"Enjeux sociaux, territoriaux, environnementaux, nutritionnels, et \u00e9ducatifs de la restauration scolaire"}]},{"@type":"WebSite","@id":"https:\/\/cmh.ens.fr\/en\/#website","url":"https:\/\/cmh.ens.fr\/en\/","name":"CMH","description":"Centre Maurice Halbwachs","publisher":{"@id":"https:\/\/cmh.ens.fr\/en\/#organization"},"potentialAction":[{"@type":"SearchAction","target":{"@type":"EntryPoint","urlTemplate":"https:\/\/cmh.ens.fr\/en\/?s={search_term_string}"},"query-input":{"@type":"PropertyValueSpecification","valueRequired":true,"valueName":"search_term_string"}}],"inLanguage":"en-US"},{"@type":"Organization","@id":"https:\/\/cmh.ens.fr\/en\/#organization","name":"Centre Maurice Halbwachs","url":"https:\/\/cmh.ens.fr\/en\/","logo":{"@type":"ImageObject","inLanguage":"en-US","@id":"https:\/\/cmh.ens.fr\/en\/#\/schema\/logo\/image\/","url":"https:\/\/www.cmh.ens.fr\/wp-content\/uploads\/siteon0.jpg","contentUrl":"https:\/\/www.cmh.ens.fr\/wp-content\/uploads\/siteon0.jpg","width":86,"height":53,"caption":"Centre Maurice Halbwachs"},"image":{"@id":"https:\/\/cmh.ens.fr\/en\/#\/schema\/logo\/image\/"}}]}},"_links":{"self":[{"href":"https:\/\/cmh.ens.fr\/en\/wp-json\/wp\/v2\/evenement\/14528"}],"collection":[{"href":"https:\/\/cmh.ens.fr\/en\/wp-json\/wp\/v2\/evenement"}],"about":[{"href":"https:\/\/cmh.ens.fr\/en\/wp-json\/wp\/v2\/types\/evenement"}],"version-history":[{"count":1,"href":"https:\/\/cmh.ens.fr\/en\/wp-json\/wp\/v2\/evenement\/14528\/revisions"}],"predecessor-version":[{"id":14530,"href":"https:\/\/cmh.ens.fr\/en\/wp-json\/wp\/v2\/evenement\/14528\/revisions\/14530"}],"wp:featuredmedia":[{"embeddable":true,"href":"https:\/\/cmh.ens.fr\/en\/wp-json\/wp\/v2\/media\/14529"}],"wp:attachment":[{"href":"https:\/\/cmh.ens.fr\/en\/wp-json\/wp\/v2\/media?parent=14528"}],"wp:term":[{"taxonomy":"typologies_evenement","embeddable":true,"href":"https:\/\/cmh.ens.fr\/en\/wp-json\/wp\/v2\/typologies_evenement?post=14528"}],"curies":[{"name":"wp","href":"https:\/\/api.w.org\/{rel}","templated":true}]}}