{"id":11203,"date":"2023-01-24T12:32:09","date_gmt":"2023-01-24T11:32:09","guid":{"rendered":"https:\/\/www.cmh.ens.fr\/?post_type=evenement&#038;p=11203"},"modified":"2023-01-30T11:12:00","modified_gmt":"2023-01-30T10:12:00","slug":"solidarites-ouvrieres-pratiques-militantes-enjeux-sociaux-et-politiques-19e-21e-siecle","status":"publish","type":"evenement","link":"https:\/\/cmh.ens.fr\/en\/evenement\/solidarites-ouvrieres-pratiques-militantes-enjeux-sociaux-et-politiques-19e-21e-siecle\/","title":{"rendered":"Solidarit\u00e9s ouvri\u00e8res\u00a0: pratiques militantes, enjeux sociaux et politiques, 19e-21e si\u00e8cle"},"content":{"rendered":"<p><a href=\"https:\/\/sciencespo.zoom.us\/j\/96918427152\">Lien<\/a> pour y assister en visio<\/p>\n\n\n\n<p><strong>Jeudi 16 f\u00e9vrier<\/strong><\/p>\n\n\n\n<p><strong>9h00. Accueil des participant-es<\/strong><\/p>\n\n\n\n<p><strong>9h30. Introduction<\/strong><\/p>\n\n\n\n<p><strong>10h00-12h00. Panel 1&nbsp;: Penser la solidarit\u00e9, construire la classe ouvri\u00e8re&nbsp;<\/strong><\/p>\n\n\n\n<p>&#8211; Caroline Fayolle (Universit\u00e9 de Montpellier, IUF, LIRDEF)\u00a0: \u201cCr\u00e9er la solidarit\u00e9 ouvri\u00e8re par l\u2019association de production. Un id\u00e9al \u00e0 l\u2019\u00e9preuve des rapports de pouvoir (1848 &#8211; 1870)\u201d<\/p>\n\n\n\n<p>&#8211; Camille Ternier (Sciences po, CEVIPOF)\u00a0: \u201cLe capital indivisible des coop\u00e9ratives de production, un outil \u2018sacrificiel\u2019 visant \u00e0 l\u2019\u00e9mancipation de la classe ouvri\u00e8re enti\u00e8re\u201d<\/p>\n\n\n\n<p>&#8211; Maxime Quijoux (CNRS,&nbsp; LISE )\u00a0: \u201cL&rsquo;associationnisme, outil du mouvement ouvrier\u00a0? Retour sur la naissance de la chambre consultative des associations ouvri\u00e8res de production au tournant du XXe si\u00e8cle\u201d<\/p>\n\n\n\n<p><strong>Discutante <\/strong>: Ludivine Bantigny (GRHis)<\/p>\n\n\n\n<p><strong>13h30-14h15. Conf\u00e9rence<\/strong>&nbsp;<\/p>\n\n\n\n<p>Nicolas Delalande (Sciences Po, CHSP)\u00a0:&nbsp; \u201cLa solidarit\u00e9 ouvri\u00e8re internationale au XIXe si\u00e8cle\u00a0: fondements, pratiques et limites\u201d<\/p>\n\n\n\n<p><strong>14h15-16h30. Panel 2&nbsp;: Le genre de la solidarit\u00e9 ouvri\u00e8re<\/strong><\/p>\n\n\n\n<p>&#8211; Rose Feinte (EHESS)\u00a0: \u201cLa grande gr\u00e8ve du <em>Parisien lib\u00e9r\u00e9<\/em> (1975-1977), une exp\u00e9rience marquante pour les gr\u00e9vistes et les familles de la solidarit\u00e9 ouvri\u00e8re\u201d<\/p>\n\n\n\n<p>&#8211; Marie Cabadi (Universit\u00e9 d\u2019Angers, TEMOS)\u00a0: \u201c<em>Dancing for Dulais<\/em>\u00a0: solidarit\u00e9s et sociabilit\u00e9s lesbiennes et gays dans la gr\u00e8ve des mineurs britanniques (1984-85)\u201d<\/p>\n\n\n\n<p>&#8211; Vincent Porhel (Universit\u00e9 Lyon 1, LARHRA)\u00a0: \u201cSe nourrir pendant la gr\u00e8ve\u00a0: une lecture genr\u00e9e de la solidarit\u00e9 dans les ann\u00e9es 68\u201d<\/p>\n\n\n\n<p>&#8211; C\u00e9lia Keren (IEP de Toulouse, IUF, LaSSP)\u00a0: \u201cL&rsquo;exode des enfants: aider les enfants et soutenir les familles en temps de gr\u00e8ve\u201d<\/p>\n\n\n\n<p><strong>Discutante&nbsp;<\/strong>: Ingrid Hayes (Universit\u00e9 de Nanterre, IDHE.S)<\/p>\n\n\n\n<p><strong>17h-17h30. Conclusion de la journ\u00e9e<\/strong>&nbsp;: Michel Pigenet (CHS)&nbsp;<\/p>\n\n\n\n<p><strong>17h30-19h30. Table-ronde avec des syndicalistes \/ Pratiques actuelles de la solidarit\u00e9 ouvri\u00e8re<\/strong>&nbsp;:<\/p>\n\n\n\n<p>Jacky Maussion (IHS CGT Seine Maritime), Marianne Ravaud (Info&rsquo;Com CGT), Muriel Guilbert (Union Syndicale Solidaires), Tiziri Kandi (CNT-SO)<\/p>\n\n\n\n<p><strong>Discutant&nbsp;<\/strong>: Karel Yon (CNRS, IDHE.S)<\/p>\n\n\n\n<p><strong>Vendredi 17 f\u00e9vrier&nbsp;<\/strong><\/p>\n\n\n\n<p><strong>9h30\u00a0: accueil des participant-es<\/strong><\/p>\n\n\n\n<p><strong>10h00-12h15. Panel 3&nbsp;: Les fronti\u00e8res internes et externes de la solidarit\u00e9 ouvri\u00e8re<\/strong><\/p>\n\n\n\n<p>&#8211; Yasmine Siblot (Universit\u00e9 Paris 8, CRESPPA-CSU)\u00a0: \u201c&nbsp;Salari\u00e9\u00b7es subalternes \u00e0 statut\u00a0: conscience de ses droits et clivages au sein des classes populaires\u201d<\/p>\n\n\n\n<p>&#8211; Lucie Cros (Universit\u00e9 Bourgogne-Franche-Comt\u00e9, LaSA)\u00a0: \u201cQuand la solidarit\u00e9 de classe \u00e9clipse les fronti\u00e8res de genre\u00a0: revisitons les luttes de chez Lip\u00a0!\u201d&nbsp;&nbsp;<\/p>\n\n\n\n<p>&#8211; Gabriel Rosenman (EHESS-ENS, CMH)\u00a0: \u201cOrigines des fonds collect\u00e9s et principes de r\u00e9partition entre gr\u00e9vistes\u00a0: les caisses de gr\u00e8ve comme\u00a0\u00ab&nbsp;dispositifs de solidarisation&nbsp;\u00bb\u201d<\/p>\n\n\n\n<p>&#8211; Quentin Ravelli (CNRS, CMH)\u00a0: \u201cLes vies ouvri\u00e8res des Gilets jaunes\u00a0: des solidarit\u00e9s de classe malgr\u00e9 les divergences politiques\u201d<\/p>\n\n\n\n<p><strong>Discutant&nbsp;<\/strong>: Paul Boulland (CNRS, CHS)&nbsp;<\/p>\n\n\n\n<p><strong>14h00-15h00<\/strong>. <strong>Conf\u00e9rence (en distanciel)<\/strong><\/p>\n\n\n\n<p>Rick Fantasia (Smith College, Massachusetts, USA)&nbsp;<\/p>\n\n\n\n<p><strong>15h00-17h00. Panel 4&nbsp;: Les enjeux ethno-raciaux de la solidarit\u00e9 au travail&nbsp;<\/strong><\/p>\n\n\n\n<p>&#8211; Vincent Gay (Universit\u00e9 Paris Cit\u00e9, LCSP)\u00a0: \u201c\u00ab\u00a0Fran\u00e7ais, immigr\u00e9s, solidarit\u00e9\u00a0\u00bb\u00a0?&nbsp; Racisme, antiracisme et solidarit\u00e9 ouvri\u00e8re apr\u00e8s 1968\u201d<\/p>\n\n\n\n<p>&#8211; Anton Perdoncin (CNRS, Centre Nantais de Sociologie)\u00a0: \u201cLa solidarit\u00e9 ouvri\u00e8re \u00e0 l&rsquo;\u00e9preuve de la d\u00e9sindustrialisation\u00a0: les gr\u00e8ves de mineurs marocains entre encadrement syndical et isolement (Nord-Pas-de-Calais, ann\u00e9es 1980)\u201d<\/p>\n\n\n\n<p>&nbsp;&#8211; Jean-Albert Guidou (CGT)\u00a0: \u201cLa CGT et la solidarit\u00e9 avec les travailleur.euses sans-papiers\u201d<\/p>\n\n\n\n<p><strong>Discutante <\/strong>: Laure Pitti (Universit\u00e9 Paris 8, CRESPPA-CSU)&nbsp;<\/p>\n\n\n\n<p><strong>17h00-17h30. Conclusion de la journ\u00e9e<\/strong>&nbsp;: Marion Fontaine (Sciences Po, CNE)<\/p>","protected":false},"featured_media":11208,"template":"","typologies_evenement":[82],"class_list":["post-11203","evenement","type-evenement","status-publish","has-post-thumbnail","hentry","typologies_evenement-journees-detudes-et-colloques"],"acf":[],"yoast_head":"<!-- This site is optimized with the Yoast SEO plugin v25.6 - https:\/\/yoast.com\/wordpress\/plugins\/seo\/ -->\n<title>CMH<\/title>\n<meta name=\"robots\" content=\"index, follow, max-snippet:-1, max-image-preview:large, max-video-preview:-1\" \/>\n<link rel=\"canonical\" href=\"https:\/\/cmh.ens.fr\/en\/evenement\/solidarites-ouvrieres-pratiques-militantes-enjeux-sociaux-et-politiques-19e-21e-siecle\/\" class=\"yoast-seo-meta-tag\" \/>\n<meta property=\"og:locale\" content=\"en_US\" class=\"yoast-seo-meta-tag\" \/>\n<meta property=\"og:type\" content=\"article\" class=\"yoast-seo-meta-tag\" \/>\n<meta property=\"og:title\" content=\"Solidarit\u00e9s ouvri\u00e8res : pratiques militantes, enjeux sociaux et politiques, 19e-21e si\u00e8cle - CMH\" class=\"yoast-seo-meta-tag\" \/>\n<meta property=\"og:description\" content=\"Lien pour y assister en visio Jeudi 16 f\u00e9vrier 9h00. Accueil des participant-es 9h30. Introduction 10h00-12h00. Panel 1&nbsp;: Penser la solidarit\u00e9, construire la classe ouvri\u00e8re&nbsp; &#8211; Caroline Fayolle (Universit\u00e9 de Montpellier, IUF, LIRDEF)\u00a0: \u201cCr\u00e9er la solidarit\u00e9 ouvri\u00e8re par l\u2019association de production. Un id\u00e9al \u00e0 l\u2019\u00e9preuve des rapports de pouvoir (1848 &#8211; 1870)\u201d &#8211; Camille Ternier [&hellip;]\" class=\"yoast-seo-meta-tag\" \/>\n<meta property=\"og:url\" content=\"https:\/\/cmh.ens.fr\/en\/evenement\/solidarites-ouvrieres-pratiques-militantes-enjeux-sociaux-et-politiques-19e-21e-siecle\/\" class=\"yoast-seo-meta-tag\" \/>\n<meta property=\"og:site_name\" content=\"CMH\" class=\"yoast-seo-meta-tag\" \/>\n<meta property=\"article:modified_time\" content=\"2023-01-30T10:12:00+00:00\" class=\"yoast-seo-meta-tag\" \/>\n<meta property=\"og:image\" content=\"https:\/\/cmh.ens.fr\/wp-content\/uploads\/Soupe-Communiste-Graulhet.jpg\" class=\"yoast-seo-meta-tag\" \/>\n\t<meta property=\"og:image:width\" content=\"1101\" class=\"yoast-seo-meta-tag\" \/>\n\t<meta property=\"og:image:height\" content=\"708\" class=\"yoast-seo-meta-tag\" \/>\n\t<meta property=\"og:image:type\" content=\"image\/jpeg\" class=\"yoast-seo-meta-tag\" \/>\n<meta name=\"twitter:card\" content=\"summary_large_image\" class=\"yoast-seo-meta-tag\" \/>\n<meta name=\"twitter:label1\" content=\"Est. reading time\" class=\"yoast-seo-meta-tag\" \/>\n\t<meta name=\"twitter:data1\" content=\"3 minutes\" class=\"yoast-seo-meta-tag\" \/>\n<script type=\"application\/ld+json\" class=\"yoast-schema-graph\">{\"@context\":\"https:\/\/schema.org\",\"@graph\":[{\"@type\":\"WebPage\",\"@id\":\"https:\/\/cmh.ens.fr\/en\/evenement\/solidarites-ouvrieres-pratiques-militantes-enjeux-sociaux-et-politiques-19e-21e-siecle\/\",\"url\":\"https:\/\/cmh.ens.fr\/en\/evenement\/solidarites-ouvrieres-pratiques-militantes-enjeux-sociaux-et-politiques-19e-21e-siecle\/\",\"name\":\"Solidarit\u00e9s ouvri\u00e8res : pratiques militantes, enjeux sociaux et politiques, 19e-21e si\u00e8cle - CMH\",\"isPartOf\":{\"@id\":\"https:\/\/cmh.ens.fr\/en\/#website\"},\"primaryImageOfPage\":{\"@id\":\"https:\/\/cmh.ens.fr\/en\/evenement\/solidarites-ouvrieres-pratiques-militantes-enjeux-sociaux-et-politiques-19e-21e-siecle\/#primaryimage\"},\"image\":{\"@id\":\"https:\/\/cmh.ens.fr\/en\/evenement\/solidarites-ouvrieres-pratiques-militantes-enjeux-sociaux-et-politiques-19e-21e-siecle\/#primaryimage\"},\"thumbnailUrl\":\"https:\/\/cmh.ens.fr\/wp-content\/uploads\/Soupe-Communiste-Graulhet.jpg\",\"datePublished\":\"2023-01-24T11:32:09+00:00\",\"dateModified\":\"2023-01-30T10:12:00+00:00\",\"breadcrumb\":{\"@id\":\"https:\/\/cmh.ens.fr\/en\/evenement\/solidarites-ouvrieres-pratiques-militantes-enjeux-sociaux-et-politiques-19e-21e-siecle\/#breadcrumb\"},\"inLanguage\":\"en-US\",\"potentialAction\":[{\"@type\":\"ReadAction\",\"target\":[\"https:\/\/cmh.ens.fr\/en\/evenement\/solidarites-ouvrieres-pratiques-militantes-enjeux-sociaux-et-politiques-19e-21e-siecle\/\"]}]},{\"@type\":\"ImageObject\",\"inLanguage\":\"en-US\",\"@id\":\"https:\/\/cmh.ens.fr\/en\/evenement\/solidarites-ouvrieres-pratiques-militantes-enjeux-sociaux-et-politiques-19e-21e-siecle\/#primaryimage\",\"url\":\"https:\/\/cmh.ens.fr\/wp-content\/uploads\/Soupe-Communiste-Graulhet.jpg\",\"contentUrl\":\"https:\/\/cmh.ens.fr\/wp-content\/uploads\/Soupe-Communiste-Graulhet.jpg\",\"width\":1101,\"height\":708},{\"@type\":\"BreadcrumbList\",\"@id\":\"https:\/\/cmh.ens.fr\/en\/evenement\/solidarites-ouvrieres-pratiques-militantes-enjeux-sociaux-et-politiques-19e-21e-siecle\/#breadcrumb\",\"itemListElement\":[{\"@type\":\"ListItem\",\"position\":1,\"name\":\"Accueil\",\"item\":\"https:\/\/cmh.ens.fr\/\"},{\"@type\":\"ListItem\",\"position\":2,\"name\":\"\u00c9v\u00e8nements\",\"item\":\"https:\/\/cmh.ens.fr\/evenement\/\"},{\"@type\":\"ListItem\",\"position\":3,\"name\":\"Solidarit\u00e9s ouvri\u00e8res\u00a0: pratiques militantes, enjeux sociaux et politiques, 19e-21e si\u00e8cle\"}]},{\"@type\":\"WebSite\",\"@id\":\"https:\/\/cmh.ens.fr\/en\/#website\",\"url\":\"https:\/\/cmh.ens.fr\/en\/\",\"name\":\"CMH\",\"description\":\"Centre Maurice Halbwachs\",\"publisher\":{\"@id\":\"https:\/\/cmh.ens.fr\/en\/#organization\"},\"potentialAction\":[{\"@type\":\"SearchAction\",\"target\":{\"@type\":\"EntryPoint\",\"urlTemplate\":\"https:\/\/cmh.ens.fr\/en\/?s={search_term_string}\"},\"query-input\":{\"@type\":\"PropertyValueSpecification\",\"valueRequired\":true,\"valueName\":\"search_term_string\"}}],\"inLanguage\":\"en-US\"},{\"@type\":\"Organization\",\"@id\":\"https:\/\/cmh.ens.fr\/en\/#organization\",\"name\":\"Centre Maurice Halbwachs\",\"url\":\"https:\/\/cmh.ens.fr\/en\/\",\"logo\":{\"@type\":\"ImageObject\",\"inLanguage\":\"en-US\",\"@id\":\"https:\/\/cmh.ens.fr\/en\/#\/schema\/logo\/image\/\",\"url\":\"https:\/\/www.cmh.ens.fr\/wp-content\/uploads\/siteon0.jpg\",\"contentUrl\":\"https:\/\/www.cmh.ens.fr\/wp-content\/uploads\/siteon0.jpg\",\"width\":86,\"height\":53,\"caption\":\"Centre Maurice Halbwachs\"},\"image\":{\"@id\":\"https:\/\/cmh.ens.fr\/en\/#\/schema\/logo\/image\/\"}}]}<\/script>\n<!-- \/ Yoast SEO plugin. -->","yoast_head_json":{"title":"CMH","robots":{"index":"index","follow":"follow","max-snippet":"max-snippet:-1","max-image-preview":"max-image-preview:large","max-video-preview":"max-video-preview:-1"},"canonical":"https:\/\/cmh.ens.fr\/en\/evenement\/solidarites-ouvrieres-pratiques-militantes-enjeux-sociaux-et-politiques-19e-21e-siecle\/","og_locale":"en_US","og_type":"article","og_title":"Solidarit\u00e9s ouvri\u00e8res : pratiques militantes, enjeux sociaux et politiques, 19e-21e si\u00e8cle - CMH","og_description":"Lien pour y assister en visio Jeudi 16 f\u00e9vrier 9h00. Accueil des participant-es 9h30. Introduction 10h00-12h00. Panel 1&nbsp;: Penser la solidarit\u00e9, construire la classe ouvri\u00e8re&nbsp; &#8211; Caroline Fayolle (Universit\u00e9 de Montpellier, IUF, LIRDEF)\u00a0: \u201cCr\u00e9er la solidarit\u00e9 ouvri\u00e8re par l\u2019association de production. Un id\u00e9al \u00e0 l\u2019\u00e9preuve des rapports de pouvoir (1848 &#8211; 1870)\u201d &#8211; Camille Ternier [&hellip;]","og_url":"https:\/\/cmh.ens.fr\/en\/evenement\/solidarites-ouvrieres-pratiques-militantes-enjeux-sociaux-et-politiques-19e-21e-siecle\/","og_site_name":"CMH","article_modified_time":"2023-01-30T10:12:00+00:00","og_image":[{"width":1101,"height":708,"url":"https:\/\/cmh.ens.fr\/wp-content\/uploads\/Soupe-Communiste-Graulhet.jpg","type":"image\/jpeg"}],"twitter_card":"summary_large_image","twitter_misc":{"Est. reading time":"3 minutes"},"schema":{"@context":"https:\/\/schema.org","@graph":[{"@type":"WebPage","@id":"https:\/\/cmh.ens.fr\/en\/evenement\/solidarites-ouvrieres-pratiques-militantes-enjeux-sociaux-et-politiques-19e-21e-siecle\/","url":"https:\/\/cmh.ens.fr\/en\/evenement\/solidarites-ouvrieres-pratiques-militantes-enjeux-sociaux-et-politiques-19e-21e-siecle\/","name":"Solidarit\u00e9s ouvri\u00e8res : pratiques militantes, enjeux sociaux et politiques, 19e-21e si\u00e8cle - CMH","isPartOf":{"@id":"https:\/\/cmh.ens.fr\/en\/#website"},"primaryImageOfPage":{"@id":"https:\/\/cmh.ens.fr\/en\/evenement\/solidarites-ouvrieres-pratiques-militantes-enjeux-sociaux-et-politiques-19e-21e-siecle\/#primaryimage"},"image":{"@id":"https:\/\/cmh.ens.fr\/en\/evenement\/solidarites-ouvrieres-pratiques-militantes-enjeux-sociaux-et-politiques-19e-21e-siecle\/#primaryimage"},"thumbnailUrl":"https:\/\/cmh.ens.fr\/wp-content\/uploads\/Soupe-Communiste-Graulhet.jpg","datePublished":"2023-01-24T11:32:09+00:00","dateModified":"2023-01-30T10:12:00+00:00","breadcrumb":{"@id":"https:\/\/cmh.ens.fr\/en\/evenement\/solidarites-ouvrieres-pratiques-militantes-enjeux-sociaux-et-politiques-19e-21e-siecle\/#breadcrumb"},"inLanguage":"en-US","potentialAction":[{"@type":"ReadAction","target":["https:\/\/cmh.ens.fr\/en\/evenement\/solidarites-ouvrieres-pratiques-militantes-enjeux-sociaux-et-politiques-19e-21e-siecle\/"]}]},{"@type":"ImageObject","inLanguage":"en-US","@id":"https:\/\/cmh.ens.fr\/en\/evenement\/solidarites-ouvrieres-pratiques-militantes-enjeux-sociaux-et-politiques-19e-21e-siecle\/#primaryimage","url":"https:\/\/cmh.ens.fr\/wp-content\/uploads\/Soupe-Communiste-Graulhet.jpg","contentUrl":"https:\/\/cmh.ens.fr\/wp-content\/uploads\/Soupe-Communiste-Graulhet.jpg","width":1101,"height":708},{"@type":"BreadcrumbList","@id":"https:\/\/cmh.ens.fr\/en\/evenement\/solidarites-ouvrieres-pratiques-militantes-enjeux-sociaux-et-politiques-19e-21e-siecle\/#breadcrumb","itemListElement":[{"@type":"ListItem","position":1,"name":"Accueil","item":"https:\/\/cmh.ens.fr\/"},{"@type":"ListItem","position":2,"name":"\u00c9v\u00e8nements","item":"https:\/\/cmh.ens.fr\/evenement\/"},{"@type":"ListItem","position":3,"name":"Solidarit\u00e9s ouvri\u00e8res\u00a0: pratiques militantes, enjeux sociaux et politiques, 19e-21e si\u00e8cle"}]},{"@type":"WebSite","@id":"https:\/\/cmh.ens.fr\/en\/#website","url":"https:\/\/cmh.ens.fr\/en\/","name":"CMH","description":"Centre Maurice Halbwachs","publisher":{"@id":"https:\/\/cmh.ens.fr\/en\/#organization"},"potentialAction":[{"@type":"SearchAction","target":{"@type":"EntryPoint","urlTemplate":"https:\/\/cmh.ens.fr\/en\/?s={search_term_string}"},"query-input":{"@type":"PropertyValueSpecification","valueRequired":true,"valueName":"search_term_string"}}],"inLanguage":"en-US"},{"@type":"Organization","@id":"https:\/\/cmh.ens.fr\/en\/#organization","name":"Centre Maurice Halbwachs","url":"https:\/\/cmh.ens.fr\/en\/","logo":{"@type":"ImageObject","inLanguage":"en-US","@id":"https:\/\/cmh.ens.fr\/en\/#\/schema\/logo\/image\/","url":"https:\/\/www.cmh.ens.fr\/wp-content\/uploads\/siteon0.jpg","contentUrl":"https:\/\/www.cmh.ens.fr\/wp-content\/uploads\/siteon0.jpg","width":86,"height":53,"caption":"Centre Maurice Halbwachs"},"image":{"@id":"https:\/\/cmh.ens.fr\/en\/#\/schema\/logo\/image\/"}}]}},"_links":{"self":[{"href":"https:\/\/cmh.ens.fr\/en\/wp-json\/wp\/v2\/evenement\/11203"}],"collection":[{"href":"https:\/\/cmh.ens.fr\/en\/wp-json\/wp\/v2\/evenement"}],"about":[{"href":"https:\/\/cmh.ens.fr\/en\/wp-json\/wp\/v2\/types\/evenement"}],"version-history":[{"count":9,"href":"https:\/\/cmh.ens.fr\/en\/wp-json\/wp\/v2\/evenement\/11203\/revisions"}],"predecessor-version":[{"id":11248,"href":"https:\/\/cmh.ens.fr\/en\/wp-json\/wp\/v2\/evenement\/11203\/revisions\/11248"}],"wp:featuredmedia":[{"embeddable":true,"href":"https:\/\/cmh.ens.fr\/en\/wp-json\/wp\/v2\/media\/11208"}],"wp:attachment":[{"href":"https:\/\/cmh.ens.fr\/en\/wp-json\/wp\/v2\/media?parent=11203"}],"wp:term":[{"taxonomy":"typologies_evenement","embeddable":true,"href":"https:\/\/cmh.ens.fr\/en\/wp-json\/wp\/v2\/typologies_evenement?post=11203"}],"curies":[{"name":"wp","href":"https:\/\/api.w.org\/{rel}","templated":true}]}}