{"id":11183,"date":"2023-01-19T15:50:49","date_gmt":"2023-01-19T14:50:49","guid":{"rendered":"https:\/\/www.cmh.ens.fr\/?post_type=evenement&#038;p=11183"},"modified":"2023-02-06T10:28:03","modified_gmt":"2023-02-06T09:28:03","slug":"les-cycles-de-la-segregation-educative-reflexions-sur-la-segregation-urbaine-scolaire-et-des-enseignants","status":"publish","type":"evenement","link":"https:\/\/cmh.ens.fr\/en\/evenement\/les-cycles-de-la-segregation-educative-reflexions-sur-la-segregation-urbaine-scolaire-et-des-enseignants\/","title":{"rendered":"Les cycles de la s\u00e9gr\u00e9gation \u00e9ducative\u00a0: r\u00e9flexions sur la s\u00e9gr\u00e9gation urbaine, scolaire et des enseignants"},"content":{"rendered":"<p>R\u00e9sum\u00e9\u00a0: Des pr\u00e9occupations ont \u00e9t\u00e9 exprim\u00e9es au niveau europ\u00e9en concernant la diminution de l&rsquo;attractivit\u00e9 de la profession d&rsquo;enseignant, la p\u00e9nurie de personnel qualifi\u00e9 dans les \u00e9coles et la rotation professionnelle croissante des enseignants sur les march\u00e9s de l&rsquo;\u00e9ducation s\u00e9gr\u00e9gu\u00e9s. La s\u00e9gr\u00e9gation des enseignants, c&rsquo;est-\u00e0-dire la r\u00e9partition r\u00e9gionale in\u00e9gale du personnel qualifi\u00e9 dans les \u00e9coles ais\u00e9es, mixtes et d\u00e9favoris\u00e9es, n&rsquo;a suscit\u00e9 qu&rsquo;une attention scientifique limit\u00e9e. Les soci\u00e9t\u00e9s et leurs syst\u00e8mes \u00e9ducatifs peuvent passer par des cycles vicieux de s\u00e9gr\u00e9gation, c&rsquo;est-\u00e0-dire que la s\u00e9gr\u00e9gation socio-\u00e9conomique des zones et la s\u00e9gr\u00e9gation scolaire s&rsquo;influencent mutuellement, et peuvent influencer les choix professionnels et la rotation du personnel enseignant qualifi\u00e9. Dans cette pr\u00e9sentation, je vise \u00e0 construire une meilleure compr\u00e9hension des relations entre les processus de s\u00e9gr\u00e9gation urbaine, de s\u00e9gr\u00e9gation scolaire et de s\u00e9gr\u00e9gation des enseignants dans le cadre g\u00e9n\u00e9ral de la stratification de l&rsquo;\u00e9ducation en rassemblant conceptuellement les discussions autour de ces ph\u00e9nom\u00e8nes.<\/p>","protected":false},"featured_media":11184,"template":"","typologies_evenement":[86],"class_list":["post-11183","evenement","type-evenement","status-publish","has-post-thumbnail","hentry","typologies_evenement-conferences-internationales"],"acf":[],"yoast_head":"<!-- This site is optimized with the Yoast SEO plugin v25.6 - https:\/\/yoast.com\/wordpress\/plugins\/seo\/ -->\n<title>CMH<\/title>\n<meta name=\"robots\" content=\"index, follow, max-snippet:-1, max-image-preview:large, max-video-preview:-1\" \/>\n<link rel=\"canonical\" href=\"https:\/\/cmh.ens.fr\/en\/evenement\/les-cycles-de-la-segregation-educative-reflexions-sur-la-segregation-urbaine-scolaire-et-des-enseignants\/\" class=\"yoast-seo-meta-tag\" \/>\n<meta property=\"og:locale\" content=\"en_US\" class=\"yoast-seo-meta-tag\" \/>\n<meta property=\"og:type\" content=\"article\" class=\"yoast-seo-meta-tag\" \/>\n<meta property=\"og:title\" content=\"Les cycles de la s\u00e9gr\u00e9gation \u00e9ducative : r\u00e9flexions sur la s\u00e9gr\u00e9gation urbaine, scolaire et des enseignants - CMH\" class=\"yoast-seo-meta-tag\" \/>\n<meta property=\"og:description\" content=\"R\u00e9sum\u00e9\u00a0: Des pr\u00e9occupations ont \u00e9t\u00e9 exprim\u00e9es au niveau europ\u00e9en concernant la diminution de l&rsquo;attractivit\u00e9 de la profession d&rsquo;enseignant, la p\u00e9nurie de personnel qualifi\u00e9 dans les \u00e9coles et la rotation professionnelle croissante des enseignants sur les march\u00e9s de l&rsquo;\u00e9ducation s\u00e9gr\u00e9gu\u00e9s. La s\u00e9gr\u00e9gation des enseignants, c&rsquo;est-\u00e0-dire la r\u00e9partition r\u00e9gionale in\u00e9gale du personnel qualifi\u00e9 dans les \u00e9coles ais\u00e9es, [&hellip;]\" class=\"yoast-seo-meta-tag\" \/>\n<meta property=\"og:url\" content=\"https:\/\/cmh.ens.fr\/en\/evenement\/les-cycles-de-la-segregation-educative-reflexions-sur-la-segregation-urbaine-scolaire-et-des-enseignants\/\" class=\"yoast-seo-meta-tag\" \/>\n<meta property=\"og:site_name\" content=\"CMH\" class=\"yoast-seo-meta-tag\" \/>\n<meta property=\"article:modified_time\" content=\"2023-02-06T09:28:03+00:00\" class=\"yoast-seo-meta-tag\" \/>\n<meta property=\"og:image\" content=\"https:\/\/cmh.ens.fr\/wp-content\/uploads\/sonja-1280x854.jpg\" class=\"yoast-seo-meta-tag\" \/>\n\t<meta property=\"og:image:width\" content=\"1280\" class=\"yoast-seo-meta-tag\" \/>\n\t<meta property=\"og:image:height\" content=\"854\" class=\"yoast-seo-meta-tag\" \/>\n\t<meta property=\"og:image:type\" content=\"image\/jpeg\" class=\"yoast-seo-meta-tag\" \/>\n<meta name=\"twitter:card\" content=\"summary_large_image\" class=\"yoast-seo-meta-tag\" \/>\n<meta name=\"twitter:label1\" content=\"Est. reading time\" class=\"yoast-seo-meta-tag\" \/>\n\t<meta name=\"twitter:data1\" content=\"1 minute\" class=\"yoast-seo-meta-tag\" \/>\n<script type=\"application\/ld+json\" class=\"yoast-schema-graph\">{\"@context\":\"https:\/\/schema.org\",\"@graph\":[{\"@type\":\"WebPage\",\"@id\":\"https:\/\/cmh.ens.fr\/en\/evenement\/les-cycles-de-la-segregation-educative-reflexions-sur-la-segregation-urbaine-scolaire-et-des-enseignants\/\",\"url\":\"https:\/\/cmh.ens.fr\/en\/evenement\/les-cycles-de-la-segregation-educative-reflexions-sur-la-segregation-urbaine-scolaire-et-des-enseignants\/\",\"name\":\"Les cycles de la s\u00e9gr\u00e9gation \u00e9ducative : r\u00e9flexions sur la s\u00e9gr\u00e9gation urbaine, scolaire et des enseignants - CMH\",\"isPartOf\":{\"@id\":\"https:\/\/cmh.ens.fr\/en\/#website\"},\"primaryImageOfPage\":{\"@id\":\"https:\/\/cmh.ens.fr\/en\/evenement\/les-cycles-de-la-segregation-educative-reflexions-sur-la-segregation-urbaine-scolaire-et-des-enseignants\/#primaryimage\"},\"image\":{\"@id\":\"https:\/\/cmh.ens.fr\/en\/evenement\/les-cycles-de-la-segregation-educative-reflexions-sur-la-segregation-urbaine-scolaire-et-des-enseignants\/#primaryimage\"},\"thumbnailUrl\":\"https:\/\/cmh.ens.fr\/wp-content\/uploads\/sonja.jpg\",\"datePublished\":\"2023-01-19T14:50:49+00:00\",\"dateModified\":\"2023-02-06T09:28:03+00:00\",\"breadcrumb\":{\"@id\":\"https:\/\/cmh.ens.fr\/en\/evenement\/les-cycles-de-la-segregation-educative-reflexions-sur-la-segregation-urbaine-scolaire-et-des-enseignants\/#breadcrumb\"},\"inLanguage\":\"en-US\",\"potentialAction\":[{\"@type\":\"ReadAction\",\"target\":[\"https:\/\/cmh.ens.fr\/en\/evenement\/les-cycles-de-la-segregation-educative-reflexions-sur-la-segregation-urbaine-scolaire-et-des-enseignants\/\"]}]},{\"@type\":\"ImageObject\",\"inLanguage\":\"en-US\",\"@id\":\"https:\/\/cmh.ens.fr\/en\/evenement\/les-cycles-de-la-segregation-educative-reflexions-sur-la-segregation-urbaine-scolaire-et-des-enseignants\/#primaryimage\",\"url\":\"https:\/\/cmh.ens.fr\/wp-content\/uploads\/sonja.jpg\",\"contentUrl\":\"https:\/\/cmh.ens.fr\/wp-content\/uploads\/sonja.jpg\",\"width\":8192,\"height\":5464},{\"@type\":\"BreadcrumbList\",\"@id\":\"https:\/\/cmh.ens.fr\/en\/evenement\/les-cycles-de-la-segregation-educative-reflexions-sur-la-segregation-urbaine-scolaire-et-des-enseignants\/#breadcrumb\",\"itemListElement\":[{\"@type\":\"ListItem\",\"position\":1,\"name\":\"Accueil\",\"item\":\"https:\/\/cmh.ens.fr\/\"},{\"@type\":\"ListItem\",\"position\":2,\"name\":\"\u00c9v\u00e8nements\",\"item\":\"https:\/\/cmh.ens.fr\/evenement\/\"},{\"@type\":\"ListItem\",\"position\":3,\"name\":\"Les cycles de la s\u00e9gr\u00e9gation \u00e9ducative\u00a0: r\u00e9flexions sur la s\u00e9gr\u00e9gation urbaine, scolaire et des enseignants\"}]},{\"@type\":\"WebSite\",\"@id\":\"https:\/\/cmh.ens.fr\/en\/#website\",\"url\":\"https:\/\/cmh.ens.fr\/en\/\",\"name\":\"CMH\",\"description\":\"Centre Maurice Halbwachs\",\"publisher\":{\"@id\":\"https:\/\/cmh.ens.fr\/en\/#organization\"},\"potentialAction\":[{\"@type\":\"SearchAction\",\"target\":{\"@type\":\"EntryPoint\",\"urlTemplate\":\"https:\/\/cmh.ens.fr\/en\/?s={search_term_string}\"},\"query-input\":{\"@type\":\"PropertyValueSpecification\",\"valueRequired\":true,\"valueName\":\"search_term_string\"}}],\"inLanguage\":\"en-US\"},{\"@type\":\"Organization\",\"@id\":\"https:\/\/cmh.ens.fr\/en\/#organization\",\"name\":\"Centre Maurice Halbwachs\",\"url\":\"https:\/\/cmh.ens.fr\/en\/\",\"logo\":{\"@type\":\"ImageObject\",\"inLanguage\":\"en-US\",\"@id\":\"https:\/\/cmh.ens.fr\/en\/#\/schema\/logo\/image\/\",\"url\":\"https:\/\/www.cmh.ens.fr\/wp-content\/uploads\/siteon0.jpg\",\"contentUrl\":\"https:\/\/www.cmh.ens.fr\/wp-content\/uploads\/siteon0.jpg\",\"width\":86,\"height\":53,\"caption\":\"Centre Maurice Halbwachs\"},\"image\":{\"@id\":\"https:\/\/cmh.ens.fr\/en\/#\/schema\/logo\/image\/\"}}]}<\/script>\n<!-- \/ Yoast SEO plugin. -->","yoast_head_json":{"title":"CMH","robots":{"index":"index","follow":"follow","max-snippet":"max-snippet:-1","max-image-preview":"max-image-preview:large","max-video-preview":"max-video-preview:-1"},"canonical":"https:\/\/cmh.ens.fr\/en\/evenement\/les-cycles-de-la-segregation-educative-reflexions-sur-la-segregation-urbaine-scolaire-et-des-enseignants\/","og_locale":"en_US","og_type":"article","og_title":"Les cycles de la s\u00e9gr\u00e9gation \u00e9ducative : r\u00e9flexions sur la s\u00e9gr\u00e9gation urbaine, scolaire et des enseignants - CMH","og_description":"R\u00e9sum\u00e9\u00a0: Des pr\u00e9occupations ont \u00e9t\u00e9 exprim\u00e9es au niveau europ\u00e9en concernant la diminution de l&rsquo;attractivit\u00e9 de la profession d&rsquo;enseignant, la p\u00e9nurie de personnel qualifi\u00e9 dans les \u00e9coles et la rotation professionnelle croissante des enseignants sur les march\u00e9s de l&rsquo;\u00e9ducation s\u00e9gr\u00e9gu\u00e9s. La s\u00e9gr\u00e9gation des enseignants, c&rsquo;est-\u00e0-dire la r\u00e9partition r\u00e9gionale in\u00e9gale du personnel qualifi\u00e9 dans les \u00e9coles ais\u00e9es, [&hellip;]","og_url":"https:\/\/cmh.ens.fr\/en\/evenement\/les-cycles-de-la-segregation-educative-reflexions-sur-la-segregation-urbaine-scolaire-et-des-enseignants\/","og_site_name":"CMH","article_modified_time":"2023-02-06T09:28:03+00:00","og_image":[{"width":1280,"height":854,"url":"https:\/\/cmh.ens.fr\/wp-content\/uploads\/sonja-1280x854.jpg","type":"image\/jpeg"}],"twitter_card":"summary_large_image","twitter_misc":{"Est. reading time":"1 minute"},"schema":{"@context":"https:\/\/schema.org","@graph":[{"@type":"WebPage","@id":"https:\/\/cmh.ens.fr\/en\/evenement\/les-cycles-de-la-segregation-educative-reflexions-sur-la-segregation-urbaine-scolaire-et-des-enseignants\/","url":"https:\/\/cmh.ens.fr\/en\/evenement\/les-cycles-de-la-segregation-educative-reflexions-sur-la-segregation-urbaine-scolaire-et-des-enseignants\/","name":"Les cycles de la s\u00e9gr\u00e9gation \u00e9ducative : r\u00e9flexions sur la s\u00e9gr\u00e9gation urbaine, scolaire et des enseignants - CMH","isPartOf":{"@id":"https:\/\/cmh.ens.fr\/en\/#website"},"primaryImageOfPage":{"@id":"https:\/\/cmh.ens.fr\/en\/evenement\/les-cycles-de-la-segregation-educative-reflexions-sur-la-segregation-urbaine-scolaire-et-des-enseignants\/#primaryimage"},"image":{"@id":"https:\/\/cmh.ens.fr\/en\/evenement\/les-cycles-de-la-segregation-educative-reflexions-sur-la-segregation-urbaine-scolaire-et-des-enseignants\/#primaryimage"},"thumbnailUrl":"https:\/\/cmh.ens.fr\/wp-content\/uploads\/sonja.jpg","datePublished":"2023-01-19T14:50:49+00:00","dateModified":"2023-02-06T09:28:03+00:00","breadcrumb":{"@id":"https:\/\/cmh.ens.fr\/en\/evenement\/les-cycles-de-la-segregation-educative-reflexions-sur-la-segregation-urbaine-scolaire-et-des-enseignants\/#breadcrumb"},"inLanguage":"en-US","potentialAction":[{"@type":"ReadAction","target":["https:\/\/cmh.ens.fr\/en\/evenement\/les-cycles-de-la-segregation-educative-reflexions-sur-la-segregation-urbaine-scolaire-et-des-enseignants\/"]}]},{"@type":"ImageObject","inLanguage":"en-US","@id":"https:\/\/cmh.ens.fr\/en\/evenement\/les-cycles-de-la-segregation-educative-reflexions-sur-la-segregation-urbaine-scolaire-et-des-enseignants\/#primaryimage","url":"https:\/\/cmh.ens.fr\/wp-content\/uploads\/sonja.jpg","contentUrl":"https:\/\/cmh.ens.fr\/wp-content\/uploads\/sonja.jpg","width":8192,"height":5464},{"@type":"BreadcrumbList","@id":"https:\/\/cmh.ens.fr\/en\/evenement\/les-cycles-de-la-segregation-educative-reflexions-sur-la-segregation-urbaine-scolaire-et-des-enseignants\/#breadcrumb","itemListElement":[{"@type":"ListItem","position":1,"name":"Accueil","item":"https:\/\/cmh.ens.fr\/"},{"@type":"ListItem","position":2,"name":"\u00c9v\u00e8nements","item":"https:\/\/cmh.ens.fr\/evenement\/"},{"@type":"ListItem","position":3,"name":"Les cycles de la s\u00e9gr\u00e9gation \u00e9ducative\u00a0: r\u00e9flexions sur la s\u00e9gr\u00e9gation urbaine, scolaire et des enseignants"}]},{"@type":"WebSite","@id":"https:\/\/cmh.ens.fr\/en\/#website","url":"https:\/\/cmh.ens.fr\/en\/","name":"CMH","description":"Centre Maurice Halbwachs","publisher":{"@id":"https:\/\/cmh.ens.fr\/en\/#organization"},"potentialAction":[{"@type":"SearchAction","target":{"@type":"EntryPoint","urlTemplate":"https:\/\/cmh.ens.fr\/en\/?s={search_term_string}"},"query-input":{"@type":"PropertyValueSpecification","valueRequired":true,"valueName":"search_term_string"}}],"inLanguage":"en-US"},{"@type":"Organization","@id":"https:\/\/cmh.ens.fr\/en\/#organization","name":"Centre Maurice Halbwachs","url":"https:\/\/cmh.ens.fr\/en\/","logo":{"@type":"ImageObject","inLanguage":"en-US","@id":"https:\/\/cmh.ens.fr\/en\/#\/schema\/logo\/image\/","url":"https:\/\/www.cmh.ens.fr\/wp-content\/uploads\/siteon0.jpg","contentUrl":"https:\/\/www.cmh.ens.fr\/wp-content\/uploads\/siteon0.jpg","width":86,"height":53,"caption":"Centre Maurice Halbwachs"},"image":{"@id":"https:\/\/cmh.ens.fr\/en\/#\/schema\/logo\/image\/"}}]}},"_links":{"self":[{"href":"https:\/\/cmh.ens.fr\/en\/wp-json\/wp\/v2\/evenement\/11183"}],"collection":[{"href":"https:\/\/cmh.ens.fr\/en\/wp-json\/wp\/v2\/evenement"}],"about":[{"href":"https:\/\/cmh.ens.fr\/en\/wp-json\/wp\/v2\/types\/evenement"}],"version-history":[{"count":5,"href":"https:\/\/cmh.ens.fr\/en\/wp-json\/wp\/v2\/evenement\/11183\/revisions"}],"predecessor-version":[{"id":11190,"href":"https:\/\/cmh.ens.fr\/en\/wp-json\/wp\/v2\/evenement\/11183\/revisions\/11190"}],"wp:featuredmedia":[{"embeddable":true,"href":"https:\/\/cmh.ens.fr\/en\/wp-json\/wp\/v2\/media\/11184"}],"wp:attachment":[{"href":"https:\/\/cmh.ens.fr\/en\/wp-json\/wp\/v2\/media?parent=11183"}],"wp:term":[{"taxonomy":"typologies_evenement","embeddable":true,"href":"https:\/\/cmh.ens.fr\/en\/wp-json\/wp\/v2\/typologies_evenement?post=11183"}],"curies":[{"name":"wp","href":"https:\/\/api.w.org\/{rel}","templated":true}]}}