{"id":3112,"date":"2020-09-10T13:04:00","date_gmt":"2020-09-10T11:04:00","guid":{"rendered":"https:\/\/w3.cmh.ens.fr\/?post_type=distinction&#038;p=3112"},"modified":"2021-05-06T17:24:53","modified_gmt":"2021-05-06T15:24:53","slug":"troisieme-prix-de-photographie-science-et-art-du-cnpq","status":"publish","type":"distinction","link":"https:\/\/cmh.ens.fr\/en\/distinction\/troisieme-prix-de-photographie-science-et-art-du-cnpq\/","title":{"rendered":"Troisi\u00e8me prix de photographie\u00a0\u00ab\u00a0Science et Art\u00a0\u00bb du CNPq"},"content":{"rendered":"<p><strong>Rosa Vieira<\/strong>, doctorante de l\u2019axe Sciences sociales du politique et du droit, a remport\u00e9 le troisi\u00e8me prix de photographie\u00a0\u00ab&nbsp;<strong>Science et Art<\/strong>&nbsp;\u00bb du&nbsp;<a href=\"http:\/\/www.cnpq.br\/web\/guest\/noticiasviews\/-\/journal_content\/56_INSTANCE_a6MO\/10157\/9730806?fbclid=IwAR36w6SbJl2u8pIYT0Qnz9iyuScA9bBdxezAsB84hjilXp3TzZza77C3y6w\">CNPq<\/a>&nbsp;(centre national de recherche br\u00e9silien), dans la cat\u00e9gorie\u00a0\u00ab&nbsp;images produites par des appareils photographiques&nbsp;\u00bb, avec cette photographie\u00a0\u00ab&nbsp;Enfant devant l\u2019huile&nbsp;\u00bb (de palme), prise sur son terrain en R\u00e9publique d\u00e9mocratique du Congo, o\u00f9 elle \u00e9tudie la production et la circulation de l\u2019huile de palme. Elle partagera son prix avec les r\u00e9sidents du village o\u00f9 elle a r\u00e9alis\u00e9 son terrain.<\/p>","protected":false},"author":1,"featured_media":3113,"template":"","categories_distinctions":[121],"class_list":["post-3112","distinction","type-distinction","status-publish","has-post-thumbnail","hentry","categories_distinctions-prix-photographique"],"acf":[],"yoast_head":"<!-- This site is optimized with the Yoast SEO plugin v25.6 - https:\/\/yoast.com\/wordpress\/plugins\/seo\/ -->\n<title>CMH<\/title>\n<meta name=\"robots\" content=\"index, follow, max-snippet:-1, max-image-preview:large, max-video-preview:-1\" \/>\n<link rel=\"canonical\" href=\"https:\/\/cmh.ens.fr\/en\/distinction\/troisieme-prix-de-photographie-science-et-art-du-cnpq\/\" class=\"yoast-seo-meta-tag\" \/>\n<meta property=\"og:locale\" content=\"en_US\" class=\"yoast-seo-meta-tag\" \/>\n<meta property=\"og:type\" content=\"article\" class=\"yoast-seo-meta-tag\" \/>\n<meta property=\"og:title\" content=\"Troisi\u00e8me prix de photographie \u00ab Science et Art \u00bb du CNPq - CMH\" class=\"yoast-seo-meta-tag\" \/>\n<meta property=\"og:description\" content=\"Rosa Vieira, doctorante de l\u2019axe Sciences sociales du politique et du droit, a remport\u00e9 le troisi\u00e8me prix de photographie\u00a0\u00ab&nbsp;Science et Art&nbsp;\u00bb du&nbsp;CNPq&nbsp;(centre national de recherche br\u00e9silien), dans la cat\u00e9gorie\u00a0\u00ab&nbsp;images produites par des appareils photographiques&nbsp;\u00bb, avec cette photographie\u00a0\u00ab&nbsp;Enfant devant l\u2019huile&nbsp;\u00bb (de palme), prise sur son terrain en R\u00e9publique d\u00e9mocratique du Congo, o\u00f9 elle \u00e9tudie la production [&hellip;]\" class=\"yoast-seo-meta-tag\" \/>\n<meta property=\"og:url\" content=\"https:\/\/cmh.ens.fr\/en\/distinction\/troisieme-prix-de-photographie-science-et-art-du-cnpq\/\" class=\"yoast-seo-meta-tag\" \/>\n<meta property=\"og:site_name\" content=\"CMH\" class=\"yoast-seo-meta-tag\" \/>\n<meta property=\"article:modified_time\" content=\"2021-05-06T15:24:53+00:00\" class=\"yoast-seo-meta-tag\" \/>\n<meta property=\"og:image\" content=\"https:\/\/cmh.ens.fr\/wp-content\/uploads\/arton1921.jpg\" class=\"yoast-seo-meta-tag\" \/>\n\t<meta property=\"og:image:width\" content=\"640\" class=\"yoast-seo-meta-tag\" \/>\n\t<meta property=\"og:image:height\" content=\"480\" class=\"yoast-seo-meta-tag\" \/>\n\t<meta property=\"og:image:type\" content=\"image\/jpeg\" class=\"yoast-seo-meta-tag\" \/>\n<meta name=\"twitter:card\" content=\"summary_large_image\" class=\"yoast-seo-meta-tag\" \/>\n<meta name=\"twitter:label1\" content=\"Est. reading time\" class=\"yoast-seo-meta-tag\" \/>\n\t<meta name=\"twitter:data1\" content=\"1 minute\" class=\"yoast-seo-meta-tag\" \/>\n<script type=\"application\/ld+json\" class=\"yoast-schema-graph\">{\"@context\":\"https:\/\/schema.org\",\"@graph\":[{\"@type\":\"WebPage\",\"@id\":\"https:\/\/cmh.ens.fr\/en\/distinction\/troisieme-prix-de-photographie-science-et-art-du-cnpq\/\",\"url\":\"https:\/\/cmh.ens.fr\/en\/distinction\/troisieme-prix-de-photographie-science-et-art-du-cnpq\/\",\"name\":\"Troisi\u00e8me prix de photographie \u00ab Science et Art \u00bb du CNPq - CMH\",\"isPartOf\":{\"@id\":\"https:\/\/cmh.ens.fr\/en\/#website\"},\"primaryImageOfPage\":{\"@id\":\"https:\/\/cmh.ens.fr\/en\/distinction\/troisieme-prix-de-photographie-science-et-art-du-cnpq\/#primaryimage\"},\"image\":{\"@id\":\"https:\/\/cmh.ens.fr\/en\/distinction\/troisieme-prix-de-photographie-science-et-art-du-cnpq\/#primaryimage\"},\"thumbnailUrl\":\"https:\/\/cmh.ens.fr\/wp-content\/uploads\/arton1921.jpg\",\"datePublished\":\"2020-09-10T11:04:00+00:00\",\"dateModified\":\"2021-05-06T15:24:53+00:00\",\"breadcrumb\":{\"@id\":\"https:\/\/cmh.ens.fr\/en\/distinction\/troisieme-prix-de-photographie-science-et-art-du-cnpq\/#breadcrumb\"},\"inLanguage\":\"en-US\",\"potentialAction\":[{\"@type\":\"ReadAction\",\"target\":[\"https:\/\/cmh.ens.fr\/en\/distinction\/troisieme-prix-de-photographie-science-et-art-du-cnpq\/\"]}]},{\"@type\":\"ImageObject\",\"inLanguage\":\"en-US\",\"@id\":\"https:\/\/cmh.ens.fr\/en\/distinction\/troisieme-prix-de-photographie-science-et-art-du-cnpq\/#primaryimage\",\"url\":\"https:\/\/cmh.ens.fr\/wp-content\/uploads\/arton1921.jpg\",\"contentUrl\":\"https:\/\/cmh.ens.fr\/wp-content\/uploads\/arton1921.jpg\",\"width\":640,\"height\":480},{\"@type\":\"BreadcrumbList\",\"@id\":\"https:\/\/cmh.ens.fr\/en\/distinction\/troisieme-prix-de-photographie-science-et-art-du-cnpq\/#breadcrumb\",\"itemListElement\":[{\"@type\":\"ListItem\",\"position\":1,\"name\":\"Accueil\",\"item\":\"https:\/\/cmh.ens.fr\/\"},{\"@type\":\"ListItem\",\"position\":2,\"name\":\"Distinctions\",\"item\":\"https:\/\/cmh.ens.fr\/distinction\/\"},{\"@type\":\"ListItem\",\"position\":3,\"name\":\"Troisi\u00e8me prix de photographie\u00a0\u00ab\u00a0Science et Art\u00a0\u00bb du CNPq\"}]},{\"@type\":\"WebSite\",\"@id\":\"https:\/\/cmh.ens.fr\/en\/#website\",\"url\":\"https:\/\/cmh.ens.fr\/en\/\",\"name\":\"CMH\",\"description\":\"Centre Maurice Halbwachs\",\"publisher\":{\"@id\":\"https:\/\/cmh.ens.fr\/en\/#organization\"},\"potentialAction\":[{\"@type\":\"SearchAction\",\"target\":{\"@type\":\"EntryPoint\",\"urlTemplate\":\"https:\/\/cmh.ens.fr\/en\/?s={search_term_string}\"},\"query-input\":{\"@type\":\"PropertyValueSpecification\",\"valueRequired\":true,\"valueName\":\"search_term_string\"}}],\"inLanguage\":\"en-US\"},{\"@type\":\"Organization\",\"@id\":\"https:\/\/cmh.ens.fr\/en\/#organization\",\"name\":\"Centre Maurice Halbwachs\",\"url\":\"https:\/\/cmh.ens.fr\/en\/\",\"logo\":{\"@type\":\"ImageObject\",\"inLanguage\":\"en-US\",\"@id\":\"https:\/\/cmh.ens.fr\/en\/#\/schema\/logo\/image\/\",\"url\":\"https:\/\/www.cmh.ens.fr\/wp-content\/uploads\/siteon0.jpg\",\"contentUrl\":\"https:\/\/www.cmh.ens.fr\/wp-content\/uploads\/siteon0.jpg\",\"width\":86,\"height\":53,\"caption\":\"Centre Maurice Halbwachs\"},\"image\":{\"@id\":\"https:\/\/cmh.ens.fr\/en\/#\/schema\/logo\/image\/\"}}]}<\/script>\n<!-- \/ Yoast SEO plugin. -->","yoast_head_json":{"title":"CMH","robots":{"index":"index","follow":"follow","max-snippet":"max-snippet:-1","max-image-preview":"max-image-preview:large","max-video-preview":"max-video-preview:-1"},"canonical":"https:\/\/cmh.ens.fr\/en\/distinction\/troisieme-prix-de-photographie-science-et-art-du-cnpq\/","og_locale":"en_US","og_type":"article","og_title":"Troisi\u00e8me prix de photographie \u00ab Science et Art \u00bb du CNPq - CMH","og_description":"Rosa Vieira, doctorante de l\u2019axe Sciences sociales du politique et du droit, a remport\u00e9 le troisi\u00e8me prix de photographie\u00a0\u00ab&nbsp;Science et Art&nbsp;\u00bb du&nbsp;CNPq&nbsp;(centre national de recherche br\u00e9silien), dans la cat\u00e9gorie\u00a0\u00ab&nbsp;images produites par des appareils photographiques&nbsp;\u00bb, avec cette photographie\u00a0\u00ab&nbsp;Enfant devant l\u2019huile&nbsp;\u00bb (de palme), prise sur son terrain en R\u00e9publique d\u00e9mocratique du Congo, o\u00f9 elle \u00e9tudie la production [&hellip;]","og_url":"https:\/\/cmh.ens.fr\/en\/distinction\/troisieme-prix-de-photographie-science-et-art-du-cnpq\/","og_site_name":"CMH","article_modified_time":"2021-05-06T15:24:53+00:00","og_image":[{"width":640,"height":480,"url":"https:\/\/cmh.ens.fr\/wp-content\/uploads\/arton1921.jpg","type":"image\/jpeg"}],"twitter_card":"summary_large_image","twitter_misc":{"Est. reading time":"1 minute"},"schema":{"@context":"https:\/\/schema.org","@graph":[{"@type":"WebPage","@id":"https:\/\/cmh.ens.fr\/en\/distinction\/troisieme-prix-de-photographie-science-et-art-du-cnpq\/","url":"https:\/\/cmh.ens.fr\/en\/distinction\/troisieme-prix-de-photographie-science-et-art-du-cnpq\/","name":"Troisi\u00e8me prix de photographie \u00ab Science et Art \u00bb du CNPq - CMH","isPartOf":{"@id":"https:\/\/cmh.ens.fr\/en\/#website"},"primaryImageOfPage":{"@id":"https:\/\/cmh.ens.fr\/en\/distinction\/troisieme-prix-de-photographie-science-et-art-du-cnpq\/#primaryimage"},"image":{"@id":"https:\/\/cmh.ens.fr\/en\/distinction\/troisieme-prix-de-photographie-science-et-art-du-cnpq\/#primaryimage"},"thumbnailUrl":"https:\/\/cmh.ens.fr\/wp-content\/uploads\/arton1921.jpg","datePublished":"2020-09-10T11:04:00+00:00","dateModified":"2021-05-06T15:24:53+00:00","breadcrumb":{"@id":"https:\/\/cmh.ens.fr\/en\/distinction\/troisieme-prix-de-photographie-science-et-art-du-cnpq\/#breadcrumb"},"inLanguage":"en-US","potentialAction":[{"@type":"ReadAction","target":["https:\/\/cmh.ens.fr\/en\/distinction\/troisieme-prix-de-photographie-science-et-art-du-cnpq\/"]}]},{"@type":"ImageObject","inLanguage":"en-US","@id":"https:\/\/cmh.ens.fr\/en\/distinction\/troisieme-prix-de-photographie-science-et-art-du-cnpq\/#primaryimage","url":"https:\/\/cmh.ens.fr\/wp-content\/uploads\/arton1921.jpg","contentUrl":"https:\/\/cmh.ens.fr\/wp-content\/uploads\/arton1921.jpg","width":640,"height":480},{"@type":"BreadcrumbList","@id":"https:\/\/cmh.ens.fr\/en\/distinction\/troisieme-prix-de-photographie-science-et-art-du-cnpq\/#breadcrumb","itemListElement":[{"@type":"ListItem","position":1,"name":"Accueil","item":"https:\/\/cmh.ens.fr\/"},{"@type":"ListItem","position":2,"name":"Distinctions","item":"https:\/\/cmh.ens.fr\/distinction\/"},{"@type":"ListItem","position":3,"name":"Troisi\u00e8me prix de photographie\u00a0\u00ab\u00a0Science et Art\u00a0\u00bb du CNPq"}]},{"@type":"WebSite","@id":"https:\/\/cmh.ens.fr\/en\/#website","url":"https:\/\/cmh.ens.fr\/en\/","name":"CMH","description":"Centre Maurice Halbwachs","publisher":{"@id":"https:\/\/cmh.ens.fr\/en\/#organization"},"potentialAction":[{"@type":"SearchAction","target":{"@type":"EntryPoint","urlTemplate":"https:\/\/cmh.ens.fr\/en\/?s={search_term_string}"},"query-input":{"@type":"PropertyValueSpecification","valueRequired":true,"valueName":"search_term_string"}}],"inLanguage":"en-US"},{"@type":"Organization","@id":"https:\/\/cmh.ens.fr\/en\/#organization","name":"Centre Maurice Halbwachs","url":"https:\/\/cmh.ens.fr\/en\/","logo":{"@type":"ImageObject","inLanguage":"en-US","@id":"https:\/\/cmh.ens.fr\/en\/#\/schema\/logo\/image\/","url":"https:\/\/www.cmh.ens.fr\/wp-content\/uploads\/siteon0.jpg","contentUrl":"https:\/\/www.cmh.ens.fr\/wp-content\/uploads\/siteon0.jpg","width":86,"height":53,"caption":"Centre Maurice Halbwachs"},"image":{"@id":"https:\/\/cmh.ens.fr\/en\/#\/schema\/logo\/image\/"}}]}},"_links":{"self":[{"href":"https:\/\/cmh.ens.fr\/en\/wp-json\/wp\/v2\/distinction\/3112"}],"collection":[{"href":"https:\/\/cmh.ens.fr\/en\/wp-json\/wp\/v2\/distinction"}],"about":[{"href":"https:\/\/cmh.ens.fr\/en\/wp-json\/wp\/v2\/types\/distinction"}],"author":[{"embeddable":true,"href":"https:\/\/cmh.ens.fr\/en\/wp-json\/wp\/v2\/users\/1"}],"version-history":[{"count":0,"href":"https:\/\/cmh.ens.fr\/en\/wp-json\/wp\/v2\/distinction\/3112\/revisions"}],"wp:featuredmedia":[{"embeddable":true,"href":"https:\/\/cmh.ens.fr\/en\/wp-json\/wp\/v2\/media\/3113"}],"wp:attachment":[{"href":"https:\/\/cmh.ens.fr\/en\/wp-json\/wp\/v2\/media?parent=3112"}],"wp:term":[{"taxonomy":"categories_distinctions","embeddable":true,"href":"https:\/\/cmh.ens.fr\/en\/wp-json\/wp\/v2\/categories_distinctions?post=3112"}],"curies":[{"name":"wp","href":"https:\/\/api.w.org\/{rel}","templated":true}]}}