{"id":3100,"date":"2019-06-10T12:55:00","date_gmt":"2019-06-10T10:55:00","guid":{"rendered":"https:\/\/w3.cmh.ens.fr\/?post_type=distinction&#038;p=3100"},"modified":"2021-04-30T10:41:14","modified_gmt":"2021-04-30T08:41:14","slug":"prix-jeune-auteur-2019-de-la-revue-sociologie-du-travail","status":"publish","type":"distinction","link":"https:\/\/cmh.ens.fr\/en\/distinction\/prix-jeune-auteur-2019-de-la-revue-sociologie-du-travail\/","title":{"rendered":"Prix\u00a0\u00ab\u00a0Jeune auteur\u00a0\u00bb 2019 de la revue Sociologie du travail"},"content":{"rendered":"<p>Le Prix du jeune auteur organis\u00e9 chaque ann\u00e9e par la revue&nbsp;<em>Sociologie du travail<\/em>&nbsp;encourage de jeunes auteurs et autrices \u00e0 valoriser un travail de recherche et \u00e0 se confronter aux normes acad\u00e9miques en s\u2019appropriant les codes de l\u2019\u00e9criture scientifique et en jouant le jeu de l\u2019\u00e9valuation par les pairs.<br>Nous avons re\u00e7u quinze propositions cette ann\u00e9e, qui ont \u00e9t\u00e9 examin\u00e9es par un jury coordonn\u00e9 par Odile Join-Lambert et compos\u00e9 de six coll\u00e8gues&nbsp;: trois membres du comit\u00e9 de r\u00e9daction \u2014 Anne-C\u00e9cile Douillet, Genevi\u00e8ve Pruvost et Pascal Ughetto \u2014 et trois coll\u00e8gues ext\u00e9rieur\u00b7es au comit\u00e9 \u2014 Flora Bajard, Marie Benedetto-Meyer et Fran\u00e7ois Dedieu.<br>La s\u00e9lection s\u2019est faite en deux tours, avec un choix final qui a port\u00e9 sur six articles. \u00c0 l\u2019issue de ce second tour, trois prix sont attribu\u00e9s cette ann\u00e9e encore, les auteurices des trois autres articles pr\u00e9sents au second tour \u00e9tant pour leur part invit\u00e9\u00b7es \u00e0 soumettre au comit\u00e9 de r\u00e9daction une version retravaill\u00e9e de leurs textes, en vue d\u2019une publication en varia.<br>Un premier prix ex aequo est d\u00e9cern\u00e9 \u00e0&nbsp;<strong>Gabriel Alcaras<\/strong>, doctorant au Centre Maurice Halbwachs (CMH, CNRS, EHESS et ENS) sous la direction d\u2019Emmanuel Didier et Christophe Prieur, pour son article intitul\u00e9\u00a0\u00ab&nbsp;Des biens industriels publics. Gen\u00e8se de l\u2019insertion des logiciels libres dans la Silicon Valley&nbsp;\u00bb.<br>Alors que les logiciels libres sont fr\u00e9quemment appr\u00e9hend\u00e9s dans le d\u00e9bat public ou acad\u00e9mique pour illustrer une logique de\u00a0\u00ab&nbsp;communs&nbsp;\u00bb \u00e0 travers lesquels des acteurs sauraient \u00e9chapper aux logiques de march\u00e9 pour construire et entretenir des infrastructures de bien public, cet article reconstitue une histoire de la gen\u00e8se des logiciels libres toute en surprises et en nuance. \u00c0 partir du cas du logiciel CVS et \u00e0 l\u2019aide d\u2019entretiens avec les ing\u00e9nieurs impliqu\u00e9s ainsi qu\u2019en retra\u00e7ant leurs trajectoires professionnelles, l\u2019auteur parvient \u00e0 montrer que ces ing\u00e9nieurs n\u2019ont pas \u00e9t\u00e9 port\u00e9s, purement et simplement, par une motivation anti-marchande ou d\u2019alternative au march\u00e9 ou aux imp\u00e9ratifs commerciaux. Ce sont plut\u00f4t des logiques professionnelles et d\u2019activit\u00e9 qui ont \u00e9t\u00e9 \u00e0 l\u2019\u0153uvre&nbsp;: la mobilit\u00e9 professionnelle conduit les ing\u00e9nieurs concern\u00e9s \u00e0 chercher les moyens d\u2019importer le logiciel dans la nouvelle entreprise pour pouvoir continuer \u00e0 l\u2019utiliser et \u00e0 le d\u00e9velopper en contournant l\u2019obligation faite par le nouvel employeur d\u2019utiliser un logiciel commercial ou propri\u00e9taire. Dans la contribution partag\u00e9e entre des membres d\u2019entreprises commerciales et d\u2019universit\u00e9s, les motivations ne sont pas en tant que telles de lutter contre la marchandisation mais plut\u00f4t de d\u00e9velopper des outils qui les aident \u00e0 aller plus vite dans la production de logiciels. Il est, par ailleurs, difficile de reconstituer une distinction tr\u00e8s nette entre des contributions purement b\u00e9n\u00e9voles ou amateurs et des contributions r\u00e9mun\u00e9r\u00e9es.<br><a href=\"http:\/\/www.sociologiedutravail.org\/spip.php?article157\">Renseignements<\/a><\/p>","protected":false},"author":1,"featured_media":3081,"template":"","categories_distinctions":[122],"class_list":["post-3100","distinction","type-distinction","status-publish","has-post-thumbnail","hentry","categories_distinctions-prix-jeune-auteur"],"acf":[],"yoast_head":"<!-- This site is optimized with the Yoast SEO plugin v25.6 - https:\/\/yoast.com\/wordpress\/plugins\/seo\/ -->\n<title>CMH<\/title>\n<meta name=\"robots\" content=\"index, follow, max-snippet:-1, max-image-preview:large, max-video-preview:-1\" \/>\n<link rel=\"canonical\" href=\"https:\/\/cmh.ens.fr\/en\/distinction\/prix-jeune-auteur-2019-de-la-revue-sociologie-du-travail\/\" class=\"yoast-seo-meta-tag\" \/>\n<meta property=\"og:locale\" content=\"en_US\" class=\"yoast-seo-meta-tag\" \/>\n<meta property=\"og:type\" content=\"article\" class=\"yoast-seo-meta-tag\" \/>\n<meta property=\"og:title\" content=\"Prix \u00ab Jeune auteur \u00bb 2019 de la revue Sociologie du travail - CMH\" class=\"yoast-seo-meta-tag\" \/>\n<meta property=\"og:description\" content=\"Le Prix du jeune auteur organis\u00e9 chaque ann\u00e9e par la revue&nbsp;Sociologie du travail&nbsp;encourage de jeunes auteurs et autrices \u00e0 valoriser un travail de recherche et \u00e0 se confronter aux normes acad\u00e9miques en s\u2019appropriant les codes de l\u2019\u00e9criture scientifique et en jouant le jeu de l\u2019\u00e9valuation par les pairs.Nous avons re\u00e7u quinze propositions cette ann\u00e9e, qui [&hellip;]\" class=\"yoast-seo-meta-tag\" \/>\n<meta property=\"og:url\" content=\"https:\/\/cmh.ens.fr\/en\/distinction\/prix-jeune-auteur-2019-de-la-revue-sociologie-du-travail\/\" class=\"yoast-seo-meta-tag\" \/>\n<meta property=\"og:site_name\" content=\"CMH\" class=\"yoast-seo-meta-tag\" \/>\n<meta property=\"article:modified_time\" content=\"2021-04-30T08:41:14+00:00\" class=\"yoast-seo-meta-tag\" \/>\n<meta property=\"og:image\" content=\"https:\/\/cmh.ens.fr\/wp-content\/uploads\/sociologiedutravail-59-e1493209704980.jpg\" class=\"yoast-seo-meta-tag\" \/>\n\t<meta property=\"og:image:width\" content=\"1127\" class=\"yoast-seo-meta-tag\" \/>\n\t<meta property=\"og:image:height\" content=\"736\" class=\"yoast-seo-meta-tag\" \/>\n\t<meta property=\"og:image:type\" content=\"image\/jpeg\" class=\"yoast-seo-meta-tag\" \/>\n<meta name=\"twitter:card\" content=\"summary_large_image\" class=\"yoast-seo-meta-tag\" \/>\n<meta name=\"twitter:label1\" content=\"Est. reading time\" class=\"yoast-seo-meta-tag\" \/>\n\t<meta name=\"twitter:data1\" content=\"2 minutes\" class=\"yoast-seo-meta-tag\" \/>\n<script type=\"application\/ld+json\" class=\"yoast-schema-graph\">{\"@context\":\"https:\/\/schema.org\",\"@graph\":[{\"@type\":\"WebPage\",\"@id\":\"https:\/\/cmh.ens.fr\/en\/distinction\/prix-jeune-auteur-2019-de-la-revue-sociologie-du-travail\/\",\"url\":\"https:\/\/cmh.ens.fr\/en\/distinction\/prix-jeune-auteur-2019-de-la-revue-sociologie-du-travail\/\",\"name\":\"Prix \u00ab Jeune auteur \u00bb 2019 de la revue Sociologie du travail - CMH\",\"isPartOf\":{\"@id\":\"https:\/\/cmh.ens.fr\/en\/#website\"},\"primaryImageOfPage\":{\"@id\":\"https:\/\/cmh.ens.fr\/en\/distinction\/prix-jeune-auteur-2019-de-la-revue-sociologie-du-travail\/#primaryimage\"},\"image\":{\"@id\":\"https:\/\/cmh.ens.fr\/en\/distinction\/prix-jeune-auteur-2019-de-la-revue-sociologie-du-travail\/#primaryimage\"},\"thumbnailUrl\":\"https:\/\/cmh.ens.fr\/wp-content\/uploads\/sociologiedutravail-59-e1493209704980.jpg\",\"datePublished\":\"2019-06-10T10:55:00+00:00\",\"dateModified\":\"2021-04-30T08:41:14+00:00\",\"breadcrumb\":{\"@id\":\"https:\/\/cmh.ens.fr\/en\/distinction\/prix-jeune-auteur-2019-de-la-revue-sociologie-du-travail\/#breadcrumb\"},\"inLanguage\":\"en-US\",\"potentialAction\":[{\"@type\":\"ReadAction\",\"target\":[\"https:\/\/cmh.ens.fr\/en\/distinction\/prix-jeune-auteur-2019-de-la-revue-sociologie-du-travail\/\"]}]},{\"@type\":\"ImageObject\",\"inLanguage\":\"en-US\",\"@id\":\"https:\/\/cmh.ens.fr\/en\/distinction\/prix-jeune-auteur-2019-de-la-revue-sociologie-du-travail\/#primaryimage\",\"url\":\"https:\/\/cmh.ens.fr\/wp-content\/uploads\/sociologiedutravail-59-e1493209704980.jpg\",\"contentUrl\":\"https:\/\/cmh.ens.fr\/wp-content\/uploads\/sociologiedutravail-59-e1493209704980.jpg\",\"width\":1127,\"height\":736},{\"@type\":\"BreadcrumbList\",\"@id\":\"https:\/\/cmh.ens.fr\/en\/distinction\/prix-jeune-auteur-2019-de-la-revue-sociologie-du-travail\/#breadcrumb\",\"itemListElement\":[{\"@type\":\"ListItem\",\"position\":1,\"name\":\"Accueil\",\"item\":\"https:\/\/cmh.ens.fr\/\"},{\"@type\":\"ListItem\",\"position\":2,\"name\":\"Distinctions\",\"item\":\"https:\/\/cmh.ens.fr\/distinction\/\"},{\"@type\":\"ListItem\",\"position\":3,\"name\":\"Prix\u00a0\u00ab\u00a0Jeune auteur\u00a0\u00bb 2019 de la revue Sociologie du travail\"}]},{\"@type\":\"WebSite\",\"@id\":\"https:\/\/cmh.ens.fr\/en\/#website\",\"url\":\"https:\/\/cmh.ens.fr\/en\/\",\"name\":\"CMH\",\"description\":\"Centre Maurice Halbwachs\",\"publisher\":{\"@id\":\"https:\/\/cmh.ens.fr\/en\/#organization\"},\"potentialAction\":[{\"@type\":\"SearchAction\",\"target\":{\"@type\":\"EntryPoint\",\"urlTemplate\":\"https:\/\/cmh.ens.fr\/en\/?s={search_term_string}\"},\"query-input\":{\"@type\":\"PropertyValueSpecification\",\"valueRequired\":true,\"valueName\":\"search_term_string\"}}],\"inLanguage\":\"en-US\"},{\"@type\":\"Organization\",\"@id\":\"https:\/\/cmh.ens.fr\/en\/#organization\",\"name\":\"Centre Maurice Halbwachs\",\"url\":\"https:\/\/cmh.ens.fr\/en\/\",\"logo\":{\"@type\":\"ImageObject\",\"inLanguage\":\"en-US\",\"@id\":\"https:\/\/cmh.ens.fr\/en\/#\/schema\/logo\/image\/\",\"url\":\"https:\/\/www.cmh.ens.fr\/wp-content\/uploads\/siteon0.jpg\",\"contentUrl\":\"https:\/\/www.cmh.ens.fr\/wp-content\/uploads\/siteon0.jpg\",\"width\":86,\"height\":53,\"caption\":\"Centre Maurice Halbwachs\"},\"image\":{\"@id\":\"https:\/\/cmh.ens.fr\/en\/#\/schema\/logo\/image\/\"}}]}<\/script>\n<!-- \/ Yoast SEO plugin. -->","yoast_head_json":{"title":"CMH","robots":{"index":"index","follow":"follow","max-snippet":"max-snippet:-1","max-image-preview":"max-image-preview:large","max-video-preview":"max-video-preview:-1"},"canonical":"https:\/\/cmh.ens.fr\/en\/distinction\/prix-jeune-auteur-2019-de-la-revue-sociologie-du-travail\/","og_locale":"en_US","og_type":"article","og_title":"Prix \u00ab Jeune auteur \u00bb 2019 de la revue Sociologie du travail - CMH","og_description":"Le Prix du jeune auteur organis\u00e9 chaque ann\u00e9e par la revue&nbsp;Sociologie du travail&nbsp;encourage de jeunes auteurs et autrices \u00e0 valoriser un travail de recherche et \u00e0 se confronter aux normes acad\u00e9miques en s\u2019appropriant les codes de l\u2019\u00e9criture scientifique et en jouant le jeu de l\u2019\u00e9valuation par les pairs.Nous avons re\u00e7u quinze propositions cette ann\u00e9e, qui [&hellip;]","og_url":"https:\/\/cmh.ens.fr\/en\/distinction\/prix-jeune-auteur-2019-de-la-revue-sociologie-du-travail\/","og_site_name":"CMH","article_modified_time":"2021-04-30T08:41:14+00:00","og_image":[{"width":1127,"height":736,"url":"https:\/\/cmh.ens.fr\/wp-content\/uploads\/sociologiedutravail-59-e1493209704980.jpg","type":"image\/jpeg"}],"twitter_card":"summary_large_image","twitter_misc":{"Est. reading time":"2 minutes"},"schema":{"@context":"https:\/\/schema.org","@graph":[{"@type":"WebPage","@id":"https:\/\/cmh.ens.fr\/en\/distinction\/prix-jeune-auteur-2019-de-la-revue-sociologie-du-travail\/","url":"https:\/\/cmh.ens.fr\/en\/distinction\/prix-jeune-auteur-2019-de-la-revue-sociologie-du-travail\/","name":"Prix \u00ab Jeune auteur \u00bb 2019 de la revue Sociologie du travail - CMH","isPartOf":{"@id":"https:\/\/cmh.ens.fr\/en\/#website"},"primaryImageOfPage":{"@id":"https:\/\/cmh.ens.fr\/en\/distinction\/prix-jeune-auteur-2019-de-la-revue-sociologie-du-travail\/#primaryimage"},"image":{"@id":"https:\/\/cmh.ens.fr\/en\/distinction\/prix-jeune-auteur-2019-de-la-revue-sociologie-du-travail\/#primaryimage"},"thumbnailUrl":"https:\/\/cmh.ens.fr\/wp-content\/uploads\/sociologiedutravail-59-e1493209704980.jpg","datePublished":"2019-06-10T10:55:00+00:00","dateModified":"2021-04-30T08:41:14+00:00","breadcrumb":{"@id":"https:\/\/cmh.ens.fr\/en\/distinction\/prix-jeune-auteur-2019-de-la-revue-sociologie-du-travail\/#breadcrumb"},"inLanguage":"en-US","potentialAction":[{"@type":"ReadAction","target":["https:\/\/cmh.ens.fr\/en\/distinction\/prix-jeune-auteur-2019-de-la-revue-sociologie-du-travail\/"]}]},{"@type":"ImageObject","inLanguage":"en-US","@id":"https:\/\/cmh.ens.fr\/en\/distinction\/prix-jeune-auteur-2019-de-la-revue-sociologie-du-travail\/#primaryimage","url":"https:\/\/cmh.ens.fr\/wp-content\/uploads\/sociologiedutravail-59-e1493209704980.jpg","contentUrl":"https:\/\/cmh.ens.fr\/wp-content\/uploads\/sociologiedutravail-59-e1493209704980.jpg","width":1127,"height":736},{"@type":"BreadcrumbList","@id":"https:\/\/cmh.ens.fr\/en\/distinction\/prix-jeune-auteur-2019-de-la-revue-sociologie-du-travail\/#breadcrumb","itemListElement":[{"@type":"ListItem","position":1,"name":"Accueil","item":"https:\/\/cmh.ens.fr\/"},{"@type":"ListItem","position":2,"name":"Distinctions","item":"https:\/\/cmh.ens.fr\/distinction\/"},{"@type":"ListItem","position":3,"name":"Prix\u00a0\u00ab\u00a0Jeune auteur\u00a0\u00bb 2019 de la revue Sociologie du travail"}]},{"@type":"WebSite","@id":"https:\/\/cmh.ens.fr\/en\/#website","url":"https:\/\/cmh.ens.fr\/en\/","name":"CMH","description":"Centre Maurice Halbwachs","publisher":{"@id":"https:\/\/cmh.ens.fr\/en\/#organization"},"potentialAction":[{"@type":"SearchAction","target":{"@type":"EntryPoint","urlTemplate":"https:\/\/cmh.ens.fr\/en\/?s={search_term_string}"},"query-input":{"@type":"PropertyValueSpecification","valueRequired":true,"valueName":"search_term_string"}}],"inLanguage":"en-US"},{"@type":"Organization","@id":"https:\/\/cmh.ens.fr\/en\/#organization","name":"Centre Maurice Halbwachs","url":"https:\/\/cmh.ens.fr\/en\/","logo":{"@type":"ImageObject","inLanguage":"en-US","@id":"https:\/\/cmh.ens.fr\/en\/#\/schema\/logo\/image\/","url":"https:\/\/www.cmh.ens.fr\/wp-content\/uploads\/siteon0.jpg","contentUrl":"https:\/\/www.cmh.ens.fr\/wp-content\/uploads\/siteon0.jpg","width":86,"height":53,"caption":"Centre Maurice Halbwachs"},"image":{"@id":"https:\/\/cmh.ens.fr\/en\/#\/schema\/logo\/image\/"}}]}},"_links":{"self":[{"href":"https:\/\/cmh.ens.fr\/en\/wp-json\/wp\/v2\/distinction\/3100"}],"collection":[{"href":"https:\/\/cmh.ens.fr\/en\/wp-json\/wp\/v2\/distinction"}],"about":[{"href":"https:\/\/cmh.ens.fr\/en\/wp-json\/wp\/v2\/types\/distinction"}],"author":[{"embeddable":true,"href":"https:\/\/cmh.ens.fr\/en\/wp-json\/wp\/v2\/users\/1"}],"version-history":[{"count":0,"href":"https:\/\/cmh.ens.fr\/en\/wp-json\/wp\/v2\/distinction\/3100\/revisions"}],"wp:featuredmedia":[{"embeddable":true,"href":"https:\/\/cmh.ens.fr\/en\/wp-json\/wp\/v2\/media\/3081"}],"wp:attachment":[{"href":"https:\/\/cmh.ens.fr\/en\/wp-json\/wp\/v2\/media?parent=3100"}],"wp:term":[{"taxonomy":"categories_distinctions","embeddable":true,"href":"https:\/\/cmh.ens.fr\/en\/wp-json\/wp\/v2\/categories_distinctions?post=3100"}],"curies":[{"name":"wp","href":"https:\/\/api.w.org\/{rel}","templated":true}]}}