{"id":3080,"date":"2018-02-10T12:41:00","date_gmt":"2018-02-10T11:41:00","guid":{"rendered":"https:\/\/w3.cmh.ens.fr\/?post_type=distinction&#038;p=3080"},"modified":"2021-05-06T17:27:45","modified_gmt":"2021-05-06T15:27:45","slug":"prix-jeune-auteur-2017-de-la-revue-sociologie-du-travail","status":"publish","type":"distinction","link":"https:\/\/cmh.ens.fr\/en\/distinction\/prix-jeune-auteur-2017-de-la-revue-sociologie-du-travail\/","title":{"rendered":"Prix\u00a0\u00ab\u00a0Jeune auteur\u00a0\u00bb 2017 de la revue Sociologie du travail"},"content":{"rendered":"<p>Le prix du jeune auteur de la revue\u00a0<em>Sociologie du travail<\/em> r\u00e9compense cette ann\u00e9e trois articles dont celui de\u00a0:<br><strong>Corentin Durand<\/strong>, doctorant \u00e0 l\u2019\u00c9cole des hautes \u00e9tudes en sciences sociales, o\u00f9 il m\u00e8ne sous la direction conjointe de Nicolas Dodier (CEMS) et de Liora Isra\u00ebl (CMH) une recherche doctorale intitul\u00e9e\u00a0\u00ab\u00a0Production et traitement de dol\u00e9ances en milieu carc\u00e9ral. Sociologie des espaces de communication entre prisonniers et autorit\u00e9s\u00a0\u00bb. Son article,\u00a0\u00ab\u00a0<em>Un bureau derri\u00e8re les barreaux. Travail relationnel et pouvoir discr\u00e9tionnaire dans les audiences p\u00e9nitentiaires\u00a0<\/em>\u00a0\u00bb, est consacr\u00e9 \u00e0 l\u2019analyse du r\u00f4le de l\u2019encadrement interm\u00e9diaire des prisons dans le maintien de l\u2019ordre carc\u00e9ral, \u00e0 travers l\u2019observation des audiences au cours desquelles ces personnels d\u2019encadrement, en charge du fonctionnement quotidien de la d\u00e9tention, r\u00e9pondent \u00e0 des demandes de d\u00e9tenus visant \u00e0 obtenir des am\u00e9nagements des conditions de leur incarc\u00e9ration.<br>Cet article sera publi\u00e9 dans\u00a0<em>Sociologie du travail<\/em>, vol. 60, n\u00b03, \u00e0 para\u00eetre cet \u00e9t\u00e9.<br><a href=\"http:\/\/www.sociologiedutravail.org\/spip.php?article142\" target=\"_blank\" rel=\"noreferrer noopener\">Renseignements<\/a><\/p>","protected":false},"author":1,"featured_media":3081,"template":"","categories_distinctions":[122],"class_list":["post-3080","distinction","type-distinction","status-publish","has-post-thumbnail","hentry","categories_distinctions-prix-jeune-auteur"],"acf":[],"yoast_head":"<!-- This site is optimized with the Yoast SEO plugin v25.6 - https:\/\/yoast.com\/wordpress\/plugins\/seo\/ -->\n<title>CMH<\/title>\n<meta name=\"robots\" content=\"index, follow, max-snippet:-1, max-image-preview:large, max-video-preview:-1\" \/>\n<link rel=\"canonical\" href=\"https:\/\/cmh.ens.fr\/en\/distinction\/prix-jeune-auteur-2017-de-la-revue-sociologie-du-travail\/\" class=\"yoast-seo-meta-tag\" \/>\n<meta property=\"og:locale\" content=\"en_US\" class=\"yoast-seo-meta-tag\" \/>\n<meta property=\"og:type\" content=\"article\" class=\"yoast-seo-meta-tag\" \/>\n<meta property=\"og:title\" content=\"Prix \u00ab Jeune auteur \u00bb 2017 de la revue Sociologie du travail - CMH\" class=\"yoast-seo-meta-tag\" \/>\n<meta property=\"og:description\" content=\"Le prix du jeune auteur de la revue\u00a0Sociologie du travail r\u00e9compense cette ann\u00e9e trois articles dont celui de\u00a0:Corentin Durand, doctorant \u00e0 l\u2019\u00c9cole des hautes \u00e9tudes en sciences sociales, o\u00f9 il m\u00e8ne sous la direction conjointe de Nicolas Dodier (CEMS) et de Liora Isra\u00ebl (CMH) une recherche doctorale intitul\u00e9e\u00a0\u00ab\u00a0Production et traitement de dol\u00e9ances en milieu carc\u00e9ral. [&hellip;]\" class=\"yoast-seo-meta-tag\" \/>\n<meta property=\"og:url\" content=\"https:\/\/cmh.ens.fr\/en\/distinction\/prix-jeune-auteur-2017-de-la-revue-sociologie-du-travail\/\" class=\"yoast-seo-meta-tag\" \/>\n<meta property=\"og:site_name\" content=\"CMH\" class=\"yoast-seo-meta-tag\" \/>\n<meta property=\"article:modified_time\" content=\"2021-05-06T15:27:45+00:00\" class=\"yoast-seo-meta-tag\" \/>\n<meta property=\"og:image\" content=\"https:\/\/cmh.ens.fr\/wp-content\/uploads\/sociologiedutravail-59-e1493209704980.jpg\" class=\"yoast-seo-meta-tag\" \/>\n\t<meta property=\"og:image:width\" content=\"1127\" class=\"yoast-seo-meta-tag\" \/>\n\t<meta property=\"og:image:height\" content=\"736\" class=\"yoast-seo-meta-tag\" \/>\n\t<meta property=\"og:image:type\" content=\"image\/jpeg\" class=\"yoast-seo-meta-tag\" \/>\n<meta name=\"twitter:card\" content=\"summary_large_image\" class=\"yoast-seo-meta-tag\" \/>\n<meta name=\"twitter:label1\" content=\"Est. reading time\" class=\"yoast-seo-meta-tag\" \/>\n\t<meta name=\"twitter:data1\" content=\"1 minute\" class=\"yoast-seo-meta-tag\" \/>\n<script type=\"application\/ld+json\" class=\"yoast-schema-graph\">{\"@context\":\"https:\/\/schema.org\",\"@graph\":[{\"@type\":\"WebPage\",\"@id\":\"https:\/\/cmh.ens.fr\/en\/distinction\/prix-jeune-auteur-2017-de-la-revue-sociologie-du-travail\/\",\"url\":\"https:\/\/cmh.ens.fr\/en\/distinction\/prix-jeune-auteur-2017-de-la-revue-sociologie-du-travail\/\",\"name\":\"Prix \u00ab Jeune auteur \u00bb 2017 de la revue Sociologie du travail - CMH\",\"isPartOf\":{\"@id\":\"https:\/\/cmh.ens.fr\/en\/#website\"},\"primaryImageOfPage\":{\"@id\":\"https:\/\/cmh.ens.fr\/en\/distinction\/prix-jeune-auteur-2017-de-la-revue-sociologie-du-travail\/#primaryimage\"},\"image\":{\"@id\":\"https:\/\/cmh.ens.fr\/en\/distinction\/prix-jeune-auteur-2017-de-la-revue-sociologie-du-travail\/#primaryimage\"},\"thumbnailUrl\":\"https:\/\/cmh.ens.fr\/wp-content\/uploads\/sociologiedutravail-59-e1493209704980.jpg\",\"datePublished\":\"2018-02-10T11:41:00+00:00\",\"dateModified\":\"2021-05-06T15:27:45+00:00\",\"breadcrumb\":{\"@id\":\"https:\/\/cmh.ens.fr\/en\/distinction\/prix-jeune-auteur-2017-de-la-revue-sociologie-du-travail\/#breadcrumb\"},\"inLanguage\":\"en-US\",\"potentialAction\":[{\"@type\":\"ReadAction\",\"target\":[\"https:\/\/cmh.ens.fr\/en\/distinction\/prix-jeune-auteur-2017-de-la-revue-sociologie-du-travail\/\"]}]},{\"@type\":\"ImageObject\",\"inLanguage\":\"en-US\",\"@id\":\"https:\/\/cmh.ens.fr\/en\/distinction\/prix-jeune-auteur-2017-de-la-revue-sociologie-du-travail\/#primaryimage\",\"url\":\"https:\/\/cmh.ens.fr\/wp-content\/uploads\/sociologiedutravail-59-e1493209704980.jpg\",\"contentUrl\":\"https:\/\/cmh.ens.fr\/wp-content\/uploads\/sociologiedutravail-59-e1493209704980.jpg\",\"width\":1127,\"height\":736},{\"@type\":\"BreadcrumbList\",\"@id\":\"https:\/\/cmh.ens.fr\/en\/distinction\/prix-jeune-auteur-2017-de-la-revue-sociologie-du-travail\/#breadcrumb\",\"itemListElement\":[{\"@type\":\"ListItem\",\"position\":1,\"name\":\"Accueil\",\"item\":\"https:\/\/cmh.ens.fr\/\"},{\"@type\":\"ListItem\",\"position\":2,\"name\":\"Distinctions\",\"item\":\"https:\/\/cmh.ens.fr\/distinction\/\"},{\"@type\":\"ListItem\",\"position\":3,\"name\":\"Prix\u00a0\u00ab\u00a0Jeune auteur\u00a0\u00bb 2017 de la revue Sociologie du travail\"}]},{\"@type\":\"WebSite\",\"@id\":\"https:\/\/cmh.ens.fr\/en\/#website\",\"url\":\"https:\/\/cmh.ens.fr\/en\/\",\"name\":\"CMH\",\"description\":\"Centre Maurice Halbwachs\",\"publisher\":{\"@id\":\"https:\/\/cmh.ens.fr\/en\/#organization\"},\"potentialAction\":[{\"@type\":\"SearchAction\",\"target\":{\"@type\":\"EntryPoint\",\"urlTemplate\":\"https:\/\/cmh.ens.fr\/en\/?s={search_term_string}\"},\"query-input\":{\"@type\":\"PropertyValueSpecification\",\"valueRequired\":true,\"valueName\":\"search_term_string\"}}],\"inLanguage\":\"en-US\"},{\"@type\":\"Organization\",\"@id\":\"https:\/\/cmh.ens.fr\/en\/#organization\",\"name\":\"Centre Maurice Halbwachs\",\"url\":\"https:\/\/cmh.ens.fr\/en\/\",\"logo\":{\"@type\":\"ImageObject\",\"inLanguage\":\"en-US\",\"@id\":\"https:\/\/cmh.ens.fr\/en\/#\/schema\/logo\/image\/\",\"url\":\"https:\/\/www.cmh.ens.fr\/wp-content\/uploads\/siteon0.jpg\",\"contentUrl\":\"https:\/\/www.cmh.ens.fr\/wp-content\/uploads\/siteon0.jpg\",\"width\":86,\"height\":53,\"caption\":\"Centre Maurice Halbwachs\"},\"image\":{\"@id\":\"https:\/\/cmh.ens.fr\/en\/#\/schema\/logo\/image\/\"}}]}<\/script>\n<!-- \/ Yoast SEO plugin. -->","yoast_head_json":{"title":"CMH","robots":{"index":"index","follow":"follow","max-snippet":"max-snippet:-1","max-image-preview":"max-image-preview:large","max-video-preview":"max-video-preview:-1"},"canonical":"https:\/\/cmh.ens.fr\/en\/distinction\/prix-jeune-auteur-2017-de-la-revue-sociologie-du-travail\/","og_locale":"en_US","og_type":"article","og_title":"Prix \u00ab Jeune auteur \u00bb 2017 de la revue Sociologie du travail - CMH","og_description":"Le prix du jeune auteur de la revue\u00a0Sociologie du travail r\u00e9compense cette ann\u00e9e trois articles dont celui de\u00a0:Corentin Durand, doctorant \u00e0 l\u2019\u00c9cole des hautes \u00e9tudes en sciences sociales, o\u00f9 il m\u00e8ne sous la direction conjointe de Nicolas Dodier (CEMS) et de Liora Isra\u00ebl (CMH) une recherche doctorale intitul\u00e9e\u00a0\u00ab\u00a0Production et traitement de dol\u00e9ances en milieu carc\u00e9ral. [&hellip;]","og_url":"https:\/\/cmh.ens.fr\/en\/distinction\/prix-jeune-auteur-2017-de-la-revue-sociologie-du-travail\/","og_site_name":"CMH","article_modified_time":"2021-05-06T15:27:45+00:00","og_image":[{"width":1127,"height":736,"url":"https:\/\/cmh.ens.fr\/wp-content\/uploads\/sociologiedutravail-59-e1493209704980.jpg","type":"image\/jpeg"}],"twitter_card":"summary_large_image","twitter_misc":{"Est. reading time":"1 minute"},"schema":{"@context":"https:\/\/schema.org","@graph":[{"@type":"WebPage","@id":"https:\/\/cmh.ens.fr\/en\/distinction\/prix-jeune-auteur-2017-de-la-revue-sociologie-du-travail\/","url":"https:\/\/cmh.ens.fr\/en\/distinction\/prix-jeune-auteur-2017-de-la-revue-sociologie-du-travail\/","name":"Prix \u00ab Jeune auteur \u00bb 2017 de la revue Sociologie du travail - CMH","isPartOf":{"@id":"https:\/\/cmh.ens.fr\/en\/#website"},"primaryImageOfPage":{"@id":"https:\/\/cmh.ens.fr\/en\/distinction\/prix-jeune-auteur-2017-de-la-revue-sociologie-du-travail\/#primaryimage"},"image":{"@id":"https:\/\/cmh.ens.fr\/en\/distinction\/prix-jeune-auteur-2017-de-la-revue-sociologie-du-travail\/#primaryimage"},"thumbnailUrl":"https:\/\/cmh.ens.fr\/wp-content\/uploads\/sociologiedutravail-59-e1493209704980.jpg","datePublished":"2018-02-10T11:41:00+00:00","dateModified":"2021-05-06T15:27:45+00:00","breadcrumb":{"@id":"https:\/\/cmh.ens.fr\/en\/distinction\/prix-jeune-auteur-2017-de-la-revue-sociologie-du-travail\/#breadcrumb"},"inLanguage":"en-US","potentialAction":[{"@type":"ReadAction","target":["https:\/\/cmh.ens.fr\/en\/distinction\/prix-jeune-auteur-2017-de-la-revue-sociologie-du-travail\/"]}]},{"@type":"ImageObject","inLanguage":"en-US","@id":"https:\/\/cmh.ens.fr\/en\/distinction\/prix-jeune-auteur-2017-de-la-revue-sociologie-du-travail\/#primaryimage","url":"https:\/\/cmh.ens.fr\/wp-content\/uploads\/sociologiedutravail-59-e1493209704980.jpg","contentUrl":"https:\/\/cmh.ens.fr\/wp-content\/uploads\/sociologiedutravail-59-e1493209704980.jpg","width":1127,"height":736},{"@type":"BreadcrumbList","@id":"https:\/\/cmh.ens.fr\/en\/distinction\/prix-jeune-auteur-2017-de-la-revue-sociologie-du-travail\/#breadcrumb","itemListElement":[{"@type":"ListItem","position":1,"name":"Accueil","item":"https:\/\/cmh.ens.fr\/"},{"@type":"ListItem","position":2,"name":"Distinctions","item":"https:\/\/cmh.ens.fr\/distinction\/"},{"@type":"ListItem","position":3,"name":"Prix\u00a0\u00ab\u00a0Jeune auteur\u00a0\u00bb 2017 de la revue Sociologie du travail"}]},{"@type":"WebSite","@id":"https:\/\/cmh.ens.fr\/en\/#website","url":"https:\/\/cmh.ens.fr\/en\/","name":"CMH","description":"Centre Maurice Halbwachs","publisher":{"@id":"https:\/\/cmh.ens.fr\/en\/#organization"},"potentialAction":[{"@type":"SearchAction","target":{"@type":"EntryPoint","urlTemplate":"https:\/\/cmh.ens.fr\/en\/?s={search_term_string}"},"query-input":{"@type":"PropertyValueSpecification","valueRequired":true,"valueName":"search_term_string"}}],"inLanguage":"en-US"},{"@type":"Organization","@id":"https:\/\/cmh.ens.fr\/en\/#organization","name":"Centre Maurice Halbwachs","url":"https:\/\/cmh.ens.fr\/en\/","logo":{"@type":"ImageObject","inLanguage":"en-US","@id":"https:\/\/cmh.ens.fr\/en\/#\/schema\/logo\/image\/","url":"https:\/\/www.cmh.ens.fr\/wp-content\/uploads\/siteon0.jpg","contentUrl":"https:\/\/www.cmh.ens.fr\/wp-content\/uploads\/siteon0.jpg","width":86,"height":53,"caption":"Centre Maurice Halbwachs"},"image":{"@id":"https:\/\/cmh.ens.fr\/en\/#\/schema\/logo\/image\/"}}]}},"_links":{"self":[{"href":"https:\/\/cmh.ens.fr\/en\/wp-json\/wp\/v2\/distinction\/3080"}],"collection":[{"href":"https:\/\/cmh.ens.fr\/en\/wp-json\/wp\/v2\/distinction"}],"about":[{"href":"https:\/\/cmh.ens.fr\/en\/wp-json\/wp\/v2\/types\/distinction"}],"author":[{"embeddable":true,"href":"https:\/\/cmh.ens.fr\/en\/wp-json\/wp\/v2\/users\/1"}],"version-history":[{"count":0,"href":"https:\/\/cmh.ens.fr\/en\/wp-json\/wp\/v2\/distinction\/3080\/revisions"}],"wp:featuredmedia":[{"embeddable":true,"href":"https:\/\/cmh.ens.fr\/en\/wp-json\/wp\/v2\/media\/3081"}],"wp:attachment":[{"href":"https:\/\/cmh.ens.fr\/en\/wp-json\/wp\/v2\/media?parent=3080"}],"wp:term":[{"taxonomy":"categories_distinctions","embeddable":true,"href":"https:\/\/cmh.ens.fr\/en\/wp-json\/wp\/v2\/categories_distinctions?post=3080"}],"curies":[{"name":"wp","href":"https:\/\/api.w.org\/{rel}","templated":true}]}}