{"version":"1.0","provider_name":"CMH","provider_url":"https:\/\/cmh.ens.fr\/en","author_name":"Muriel Schilovitz","author_url":"https:\/\/cmh.ens.fr\/en\/author\/muriel-schilovitz\/","title":"Blaise Wilfert - CMH","type":"rich","width":600,"height":338,"html":"<blockquote class=\"wp-embedded-content\" data-secret=\"TEV0TICQVc\"><a href=\"https:\/\/cmh.ens.fr\/en\/nouvel-arrivant\/blaise-wilfert\/\">Blaise Wilfert<\/a><\/blockquote><iframe sandbox=\"allow-scripts\" security=\"restricted\" src=\"https:\/\/cmh.ens.fr\/en\/nouvel-arrivant\/blaise-wilfert\/embed\/#?secret=TEV0TICQVc\" width=\"600\" height=\"338\" title=\"&#8220;Blaise Wilfert&#8221; &#8212; CMH\" data-secret=\"TEV0TICQVc\" frameborder=\"0\" marginwidth=\"0\" marginheight=\"0\" scrolling=\"no\" class=\"wp-embedded-content\"><\/iframe><script>\n\/*! This file is auto-generated *\/\n!function(d,l){\"use strict\";l.querySelector&&d.addEventListener&&\"undefined\"!=typeof URL&&(d.wp=d.wp||{},d.wp.receiveEmbedMessage||(d.wp.receiveEmbedMessage=function(e){var t=e.data;if((t||t.secret||t.message||t.value)&&!\/[^a-zA-Z0-9]\/.test(t.secret)){for(var s,r,n,a=l.querySelectorAll('iframe[data-secret=\"'+t.secret+'\"]'),o=l.querySelectorAll('blockquote[data-secret=\"'+t.secret+'\"]'),c=new RegExp(\"^https?:$\",\"i\"),i=0;i<o.length;i++)o[i].style.display=\"none\";for(i=0;i<a.length;i++)s=a[i],e.source===s.contentWindow&&(s.removeAttribute(\"style\"),\"height\"===t.message?(1e3<(r=parseInt(t.value,10))?r=1e3:~~r<200&&(r=200),s.height=r):\"link\"===t.message&&(r=new URL(s.getAttribute(\"src\")),n=new URL(t.value),c.test(n.protocol))&&n.host===r.host&&l.activeElement===s&&(d.top.location.href=t.value))}},d.addEventListener(\"message\",d.wp.receiveEmbedMessage,!1),l.addEventListener(\"DOMContentLoaded\",function(){for(var e,t,s=l.querySelectorAll(\"iframe.wp-embedded-content\"),r=0;r<s.length;r++)(t=(e=s[r]).getAttribute(\"data-secret\"))||(t=Math.random().toString(36).substring(2,12),e.src+=\"#?secret=\"+t,e.setAttribute(\"data-secret\",t)),e.contentWindow.postMessage({message:\"ready\",secret:t},\"*\")},!1)))}(window,document);\n<\/script>","thumbnail_url":"https:\/\/cmh.ens.fr\/wp-content\/uploads\/wilfert-1.jpeg","thumbnail_width":300,"thumbnail_height":300,"description":"ma\u00eetre de conf\u00e9rences au CMH \u00e0 partir de septembre 2023 Ma\u00eetre de conf\u00e9rences \u00e0 l&rsquo;ENS-PSL, au d\u00e9partement de sciences sociales, o\u00f9 j&rsquo;occupe aussi la fonction de directeur des \u00e9tudes.Historien contemporan\u00e9iste, je travaille tout particuli\u00e8rement sur la fin du XIXe si\u00e8cle et le d\u00e9but du XXe si\u00e8cle, en Europe, dans la perspective de l&rsquo;histoire de la [&hellip;]"}